{"id":3105,"date":"2021-12-02T18:28:27","date_gmt":"2021-12-02T17:28:27","guid":{"rendered":"https:\/\/mixarts.org\/association\/?page_id=3105"},"modified":"2023-12-19T13:50:26","modified_gmt":"2023-12-19T12:50:26","slug":"du-26-au-28-05-festival-bien-lbourgeon-5","status":"publish","type":"page","link":"http:\/\/mixarts.org\/association\/du-26-au-28-05-festival-bien-lbourgeon-5\/","title":{"rendered":"Festival Bien l&#8217;Bourgeon #5 &#8211; Du 26 au 28\/05"},"content":{"rendered":"\n<style type=\"text\/css\" data-created_by=\"avia_inline_auto\" id=\"style-css-av-65hqv5-fe341518f26471c6951d772b18d6f10e\">\n.flex_column.av-65hqv5-fe341518f26471c6951d772b18d6f10e{\nborder-radius:0px 0px 0px 0px;\npadding:0px 0px 0px 0px;\n}\n<\/style>\n<div  class='flex_column av-65hqv5-fe341518f26471c6951d772b18d6f10e av_one_full  avia-builder-el-0  el_before_av_two_third  avia-builder-el-first  first flex_column_div av-zero-column-padding  '     ><p>\n<style type=\"text\/css\" data-created_by=\"avia_inline_auto\" id=\"style-css-av-l1go9ybh-3404fd85d4393d0b54b508a6e038ce72\">\n.avia-image-container.av-l1go9ybh-3404fd85d4393d0b54b508a6e038ce72 img.avia_image{\nbox-shadow:none;\n}\n.avia-image-container.av-l1go9ybh-3404fd85d4393d0b54b508a6e038ce72 .av-image-caption-overlay-center{\ncolor:#ffffff;\n}\n<\/style>\n<div  class='avia-image-container av-l1go9ybh-3404fd85d4393d0b54b508a6e038ce72 av-styling- avia_animated_image av-animated-when-visible-95 av-rotateIn avia-align-center  avia-builder-el-1  el_before_av_buttonrow  avia-builder-el-first '   itemprop=\"image\" itemscope=\"itemscope\" itemtype=\"https:\/\/schema.org\/ImageObject\" ><div class=\"avia-image-container-inner\"><div class=\"avia-image-overlay-wrap\"><img fetchpriority=\"high\" class='wp-image-3430 avia-img-lazy-loading-not-3430 avia_image ' src='http:\/\/mixarts.org\/association\/wp-content\/uploads\/2022\/04\/Bien-lBourgeon-RVB-300x148.jpg' alt='Festival Bien l&#039;Bourgeon - Mix&#039;Arts 38' title='Festival Bien l&#039;Bourgeon - Mix&#039;Arts 38'  height=\"148\" width=\"300\"  itemprop=\"thumbnailUrl\"  \/><\/div><\/div><\/div><br \/>\n<div  class='avia-buttonrow-wrap av-l1by64a1-be21d1cae8f50e2b6a4aeaab41ce13ef avia-buttonrow-center  avia-builder-el-2  el_after_av_image  el_before_av_image '>\n\n<style type=\"text\/css\" data-created_by=\"avia_inline_auto\" id=\"style-css-av-l1by3sgk-b5d7b85e518997389000286fea42f16d\">\n#top #wrap_all .avia-button.av-l1by3sgk-b5d7b85e518997389000286fea42f16d{\nbackground-color:#3f385f;\nborder-color:#3f385f;\ntransition:all 0.4s ease-in-out;\nmargin-bottom:5px;\nmargin-right:3px;\nmargin-left:3px;\n}\n#top #wrap_all .avia-button.av-l1by3sgk-b5d7b85e518997389000286fea42f16d:hover{\ncolor:#ffffff;\ntransition:all 0.4s ease-in-out;\n}\n<\/style>\n<a href='https:\/\/www.facebook.com\/events\/562757154322280' class='avia-button av-l1by3sgk-b5d7b85e518997389000286fea42f16d avia-icon_select-yes-left-icon avia-size-large avia-font-color-theme-color' target=\"_blank\" rel=\"noopener noreferrer\"><span class='avia_button_icon avia_button_icon_left ' aria-hidden='true' data-av_icon='\ue8f4' data-av_iconfont='entypo-fontello'><\/span><span class='avia_iconbox_title' >\u00c9v\u00e9nement Facebook<\/span><span class='avia_button_background avia-button avia-color-theme-color-highlight' ><\/span><\/a>\n\n<style type=\"text\/css\" data-created_by=\"avia_inline_auto\" id=\"style-css-av-l1by3sgk-ca96dd259abb84f90cd1f34afdbd502c\">\n#top #wrap_all .avia-button.av-l1by3sgk-ca96dd259abb84f90cd1f34afdbd502c{\nbackground-color:#667b4d;\nborder-color:#667b4d;\ntransition:all 0.4s ease-in-out;\nmargin-bottom:5px;\nmargin-right:3px;\nmargin-left:3px;\n}\n#top #wrap_all .avia-button.av-l1by3sgk-ca96dd259abb84f90cd1f34afdbd502c:hover{\ncolor:#ffffff;\ntransition:all 0.4s ease-in-out;\n}\n<\/style>\n<a href='https:\/\/www.billetweb.fr\/festival-bien-lbourgeon-2022' class='avia-button av-l1by3sgk-ca96dd259abb84f90cd1f34afdbd502c avia-icon_select-yes-left-icon avia-size-large avia-font-color-theme-color' target=\"_blank\" rel=\"noopener noreferrer\"><span class='avia_button_icon avia_button_icon_left ' aria-hidden='true' data-av_icon='\ue827' data-av_iconfont='entypo-fontello'><\/span><span class='avia_iconbox_title' >Billetterie<\/span><span class='avia_button_background avia-button avia-color-theme-color-highlight' ><\/span><\/a>\n\n<style type=\"text\/css\" data-created_by=\"avia_inline_auto\" id=\"style-css-av-l1by3sgk-7c4fadbac05938127f7dc01dd455ac9a\">\n#top #wrap_all .avia-button.av-l1by3sgk-7c4fadbac05938127f7dc01dd455ac9a{\nbackground-color:#3f385f;\nborder-color:#3f385f;\ntransition:all 0.4s ease-in-out;\nmargin-bottom:5px;\nmargin-right:3px;\nmargin-left:3px;\n}\n#top #wrap_all .avia-button.av-l1by3sgk-7c4fadbac05938127f7dc01dd455ac9a:hover{\ncolor:#ffffff;\ntransition:all 0.4s ease-in-out;\n}\n<\/style>\n<a href='https:\/\/www.facebook.com\/festivalbienlbourgeon' class='avia-button av-l1by3sgk-7c4fadbac05938127f7dc01dd455ac9a avia-icon_select-yes-left-icon avia-size-large avia-font-color-theme-color' target=\"_blank\" rel=\"noopener noreferrer\"><span class='avia_button_icon avia_button_icon_left ' aria-hidden='true' data-av_icon='\ue8f4' data-av_iconfont='entypo-fontello'><\/span><span class='avia_iconbox_title' >Page Facebook<\/span><span class='avia_button_background avia-button avia-color-theme-color-highlight' ><\/span><\/a>\n<\/div><br \/>\n\n<style type=\"text\/css\" data-created_by=\"avia_inline_auto\" id=\"style-css-av-kwp7p9u1-b3efca8d663c24540e433b108235829f\">\n.avia-image-container.av-kwp7p9u1-b3efca8d663c24540e433b108235829f img.avia_image{\nbox-shadow:none;\n}\n.avia-image-container.av-kwp7p9u1-b3efca8d663c24540e433b108235829f .av-image-caption-overlay-center{\ncolor:#ffffff;\n}\n<\/style>\n<div  class='avia-image-container av-kwp7p9u1-b3efca8d663c24540e433b108235829f av-styling- avia-align-center  avia-builder-el-3  el_after_av_buttonrow  el_before_av_heading '   itemprop=\"image\" itemscope=\"itemscope\" itemtype=\"https:\/\/schema.org\/ImageObject\" ><div class=\"avia-image-container-inner\"><div class=\"avia-image-overlay-wrap\"><img fetchpriority=\"high\" class='wp-image-3370 avia-img-lazy-loading-not-3370 avia_image ' src='http:\/\/mixarts.org\/association\/wp-content\/uploads\/2022\/03\/Couv_PageFB_Festival-BLB-2022-1-1024x379.jpg' alt='Festival Bien l\u2019Bourgeon 2022 \u2013 Mix\u2019Arts (38)' title='Festival Bien l\u2019Bourgeon 2022 \u2013 Mix\u2019Arts (38)'  height=\"379\" width=\"1024\"  itemprop=\"thumbnailUrl\"  \/><\/div><\/div><\/div><br \/>\n\n<style type=\"text\/css\" data-created_by=\"avia_inline_auto\" id=\"style-css-av-l1by9zfe-989093d48558dbe62910ceb26645e8ae\">\n#top .av-special-heading.av-l1by9zfe-989093d48558dbe62910ceb26645e8ae{\npadding-bottom:10px;\ncolor:#3f385f;\n}\nbody .av-special-heading.av-l1by9zfe-989093d48558dbe62910ceb26645e8ae .av-special-heading-tag .heading-char{\nfont-size:25px;\n}\n.av-special-heading.av-l1by9zfe-989093d48558dbe62910ceb26645e8ae .special-heading-inner-border{\nborder-color:#3f385f;\n}\n.av-special-heading.av-l1by9zfe-989093d48558dbe62910ceb26645e8ae .av-subheading{\nfont-size:15px;\n}\n<\/style>\n<div  class='av-special-heading av-l1by9zfe-989093d48558dbe62910ceb26645e8ae av-special-heading-h1 custom-color-heading blockquote elegant-quote elegant-centered  avia-builder-el-4  el_after_av_image  el_before_av_heading '><h1 class='av-special-heading-tag'  itemprop=\"headline\"  ><span class=\"heading-wrap\">FESTIVAL BIEN L\u2019BOURGEON #5 <\/span><\/h1><div class='av_custom_color av-subheading av-subheading_below'><p>Agri-culture et souverainet\u00e9 alimentaire<\/p>\n<\/div><div class=\"special-heading-border\"><div class=\"special-heading-inner-border\"><\/div><\/div><\/div><br \/>\n\n<style type=\"text\/css\" data-created_by=\"avia_inline_auto\" id=\"style-css-av-l3mrry0l-2933163c83a0e4c39782e376b895de60\">\n#top .av-special-heading.av-l3mrry0l-2933163c83a0e4c39782e376b895de60{\npadding-bottom:10px;\ncolor:#dd0f0f;\n}\nbody .av-special-heading.av-l3mrry0l-2933163c83a0e4c39782e376b895de60 .av-special-heading-tag .heading-char{\nfont-size:25px;\n}\n.av-special-heading.av-l3mrry0l-2933163c83a0e4c39782e376b895de60 .special-heading-inner-border{\nborder-color:#dd0f0f;\n}\n.av-special-heading.av-l3mrry0l-2933163c83a0e4c39782e376b895de60 .av-subheading{\nfont-size:15px;\n}\n<\/style>\n<div  class='av-special-heading av-l3mrry0l-2933163c83a0e4c39782e376b895de60 av-special-heading-h2 custom-color-heading blockquote elegant-quote elegant-centered  avia-builder-el-5  el_after_av_heading  avia-builder-el-last '><h2 class='av-special-heading-tag'  itemprop=\"headline\"  ><span class=\"heading-wrap\">FESTIVAL SOLD OUT \/ COMPLET<\/span><\/h2><div class='av_custom_color av-subheading av-subheading_below'><p>PAS DE VENTE SUR PLACE<\/p>\n<\/div><div class=\"special-heading-border\"><div class=\"special-heading-inner-border\"><\/div><\/div><\/div><\/p><\/div>\n<style type=\"text\/css\" data-created_by=\"avia_inline_auto\" id=\"style-css-av-pg9qyp-2db63045d1589a5d4a13ac1593290684\">\n.flex_column.av-pg9qyp-2db63045d1589a5d4a13ac1593290684{\nborder-radius:0px 0px 0px 0px;\npadding:0px 0px 0px 0px;\n}\n<\/style>\n<div  class='flex_column av-pg9qyp-2db63045d1589a5d4a13ac1593290684 av_two_third  avia-builder-el-6  el_after_av_one_full  el_before_av_one_third  first flex_column_div av-zero-column-padding  column-top-margin'     ><section  class='av_textblock_section av-l1bycv1s-474098dc562e8231d82dba161665e3de '   itemscope=\"itemscope\" itemtype=\"https:\/\/schema.org\/CreativeWork\" ><div class='avia_textblock'  itemprop=\"text\" ><h5>Le Festival Bien l&#8217;Bourgeon revient \u00e0 St Geoire en Valdaine en mai 2022 pour une 5e \u00e9dition, avec une nouvelle th\u00e9matique : Agriculture et Souverainet\u00e9 Alimentaire ! Nous aborderons cette th\u00e9matique \u00e0 travers des conf\u00e9rences, des spectacles, des ateliers et des tables-rondes en journ\u00e9e puis nous profiterons de soir\u00e9es concerts pour faire le plein de bonnes vibes !<\/h5>\n<blockquote>\n<p>La souverainet\u00e9 alimentaire d\u00e9signe le droit des populations, de leurs Etats ou Unions \u00e0 d\u00e9finir leur politique agricole et alimentaire, sans dumping vis \u00e0 vis des pays tiers.<\/p>\n<\/blockquote>\n<\/div><\/section><br \/>\n<div  class='avia-button-wrap av-l1z4svnm-c0bd1d6c881acc610674b30ad6ce657f-wrap avia-button-left  avia-builder-el-8  el_after_av_textblock  el_before_av_button '>\n<style type=\"text\/css\" data-created_by=\"avia_inline_auto\" id=\"style-css-av-l1z4svnm-c0bd1d6c881acc610674b30ad6ce657f\">\n#top #wrap_all .avia-button.av-l1z4svnm-c0bd1d6c881acc610674b30ad6ce657f{\nbackground-color:#40385f;\nborder-color:#40385f;\ncolor:#ffffff;\ntransition:all 0.4s ease-in-out;\n}\n<\/style>\n<a href='http:\/\/mixarts.org\/association\/?p=3446'  class='avia-button av-l1z4svnm-c0bd1d6c881acc610674b30ad6ce657f av-link-btn avia-icon_select-no avia-size-medium avia-position-left'  ><span class='avia_iconbox_title' >\u2022 Cliquez ici pour acc\u00e9der \u00e0 la Foire Aux Questions \u2022<\/span><\/a><\/div><br \/>\n<div  class='avia-button-wrap av-l38y3lbg-faea90ba3932fc2ec37960ddf53e2937-wrap avia-button-left  avia-builder-el-9  el_after_av_button  avia-builder-el-last '>\n<style type=\"text\/css\" data-created_by=\"avia_inline_auto\" id=\"style-css-av-l38y3lbg-faea90ba3932fc2ec37960ddf53e2937\">\n#top #wrap_all .avia-button.av-l38y3lbg-faea90ba3932fc2ec37960ddf53e2937{\nbackground-color:#40385f;\nborder-color:#40385f;\ncolor:#ffffff;\ntransition:all 0.4s ease-in-out;\n}\n<\/style>\n<a href='http:\/\/mixarts.org\/association\/reseau-et-partenaires\/'  class='avia-button av-l38y3lbg-faea90ba3932fc2ec37960ddf53e2937 av-link-btn avia-icon_select-no avia-size-medium avia-position-left'  target=\"_blank\"  rel=\"noopener noreferrer\" ><span class='avia_iconbox_title' >\u2022 Partenaires \u2022<\/span><\/a><\/div><\/p><\/div><\/p>\n\n<style type=\"text\/css\" data-created_by=\"avia_inline_auto\" id=\"style-css-av-nm24s1-b3c5822a91c93653b0315dfffb851f82\">\n.flex_column.av-nm24s1-b3c5822a91c93653b0315dfffb851f82{\nborder-radius:0px 0px 0px 0px;\npadding:0px 0px 0px 0px;\n}\n<\/style>\n<div  class='flex_column av-nm24s1-b3c5822a91c93653b0315dfffb851f82 av_one_third  avia-builder-el-10  el_after_av_two_third  el_before_av_heading  flex_column_div av-zero-column-padding  column-top-margin'     ><style type=\"text\/css\" data-created_by=\"avia_inline_auto\" id=\"style-css-av-l1dnqje0-9059cd6453a2f3610e8423d4264a0738\">\n.avia-accordion.av-l1dnqje0-9059cd6453a2f3610e8423d4264a0738{\nmax-height:375px;\n}\n.avia-accordion.av-l1dnqje0-9059cd6453a2f3610e8423d4264a0738 .aviaccordion-preview{\nwidth:12.1%;\n}\n.avia-accordion .aviaccordion-slide.av-l1dnqje0-9059cd6453a2f3610e8423d4264a0738__0{\nleft:0%;\n}\n.avia-accordion .aviaccordion-slide.av-l1dnqje0-9059cd6453a2f3610e8423d4264a0738__1{\nleft:11.111111111111%;\n}\n.avia-accordion .aviaccordion-slide.av-l1dnqje0-9059cd6453a2f3610e8423d4264a0738__2{\nleft:22.222222222222%;\n}\n.avia-accordion .aviaccordion-slide.av-l1dnqje0-9059cd6453a2f3610e8423d4264a0738__3{\nleft:33.333333333333%;\n}\n.avia-accordion .aviaccordion-slide.av-l1dnqje0-9059cd6453a2f3610e8423d4264a0738__4{\nleft:44.444444444444%;\n}\n.avia-accordion .aviaccordion-slide.av-l1dnqje0-9059cd6453a2f3610e8423d4264a0738__5{\nleft:55.555555555556%;\n}\n.avia-accordion .aviaccordion-slide.av-l1dnqje0-9059cd6453a2f3610e8423d4264a0738__6{\nleft:66.666666666667%;\n}\n.avia-accordion .aviaccordion-slide.av-l1dnqje0-9059cd6453a2f3610e8423d4264a0738__7{\nleft:77.777777777778%;\n}\n.avia-accordion .aviaccordion-slide.av-l1dnqje0-9059cd6453a2f3610e8423d4264a0738__8{\nleft:88.888888888889%;\n}\n<\/style>\n<div  id=\"accordion_slider_1\"  class='aviaccordion avia-accordion av-l1dnqje0-9059cd6453a2f3610e8423d4264a0738 aviaccordion-title-active av-slideshow-autoplay av-loop-endless ' data-slideshow-options=\"{&quot;interval&quot;:4,&quot;autoplay&quot;:true,&quot;loop_autoplay&quot;:&quot;endless&quot;}\"  itemscope=\"itemscope\" itemtype=\"https:\/\/schema.org\/Blog\" ><ul class=\"aviaccordion-inner\"><li class='aviaccordion-slide av-l1dnqje0-9059cd6453a2f3610e8423d4264a0738__0 aviaccordion-slide-1' data-av-left='0'  itemscope=\"itemscope\" itemtype=\"https:\/\/schema.org\/CreativeWork\" ><a class='aviaccordion-slide-link noHover' href=\"http:\/\/mixarts.org\/association\/wp-content\/uploads\/2022\/03\/26173366_925377564302544_836163062340471176_o-1024x683.jpg\"  title=\"26173366_925377564302544_836163062340471176_o\" ><div class='aviaccordion-preview '><\/div><img loading=\"lazy\" decoding=\"async\" width=\"710\" height=\"375\" src=\"http:\/\/mixarts.org\/association\/wp-content\/uploads\/2022\/03\/26173366_925377564302544_836163062340471176_o-710x375.jpg\" class=\"aviaccordion-image\" alt=\"\" \/><\/a><\/li><li class='aviaccordion-slide av-l1dnqje0-9059cd6453a2f3610e8423d4264a0738__1 aviaccordion-slide-2' data-av-left='11.111111111111'  itemscope=\"itemscope\" itemtype=\"https:\/\/schema.org\/CreativeWork\" ><a class='aviaccordion-slide-link noHover' href=\"http:\/\/mixarts.org\/association\/wp-content\/uploads\/2022\/03\/26173377_925378094302491_5431629571929396540_o-1024x683.jpg\"  title=\"26173377_925378094302491_5431629571929396540_o\" ><div class='aviaccordion-preview '><\/div><img loading=\"lazy\" decoding=\"async\" width=\"710\" height=\"375\" src=\"http:\/\/mixarts.org\/association\/wp-content\/uploads\/2022\/03\/26173377_925378094302491_5431629571929396540_o-710x375.jpg\" class=\"aviaccordion-image\" alt=\"\" \/><\/a><\/li><li class='aviaccordion-slide av-l1dnqje0-9059cd6453a2f3610e8423d4264a0738__2 aviaccordion-slide-3' data-av-left='22.222222222222'  itemscope=\"itemscope\" itemtype=\"https:\/\/schema.org\/CreativeWork\" ><a class='aviaccordion-slide-link noHover' href=\"http:\/\/mixarts.org\/association\/wp-content\/uploads\/2022\/03\/26173947_925377397635894_3848182634049908542_o-1024x683.jpg\"  title=\"26173947_925377397635894_3848182634049908542_o\" ><div class='aviaccordion-preview '><\/div><img loading=\"lazy\" decoding=\"async\" width=\"710\" height=\"375\" src=\"http:\/\/mixarts.org\/association\/wp-content\/uploads\/2022\/03\/26173947_925377397635894_3848182634049908542_o-710x375.jpg\" class=\"aviaccordion-image\" alt=\"\" \/><\/a><\/li><li class='aviaccordion-slide av-l1dnqje0-9059cd6453a2f3610e8423d4264a0738__3 aviaccordion-slide-4' data-av-left='33.333333333333'  itemscope=\"itemscope\" itemtype=\"https:\/\/schema.org\/CreativeWork\" ><a class='aviaccordion-slide-link noHover' href=\"http:\/\/mixarts.org\/association\/wp-content\/uploads\/2022\/03\/26220693_925374550969512_2961731391458240818_o-1024x683.jpg\"  title=\"26220693_925374550969512_2961731391458240818_o\" ><div class='aviaccordion-preview '><\/div><img loading=\"lazy\" decoding=\"async\" width=\"710\" height=\"375\" src=\"http:\/\/mixarts.org\/association\/wp-content\/uploads\/2022\/03\/26220693_925374550969512_2961731391458240818_o-710x375.jpg\" class=\"aviaccordion-image\" alt=\"\" \/><\/a><\/li><li class='aviaccordion-slide av-l1dnqje0-9059cd6453a2f3610e8423d4264a0738__4 aviaccordion-slide-5' data-av-left='44.444444444444'  itemscope=\"itemscope\" itemtype=\"https:\/\/schema.org\/CreativeWork\" ><a class='aviaccordion-slide-link noHover' href=\"http:\/\/mixarts.org\/association\/wp-content\/uploads\/2022\/03\/26678583_925373767636257_4583953999658775833_o-1024x683.jpg\"  title=\"26678583_925373767636257_4583953999658775833_o\" ><div class='aviaccordion-preview '><\/div><img loading=\"lazy\" decoding=\"async\" width=\"710\" height=\"375\" src=\"http:\/\/mixarts.org\/association\/wp-content\/uploads\/2022\/03\/26678583_925373767636257_4583953999658775833_o-710x375.jpg\" class=\"aviaccordion-image\" alt=\"\" \/><\/a><\/li><li class='aviaccordion-slide av-l1dnqje0-9059cd6453a2f3610e8423d4264a0738__5 aviaccordion-slide-6' data-av-left='55.555555555556'  itemscope=\"itemscope\" itemtype=\"https:\/\/schema.org\/CreativeWork\" ><a class='aviaccordion-slide-link noHover' href=\"http:\/\/mixarts.org\/association\/wp-content\/uploads\/2022\/03\/32720239_992820190891614_4636248343687725056_n-1024x680.jpg\"  title=\"32720239_992820190891614_4636248343687725056_n\" ><div class='aviaccordion-preview '><\/div><img loading=\"lazy\" decoding=\"async\" width=\"710\" height=\"375\" src=\"http:\/\/mixarts.org\/association\/wp-content\/uploads\/2022\/03\/32720239_992820190891614_4636248343687725056_n-710x375.jpg\" class=\"aviaccordion-image\" alt=\"\" \/><\/a><\/li><li class='aviaccordion-slide av-l1dnqje0-9059cd6453a2f3610e8423d4264a0738__6 aviaccordion-slide-7' data-av-left='66.666666666667'  itemscope=\"itemscope\" itemtype=\"https:\/\/schema.org\/CreativeWork\" ><a class='aviaccordion-slide-link noHover' href=\"http:\/\/mixarts.org\/association\/wp-content\/uploads\/2022\/03\/32765808_992822907558009_6795356599847223296_n-1024x680.jpg\"  title=\"32765808_992822907558009_6795356599847223296_n\" ><div class='aviaccordion-preview '><\/div><img loading=\"lazy\" decoding=\"async\" width=\"710\" height=\"375\" src=\"http:\/\/mixarts.org\/association\/wp-content\/uploads\/2022\/03\/32765808_992822907558009_6795356599847223296_n-710x375.jpg\" class=\"aviaccordion-image\" alt=\"\" \/><\/a><\/li><li class='aviaccordion-slide av-l1dnqje0-9059cd6453a2f3610e8423d4264a0738__7 aviaccordion-slide-8' data-av-left='77.777777777778'  itemscope=\"itemscope\" itemtype=\"https:\/\/schema.org\/CreativeWork\" ><a class='aviaccordion-slide-link noHover' href=\"http:\/\/mixarts.org\/association\/wp-content\/uploads\/2022\/03\/32769570_992821820891451_8603392695928356864_n-1024x680.jpg\"  title=\"32769570_992821820891451_8603392695928356864_n\" ><div class='aviaccordion-preview '><\/div><img loading=\"lazy\" decoding=\"async\" width=\"710\" height=\"375\" src=\"http:\/\/mixarts.org\/association\/wp-content\/uploads\/2022\/03\/32769570_992821820891451_8603392695928356864_n-710x375.jpg\" class=\"aviaccordion-image\" alt=\"\" \/><\/a><\/li><li class='aviaccordion-slide av-l1dnqje0-9059cd6453a2f3610e8423d4264a0738__8 aviaccordion-slide-9' data-av-left='88.888888888889'  itemscope=\"itemscope\" itemtype=\"https:\/\/schema.org\/CreativeWork\" ><a class='aviaccordion-slide-link noHover' href=\"http:\/\/mixarts.org\/association\/wp-content\/uploads\/2022\/03\/32468271_992821964224770_480553226345644032_n-1024x680.jpg\"  title=\"32468271_992821964224770_480553226345644032_n\" ><div class='aviaccordion-preview '><\/div><img loading=\"lazy\" decoding=\"async\" width=\"710\" height=\"375\" src=\"http:\/\/mixarts.org\/association\/wp-content\/uploads\/2022\/03\/32468271_992821964224770_480553226345644032_n-710x375.jpg\" class=\"aviaccordion-image\" alt=\"\" \/><\/a><\/li><\/ul><div class='aviaccordion-spacer' style='padding-bottom:52.816901408451%'><\/div><\/div><\/div>\n\n<style type=\"text\/css\" data-created_by=\"avia_inline_auto\" id=\"style-css-av-l1bygqo8-e3d7e5feb1aaed45b919957846537be4\">\n#top .av-special-heading.av-l1bygqo8-e3d7e5feb1aaed45b919957846537be4{\nmargin:80px 0 0 0;\npadding-bottom:0;\ncolor:#667b4d;\n}\nbody .av-special-heading.av-l1bygqo8-e3d7e5feb1aaed45b919957846537be4 .av-special-heading-tag .heading-char{\nfont-size:25px;\n}\n.av-special-heading.av-l1bygqo8-e3d7e5feb1aaed45b919957846537be4 .special-heading-inner-border{\nborder-color:#667b4d;\n}\n.av-special-heading.av-l1bygqo8-e3d7e5feb1aaed45b919957846537be4 .av-subheading{\nfont-size:15px;\n}\n<\/style>\n<div  class='av-special-heading av-l1bygqo8-e3d7e5feb1aaed45b919957846537be4 av-special-heading-h1 custom-color-heading blockquote elegant-quote elegant-centered  avia-builder-el-12  el_after_av_one_third  el_before_av_layout_row  avia-builder-el-last '><h1 class='av-special-heading-tag'  itemprop=\"headline\"  ><span class=\"heading-wrap\">D\u00c9COUVREZ LE PROGRAMME*<\/span><\/h1><div class='av_custom_color av-subheading av-subheading_below'><p>*sous r\u00e9serve de modifications<\/p>\n<\/div><div class=\"special-heading-border\"><div class=\"special-heading-inner-border\"><\/div><\/div><\/div>\n<\/div><\/div><\/div><!-- close content main div --><\/div><\/div><div id='av-layout-grid-1'  class='av-layout-grid-container av-36x5kx-7b5a335fadb0c91d4cd82e2609aa943f entry-content-wrapper main_color av-flex-cells  avia-builder-el-13  el_after_av_heading  el_before_av_layout_row  grid-row-not-first  container_wrap fullsize'  >\n<div class='flex_cell av-u5d2hd-0dc80c298f15bf62954e01d45bc74f98 av-gridrow-cell av_one_third no_margin  avia-builder-el-14  el_before_av_cell_one_third  avia-builder-el-first '  ><div class='flex_cell_inner'><p>\n<style type=\"text\/css\" data-created_by=\"avia_inline_auto\" id=\"style-css-av-sxy51t-ce994d6e2f35394f666e57a1936e9d4b\">\n.avia-image-container.av-sxy51t-ce994d6e2f35394f666e57a1936e9d4b img.avia_image{\nbox-shadow:none;\n}\n.avia-image-container.av-sxy51t-ce994d6e2f35394f666e57a1936e9d4b .av-image-caption-overlay-center{\ncolor:#ffffff;\n}\n<\/style>\n<div  class='avia-image-container av-sxy51t-ce994d6e2f35394f666e57a1936e9d4b av-styling-circle avia-align-center  avia-builder-el-15  el_before_av_heading  avia-builder-el-first '   itemprop=\"image\" itemscope=\"itemscope\" itemtype=\"https:\/\/schema.org\/ImageObject\" ><div class=\"avia-image-container-inner\"><div class=\"avia-image-overlay-wrap\"><img fetchpriority=\"high\" class='wp-image-3318 avia-img-lazy-loading-not-3318 avia_image ' src='http:\/\/mixarts.org\/association\/wp-content\/uploads\/2022\/03\/jeu-26-300x300.jpg' alt='' title='jeu 26'  height=\"300\" width=\"300\"  itemprop=\"thumbnailUrl\"  \/><\/div><\/div><\/div><br \/>\n\n<style type=\"text\/css\" data-created_by=\"avia_inline_auto\" id=\"style-css-av-l3mrqdn2-c510da48b6e31b96edcb355f2a5338f1\">\n#top .av-special-heading.av-l3mrqdn2-c510da48b6e31b96edcb355f2a5338f1{\npadding-bottom:10px;\ncolor:#dd0f0f;\n}\nbody .av-special-heading.av-l3mrqdn2-c510da48b6e31b96edcb355f2a5338f1 .av-special-heading-tag .heading-char{\nfont-size:25px;\n}\n.av-special-heading.av-l3mrqdn2-c510da48b6e31b96edcb355f2a5338f1 .special-heading-inner-border{\nborder-color:#dd0f0f;\n}\n.av-special-heading.av-l3mrqdn2-c510da48b6e31b96edcb355f2a5338f1 .av-subheading{\nfont-size:15px;\n}\n<\/style>\n<div  class='av-special-heading av-l3mrqdn2-c510da48b6e31b96edcb355f2a5338f1 av-special-heading-h2 custom-color-heading blockquote elegant-quote elegant-centered  avia-builder-el-16  el_after_av_image  el_before_av_toggle_container '><h2 class='av-special-heading-tag'  itemprop=\"headline\"  ><span class=\"heading-wrap\">CONCERT COMPLET<\/span><\/h2><div class='av_custom_color av-subheading av-subheading_below'><p>PAS DE VENTE SUR PLACE<\/p>\n<\/div><div class=\"special-heading-border\"><div class=\"special-heading-inner-border\"><\/div><\/div><\/div><br \/>\n\n<style type=\"text\/css\" data-created_by=\"avia_inline_auto\" id=\"style-css-av-l1byjf4r-1bf12df03ab31c7b598539e4421bfc72\">\n#top .togglecontainer.av-l1byjf4r-1bf12df03ab31c7b598539e4421bfc72 p.toggler{\ncolor:#40385f;\nbackground-color:#ffecce;\n}\n#top .togglecontainer.av-l1byjf4r-1bf12df03ab31c7b598539e4421bfc72 p.toggler .toggle_icon{\ncolor:#40385f;\nborder-color:#40385f;\n}\n#top .togglecontainer.av-l1byjf4r-1bf12df03ab31c7b598539e4421bfc72 .toggle_wrap .toggle_content{\ncolor:#40385f;\nbackground-color:#ffecce;\n}\n<\/style>\n<div  class='togglecontainer av-l1byjf4r-1bf12df03ab31c7b598539e4421bfc72 av-minimal-toggle  avia-builder-el-17  el_after_av_heading  el_before_av_gallery  toggle_close_all' >\n<section class='av_toggle_section av-l1byj5wj-39344d2f8fec34528aed65f81efc5aa9'  itemscope=\"itemscope\" itemtype=\"https:\/\/schema.org\/CreativeWork\" ><div role=\"tablist\" class=\"single_toggle\" data-tags=\"{Tout} \"  ><p data-fake-id='#toggle-id-1' class='toggler   av-inherit-font-color hasCustomColor'  itemprop=\"headline\"  role='tab' tabindex='0' aria-controls='toggle-id-1'>10h00 \u2022 CHANTIER PARTICIPATIF \u00ab Construire l\u2019autonomie alimentaire : ressources, outils, savoir-faire \u00bb<span class=\"toggle_icon\"><span class=\"vert_icon\"><\/span><span class=\"hor_icon\"><\/span><\/span><\/p><div id='toggle-id-1' class='toggle_wrap  '  ><div class='toggle_content invers-color av-inherit-font-color hasCustomColor'  itemprop=\"text\" ><p><span style=\"font-weight: 400;\">\u00c0 l&#8217;heure de la r\u00e9novation \u00e9nerg\u00e9tique, les menuiseries partent \u00e0 la benne ! Rien n&#8217;est assez bon pour r\u00e9sister \u00e0 l&#8217;attrait du neuf et du passif RE 2020. Venez donc visiter l&#8217;envers du d\u00e9cor de l&#8217;\u00e9cologie de fa\u00e7ade, vous poser quelques questions et trouver des usages \u00e0 toutes ces fen\u00eatres et portes qui n&#8217;ouvrent plus sur rien&#8230; <\/span><i><span style=\"font-weight: 400;\">&#8211; L&#8217;association Retour Aux R&#8217;Sources vous propose 3 jours endiabl\u00e9s, de travail, de plaisir, de convivialit\u00e9.<\/span><\/i><\/p>\n<\/div><\/div><\/div><\/section>\n<section class='av_toggle_section av-l1byyyb1-f92cbe0d60142714b1018216cd0cda50'  itemscope=\"itemscope\" itemtype=\"https:\/\/schema.org\/CreativeWork\" ><div role=\"tablist\" class=\"single_toggle\" data-tags=\"{Tout} \"  ><p data-fake-id='#toggle-id-2' class='toggler   av-inherit-font-color hasCustomColor'  itemprop=\"headline\"  role='tab' tabindex='0' aria-controls='toggle-id-2'>15h00 \u2022 CAF\u00c9-D\u00c9BAT \u00ab Alimentation, surveillez votre poids Carbone \u00bb<span class=\"toggle_icon\"><span class=\"vert_icon\"><\/span><span class=\"hor_icon\"><\/span><\/span><\/p><div id='toggle-id-2' class='toggle_wrap  '  ><div class='toggle_content invers-color av-inherit-font-color hasCustomColor'  itemprop=\"text\" ><p><span style=\"font-weight: 400;\">Si la sant\u00e9 passe par l&#8217;assiette, notre assiette cause la mauvaise sant\u00e9 de notre plan\u00e8te. L&#8217;impact de notre alimentation sur le climat et l&#8217;environnement est souvent sous-estim\u00e9. De nombreux aliments ont fait le tour du globe avant de finir sur nos tables&#8230; voire dans nos poubelles. Ensemble, passons au crible ce que nous mangeons et d\u00e9couvrons comment r\u00e9duire notre empreinte carbone au quotidien, en consommant mieux.<\/span><\/p>\n<p>++ <strong>Compl\u00e9t\u00e9 par un atelier participatif &#8220;Inventons nos vies bas Carbone&#8221;<\/strong>\u00a0propos\u00e9 par Mme Elodie CAUCHOIS<\/p>\n<p><em><span style=\"font-weight: 400;\">>>> Intervenants<\/span><span style=\"font-weight: 400;\"> :<br \/>\n<\/span><\/em><\/p>\n<p><em><span style=\"font-weight: 400;\"><strong>Emilie MONCAREY<\/strong>, membre du Collectif Citoyen Autonomie Alimentaire Bi\u00e8vre-Chartreuse-Voironnais, charg\u00e9e de mission sur le projet Chartreuse en Transition aux Amis du Parc de Chartreuse<\/span><\/em><\/p>\n<p><em><span style=\"font-weight: 400;\"><strong>R\u00e9gis GAILLARD<\/strong>, mara\u00eecher sur sols vivants au Jardin biologique de Tournesol (Villages du Lac de Paladru)<\/span><\/em><\/p>\n<p><em><span style=\"font-weight: 400;\"><strong>Benjamin RIBEAUD<\/strong>, mara\u00eecher sur sols vivants au Jardin biologique du Rampillon (Charavines)<\/span><\/em><\/p>\n<\/div><\/div><\/div><\/section>\n<section class='av_toggle_section av-l1byudvj-bf6aa4901596907f161bbe8d0f49f707'  itemscope=\"itemscope\" itemtype=\"https:\/\/schema.org\/CreativeWork\" ><div role=\"tablist\" class=\"single_toggle\" data-tags=\"{Tout} \"  ><p data-fake-id='#toggle-id-3' class='toggler   av-inherit-font-color hasCustomColor'  itemprop=\"headline\"  role='tab' tabindex='0' aria-controls='toggle-id-3'>16h00 \u2022 COMPLET-SORTIE NATURE \u00ab D\u00e9couverte des plantes sauvages comestibles \u00bb  <span class=\"toggle_icon\"><span class=\"vert_icon\"><\/span><span class=\"hor_icon\"><\/span><\/span><\/p><div id='toggle-id-3' class='toggle_wrap  '  ><div class='toggle_content invers-color av-inherit-font-color hasCustomColor'  itemprop=\"text\" ><p><span style=\"font-weight: 400;\"><span style=\"color: #ff0000;\"><strong>[COMPLET]<\/strong> <\/span>Au bord de la Valdaine poussent l\u2019ail des ours, l\u2019alliaire, l\u2019\u00e9gopode, le houblon et bien d\u2019autres plantes sauvages aux saveurs nouvelles et d\u2019une grande valeur nutritive. Accompagn\u00e9s d\u2019une sorci\u00e8re gentille, vous irez \u00e0 la rencontre de ces tr\u00e9sors de la nature pour apprendre \u00e0 les reconna\u00eetre, les cueillir avec respect, les discerner des plantes toxiques. Nous r\u00e9aliserons et d\u00e9gusterons ensemble une petite pr\u00e9paration culinaire.<\/span><i><span style=\"font-weight: 400;\"> Avec C\u00e9cile Aubel : herbaliste. <\/span><\/i><b><i>(Sortie sur inscription aupr\u00e8s de C\u00e9cile Aubel \u2013 &#x61;&#117;&#98;e&#x6c;&#x2e;&#99;e&#x63;&#x69;&#108;e&#x40;&#x6f;&#114;a&#x6e;&#x67;&#101;&#46;&#x66;&#x72; en indiquant vos noms + n\u00b0 de tel)<\/i><\/b><\/p>\n<\/div><\/div><\/div><\/section>\n<section class='av_toggle_section av-l1byzpkt-37ae9673bbfd2371caca254735db21e7'  itemscope=\"itemscope\" itemtype=\"https:\/\/schema.org\/CreativeWork\" ><div role=\"tablist\" class=\"single_toggle\" data-tags=\"{Tout} \"  ><p data-fake-id='#toggle-id-4' class='toggler   av-inherit-font-color hasCustomColor'  itemprop=\"headline\"  role='tab' tabindex='0' aria-controls='toggle-id-4'>16h00 \u2022 CONFERENCE \u00ab Le lien entre la bonne sant\u00e9 des \u00e9cosyst\u00e8mes, la biodiversit\u00e9 et notre s\u00e9curit\u00e9 alimentaire \u00bb <span class=\"toggle_icon\"><span class=\"vert_icon\"><\/span><span class=\"hor_icon\"><\/span><\/span><\/p><div id='toggle-id-4' class='toggle_wrap  '  ><div class='toggle_content invers-color av-inherit-font-color hasCustomColor'  itemprop=\"text\" ><p><span style=\"font-weight: 400;\">avec<\/span><b> C\u00e9line Basset<\/b><span style=\"font-weight: 400;\"> de la ferme de Bluesoil et <\/span><b>Gilles Leblais<\/b> <span style=\"font-weight: 400;\">: ornithologue, auteur, photographe et journaliste naturaliste, fondateur de<\/span><i><span style=\"font-weight: 400;\"> \u00ab Mon jardin paradis \u00bb<\/span><\/i> <i><span style=\"font-weight: 400;\">(<\/span><\/i><a href=\"http:\/\/www.gillesleblais.com\"><i><span style=\"font-weight: 400;\">www.gillesleblais.com<\/span><\/i><\/a><i><span style=\"font-weight: 400;\">).<\/span><\/i><\/p>\n<p><em>>>> Intervenant.e.s :<\/em><\/p>\n<p><em><b>\u00a0C\u00e9line Basset<\/b><span style=\"font-weight: 400;\"> : consultante et conf\u00e9renci\u00e8re au Laboratoire Sant\u00e9 du Sol (diagnostics, accompagnements techniques et formations pour agriculteurs, institutions et associations sur le lien entre revitalisation du sol, augmentation des rendements, rentabilit\u00e9 et r\u00e9silience alimentaire). Fondatrice de la Ferme exp\u00e9rimentale Blue Soil, association reconnue d\u2019int\u00e9r\u00eat g\u00e9n\u00e9ral. Auteure de &#8220;Produire en r\u00e9g\u00e9n\u00e9rant&#8221; et co-auteur de &#8220;L&#8217;agriculture au coeur de la sant\u00e9 unique&#8221; (<\/span><a href=\"https:\/\/www.bluesoil.org\/\"><span style=\"font-weight: 400;\">https:\/\/www.bluesoil.org\/)<\/span><\/a><\/em><\/p>\n<p><em><b>Gilles Leblais <\/b><span style=\"font-weight: 400;\">: ornithologue, auteur, photographe et journaliste naturaliste, fondateur de<\/span><span style=\"font-weight: 400;\"> \u00ab Mon jardin paradis \u00bb<\/span> <span style=\"font-weight: 400;\">(<\/span><a href=\"http:\/\/www.gillesleblais.com\"><span style=\"font-weight: 400;\">www.gillesleblais.com<\/span><\/a><span style=\"font-weight: 400;\">).<\/span><\/em><\/p>\n<\/div><\/div><\/div><\/section>\n<section class='av_toggle_section av-l1bz08me-c9d404c4f48886c5fbf8c4ec36b07ab3'  itemscope=\"itemscope\" itemtype=\"https:\/\/schema.org\/CreativeWork\" ><div role=\"tablist\" class=\"single_toggle\" data-tags=\"{Tout} \"  ><p data-fake-id='#toggle-id-5' class='toggler   av-inherit-font-color hasCustomColor'  itemprop=\"headline\"  role='tab' tabindex='0' aria-controls='toggle-id-5'>16h30 \u2022 CONTE MUSICAL \u00ab Le Monde R\u00e9el \u00bb de Yann-Ga\u00ebl Poncet<span class=\"toggle_icon\"><span class=\"vert_icon\"><\/span><span class=\"hor_icon\"><\/span><\/span><\/p><div id='toggle-id-5' class='toggle_wrap  '  ><div class='toggle_content invers-color av-inherit-font-color hasCustomColor'  itemprop=\"text\" ><p><span style=\"font-weight: 400;\"><strong>Le Monde R\u00e9el<\/strong>, conte onirique et musical, entre r\u00e9cit et chanson. <\/span><\/p>\n<p><span style=\"font-weight: 400;\">Le Monde R\u00e9el est le voyage d&#8217;un enfant lunaire et tendrement na\u00eff dans un univers parall\u00e8le. Glissant habilement de la narration \u00e0 la musique, l&#8217;artiste vocaliste, violoniste, guitariste et conteur, manie les all\u00e9gories pour mettre en \u00e9vidence quelques-unes des folies humaines. <\/span><\/p>\n<\/div><\/div><\/div><\/section>\n<section class='av_toggle_section av-l1bz1hq9-2b33f5f49bba2b4c869af532437321cc'  itemscope=\"itemscope\" itemtype=\"https:\/\/schema.org\/CreativeWork\" ><div role=\"tablist\" class=\"single_toggle\" data-tags=\"{Tout} \"  ><p data-fake-id='#toggle-id-6' class='toggler   av-inherit-font-color hasCustomColor'  itemprop=\"headline\"  role='tab' tabindex='0' aria-controls='toggle-id-6'>18h00 \u2022 TH\u00c9\u00c2TRE \u00ab La Ferme du Bois Fleury \u00bb <span class=\"toggle_icon\"><span class=\"vert_icon\"><\/span><span class=\"hor_icon\"><\/span><\/span><\/p><div id='toggle-id-6' class='toggle_wrap  '  ><div class='toggle_content invers-color av-inherit-font-color hasCustomColor'  itemprop=\"text\" ><p><span style=\"font-weight: 400;\">Dans les ann\u00e9es 70, deux fr\u00e8res se partagent une ferme. L\u2019un va profiter de la \u00ab r\u00e9volution verte \u00bb et cultiver des c\u00e9r\u00e9ales en conventionnel, l\u2019autre va plut\u00f4t exp\u00e9rimenter le petit mara\u00eechage. Pendant cinquante ans nous allons les croiser r\u00e9guli\u00e8rement \u00e0 l\u2019ap\u00e9ro. Ils parlent d\u2019agriculture, de politique et de femmes\u2026 tout un programme. Entre d\u00e9saccords et fraternit\u00e9, ce seul en sc\u00e8ne nous livre un r\u00e9cit rythm\u00e9, o\u00f9 le rire et l\u2019\u00e9motion se succ\u00e8dent. Un voyage dans l\u2019histoire de l\u2019agriculture fran\u00e7aise par deux points de vue diam\u00e9tralement oppos\u00e9s. &#8211; <i>par Fred Dubonnet<\/i><\/span><\/p>\n<\/div><\/div><\/div><\/section>\n<section class='av_toggle_section av-l1vwaf7f-a49164871fccdf808067ac0c57caf22e'  itemscope=\"itemscope\" itemtype=\"https:\/\/schema.org\/CreativeWork\" ><div role=\"tablist\" class=\"single_toggle\" data-tags=\"{Tout} \"  ><p data-fake-id='#toggle-id-7' class='toggler   av-inherit-font-color hasCustomColor'  itemprop=\"headline\"  role='tab' tabindex='0' aria-controls='toggle-id-7'>18h00 \u2022 CONF\u2019 VIVANTE \u00ab Vuln\u00e9rabilit\u00e9s et r\u00e9silience du syst\u00e8me alimentaire \u00bb<span class=\"toggle_icon\"><span class=\"vert_icon\"><\/span><span class=\"hor_icon\"><\/span><\/span><\/p><div id='toggle-id-7' class='toggle_wrap  '  ><div class='toggle_content invers-color av-inherit-font-color hasCustomColor'  itemprop=\"text\" ><p><span style=\"font-weight: 400;\">Le constat est sans appel. Le syst\u00e8me alimentaire h\u00e9rit\u00e9 de la r\u00e9volution verte ne nourrit pas tout le monde mais g\u00e9n\u00e8re des maladies, surconsomme l\u2019\u00e9nergie tout en gaspillant les intrants, tue la paysannerie en enrichissant des acteurs non essentiels et contribue \u00e0 d\u00e9truire l\u2019environnement. Cette conf\u2019 est inspir\u00e9e par les travaux r\u00e9cents de deux assos militantes, Les Greniers d\u2019Abondance et L\u2019Atelier Paysan, qui partagent ce constat mais d\u00e9veloppent des modes d\u2019actions diff\u00e9rents. Elle fait le point sur les aberrations du syst\u00e8me agro-industriel pour mieux r\u00e9fl\u00e9chir collectivement aux embryons de solutions qui permettront d\u2019en renforcer la r\u00e9silience, et se pencher sur les graines de changements d\u00e9j\u00e0 \u00e0 l\u2019\u0153uvre qui nous projettent dans des avenirs alimentaires et soci\u00e9taux plus d\u00e9sirables.<em> &#8211; par Florian Alberto, \u00e9cologue et militant de l&#8217;\u00e9ducation populaire.<\/em><\/span><\/p>\n<\/div><\/div><\/div><\/section>\n<section class='av_toggle_section av-l1bz2ncl-177ffdfcda83d9783148405499740bab'  itemscope=\"itemscope\" itemtype=\"https:\/\/schema.org\/CreativeWork\" ><div role=\"tablist\" class=\"single_toggle\" data-tags=\"{Tout} \"  ><p data-fake-id='#toggle-id-8' class='toggler   av-inherit-font-color hasCustomColor'  itemprop=\"headline\"  role='tab' tabindex='0' aria-controls='toggle-id-8'>D\u00e8s 19h00 \u2022 CONCERTS avec LA P\u2019TITE FUM\u00c9E + ANA TIJOUX + SOVIET SUPREM + FOLIKAN<span class=\"toggle_icon\"><span class=\"vert_icon\"><\/span><span class=\"hor_icon\"><\/span><\/span><\/p><div id='toggle-id-8' class='toggle_wrap  '  ><div class='toggle_content invers-color av-inherit-font-color hasCustomColor'  itemprop=\"text\" ><p><b>CONCERTS<\/b><span style=\"font-weight: 400;\"> avec <\/span><b>LA P\u2019TITE FUM\u00c9E<\/b><span style=\"font-weight: 400;\"> (\u00e9lectro world) + <\/span><b>ANA TIJOUX<\/b><span style=\"font-weight: 400;\"> (rap, latino, hip-hop) + <\/span><b>SOVIET SUPREM<\/b><span style=\"font-weight: 400;\"> (chanson fran\u00e7aise militaro-punk) + <\/span><b>FOLIKAN<\/b><span style=\"font-weight: 400;\"> (afro-fuse)<\/span><\/p>\n<\/div><\/div><\/div><\/section>\n<\/div><br \/>\n\n<style type=\"text\/css\" data-created_by=\"avia_inline_auto\" id=\"style-css-av-l1dn4l11-09c8f05ef61a22e8411d3dbeb7388dc5\">\n#top .avia-gallery.av-l1dn4l11-09c8f05ef61a22e8411d3dbeb7388dc5 .avia-gallery-thumb a{\nwidth:50%;\n}\n<\/style>\n<div  class='avia-gallery av-l1dn4l11-09c8f05ef61a22e8411d3dbeb7388dc5 avia_animate_when_visible  avia-builder-el-18  el_after_av_toggle_container  avia-builder-el-last  avia_lazyload avia-gallery-animate avia-gallery-1'  itemprop=\"image\" itemscope=\"itemscope\" itemtype=\"https:\/\/schema.org\/ImageObject\" ><meta itemprop=\"contentURL\" content=\"http:\/\/mixarts.org\/association\/du-26-au-28-05-festival-bien-lbourgeon-5\/\"><div class='avia-gallery-thumb'><a href=\"http:\/\/mixarts.org\/association\/wp-content\/uploads\/2022\/03\/ok-Soviet-Suprem-1024x1024.jpg\" data-rel='gallery-1' data-prev-img='http:\/\/mixarts.org\/association\/wp-content\/uploads\/2022\/03\/ok-Soviet-Suprem-495x400.jpg' class='first_thumb lightbox ' data-onclick='1' title='ok Soviet Suprem'  itemprop=\"thumbnailUrl\"  ><img fetchpriority=\"high\" class=\"wp-image-3321 avia-img-lazy-loading-not-3321\"   src='http:\/\/mixarts.org\/association\/wp-content\/uploads\/2022\/03\/ok-Soviet-Suprem-scaled.jpg' width='2560' height='2560'  title='ok Soviet Suprem' alt='' \/><div class='big-prev-fake'><img loading=\"lazy\" class=\"wp-image-3321 avia-img-lazy-loading-3321\"  width='495' height='400' src='http:\/\/mixarts.org\/association\/wp-content\/uploads\/2022\/03\/ok-Soviet-Suprem-495x400.jpg' title='ok Soviet Suprem' alt='' \/><\/div><\/a><a href=\"http:\/\/mixarts.org\/association\/wp-content\/uploads\/2022\/03\/La-Ptite-Fumee-1-1024x1024.jpg\" data-rel='gallery-1' data-prev-img='http:\/\/mixarts.org\/association\/wp-content\/uploads\/2022\/03\/La-Ptite-Fumee-1-495x400.jpg' class='lightbox ' data-onclick='2' title='La P&#039;tite Fum\u00e9e'  itemprop=\"thumbnailUrl\"  ><img fetchpriority=\"high\" class=\"wp-image-3323 avia-img-lazy-loading-not-3323\"   src='http:\/\/mixarts.org\/association\/wp-content\/uploads\/2022\/03\/La-Ptite-Fumee-1-scaled.jpg' width='2560' height='2560'  title='La P&#039;tite Fum\u00e9e' alt='' \/><div class='big-prev-fake'><img loading=\"lazy\" class=\"wp-image-3323 avia-img-lazy-loading-3323\"  width='495' height='400' src='http:\/\/mixarts.org\/association\/wp-content\/uploads\/2022\/03\/La-Ptite-Fumee-1-495x400.jpg' title='La P&#039;tite Fum\u00e9e' alt='' \/><\/div><\/a><a href=\"http:\/\/mixarts.org\/association\/wp-content\/uploads\/2022\/03\/Ana-Tijoux-1-1024x1024.jpg\" data-rel='gallery-1' data-prev-img='http:\/\/mixarts.org\/association\/wp-content\/uploads\/2022\/03\/Ana-Tijoux-1-495x400.jpg' class='first_thumb lightbox ' data-onclick='3' title='Ana Tijoux'  itemprop=\"thumbnailUrl\"  ><img fetchpriority=\"high\" class=\"wp-image-3322 avia-img-lazy-loading-not-3322\"   src='http:\/\/mixarts.org\/association\/wp-content\/uploads\/2022\/03\/Ana-Tijoux-1-scaled.jpg' width='2560' height='2560'  title='Ana Tijoux' alt='' \/><div class='big-prev-fake'><img loading=\"lazy\" class=\"wp-image-3322 avia-img-lazy-loading-3322\"  width='495' height='400' src='http:\/\/mixarts.org\/association\/wp-content\/uploads\/2022\/03\/Ana-Tijoux-1-495x400.jpg' title='Ana Tijoux' alt='' \/><\/div><\/a><a href=\"http:\/\/mixarts.org\/association\/wp-content\/uploads\/2022\/03\/ok-Folikan-1024x1024.jpg\" data-rel='gallery-1' data-prev-img='http:\/\/mixarts.org\/association\/wp-content\/uploads\/2022\/03\/ok-Folikan-495x400.jpg' class='lightbox ' data-onclick='4' title='ok Folikan'  itemprop=\"thumbnailUrl\"  ><img fetchpriority=\"high\" class=\"wp-image-3324 avia-img-lazy-loading-not-3324\"   src='http:\/\/mixarts.org\/association\/wp-content\/uploads\/2022\/03\/ok-Folikan-scaled.jpg' width='2560' height='2560'  title='ok Folikan' alt='' \/><div class='big-prev-fake'><img loading=\"lazy\" class=\"wp-image-3324 avia-img-lazy-loading-3324\"  width='495' height='400' src='http:\/\/mixarts.org\/association\/wp-content\/uploads\/2022\/03\/ok-Folikan-495x400.jpg' title='ok Folikan' alt='' \/><\/div><\/a><\/div><\/div><\/p>\n<\/div><\/div><div class='flex_cell av-24i1wx-d38abe54bf90007a1d1f436c16944de6 av-gridrow-cell av_one_third no_margin  avia-builder-el-19  el_after_av_cell_one_third  el_before_av_cell_one_third '  ><div class='flex_cell_inner'><p>\n<style type=\"text\/css\" data-created_by=\"avia_inline_auto\" id=\"style-css-av-if9dq9-685b77f013490f4992efc8fce7dfa8b6\">\n.avia-image-container.av-if9dq9-685b77f013490f4992efc8fce7dfa8b6 img.avia_image{\nbox-shadow:none;\n}\n.avia-image-container.av-if9dq9-685b77f013490f4992efc8fce7dfa8b6 .av-image-caption-overlay-center{\ncolor:#ffffff;\n}\n<\/style>\n<div  class='avia-image-container av-if9dq9-685b77f013490f4992efc8fce7dfa8b6 av-styling- avia-align-center  avia-builder-el-20  el_before_av_heading  avia-builder-el-first '   itemprop=\"image\" itemscope=\"itemscope\" itemtype=\"https:\/\/schema.org\/ImageObject\" ><div class=\"avia-image-container-inner\"><div class=\"avia-image-overlay-wrap\"><img fetchpriority=\"high\" class='wp-image-3320 avia-img-lazy-loading-not-3320 avia_image ' src='http:\/\/mixarts.org\/association\/wp-content\/uploads\/2022\/03\/ven-27-300x300.jpg' alt='' title='ven 27'  height=\"300\" width=\"300\"  itemprop=\"thumbnailUrl\"  \/><\/div><\/div><\/div><br \/>\n\n<style type=\"text\/css\" data-created_by=\"avia_inline_auto\" id=\"style-css-av-4dsskh-92c01b3b56c61bd192349a1f1ed82e5d\">\n#top .av-special-heading.av-4dsskh-92c01b3b56c61bd192349a1f1ed82e5d{\npadding-bottom:10px;\ncolor:#dd0f0f;\n}\nbody .av-special-heading.av-4dsskh-92c01b3b56c61bd192349a1f1ed82e5d .av-special-heading-tag .heading-char{\nfont-size:25px;\n}\n.av-special-heading.av-4dsskh-92c01b3b56c61bd192349a1f1ed82e5d .special-heading-inner-border{\nborder-color:#dd0f0f;\n}\n.av-special-heading.av-4dsskh-92c01b3b56c61bd192349a1f1ed82e5d .av-subheading{\nfont-size:15px;\n}\n<\/style>\n<div  class='av-special-heading av-4dsskh-92c01b3b56c61bd192349a1f1ed82e5d av-special-heading-h2 custom-color-heading blockquote elegant-quote elegant-centered  avia-builder-el-21  el_after_av_image  el_before_av_toggle_container '><h2 class='av-special-heading-tag'  itemprop=\"headline\"  ><span class=\"heading-wrap\">CONCERT COMPLET<\/span><\/h2><div class='av_custom_color av-subheading av-subheading_below'><p>PAS DE VENTE SUR PLACE<\/p>\n<\/div><div class=\"special-heading-border\"><div class=\"special-heading-inner-border\"><\/div><\/div><\/div><br \/>\n\n<style type=\"text\/css\" data-created_by=\"avia_inline_auto\" id=\"style-css-av-l1bzafnc-091711fbd8d1be368e81f97362ff6e16\">\n#top .togglecontainer.av-l1bzafnc-091711fbd8d1be368e81f97362ff6e16 p.toggler{\ncolor:#40385f;\nbackground-color:#ffecce;\n}\n#top .togglecontainer.av-l1bzafnc-091711fbd8d1be368e81f97362ff6e16 p.toggler .toggle_icon{\ncolor:#40385f;\nborder-color:#40385f;\n}\n#top .togglecontainer.av-l1bzafnc-091711fbd8d1be368e81f97362ff6e16 .toggle_wrap .toggle_content{\ncolor:#40385f;\nbackground-color:#ffecce;\n}\n<\/style>\n<div  class='togglecontainer av-l1bzafnc-091711fbd8d1be368e81f97362ff6e16 av-minimal-toggle  avia-builder-el-22  el_after_av_heading  el_before_av_gallery  toggle_close_all' >\n<section class='av_toggle_section av-l1bz61zw-078e5433f14547025294ae6bf0855c23'  itemscope=\"itemscope\" itemtype=\"https:\/\/schema.org\/CreativeWork\" ><div role=\"tablist\" class=\"single_toggle\" data-tags=\"{Tout} \"  ><p data-fake-id='#toggle-id-9' class='toggler   av-inherit-font-color hasCustomColor'  itemprop=\"headline\"  role='tab' tabindex='0' aria-controls='toggle-id-9'>10h00 \u2022 CHANTIER PARTICIPATIF \u00ab Construire l\u2019autonomie alimentaire : ressources, outils, savoir-faire \u00bb<span class=\"toggle_icon\"><span class=\"vert_icon\"><\/span><span class=\"hor_icon\"><\/span><\/span><\/p><div id='toggle-id-9' class='toggle_wrap  '  ><div class='toggle_content invers-color av-inherit-font-color hasCustomColor'  itemprop=\"text\" ><p><span style=\"font-weight: 400;\">\u00c0 l&#8217;heure de la r\u00e9novation \u00e9nerg\u00e9tique, les menuiseries partent \u00e0 la benne ! Rien n&#8217;est assez bon pour r\u00e9sister \u00e0 l&#8217;attrait du neuf et du passif RE 2020. Venez donc visiter l&#8217;envers du d\u00e9cor de l&#8217;\u00e9cologie de fa\u00e7ade, vous poser quelques questions et trouver des usages \u00e0 toutes ces fen\u00eatres et portes qui n&#8217;ouvrent plus sur rien&#8230; <\/span><i><span style=\"font-weight: 400;\">&#8211; L&#8217;association Retour Aux R&#8217;Sources vous propose 3 jours endiabl\u00e9s, de travail, de plaisir, de convivialit\u00e9.<\/span><\/i><\/p>\n<\/div><\/div><\/div><\/section>\n<section class='av_toggle_section av-l1bz5a9m-d78a2df98d5f74c7e2d7592f1a936b46'  itemscope=\"itemscope\" itemtype=\"https:\/\/schema.org\/CreativeWork\" ><div role=\"tablist\" class=\"single_toggle\" data-tags=\"{Tout} \"  ><p data-fake-id='#toggle-id-10' class='toggler   av-inherit-font-color hasCustomColor'  itemprop=\"headline\"  role='tab' tabindex='0' aria-controls='toggle-id-10'>14h00 \u2022 COMPLET-SORTIE NATURE \u00ab D\u00e9couverte des plantes sauvages comestibles \u00bb  <span class=\"toggle_icon\"><span class=\"vert_icon\"><\/span><span class=\"hor_icon\"><\/span><\/span><\/p><div id='toggle-id-10' class='toggle_wrap  '  ><div class='toggle_content invers-color av-inherit-font-color hasCustomColor'  itemprop=\"text\" ><p><span style=\"font-weight: 400;\"><span style=\"color: #ff0000;\"><strong>[COMPLET] <\/strong><\/span>Au bord de la Valdaine poussent l\u2019ail des ours, l\u2019alliaire, l\u2019\u00e9gopode, le houblon et bien d\u2019autres plantes sauvages aux saveurs nouvelles et d\u2019une grande valeur nutritive. Accompagn\u00e9s d\u2019une sorci\u00e8re gentille, vous irez \u00e0 la rencontre de ces tr\u00e9sors de la nature pour apprendre \u00e0 les reconna\u00eetre, les cueillir avec respect, les discerner des plantes toxiques. Nous r\u00e9aliserons et d\u00e9gusterons ensemble une petite pr\u00e9paration culinaire. <\/span><b><i>Avec C\u00e9cile Aubel : herbaliste. (Sortie sur inscription aupr\u00e8s de C\u00e9cile Aubel \u2013 aubel&#46;cecile&#64;&#111;&#114;&#97;&#110;&#103;&#101;&#46;&#102;&#114; en indiquant vos noms + n\u00b0 de tel)<\/i><\/b><\/p>\n<\/div><\/div><\/div><\/section>\n<section class='av_toggle_section av-l1bz81wz-a319077b21ad254a126065d2c0556450'  itemscope=\"itemscope\" itemtype=\"https:\/\/schema.org\/CreativeWork\" ><div role=\"tablist\" class=\"single_toggle\" data-tags=\"{Tout} \"  ><p data-fake-id='#toggle-id-11' class='toggler   av-inherit-font-color hasCustomColor'  itemprop=\"headline\"  role='tab' tabindex='0' aria-controls='toggle-id-11'>ANNUL\u00c9 \u2022 16h00 \u2022 CONF\u00c9RENCE GESTICUL\u00c9E \u00ab V\u00e9gane ! ou presque\u2026 \u00bb<span class=\"toggle_icon\"><span class=\"vert_icon\"><\/span><span class=\"hor_icon\"><\/span><\/span><\/p><div id='toggle-id-11' class='toggle_wrap  '  ><div class='toggle_content invers-color av-inherit-font-color hasCustomColor'  itemprop=\"text\" ><p><span style=\"font-weight: 400;\">ANNUL\u00c9 \u2022 Avec \u00ab V\u00e9gane ! Ou presque\u2026 \u00bb Charlotte Talpaert revient sur son parcours singulier et somme toute banal : celui d\u2019une gosse qui adorait les chiens, chevaux, cochons d\u2019inde, bref qui aaaaadorait \u00ab les animaux \u00bb et mangeait des tonnes de viande sans penser un instant que \u00e7a clochait quelque part\u2026 Une petite Calaisienne qui ressemblait \u00e0 des millions d\u2019autres gamin.es occidental.e.s de son \u00e2ge donc\u2026 Et qui croisera \u00e0 ses 11 ans un baby-sitter v\u00e9g\u00e9tarien : une rencontre qui a fait basculer sa vie\u2026 &#8211; \u00a0Par Les Chiennes Savantes<\/span><\/p>\n<\/div><\/div><\/div><\/section>\n<section class='av_toggle_section av-l1bzadyt-05df50b03949e81518e2e67a1032473e'  itemscope=\"itemscope\" itemtype=\"https:\/\/schema.org\/CreativeWork\" ><div role=\"tablist\" class=\"single_toggle\" data-tags=\"{Tout} \"  ><p data-fake-id='#toggle-id-12' class='toggler   av-inherit-font-color hasCustomColor'  itemprop=\"headline\"  role='tab' tabindex='0' aria-controls='toggle-id-12'>16h00 \u2022 VERNISSAGE EXPO PHOTOS \u00ab Pour vous c\u2019est quoi bien manger ? \u00bb <span class=\"toggle_icon\"><span class=\"vert_icon\"><\/span><span class=\"hor_icon\"><\/span><\/span><\/p><div id='toggle-id-12' class='toggle_wrap  '  ><div class='toggle_content invers-color av-inherit-font-color hasCustomColor'  itemprop=\"text\" ><p>Exposition des affiches du porteur de paroles photographiques r\u00e9alis\u00e9e par des b\u00e9n\u00e9voles de l\u2019association Mix\u2019Arts, accompagn\u00e9s par l\u2019association Et Pourquoi Pas.<\/p>\n<\/div><\/div><\/div><\/section>\n<section class='av_toggle_section av-l3mu9mhn-bb4f4df6b8986bc05c8d7dddf9172ee3'  itemscope=\"itemscope\" itemtype=\"https:\/\/schema.org\/CreativeWork\" ><div role=\"tablist\" class=\"single_toggle\" data-tags=\"{Tout} \"  ><p data-fake-id='#toggle-id-13' class='toggler   av-inherit-font-color hasCustomColor'  itemprop=\"headline\"  role='tab' tabindex='0' aria-controls='toggle-id-13'>16h00 \u2022 CONF\u00c9RENCE GESTICUL\u00c9E \u2022 Le progr\u00e8s s\u2019est mis \u00e0 table \u2013 Olivier Gorichon<span class=\"toggle_icon\"><span class=\"vert_icon\"><\/span><span class=\"hor_icon\"><\/span><\/span><\/p><div id='toggle-id-13' class='toggle_wrap  '  ><div class='toggle_content invers-color av-inherit-font-color hasCustomColor'  itemprop=\"text\" ><p>16h00 \u2022 CONF\u00c9RENCE GESTICUL\u00c9E \u2022 Le progr\u00e8s s\u2019est mis \u00e0 table \u2013 Olivier Gorichon<\/p>\n<\/div><\/div><\/div><\/section>\n<section class='av_toggle_section av-l1bz73ac-422b3bc5c408f9e82236a06ea1055e89'  itemscope=\"itemscope\" itemtype=\"https:\/\/schema.org\/CreativeWork\" ><div role=\"tablist\" class=\"single_toggle\" data-tags=\"{Tout} \"  ><p data-fake-id='#toggle-id-14' class='toggler   av-inherit-font-color hasCustomColor'  itemprop=\"headline\"  role='tab' tabindex='0' aria-controls='toggle-id-14'>16h30 \u2022 TH\u00c9\u00c2TRE \u00ab La Ferme du Bois Fleury \u00bb <span class=\"toggle_icon\"><span class=\"vert_icon\"><\/span><span class=\"hor_icon\"><\/span><\/span><\/p><div id='toggle-id-14' class='toggle_wrap  '  ><div class='toggle_content invers-color av-inherit-font-color hasCustomColor'  itemprop=\"text\" ><p><span style=\"font-weight: 400;\">(une com\u00e9die rurale) &#8211; Dans les ann\u00e9es 70, deux fr\u00e8res se partagent une ferme. L\u2019un va profiter de la \u00ab r\u00e9volution verte \u00bb et cultiver des c\u00e9r\u00e9ales en conventionnel, l\u2019autre va plut\u00f4t exp\u00e9rimenter le petit mara\u00eechage. Pendant cinquante ans nous allons les croiser r\u00e9guli\u00e8rement \u00e0 l\u2019ap\u00e9ro. Ils parlent d\u2019agriculture, de politique et de femmes\u2026 tout un programme. Entre d\u00e9saccords et fraternit\u00e9, ce seul en sc\u00e8ne nous livre un r\u00e9cit rythm\u00e9, o\u00f9 le rire et l\u2019\u00e9motion se succ\u00e8dent. Un voyage dans l\u2019histoire de l\u2019agriculture fran\u00e7aise par deux points de vue diam\u00e9tralement oppos\u00e9s. &#8211; P<i>ar Fred Dubonnet<\/i><\/span><\/p>\n<\/div><\/div><\/div><\/section>\n<section class='av_toggle_section av-l2otwkee-3cad784bd3db5e6dcd2c51dd159b9d0d'  itemscope=\"itemscope\" itemtype=\"https:\/\/schema.org\/CreativeWork\" ><div role=\"tablist\" class=\"single_toggle\" data-tags=\"{Tout} \"  ><p data-fake-id='#toggle-id-15' class='toggler   av-inherit-font-color hasCustomColor'  itemprop=\"headline\"  role='tab' tabindex='0' aria-controls='toggle-id-15'>17h00 \u2022 ATELIER PARTICIPATIF autour du roman \u201cR\u00e9gime G\u00e9n\u00e9ral - Pour une S\u00e9curit\u00e9 Sociale de l\u2019Alimentation\u201d<span class=\"toggle_icon\"><span class=\"vert_icon\"><\/span><span class=\"hor_icon\"><\/span><\/span><\/p><div id='toggle-id-15' class='toggle_wrap  '  ><div class='toggle_content invers-color av-inherit-font-color hasCustomColor'  itemprop=\"text\" ><p><span style=\"font-weight: 400;\">Anim\u00e9 par Laura Petersell, co-autrice du livre.\u00a0<\/span><\/p>\n<\/div><\/div><\/div><\/section>\n<section class='av_toggle_section av-l1bz8wkn-03910de569af74ec86cdd6181e8d0877'  itemscope=\"itemscope\" itemtype=\"https:\/\/schema.org\/CreativeWork\" ><div role=\"tablist\" class=\"single_toggle\" data-tags=\"{Tout} \"  ><p data-fake-id='#toggle-id-16' class='toggler   av-inherit-font-color hasCustomColor'  itemprop=\"headline\"  role='tab' tabindex='0' aria-controls='toggle-id-16'>18h00 \u2022 CAF\u00c9-D\u00c9BAT \u00ab 75 ans de guerre agricole contre la Nature... stop ou encore ? \u00bb <span class=\"toggle_icon\"><span class=\"vert_icon\"><\/span><span class=\"hor_icon\"><\/span><\/span><\/p><div id='toggle-id-16' class='toggle_wrap  '  ><div class='toggle_content invers-color av-inherit-font-color hasCustomColor'  itemprop=\"text\" ><p><span style=\"font-weight: 400;\">A la fin de la Seconde Guerre Mondiale, les usines d&#8217;armement orientent leur arsenal chimique vers un nouvel ennemi : le vivant. 60 ans apr\u00e8s le <\/span><i><span style=\"font-weight: 400;\">Printemps Silencieux<\/span><\/i><span style=\"font-weight: 400;\"> de Rachel Carson, la biodiversit\u00e9 de nos campagnes continue de s&#8217;effondrer et la disparition des terres arables nous menace plus que jamais. Enqu\u00eate sur une R\u00e9volution agricole qui n&#8217;en finit pas de semer la Terreur et tour d&#8217;horizon des solutions pour nourrir 9 milliards de terriens sans mettre la plan\u00e8te en danger.<\/span><\/p>\n<p><em><span style=\"font-weight: 400;\">>>> Intervenant : <\/span><\/em><\/p>\n<p><em><span style=\"font-weight: 400;\"><strong>G\u00e9rard BOINON<\/strong>, paysan empoisonn\u00e9 par des pesticides en 1984, fondateur de Res&#8217;OGM Info, consultant au Conseil des Droits de l&#8217;Homme \u00e0 l&#8217;ONU, r\u00e9dacteur de la D\u00e9claration sur les Droits des Paysans.<\/span><\/em><\/p>\n<\/div><\/div><\/div><\/section>\n<section class='av_toggle_section av-l1bzadyt-540c597082002ba238475dc4ba7c809a'  itemscope=\"itemscope\" itemtype=\"https:\/\/schema.org\/CreativeWork\" ><div role=\"tablist\" class=\"single_toggle\" data-tags=\"{Tout} \"  ><p data-fake-id='#toggle-id-17' class='toggler   av-inherit-font-color hasCustomColor'  itemprop=\"headline\"  role='tab' tabindex='0' aria-controls='toggle-id-17'>D\u00e8s 19h00 \u2022 COMPLET-CONCERTS avec LA YEGROS + BIGA*RANX + N\u00c8G\u2019 MARRONS + AAMIRAL<span class=\"toggle_icon\"><span class=\"vert_icon\"><\/span><span class=\"hor_icon\"><\/span><\/span><\/p><div id='toggle-id-17' class='toggle_wrap  '  ><div class='toggle_content invers-color av-inherit-font-color hasCustomColor'  itemprop=\"text\" ><p>[COMPLET] <b>CONCERTS<\/b><span style=\"font-weight: 400;\"> avec <\/span><b>LA YEGROS<\/b><span style=\"font-weight: 400;\"> (musique latine) + <\/span><b>BIGA*RANX<\/b><span style=\"font-weight: 400;\"> (vapor dub) + <\/span><b>N\u00c8G\u2019 MARRONS<\/b><span style=\"font-weight: 400;\"> (reggae dancehall hip-hop) + <\/span><b>AAMIRAL<\/b><span style=\"font-weight: 400;\"> (\u00e9lectro world)<\/span><\/p>\n<\/div><\/div><\/div><\/section>\n<\/div><br \/>\n\n<style type=\"text\/css\" data-created_by=\"avia_inline_auto\" id=\"style-css-av-l1dn7blv-23179747435ac68ce1ec36379242014d\">\n#top .avia-gallery.av-l1dn7blv-23179747435ac68ce1ec36379242014d .avia-gallery-thumb a{\nwidth:50%;\n}\n<\/style>\n<div  class='avia-gallery av-l1dn7blv-23179747435ac68ce1ec36379242014d avia_animate_when_visible  avia-builder-el-23  el_after_av_toggle_container  avia-builder-el-last  avia_lazyload avia-gallery-animate avia-gallery-2'  itemprop=\"image\" itemscope=\"itemscope\" itemtype=\"https:\/\/schema.org\/ImageObject\" ><meta itemprop=\"contentURL\" content=\"http:\/\/mixarts.org\/association\/du-26-au-28-05-festival-bien-lbourgeon-5\/\"><div class='avia-gallery-thumb'><a href=\"http:\/\/mixarts.org\/association\/wp-content\/uploads\/2022\/03\/biga-ranx-1-1024x1024.jpg\" data-rel='gallery-2' data-prev-img='http:\/\/mixarts.org\/association\/wp-content\/uploads\/2022\/03\/biga-ranx-1-495x400.jpg' class='first_thumb lightbox ' data-onclick='1' title='biga ranx'  itemprop=\"thumbnailUrl\"  ><img fetchpriority=\"high\" class=\"wp-image-3328 avia-img-lazy-loading-not-3328\"   src='http:\/\/mixarts.org\/association\/wp-content\/uploads\/2022\/03\/biga-ranx-1-scaled.jpg' width='2560' height='2560'  title='biga ranx' alt='' \/><div class='big-prev-fake'><img loading=\"lazy\" class=\"wp-image-3328 avia-img-lazy-loading-3328\"  width='495' height='400' src='http:\/\/mixarts.org\/association\/wp-content\/uploads\/2022\/03\/biga-ranx-1-495x400.jpg' title='biga ranx' alt='' \/><\/div><\/a><a href=\"http:\/\/mixarts.org\/association\/wp-content\/uploads\/2022\/03\/ok-Neg-Marrons-1024x1024.jpg\" data-rel='gallery-2' data-prev-img='http:\/\/mixarts.org\/association\/wp-content\/uploads\/2022\/03\/ok-Neg-Marrons-495x400.jpg' class='lightbox ' data-onclick='2' title='ok Neg Marrons'  itemprop=\"thumbnailUrl\"  ><img fetchpriority=\"high\" class=\"wp-image-3326 avia-img-lazy-loading-not-3326\"   src='http:\/\/mixarts.org\/association\/wp-content\/uploads\/2022\/03\/ok-Neg-Marrons-scaled.jpg' width='2560' height='2560'  title='ok Neg Marrons' alt='' \/><div class='big-prev-fake'><img loading=\"lazy\" class=\"wp-image-3326 avia-img-lazy-loading-3326\"  width='495' height='400' src='http:\/\/mixarts.org\/association\/wp-content\/uploads\/2022\/03\/ok-Neg-Marrons-495x400.jpg' title='ok Neg Marrons' alt='' \/><\/div><\/a><a href=\"http:\/\/mixarts.org\/association\/wp-content\/uploads\/2022\/03\/La-Yegros-1-1024x1024.jpg\" data-rel='gallery-2' data-prev-img='http:\/\/mixarts.org\/association\/wp-content\/uploads\/2022\/03\/La-Yegros-1-495x400.jpg' class='first_thumb lightbox ' data-onclick='3' title='La Yegros'  itemprop=\"thumbnailUrl\"  ><img fetchpriority=\"high\" class=\"wp-image-3329 avia-img-lazy-loading-not-3329\"   src='http:\/\/mixarts.org\/association\/wp-content\/uploads\/2022\/03\/La-Yegros-1-scaled.jpg' width='2560' height='2560'  title='La Yegros' alt='' \/><div class='big-prev-fake'><img loading=\"lazy\" class=\"wp-image-3329 avia-img-lazy-loading-3329\"  width='495' height='400' src='http:\/\/mixarts.org\/association\/wp-content\/uploads\/2022\/03\/La-Yegros-1-495x400.jpg' title='La Yegros' alt='' \/><\/div><\/a><a href=\"http:\/\/mixarts.org\/association\/wp-content\/uploads\/2022\/03\/ok-Aamiral-1024x1024.jpg\" data-rel='gallery-2' data-prev-img='http:\/\/mixarts.org\/association\/wp-content\/uploads\/2022\/03\/ok-Aamiral-495x400.jpg' class='lightbox ' data-onclick='4' title='ok Aamiral'  itemprop=\"thumbnailUrl\"  ><img fetchpriority=\"high\" class=\"wp-image-3330 avia-img-lazy-loading-not-3330\"   src='http:\/\/mixarts.org\/association\/wp-content\/uploads\/2022\/03\/ok-Aamiral-scaled.jpg' width='2560' height='2560'  title='ok Aamiral' alt='' \/><div class='big-prev-fake'><img loading=\"lazy\" class=\"wp-image-3330 avia-img-lazy-loading-3330\"  width='495' height='400' src='http:\/\/mixarts.org\/association\/wp-content\/uploads\/2022\/03\/ok-Aamiral-495x400.jpg' title='ok Aamiral' alt='' \/><\/div><\/a><\/div><\/div><\/p>\n<\/div><\/div><div class='flex_cell av-a8l3kx-4a3c2b8b69cb362796627bb4f63ffd44 av-gridrow-cell av_one_third no_margin  avia-builder-el-24  el_after_av_cell_one_third  avia-builder-el-last '  ><div class='flex_cell_inner'><p>\n<style type=\"text\/css\" data-created_by=\"avia_inline_auto\" id=\"style-css-av-9bf1gx-20d886b1a8c24d00ff33bd85d5db82e8\">\n.avia-image-container.av-9bf1gx-20d886b1a8c24d00ff33bd85d5db82e8 img.avia_image{\nbox-shadow:none;\n}\n.avia-image-container.av-9bf1gx-20d886b1a8c24d00ff33bd85d5db82e8 .av-image-caption-overlay-center{\ncolor:#ffffff;\n}\n<\/style>\n<div  class='avia-image-container av-9bf1gx-20d886b1a8c24d00ff33bd85d5db82e8 av-styling- avia-align-center  avia-builder-el-25  el_before_av_heading  avia-builder-el-first '   itemprop=\"image\" itemscope=\"itemscope\" itemtype=\"https:\/\/schema.org\/ImageObject\" ><div class=\"avia-image-container-inner\"><div class=\"avia-image-overlay-wrap\"><img fetchpriority=\"high\" class='wp-image-3319 avia-img-lazy-loading-not-3319 avia_image ' src='http:\/\/mixarts.org\/association\/wp-content\/uploads\/2022\/03\/sam-28-300x300.jpg' alt='' title='sam 28'  height=\"300\" width=\"300\"  itemprop=\"thumbnailUrl\"  \/><\/div><\/div><\/div><br \/>\n\n<style type=\"text\/css\" data-created_by=\"avia_inline_auto\" id=\"style-css-av-157vl-68e7697120ad68bae8a4a93b3b56dfbb\">\n#top .av-special-heading.av-157vl-68e7697120ad68bae8a4a93b3b56dfbb{\npadding-bottom:10px;\ncolor:#dd0f0f;\n}\nbody .av-special-heading.av-157vl-68e7697120ad68bae8a4a93b3b56dfbb .av-special-heading-tag .heading-char{\nfont-size:25px;\n}\n.av-special-heading.av-157vl-68e7697120ad68bae8a4a93b3b56dfbb .special-heading-inner-border{\nborder-color:#dd0f0f;\n}\n.av-special-heading.av-157vl-68e7697120ad68bae8a4a93b3b56dfbb .av-subheading{\nfont-size:15px;\n}\n<\/style>\n<div  class='av-special-heading av-157vl-68e7697120ad68bae8a4a93b3b56dfbb av-special-heading-h2 custom-color-heading blockquote elegant-quote elegant-centered  avia-builder-el-26  el_after_av_image  el_before_av_toggle_container '><h2 class='av-special-heading-tag'  itemprop=\"headline\"  ><span class=\"heading-wrap\">CONCERT COMPLET<\/span><\/h2><div class='av_custom_color av-subheading av-subheading_below'><p>PAS DE VENTE SUR PLACE<\/p>\n<\/div><div class=\"special-heading-border\"><div class=\"special-heading-inner-border\"><\/div><\/div><\/div><br \/>\n\n<style type=\"text\/css\" data-created_by=\"avia_inline_auto\" id=\"style-css-av-l1bzkim5-e48cc5d4f7e8c22a39828a74e09d40e0\">\n#top .togglecontainer.av-l1bzkim5-e48cc5d4f7e8c22a39828a74e09d40e0 p.toggler{\ncolor:#40385f;\nbackground-color:#ffecce;\n}\n#top .togglecontainer.av-l1bzkim5-e48cc5d4f7e8c22a39828a74e09d40e0 p.toggler .toggle_icon{\ncolor:#40385f;\nborder-color:#40385f;\n}\n#top .togglecontainer.av-l1bzkim5-e48cc5d4f7e8c22a39828a74e09d40e0 .toggle_wrap .toggle_content{\ncolor:#40385f;\nbackground-color:#ffecce;\n}\n<\/style>\n<div  class='togglecontainer av-l1bzkim5-e48cc5d4f7e8c22a39828a74e09d40e0 av-minimal-toggle  avia-builder-el-27  el_after_av_heading  el_before_av_gallery  toggle_close_all' >\n<section class='av_toggle_section av-26ihxt-479aca16abbb129d4194378e81e9f1d2'  itemscope=\"itemscope\" itemtype=\"https:\/\/schema.org\/CreativeWork\" ><div role=\"tablist\" class=\"single_toggle\" data-tags=\"{Tout} \"  ><p data-fake-id='#toggle-id-18' class='toggler   av-inherit-font-color hasCustomColor'  itemprop=\"headline\"  role='tab' tabindex='0' aria-controls='toggle-id-18'>10h00 \u2022 CHANTIER PARTICIPATIF \u00ab Construire l\u2019autonomie alimentaire : ressources, outils, savoir-faire \u00bb<span class=\"toggle_icon\"><span class=\"vert_icon\"><\/span><span class=\"hor_icon\"><\/span><\/span><\/p><div id='toggle-id-18' class='toggle_wrap  '  ><div class='toggle_content invers-color av-inherit-font-color hasCustomColor'  itemprop=\"text\" ><p><span style=\"font-weight: 400;\">\u00c0 l&#8217;heure de la r\u00e9novation \u00e9nerg\u00e9tique, les menuiseries partent \u00e0 la benne ! Rien n&#8217;est assez bon pour r\u00e9sister \u00e0 l&#8217;attrait du neuf et du passif RE 2020. Venez donc visiter l&#8217;envers du d\u00e9cor de l&#8217;\u00e9cologie de fa\u00e7ade, vous poser quelques questions et trouver des usages \u00e0 toutes ces fen\u00eatres et portes qui n&#8217;ouvrent plus sur rien&#8230; <\/span><i><span style=\"font-weight: 400;\">&#8211; L&#8217;association Retour Aux R&#8217;Sources vous propose 3 jours endiabl\u00e9s, de travail, de plaisir, de convivialit\u00e9.<\/span><\/i><\/p>\n<\/div><\/div><\/div><\/section>\n<section class='av_toggle_section av-l1bzcyrl-c00d611fe3d6a549c4ce53713865c7d7'  itemscope=\"itemscope\" itemtype=\"https:\/\/schema.org\/CreativeWork\" ><div role=\"tablist\" class=\"single_toggle\" data-tags=\"{Tout} \"  ><p data-fake-id='#toggle-id-19' class='toggler   av-inherit-font-color hasCustomColor'  itemprop=\"headline\"  role='tab' tabindex='0' aria-controls='toggle-id-19'>15h00 \u2022 TH\u00c9\u00c2TRE \u00ab Un d\u00eener en 4 actes \u00bb<span class=\"toggle_icon\"><span class=\"vert_icon\"><\/span><span class=\"hor_icon\"><\/span><\/span><\/p><div id='toggle-id-19' class='toggle_wrap  '  ><div class='toggle_content invers-color av-inherit-font-color hasCustomColor'  itemprop=\"text\" ><p><span style=\"font-weight: 400;\">Petite forme en lien avec le spectacle Petit Paysan Tu\u00e9, 1 D\u00eener en 4 Actes aborde le drame paysan en invitant les spectateurs et les acteurs \u00e0 un repas familial autour d\u2019une table. Lieu de discussion et d\u2019\u00e9change, de secrets divulgu\u00e9s et de rumeurs lanc\u00e9s ; les spectateurs-invit\u00e9s assisteront de tr\u00e8s pr\u00e8s \u00e0 la chute de Baptiste (jeune \u00e9leveur de 37 ans). Des entretiens documentaires viendront r\u00e9pondre \u00e0 l\u2019histoire et ponctuer ces repas. D\u2019une forte puissance dramaturgique, cet \u00e9mouvant spectacle interroge le public sur la d\u00e9tresse du monde agricole. A travers ce trio central et la d\u00e9t\u00e9rioration de leurs liens, nous comprendrons toute la mesure du drame qui se joue. Tout au long de la pi\u00e8ce, un \u00ab ch\u0153ur paysan \u00bb (constitu\u00e9 de paroles documentaires r\u00e9colt\u00e9es lors du travail de cr\u00e9ation) ponctuera et fera \u00e9cho \u00e0 l\u2019histoire de Baptiste. &#8211; Par la Cie Cipango<\/span><\/p>\n<\/div><\/div><\/div><\/section>\n<section class='av_toggle_section av-l1bzgwft-563c7f19831bbc499136bb198db9cefd'  itemscope=\"itemscope\" itemtype=\"https:\/\/schema.org\/CreativeWork\" ><div role=\"tablist\" class=\"single_toggle\" data-tags=\"{Tout} \"  ><p data-fake-id='#toggle-id-20' class='toggler   av-inherit-font-color hasCustomColor'  itemprop=\"headline\"  role='tab' tabindex='0' aria-controls='toggle-id-20'>16h15 \u2022 CONF\u00c9RENCE \u00ab L\u2019agro\u00e9cologie pour une alimentation saine et une agriculture durable \u00bb<span class=\"toggle_icon\"><span class=\"vert_icon\"><\/span><span class=\"hor_icon\"><\/span><\/span><\/p><div id='toggle-id-20' class='toggle_wrap  '  ><div class='toggle_content invers-color av-inherit-font-color hasCustomColor'  itemprop=\"text\" ><p><span style=\"font-weight: 400;\">Agro\u00e9conomiste, Marc Dufumier est sp\u00e9cialiste des syst\u00e8mes agraires et de leur \u00e9volution, ainsi que de l\u2019\u00e9tude de l\u2019impact des politiques et des projets de d\u00e9veloppement sur leur dynamique. Il a men\u00e9 de nombreuses recherches et missions d\u2019expertises dans plusieurs pays en voie de d\u00e9veloppement : Mexique, Guatemala, Salvador, Nicaragua, Costa Rica, Ha\u00efti, R\u00e9publique Dominicaine, Dominique, Sainte Lucie, Grenade, Venezuela, \u00c9quateur, P\u00e9rou, Chili, Br\u00e9sil, Argentine, Alg\u00e9rie, Mauritanie, S\u00e9n\u00e9gal, Mali, Niger, Burkina Faso, C\u00f4te d\u2019ivoire, Cameroun, Burundi, Congo, Namibie, Afrique du Sud, Madagascar, Mongolie, Cambodge, Laos, Vietnam, Tha\u00eflande, Indon\u00e9sie, Philippines, etc. Membre du conseil strat\u00e9gique de l\u2019agriculture et de l\u2019agro-industrie durable (CSAAD) du Minist\u00e8re de l\u2019Agriculture, de la p\u00eache et du d\u00e9veloppement rural. &#8211; \u00a0Avec Marc Dufumier<\/span><\/p>\n<\/div><\/div><\/div><\/section>\n<section class='av_toggle_section av-l1bzdywy-d950817a988c8385495720d59ae46121'  itemscope=\"itemscope\" itemtype=\"https:\/\/schema.org\/CreativeWork\" ><div role=\"tablist\" class=\"single_toggle\" data-tags=\"{Tout} \"  ><p data-fake-id='#toggle-id-21' class='toggler   av-inherit-font-color hasCustomColor'  itemprop=\"headline\"  role='tab' tabindex='0' aria-controls='toggle-id-21'> 16h30 \u2022 TH\u00c9\u00c2TRE \u00ab Plant\u00e9.e.s \u00bb<span class=\"toggle_icon\"><span class=\"vert_icon\"><\/span><span class=\"hor_icon\"><\/span><\/span><\/p><div id='toggle-id-21' class='toggle_wrap  '  ><div class='toggle_content invers-color av-inherit-font-color hasCustomColor'  itemprop=\"text\" ><p><i><span style=\"font-weight: 400;\">Spectacle de Commedia (jeu demi masqu\u00e9) sur l&#8217;agriculture contemporaine et les conditions de travail des agricultrices et agriculteurs<\/span><\/i><\/p>\n<p><span style=\"font-weight: 400;\">Le projet PLANTE.ES est compos\u00e9 d\u2019une s\u00e9rie de sc\u00e8nes ind\u00e9pendantes, positionnables \u00e0 l\u2019envi,narrant des situations concr\u00e8tes de probl\u00e9matiques agricoles, augment\u00e9es bien que de bases r\u00e9elles par nos personnages masqu\u00e9.es drolatiques, mascottes de diff\u00e9rents arch\u00e9types (ex Monsanto, Bayer, Banques, Assurances, Administration europ\u00e9enne, H\u00f4pital public, m\u00e9dias dominants etc). Th\u00e8mes abord\u00e9s : La viticulture \/ Les maladies dues au maniement des produits phytosanitaires \/ Le mariage de Bayer et Monsanto \/ Le quotidien administratif des agricultrices et agriculteurs \/ Les circuits courts et longs \/ Les pressions m\u00e9t\u00e9orologiques agricoles et les produits \u00ab de saison \u00bb \/ Les graines libres ou g\u00e9n\u00e9tiquement modifi\u00e9es \/ Le compost et les techniques traditionnelles de labour ou sol vivant \/ La b\u00e9tonisation des terres agricoles \/ probl\u00e8me de disparition des zones humides \/ L\u2019insectification des territoires, haies et coteaux. &#8211; Par le Collectif de l&#8217;\u00e2tre<\/span><\/p>\n<\/div><\/div><\/div><\/section>\n<section class='av_toggle_section av-l1vx4dp2-565af3a2ebda073a5a52808948ecd9b4'  itemscope=\"itemscope\" itemtype=\"https:\/\/schema.org\/CreativeWork\" ><div role=\"tablist\" class=\"single_toggle\" data-tags=\"{Tout} \"  ><p data-fake-id='#toggle-id-22' class='toggler   av-inherit-font-color hasCustomColor'  itemprop=\"headline\"  role='tab' tabindex='0' aria-controls='toggle-id-22'>16h30 \u2022 TABLE RONDE \u00ab La s\u00e9curit\u00e9 sociale alimentaire \u00bb<span class=\"toggle_icon\"><span class=\"vert_icon\"><\/span><span class=\"hor_icon\"><\/span><\/span><\/p><div id='toggle-id-22' class='toggle_wrap  '  ><div class='toggle_content invers-color av-inherit-font-color hasCustomColor'  itemprop=\"text\" ><p><span style=\"font-weight: 400;\">La s\u00e9curit\u00e9 sociale de l&#8217;alimentation est une r\u00e9flexion en cours, port\u00e9e par la soci\u00e9t\u00e9 civile, sur la cr\u00e9ation de nouveaux droits sociaux visant \u00e0 assurer conjointement un droit \u00e0 l&#8217;alimentation, des droits aux producteurs d&#8217;alimentation et le respect de l&#8217;environnement.<\/span><\/p>\n<p><em>>>> Intervenant.e.s :\u00a0<\/em><\/p>\n<p><em><span style=\"font-weight: 400;\"><strong>K\u00e9vin Certenais<\/strong> : co-auteur du livre R\u00e9gime G\u00e9n\u00e9ral<\/span><\/em><\/p>\n<p><em><span style=\"font-weight: 400;\"><strong>Laura Petersell :<\/strong> co-autrice du livre R\u00e9gime G\u00e9n\u00e9ral<\/span><\/em><\/p>\n<p><em><span style=\"font-weight: 400;\"><strong>Dominique Paturel :<\/strong> chercheuse \u00e0 l\u2019Institut national de la recherche agronomique de Montpellier, Dominique Paturel travaille sur la d\u00e9mocratie alimentaire, les questions d\u2019acc\u00e8s \u00e0 l&#8217;alimentation durable, notamment de personnes en situation de pr\u00e9carit\u00e9.<\/span><\/em><\/p>\n<p><em><span style=\"font-weight: 400;\"><strong>Eric Gautier :<\/strong> travaille avec des habitant_es de Cadenet et Pertuis sur une recherche action autour de la s\u00e9curit\u00e9 sociale de l&#8217;alimentation. Apr\u00e8s un an de travail et d&#8217;apprentissage commun le comit\u00e9 de pilotage a choisi de s&#8217;occuper d&#8217;un volet &#8220;micro&#8221; face aux enjeux &#8220;macro\u00e9conomiques&#8221; que soul\u00e8ve la ssa en travaillant la question de la &#8220;gestion d\u00e9mocratique des caisses de l&#8217;alimentation&#8221;. Les conseils locaux de l&#8217;alimentation se r\u00e9unissent pendant plusieurs mois et font venir \u00e0 eux des expert_es afin de consolider leurs connaissances communes sur les th\u00e9matiques de l&#8217;alimentation, du fonctionnement de la s\u00e9cu et de la participation d\u00e9mocratique citoyenne. A la fin de cette p\u00e9riode, ils pourront r\u00e9fl\u00e9chir autour d&#8217;ateliers sur les &#8220;crit\u00e8res de conventionnement de l&#8217;alimentation&#8221;.<\/span><\/em><\/p>\n<\/div><\/div><\/div><\/section>\n<section class='av_toggle_section av-l1bzftq4-3367498babe89fd6bbcd28c642e50017'  itemscope=\"itemscope\" itemtype=\"https:\/\/schema.org\/CreativeWork\" ><div role=\"tablist\" class=\"single_toggle\" data-tags=\"{Tout} \"  ><p data-fake-id='#toggle-id-23' class='toggler   av-inherit-font-color hasCustomColor'  itemprop=\"headline\"  role='tab' tabindex='0' aria-controls='toggle-id-23'>18h30 \u2022 TH\u00c9\u00c2TRE \u00ab Un d\u00eener en 4 actes \u00bb<span class=\"toggle_icon\"><span class=\"vert_icon\"><\/span><span class=\"hor_icon\"><\/span><\/span><\/p><div id='toggle-id-23' class='toggle_wrap  '  ><div class='toggle_content invers-color av-inherit-font-color hasCustomColor'  itemprop=\"text\" ><p><span style=\"font-weight: 400;\">Petite forme en lien avec le spectacle Petit Paysan Tu\u00e9, 1 D\u00eener en 4 Actes aborde le drame paysan en invitant les spectateurs et les acteurs \u00e0 un repas familial autour d\u2019une table. Lieu de discussion et d\u2019\u00e9change, de secrets divulgu\u00e9s et de rumeurs lanc\u00e9s ; les spectateurs-invit\u00e9s assisteront de tr\u00e8s pr\u00e8s \u00e0 la chute de Baptiste (jeune \u00e9leveur de 37 ans). Des entretiens documentaires viendront r\u00e9pondre \u00e0 l\u2019histoire et ponctuer ces repas. D\u2019une forte puissance dramaturgique, cet \u00e9mouvant spectacle interroge le public sur la d\u00e9tresse du monde agricole. A travers ce trio central et la d\u00e9t\u00e9rioration de leurs liens, nous comprendrons toute la mesure du drame qui se joue. Tout au long de la pi\u00e8ce, un \u00ab ch\u0153ur paysan \u00bb (constitu\u00e9 de paroles documentaires r\u00e9colt\u00e9es lors du travail de cr\u00e9ation) ponctuera et fera \u00e9cho \u00e0 l\u2019histoire de Baptiste. &#8211; Par la Cie Cipango<\/span><\/p>\n<\/div><\/div><\/div><\/section>\n<section class='av_toggle_section av-l1bzjgx7-649bea6972889b89df7170ab4818d4db'  itemscope=\"itemscope\" itemtype=\"https:\/\/schema.org\/CreativeWork\" ><div role=\"tablist\" class=\"single_toggle\" data-tags=\"{Tout} \"  ><p data-fake-id='#toggle-id-24' class='toggler   av-inherit-font-color hasCustomColor'  itemprop=\"headline\"  role='tab' tabindex='0' aria-controls='toggle-id-24'>D\u00e8s 19h00 \u2022 COMPLET-CONCERTS avec L\u2019ENTOURLOOP + SAGES COMME DES SAUVAGES + SOOM T & THE SONE MONKS  + NAI-JAH<span class=\"toggle_icon\"><span class=\"vert_icon\"><\/span><span class=\"hor_icon\"><\/span><\/span><\/p><div id='toggle-id-24' class='toggle_wrap  '  ><div class='toggle_content invers-color av-inherit-font-color hasCustomColor'  itemprop=\"text\" ><p>[COMPLET] <b>CONCERTS <\/b><span style=\"font-weight: 400;\">avec <\/span><b>L\u2019ENTOURLOOP<\/b><span style=\"font-weight: 400;\"> with N\u2019Zeng, Troy Berkley &#038; Blabbermouf (banging hip-hop ina yardi style) + <\/span><b>SAGES COMME DES SAUVAGES<\/b><span style=\"font-weight: 400;\"> (chanson fran\u00e7aise) + <\/span><b>SOOM T &#038; THE SONE MONKS<\/b><span style=\"font-weight: 400;\"> (the raggamuffin queen) + <\/span><b>NAI-JAH<\/b><span style=\"font-weight: 400;\"> &#038; The Kwenu Band (reggae)<\/span><\/p>\n<\/div><\/div><\/div><\/section>\n<\/div><br \/>\n\n<style type=\"text\/css\" data-created_by=\"avia_inline_auto\" id=\"style-css-av-l1dna1r7-865725100b5d85115d4ba5abffff5cdb\">\n#top .avia-gallery.av-l1dna1r7-865725100b5d85115d4ba5abffff5cdb .avia-gallery-thumb a{\nwidth:50%;\n}\n<\/style>\n<div  class='avia-gallery av-l1dna1r7-865725100b5d85115d4ba5abffff5cdb avia_animate_when_visible  avia-builder-el-28  el_after_av_toggle_container  avia-builder-el-last  avia_lazyload avia-gallery-animate avia-gallery-3'  itemprop=\"image\" itemscope=\"itemscope\" itemtype=\"https:\/\/schema.org\/ImageObject\" ><meta itemprop=\"contentURL\" content=\"http:\/\/mixarts.org\/association\/du-26-au-28-05-festival-bien-lbourgeon-5\/\"><div class='avia-gallery-thumb'><a href=\"http:\/\/mixarts.org\/association\/wp-content\/uploads\/2022\/03\/Lentourloop-1-1024x1024.jpg\" data-rel='gallery-3' data-prev-img='http:\/\/mixarts.org\/association\/wp-content\/uploads\/2022\/03\/Lentourloop-1-495x400.jpg' class='first_thumb lightbox ' data-onclick='1' title='L&#039;entourloop'  itemprop=\"thumbnailUrl\"  ><img fetchpriority=\"high\" class=\"wp-image-3333 avia-img-lazy-loading-not-3333\"   src='http:\/\/mixarts.org\/association\/wp-content\/uploads\/2022\/03\/Lentourloop-1-scaled.jpg' width='2560' height='2560'  title='L&#039;entourloop' alt='' \/><div class='big-prev-fake'><img loading=\"lazy\" class=\"wp-image-3333 avia-img-lazy-loading-3333\"  width='495' height='400' src='http:\/\/mixarts.org\/association\/wp-content\/uploads\/2022\/03\/Lentourloop-1-495x400.jpg' title='L&#039;entourloop' alt='' \/><\/div><\/a><a href=\"http:\/\/mixarts.org\/association\/wp-content\/uploads\/2022\/03\/Sages-Comme-des-Sauvages-1-1024x1024.jpg\" data-rel='gallery-3' data-prev-img='http:\/\/mixarts.org\/association\/wp-content\/uploads\/2022\/03\/Sages-Comme-des-Sauvages-1-495x400.jpg' class='lightbox ' data-onclick='2' title='Sages Comme des Sauvages'  itemprop=\"thumbnailUrl\"  ><img fetchpriority=\"high\" class=\"wp-image-3336 avia-img-lazy-loading-not-3336\"   src='http:\/\/mixarts.org\/association\/wp-content\/uploads\/2022\/03\/Sages-Comme-des-Sauvages-1-scaled.jpg' width='2560' height='2560'  title='Sages Comme des Sauvages' alt='' \/><div class='big-prev-fake'><img loading=\"lazy\" class=\"wp-image-3336 avia-img-lazy-loading-3336\"  width='495' height='400' src='http:\/\/mixarts.org\/association\/wp-content\/uploads\/2022\/03\/Sages-Comme-des-Sauvages-1-495x400.jpg' title='Sages Comme des Sauvages' alt='' \/><\/div><\/a><a href=\"http:\/\/mixarts.org\/association\/wp-content\/uploads\/2022\/03\/Soom-T-and-the-stone-monks-1024x1024.jpg\" data-rel='gallery-3' data-prev-img='http:\/\/mixarts.org\/association\/wp-content\/uploads\/2022\/03\/Soom-T-and-the-stone-monks-495x400.jpg' class='first_thumb lightbox ' data-onclick='3' title='Soom T and the stone monks'  itemprop=\"thumbnailUrl\"  ><img fetchpriority=\"high\" class=\"wp-image-3332 avia-img-lazy-loading-not-3332\"   src='http:\/\/mixarts.org\/association\/wp-content\/uploads\/2022\/03\/Soom-T-and-the-stone-monks-scaled.jpg' width='2560' height='2560'  title='Soom T and the stone monks' alt='' \/><div class='big-prev-fake'><img loading=\"lazy\" class=\"wp-image-3332 avia-img-lazy-loading-3332\"  width='495' height='400' src='http:\/\/mixarts.org\/association\/wp-content\/uploads\/2022\/03\/Soom-T-and-the-stone-monks-495x400.jpg' title='Soom T and the stone monks' alt='' \/><\/div><\/a><a href=\"http:\/\/mixarts.org\/association\/wp-content\/uploads\/2022\/03\/ok-Nai-Jah-1024x1024.jpg\" data-rel='gallery-3' data-prev-img='http:\/\/mixarts.org\/association\/wp-content\/uploads\/2022\/03\/ok-Nai-Jah-495x400.jpg' class='lightbox ' data-onclick='4' title='ok Nai Jah'  itemprop=\"thumbnailUrl\"  ><img fetchpriority=\"high\" class=\"wp-image-3335 avia-img-lazy-loading-not-3335\"   src='http:\/\/mixarts.org\/association\/wp-content\/uploads\/2022\/03\/ok-Nai-Jah-scaled.jpg' width='2560' height='2560'  title='ok Nai Jah' alt='' \/><div class='big-prev-fake'><img loading=\"lazy\" class=\"wp-image-3335 avia-img-lazy-loading-3335\"  width='495' height='400' src='http:\/\/mixarts.org\/association\/wp-content\/uploads\/2022\/03\/ok-Nai-Jah-495x400.jpg' title='ok Nai Jah' alt='' \/><\/div><\/a><\/div><\/div><\/p>\n<\/div><\/div><\/div><div id='av-layout-grid-2'  class='av-layout-grid-container av-7xip9d-4ef9d63a29409d06468200ab140631db entry-content-wrapper main_color av-flex-cells  avia-builder-el-29  el_after_av_layout_row  el_before_av_layout_row  grid-row-not-first  container_wrap fullsize'  >\n<div class='flex_cell av-67s9jl-72d796ca83e1b22bbc77b643b9d92a95 av-gridrow-cell av_one_third no_margin  avia-builder-el-30  el_before_av_cell_one_third  avia-builder-el-first '  ><div class='flex_cell_inner'>\n<style type=\"text\/css\" data-created_by=\"avia_inline_auto\" id=\"style-css-av-l1dskbzx-38a5c5053abe21c3f3850397c27affa1\">\n.avia-image-container.av-l1dskbzx-38a5c5053abe21c3f3850397c27affa1 img.avia_image{\nbox-shadow:none;\n}\n.avia-image-container.av-l1dskbzx-38a5c5053abe21c3f3850397c27affa1 .av-image-caption-overlay-center{\ncolor:#ffffff;\n}\n<\/style>\n<div  class='avia-image-container av-l1dskbzx-38a5c5053abe21c3f3850397c27affa1 av-styling- av-img-linked avia-align-center  avia-builder-el-31  avia-builder-el-no-sibling '   itemprop=\"image\" itemscope=\"itemscope\" itemtype=\"https:\/\/schema.org\/ImageObject\" ><div class=\"avia-image-container-inner\"><div class=\"avia-image-overlay-wrap\"><a href=\"https:\/\/fr.mappy.com\/itineraire\" class='avia_image ' target=\"_blank\" rel=\"noopener noreferrer\" aria-label='Festival Bien l\u2019Bourgeon \u2013 Mix\u2019Arts 38'><img fetchpriority=\"high\" class='wp-image-3410 avia-img-lazy-loading-not-3410 avia_image ' src='http:\/\/mixarts.org\/association\/wp-content\/uploads\/2022\/03\/comment-venir.jpg' alt='Festival Bien l\u2019Bourgeon \u2013 Mix\u2019Arts 38' title='Festival Bien l\u2019Bourgeon \u2013 Mix\u2019Arts 38'  height=\"750\" width=\"750\"  itemprop=\"thumbnailUrl\"  \/><\/a><\/div><\/div><\/div>\n<\/div><\/div><div class='flex_cell av-3r33u9-1c2fe5bb220035eb3893043acf79d989 av-gridrow-cell av_one_third no_margin  avia-builder-el-32  el_after_av_cell_one_third  el_before_av_cell_one_third '  ><div class='flex_cell_inner'>\n<style type=\"text\/css\" data-created_by=\"avia_inline_auto\" id=\"style-css-av-l1dskt4e-4491d86b2e9bebaed5f605efbfde48e9\">\n.avia-image-container.av-l1dskt4e-4491d86b2e9bebaed5f605efbfde48e9 img.avia_image{\nbox-shadow:none;\n}\n.avia-image-container.av-l1dskt4e-4491d86b2e9bebaed5f605efbfde48e9 .av-image-caption-overlay-center{\ncolor:#ffffff;\n}\n<\/style>\n<div  class='avia-image-container av-l1dskt4e-4491d86b2e9bebaed5f605efbfde48e9 av-styling- av-img-linked avia-align-center  avia-builder-el-33  avia-builder-el-no-sibling '   itemprop=\"image\" itemscope=\"itemscope\" itemtype=\"https:\/\/schema.org\/ImageObject\" ><div class=\"avia-image-container-inner\"><div class=\"avia-image-overlay-wrap\"><a href=\"https:\/\/tourisme.paysvoironnais.com\/mon-sejour\/pratique\/acces\/\" class='avia_image ' target=\"_blank\" rel=\"noopener noreferrer\" aria-label='transport 2'><img fetchpriority=\"high\" class='wp-image-3409 avia-img-lazy-loading-not-3409 avia_image ' src='http:\/\/mixarts.org\/association\/wp-content\/uploads\/2022\/03\/transport-2.jpg' alt='' title='transport 2'  height=\"750\" width=\"750\"  itemprop=\"thumbnailUrl\"  \/><\/a><\/div><\/div><\/div>\n<\/div><\/div><div class='flex_cell av-2v1zht-393579667d946ba72867eed647e4b068 av-gridrow-cell av_one_third no_margin  avia-builder-el-34  el_after_av_cell_one_third  avia-builder-el-last '  ><div class='flex_cell_inner'>\n<style type=\"text\/css\" data-created_by=\"avia_inline_auto\" id=\"style-css-av-l1dsljbu-f49b84f7dd265767f27f28b83a5999ac\">\n.avia-image-container.av-l1dsljbu-f49b84f7dd265767f27f28b83a5999ac img.avia_image{\nbox-shadow:none;\n}\n.avia-image-container.av-l1dsljbu-f49b84f7dd265767f27f28b83a5999ac .av-image-caption-overlay-center{\ncolor:#ffffff;\n}\n<\/style>\n<div  class='avia-image-container av-l1dsljbu-f49b84f7dd265767f27f28b83a5999ac av-styling- av-img-linked avia-align-center  avia-builder-el-35  avia-builder-el-no-sibling '   itemprop=\"image\" itemscope=\"itemscope\" itemtype=\"https:\/\/schema.org\/ImageObject\" ><div class=\"avia-image-container-inner\"><div class=\"avia-image-overlay-wrap\"><a href=\"https:\/\/www.billetweb.fr\/festival-bien-lbourgeon-2022\" class='avia_image ' target=\"_blank\" rel=\"noopener noreferrer\" aria-label='tarifs complets'><img fetchpriority=\"high\" class='wp-image-3483 avia-img-lazy-loading-not-3483 avia_image ' src='http:\/\/mixarts.org\/association\/wp-content\/uploads\/2022\/04\/tarifs-complets.jpg' alt='' title='tarifs complets'  height=\"750\" width=\"750\"  itemprop=\"thumbnailUrl\"  \/><\/a><\/div><\/div><\/div>\n<\/div><\/div>\n<\/div><\/p>\n<div id='av-layout-grid-3'  class='av-layout-grid-container av-72rg5d-aead6262c5cb1477d702b3428dd55967 entry-content-wrapper main_color av-flex-cells  avia-builder-el-36  el_after_av_layout_row  el_before_av_layout_row  grid-row-not-first  container_wrap fullsize'  >\n<div class='flex_cell av-6f91gx-e02f032a0cd325a37161bdab92443453 av-gridrow-cell av_one_third no_margin  avia-builder-el-37  el_before_av_cell_one_third  avia-builder-el-first '  ><div class='flex_cell_inner'>\n<style type=\"text\/css\" data-created_by=\"avia_inline_auto\" id=\"style-css-av-l1go3d1a-5b15a80262e089df9ba092c43a929635\">\n.avia-image-container.av-l1go3d1a-5b15a80262e089df9ba092c43a929635 img.avia_image{\nbox-shadow:none;\n}\n.avia-image-container.av-l1go3d1a-5b15a80262e089df9ba092c43a929635 .av-image-caption-overlay-center{\ncolor:#ffffff;\n}\n<\/style>\n<div  class='avia-image-container av-l1go3d1a-5b15a80262e089df9ba092c43a929635 av-styling- avia-align-center  avia-builder-el-38  avia-builder-el-no-sibling '   itemprop=\"image\" itemscope=\"itemscope\" itemtype=\"https:\/\/schema.org\/ImageObject\" ><div class=\"avia-image-container-inner\"><div class=\"avia-image-overlay-wrap\"><img fetchpriority=\"high\" class='wp-image-3672 avia-img-lazy-loading-not-3672 avia_image ' src='http:\/\/mixarts.org\/association\/wp-content\/uploads\/2022\/05\/ou-dormir.jpg' alt='' title='o\u00f9 dormir'  height=\"750\" width=\"750\"  itemprop=\"thumbnailUrl\"  \/><\/div><\/div><\/div>\n<\/div><\/div><div class='flex_cell av-3oe0gx-79945b7687e7f9f5b9e7c3463e2e43c3 av-gridrow-cell av_one_third no_margin  avia-builder-el-39  el_after_av_cell_one_third  el_before_av_cell_one_third '  ><div class='flex_cell_inner'>\n<style type=\"text\/css\" data-created_by=\"avia_inline_auto\" id=\"style-css-av-l1go471x-9a3d2cc4f712980c126026ec5d4513ca\">\n.avia-image-container.av-l1go471x-9a3d2cc4f712980c126026ec5d4513ca img.avia_image{\nbox-shadow:none;\n}\n.avia-image-container.av-l1go471x-9a3d2cc4f712980c126026ec5d4513ca .av-image-caption-overlay-center{\ncolor:#ffffff;\n}\n<\/style>\n<div  class='avia-image-container av-l1go471x-9a3d2cc4f712980c126026ec5d4513ca av-styling- avia-align-center  avia-builder-el-40  avia-builder-el-no-sibling '   itemprop=\"image\" itemscope=\"itemscope\" itemtype=\"https:\/\/schema.org\/ImageObject\" ><div class=\"avia-image-container-inner\"><div class=\"avia-image-overlay-wrap\"><img fetchpriority=\"high\" class='wp-image-3426 avia-img-lazy-loading-not-3426 avia_image ' src='http:\/\/mixarts.org\/association\/wp-content\/uploads\/2022\/04\/Boire-et-Manger.jpg' alt='Festival Bien l&#039;Bourgeon - Mix&#039;Arts 38' title='Festival Bien l&#039;Bourgeon - Mix&#039;Arts 38'  height=\"750\" width=\"750\"  itemprop=\"thumbnailUrl\"  \/><\/div><\/div><\/div>\n<\/div><\/div><div class='flex_cell av-209g35-6ea49e26d2f7f499e02b6eba85badd8c av-gridrow-cell av_one_third no_margin  avia-builder-el-41  el_after_av_cell_one_third  avia-builder-el-last '  ><div class='flex_cell_inner'>\n<style type=\"text\/css\" data-created_by=\"avia_inline_auto\" id=\"style-css-av-l1go4zs2-aeffa5de2d62c3f7f5fe21fe0292659a\">\n.avia-image-container.av-l1go4zs2-aeffa5de2d62c3f7f5fe21fe0292659a img.avia_image{\nbox-shadow:none;\n}\n.avia-image-container.av-l1go4zs2-aeffa5de2d62c3f7f5fe21fe0292659a .av-image-caption-overlay-center{\ncolor:#ffffff;\n}\n<\/style>\n<div  class='avia-image-container av-l1go4zs2-aeffa5de2d62c3f7f5fe21fe0292659a av-styling- avia-align-center  avia-builder-el-42  avia-builder-el-no-sibling '   itemprop=\"image\" itemscope=\"itemscope\" itemtype=\"https:\/\/schema.org\/ImageObject\" ><div class=\"avia-image-container-inner\"><div class=\"avia-image-overlay-wrap\"><img fetchpriority=\"high\" class='wp-image-3427 avia-img-lazy-loading-not-3427 avia_image ' src='http:\/\/mixarts.org\/association\/wp-content\/uploads\/2022\/04\/Divers.jpg' alt='' title='Divers'  height=\"750\" width=\"750\"  itemprop=\"thumbnailUrl\"  \/><\/div><\/div><\/div>\n<\/div><\/div>\n<\/div>\n<div id='av-layout-grid-4'  class='av-layout-grid-container av-e270mp-34fa03ed6f1f79e3f922f6afa926ff95 entry-content-wrapper main_color av-flex-cells  avia-builder-el-43  el_after_av_layout_row  el_before_av_layout_row  grid-row-not-first  container_wrap fullsize'  >\n<div class='flex_cell av-18601t-c985f9171c1d2db4e78fb7c4beed2f66 av-gridrow-cell av_one_third no_margin  avia-builder-el-44  el_before_av_cell_one_third  avia-builder-el-first '  ><div class='flex_cell_inner'>\n<style type=\"text\/css\" data-created_by=\"avia_inline_auto\" id=\"style-css-av-l331h3c6-153c907c8f95d32865a362937ab46448\">\n.avia-image-container.av-l331h3c6-153c907c8f95d32865a362937ab46448 img.avia_image{\nbox-shadow:none;\n}\n.avia-image-container.av-l331h3c6-153c907c8f95d32865a362937ab46448 .av-image-caption-overlay-center{\ncolor:#ffffff;\n}\n<\/style>\n<div  class='avia-image-container av-l331h3c6-153c907c8f95d32865a362937ab46448 av-styling- avia-align-center  avia-builder-el-45  avia-builder-el-no-sibling '   itemprop=\"image\" itemscope=\"itemscope\" itemtype=\"https:\/\/schema.org\/ImageObject\" ><div class=\"avia-image-container-inner\"><div class=\"avia-image-overlay-wrap\"><img fetchpriority=\"high\" class='wp-image-3588 avia-img-lazy-loading-not-3588 avia_image ' src='http:\/\/mixarts.org\/association\/wp-content\/uploads\/2022\/05\/prog-journee.jpg' alt='' title='prog journ\u00e9e'  height=\"750\" width=\"750\"  itemprop=\"thumbnailUrl\"  \/><\/div><\/div><\/div>\n<\/div><\/div><div class='flex_cell av-aamegx-e6c6ab64125907c34363bd321fee87ca av-gridrow-cell av_one_third no_margin  avia-builder-el-46  el_after_av_cell_one_third  el_before_av_cell_one_third '  ><div class='flex_cell_inner'>\n<style type=\"text\/css\" data-created_by=\"avia_inline_auto\" id=\"style-css-av-l331i74f-0f6bf8e4495c4c6c87f78166cb0da0c4\">\n.avia-image-container.av-l331i74f-0f6bf8e4495c4c6c87f78166cb0da0c4 img.avia_image{\nbox-shadow:none;\n}\n.avia-image-container.av-l331i74f-0f6bf8e4495c4c6c87f78166cb0da0c4 .av-image-caption-overlay-center{\ncolor:#ffffff;\n}\n<\/style>\n<div  class='avia-image-container av-l331i74f-0f6bf8e4495c4c6c87f78166cb0da0c4 av-styling- avia-align-center  avia-builder-el-47  avia-builder-el-no-sibling '   itemprop=\"image\" itemscope=\"itemscope\" itemtype=\"https:\/\/schema.org\/ImageObject\" ><div class=\"avia-image-container-inner\"><div class=\"avia-image-overlay-wrap\"><img fetchpriority=\"high\" class='wp-image-3591 avia-img-lazy-loading-not-3591 avia_image ' src='http:\/\/mixarts.org\/association\/wp-content\/uploads\/2022\/05\/Prix-Libre-1.jpg' alt='' title='Prix Libre 1'  height=\"750\" width=\"750\"  itemprop=\"thumbnailUrl\"  \/><\/div><\/div><\/div>\n<\/div><\/div><div class='flex_cell av-8taltd-1e6dcbc21d2ebbbd9385471c28c831cd av-gridrow-cell av_one_third no_margin  avia-builder-el-48  el_after_av_cell_one_third  avia-builder-el-last '  ><div class='flex_cell_inner'>\n<style type=\"text\/css\" data-created_by=\"avia_inline_auto\" id=\"style-css-av-l331igin-7335925151b38a91dad4f2afe2ca9d51\">\n.avia-image-container.av-l331igin-7335925151b38a91dad4f2afe2ca9d51 img.avia_image{\nbox-shadow:none;\n}\n.avia-image-container.av-l331igin-7335925151b38a91dad4f2afe2ca9d51 .av-image-caption-overlay-center{\ncolor:#ffffff;\n}\n<\/style>\n<div  class='avia-image-container av-l331igin-7335925151b38a91dad4f2afe2ca9d51 av-styling- avia-align-center  avia-builder-el-49  avia-builder-el-no-sibling '   itemprop=\"image\" itemscope=\"itemscope\" itemtype=\"https:\/\/schema.org\/ImageObject\" ><div class=\"avia-image-container-inner\"><div class=\"avia-image-overlay-wrap\"><img fetchpriority=\"high\" class='wp-image-3590 avia-img-lazy-loading-not-3590 avia_image ' src='http:\/\/mixarts.org\/association\/wp-content\/uploads\/2022\/05\/Prix-Libre-2.jpg' alt='' title='Prix Libre 2'  height=\"750\" width=\"750\"  itemprop=\"thumbnailUrl\"  \/><\/div><\/div><\/div>\n<\/div><\/div>\n<\/div>\n<div id='av-layout-grid-5'  class='av-layout-grid-container av-7dcr01-8621ae5e35de028191b2ebe762f68637 entry-content-wrapper main_color av-flex-cells  avia-builder-el-50  el_after_av_layout_row  el_before_av_layout_row  grid-row-not-first  container_wrap fullsize'  >\n<div class='flex_cell av-6hwf41-b8db7168bfa6b11110dd64631b91fdcb av-gridrow-cell av_one_third no_margin  avia-builder-el-51  el_before_av_cell_one_third  avia-builder-el-first '  ><div class='flex_cell_inner'>\n<style type=\"text\/css\" data-created_by=\"avia_inline_auto\" id=\"style-css-av-l331k92n-16e907460317d2b10302dcfc830d1c5f\">\n.avia-image-container.av-l331k92n-16e907460317d2b10302dcfc830d1c5f img.avia_image{\nbox-shadow:none;\n}\n.avia-image-container.av-l331k92n-16e907460317d2b10302dcfc830d1c5f .av-image-caption-overlay-center{\ncolor:#ffffff;\n}\n<\/style>\n<div  class='avia-image-container av-l331k92n-16e907460317d2b10302dcfc830d1c5f av-styling- av-img-linked avia-align-center  avia-builder-el-52  avia-builder-el-no-sibling '   itemprop=\"image\" itemscope=\"itemscope\" itemtype=\"https:\/\/schema.org\/ImageObject\" ><div class=\"avia-image-container-inner\"><div class=\"avia-image-overlay-wrap\"><a href=\"https:\/\/www.yeswecarevent.com\/events\/event?id=507\" class='avia_image ' target=\"_blank\" rel=\"noopener noreferrer\" aria-label='covoiturage'><img fetchpriority=\"high\" class='wp-image-3592 avia-img-lazy-loading-not-3592 avia_image ' src='http:\/\/mixarts.org\/association\/wp-content\/uploads\/2022\/05\/covoiturage.jpg' alt='' title='covoiturage'  height=\"750\" width=\"750\"  itemprop=\"thumbnailUrl\"  \/><\/a><\/div><\/div><\/div>\n<\/div><\/div><div class='flex_cell av-3pu3gx-ca108f80a2ad0252a990ae4601e9a94c av-gridrow-cell av_one_third no_margin  avia-builder-el-53  el_after_av_cell_one_third  el_before_av_cell_one_third '  ><div class='flex_cell_inner'>\n<style type=\"text\/css\" data-created_by=\"avia_inline_auto\" id=\"style-css-av-l331mpcu-d8aee171fc59ca23bb02f11ae0cd172a\">\n.avia-image-container.av-l331mpcu-d8aee171fc59ca23bb02f11ae0cd172a img.avia_image{\nbox-shadow:none;\n}\n.avia-image-container.av-l331mpcu-d8aee171fc59ca23bb02f11ae0cd172a .av-image-caption-overlay-center{\ncolor:#ffffff;\n}\n<\/style>\n<div  class='avia-image-container av-l331mpcu-d8aee171fc59ca23bb02f11ae0cd172a av-styling- av-img-linked avia-align-center  avia-builder-el-54  avia-builder-el-no-sibling '   itemprop=\"image\" itemscope=\"itemscope\" itemtype=\"https:\/\/schema.org\/ImageObject\" ><div class=\"avia-image-container-inner\"><div class=\"avia-image-overlay-wrap\"><a href=\"https:\/\/www.yeswecarevent.com\/events\/event?id=507\" class='avia_image ' target=\"_blank\" rel=\"noopener noreferrer\" aria-label='valorisation covoiturage'><img fetchpriority=\"high\" class='wp-image-3593 avia-img-lazy-loading-not-3593 avia_image ' src='http:\/\/mixarts.org\/association\/wp-content\/uploads\/2022\/05\/valorisation-covoiturage.jpg' alt='' title='valorisation covoiturage'  height=\"750\" width=\"750\"  itemprop=\"thumbnailUrl\"  \/><\/a><\/div><\/div><\/div>\n<\/div><\/div><div class='flex_cell av-23nm8h-5333a2508f61e81a11850926b264bd53 av-gridrow-cell av_one_third no_margin  avia-builder-el-55  el_after_av_cell_one_third  avia-builder-el-last '  ><div class='flex_cell_inner'>\n<style type=\"text\/css\" data-created_by=\"avia_inline_auto\" id=\"style-css-av-l3d66eq7-70e1eefea97e0e23695925da6f3b4478\">\n.avia-image-container.av-l3d66eq7-70e1eefea97e0e23695925da6f3b4478 img.avia_image{\nbox-shadow:none;\n}\n.avia-image-container.av-l3d66eq7-70e1eefea97e0e23695925da6f3b4478 .av-image-caption-overlay-center{\ncolor:#ffffff;\n}\n<\/style>\n<div  class='avia-image-container av-l3d66eq7-70e1eefea97e0e23695925da6f3b4478 av-styling- av-img-linked avia-align-center  avia-builder-el-56  avia-builder-el-no-sibling '   itemprop=\"image\" itemscope=\"itemscope\" itemtype=\"https:\/\/schema.org\/ImageObject\" ><div class=\"avia-image-container-inner\"><div class=\"avia-image-overlay-wrap\"><a href=\"https:\/\/www.yeswecarevent.com\/events\/event?id=507\" class='avia_image ' target=\"_blank\" rel=\"noopener noreferrer\" aria-label='arriv\u00e9e'><img fetchpriority=\"high\" class='wp-image-3671 avia-img-lazy-loading-not-3671 avia_image ' src='http:\/\/mixarts.org\/association\/wp-content\/uploads\/2022\/05\/arrivee.jpg' alt='' title='arriv\u00e9e'  height=\"750\" width=\"750\"  itemprop=\"thumbnailUrl\"  \/><\/a><\/div><\/div><\/div>\n<\/div><\/div>\n<\/div>\n<div id='av-layout-grid-6'  class='av-layout-grid-container av-8wo4td-46a036555aefc4113c390345103261ea entry-content-wrapper main_color av-flex-cells  avia-builder-el-57  el_after_av_layout_row  el_before_av_layout_row  grid-row-not-first  container_wrap fullsize'  >\n<div class='flex_cell av-tob6p-951835ea54b174a29d5f405f454eb76b av-gridrow-cell av_one_third no_margin  avia-builder-el-58  el_before_av_cell_one_third  avia-builder-el-first '  ><div class='flex_cell_inner'>\n<style type=\"text\/css\" data-created_by=\"avia_inline_auto\" id=\"style-css-av-l3d65mw0-13ebf4fb8af437f58d469579b5d2eeb7\">\n.avia-image-container.av-l3d65mw0-13ebf4fb8af437f58d469579b5d2eeb7 img.avia_image{\nbox-shadow:none;\n}\n.avia-image-container.av-l3d65mw0-13ebf4fb8af437f58d469579b5d2eeb7 .av-image-caption-overlay-center{\ncolor:#ffffff;\n}\n<\/style>\n<div  class='avia-image-container av-l3d65mw0-13ebf4fb8af437f58d469579b5d2eeb7 av-styling- avia-align-center  avia-builder-el-59  avia-builder-el-no-sibling '   itemprop=\"image\" itemscope=\"itemscope\" itemtype=\"https:\/\/schema.org\/ImageObject\" ><div class=\"avia-image-container-inner\"><div class=\"avia-image-overlay-wrap\"><img fetchpriority=\"high\" class='wp-image-3670 avia-img-lazy-loading-not-3670 avia_image ' src='http:\/\/mixarts.org\/association\/wp-content\/uploads\/2022\/05\/Animations-scaled.jpg' alt='' title='Animations'  height=\"2560\" width=\"2560\"  itemprop=\"thumbnailUrl\"  \/><\/div><\/div><\/div>\n<\/div><\/div><div class='flex_cell av-5ybwgh-2fecf3ba08a1c548a045759f2d5bc368 av-gridrow-cell av_one_third no_margin  avia-builder-el-60  el_after_av_cell_one_third  el_before_av_cell_one_third '  ><div class='flex_cell_inner'>\n<style type=\"text\/css\" data-created_by=\"avia_inline_auto\" id=\"style-css-av-l3iyjuyi-703826d8f8d24db9673b973fb1ebd4d3\">\n.avia-image-container.av-l3iyjuyi-703826d8f8d24db9673b973fb1ebd4d3 img.avia_image{\nbox-shadow:none;\n}\n.avia-image-container.av-l3iyjuyi-703826d8f8d24db9673b973fb1ebd4d3 .av-image-caption-overlay-center{\ncolor:#ffffff;\n}\n<\/style>\n<div  class='avia-image-container av-l3iyjuyi-703826d8f8d24db9673b973fb1ebd4d3 av-styling- avia-align-center  avia-builder-el-61  avia-builder-el-no-sibling '   itemprop=\"image\" itemscope=\"itemscope\" itemtype=\"https:\/\/schema.org\/ImageObject\" ><div class=\"avia-image-container-inner\"><div class=\"avia-image-overlay-wrap\"><img fetchpriority=\"high\" class='wp-image-3679 avia-img-lazy-loading-not-3679 avia_image ' src='http:\/\/mixarts.org\/association\/wp-content\/uploads\/2022\/05\/Ordre-de-passage.jpg' alt='' title='Ordre de passage'  height=\"750\" width=\"750\"  itemprop=\"thumbnailUrl\"  \/><\/div><\/div><\/div>\n<\/div><\/div><div class='flex_cell av-3h3vqp-53d773a9b76226d578477e69535443d0 av-gridrow-cell av_one_third no_margin  avia-builder-el-62  el_after_av_cell_one_third  avia-builder-el-last '  ><div class='flex_cell_inner'>\n<style type=\"text\/css\" data-created_by=\"avia_inline_auto\" id=\"style-css-av-2yo34x-fcb28641717ba1e5f548b14e2eff8e5a\">\n.avia-image-container.av-2yo34x-fcb28641717ba1e5f548b14e2eff8e5a img.avia_image{\nbox-shadow:none;\n}\n.avia-image-container.av-2yo34x-fcb28641717ba1e5f548b14e2eff8e5a .av-image-caption-overlay-center{\ncolor:#ffffff;\n}\n<\/style>\n<div  class='avia-image-container av-2yo34x-fcb28641717ba1e5f548b14e2eff8e5a av-styling- av-img-linked avia-align-center  avia-builder-el-63  avia-builder-el-no-sibling '   itemprop=\"image\" itemscope=\"itemscope\" itemtype=\"https:\/\/schema.org\/ImageObject\" ><div class=\"avia-image-container-inner\"><div class=\"avia-image-overlay-wrap\"><a href=\"http:\/\/mixarts.org\/association\/?p=3446\" class='avia_image '  aria-label='foire aux questions'><img fetchpriority=\"high\" class='wp-image-3594 avia-img-lazy-loading-not-3594 avia_image ' src='http:\/\/mixarts.org\/association\/wp-content\/uploads\/2022\/05\/foire-aux-questions.jpg' alt='' title='foire aux questions'  height=\"750\" width=\"750\"  itemprop=\"thumbnailUrl\"  \/><\/a><\/div><\/div><\/div>\n<\/div><\/div>\n<\/div>\n<div id='av-layout-grid-7'  class='av-layout-grid-container av-3szoz5-aee8282e7a09d3ac10ca0444d21312ca entry-content-wrapper main_color av-flex-cells  avia-builder-el-64  el_after_av_layout_row  el_before_av_button  grid-row-not-first  container_wrap fullsize'  >\n<div class='flex_cell av-2lq4g1-6fbad98d7ca185c676297cc2b84b4d7d av-gridrow-cell av_one_full no_margin  avia-builder-el-65  avia-builder-el-no-sibling '  ><div class='flex_cell_inner'>\n<style type=\"text\/css\" data-created_by=\"avia_inline_auto\" id=\"style-css-av-l34goa2e-8adcde4d7128648549da420037bd0d7d\">\n.avia-image-container.av-l34goa2e-8adcde4d7128648549da420037bd0d7d img.avia_image{\nbox-shadow:none;\n}\n.avia-image-container.av-l34goa2e-8adcde4d7128648549da420037bd0d7d .av-image-caption-overlay-center{\ncolor:#ffffff;\n}\n<\/style>\n<div  class='avia-image-container av-l34goa2e-8adcde4d7128648549da420037bd0d7d av-styling- avia-align-center  avia-builder-el-66  avia-builder-el-no-sibling '   itemprop=\"image\" itemscope=\"itemscope\" itemtype=\"https:\/\/schema.org\/ImageObject\" ><div class=\"avia-image-container-inner\"><div class=\"avia-image-overlay-wrap\"><img fetchpriority=\"high\" class='wp-image-3605 avia-img-lazy-loading-not-3605 avia_image ' src='http:\/\/mixarts.org\/association\/wp-content\/uploads\/2022\/05\/Plan-RVB-pour-site-web-scaled.jpg' alt='' title='Plan RVB pour site web'  height=\"1800\" width=\"2560\"  itemprop=\"thumbnailUrl\"  \/><\/div><\/div><\/div>\n<\/div><\/div>\n<\/div><div id='after_grid_row_7'  class='main_color av_default_container_wrap container_wrap fullsize'  ><div class='container av-section-cont-open' ><div class='template-page content  av-content-full alpha units'><div class='post-entry post-entry-type-page post-entry-3105'><div class='entry-content-wrapper clearfix'>\n<div  class='avia-button-wrap av-l1z4qyp7-63a24fb5e7af5a423b5cb5dd83f333e3-wrap avia-button-center  avia-builder-el-67  el_after_av_layout_row  el_before_av_layout_row  avia-builder-el-no-sibling '>\n<style type=\"text\/css\" data-created_by=\"avia_inline_auto\" id=\"style-css-av-l1z4qyp7-63a24fb5e7af5a423b5cb5dd83f333e3\">\n#top #wrap_all .avia-button.av-l1z4qyp7-63a24fb5e7af5a423b5cb5dd83f333e3{\nbackground-color:#40385f;\nborder-color:#40385f;\ncolor:#ffffff;\ntransition:all 0.4s ease-in-out;\n}\n<\/style>\n<a href='http:\/\/mixarts.org\/association\/?p=3446'  class='avia-button av-l1z4qyp7-63a24fb5e7af5a423b5cb5dd83f333e3 av-link-btn avia-icon_select-no avia-size-x-large avia-position-center'  ><span class='avia_iconbox_title' >\u2022 Cliquez ici pour acc\u00e9der \u00e0 la Foire Aux Questions (F.A.Q) \u2022<\/span><\/a><\/div>\n<\/div><\/div><\/div><!-- close content main div --><\/div><\/div><div id='av-layout-grid-8'  class='av-layout-grid-container av-k9kusx-e6beaa6d4220458c85aac7b7abaa1a4b entry-content-wrapper main_color av-flex-cells  avia-builder-el-68  el_after_av_button  avia-builder-el-last  grid-row-not-first  container_wrap fullsize'  >\n\n<style type=\"text\/css\" data-created_by=\"avia_inline_auto\" id=\"style-css-av-jjzn81-df8e7bef80c798b4ac75a6048f40dfd2\">\n.flex_cell.av-jjzn81-df8e7bef80c798b4ac75a6048f40dfd2{\nvertical-align:top;\n}\n.responsive #top #wrap_all .flex_cell.av-jjzn81-df8e7bef80c798b4ac75a6048f40dfd2{\npadding:30px 30px 30px 30px !important;\n}\n<\/style>\n<div class='flex_cell av-jjzn81-df8e7bef80c798b4ac75a6048f40dfd2 av-gridrow-cell av_one_full no_margin  avia-builder-el-69  avia-builder-el-no-sibling '  ><div class='flex_cell_inner'><p>\n<style type=\"text\/css\" data-created_by=\"avia_inline_auto\" id=\"style-css-av-l38xyx6e-832ec5287dfc470484e0694d35d68e95\">\n#top .av-special-heading.av-l38xyx6e-832ec5287dfc470484e0694d35d68e95{\npadding-bottom:10px;\n}\nbody .av-special-heading.av-l38xyx6e-832ec5287dfc470484e0694d35d68e95 .av-special-heading-tag .heading-char{\nfont-size:25px;\n}\n.av-special-heading.av-l38xyx6e-832ec5287dfc470484e0694d35d68e95 .av-subheading{\nfont-size:15px;\n}\n<\/style>\n<div  class='av-special-heading av-l38xyx6e-832ec5287dfc470484e0694d35d68e95 av-special-heading-h3 blockquote elegant-quote elegant-centered  avia-builder-el-70  el_before_av_testimonials  avia-builder-el-first '><h3 class='av-special-heading-tag'  itemprop=\"headline\"  ><span class=\"heading-wrap\">PARTENAIRES<\/span><\/h3><div class=\"special-heading-border\"><div class=\"special-heading-inner-border\"><\/div><\/div><\/div><br \/>\n<div  class='avia-testimonial-wrapper av-l9tie9-ef5d1e9df7dd7972a8d9e2df85a117eb avia-grid-testimonials avia-grid-2-testimonials avia_animate_when_almost_visible' >\n<section class=\"avia-testimonial-row\"><div class='avia-testimonial av-ja2ka9-487b2520501bf933960f548294358b3b avia-testimonial-row-1 avia-first-testimonial flex_column no_margin av_one_half'><div class='avia-testimonial_inner'  itemscope=\"itemscope\" itemtype=\"https:\/\/schema.org\/CreativeWork\" ><div class='avia-testimonial-image'  itemprop=\"image\" ><img loading=\"lazy\" decoding=\"async\" width=\"180\" height=\"180\" src=\"http:\/\/mixarts.org\/association\/wp-content\/uploads\/2022\/05\/cairn-180x180.png\" class=\"attachment-square size-square\" alt=\"\" \/><\/div><div class='avia-testimonial-content '><div class='avia-testimonial-markup-entry-content'  itemprop=\"text\" ><p>Le Cairn est la monnaie locale qui circule dans la moiti\u00e9 sud de l\u2019Is\u00e8re.<\/p>\n<\/div><\/div><div class=\"avia-testimonial-meta\"><div class=\"avia-testimonial-arrow-wrap\"><div class=\"avia-arrow\"><\/div><\/div><div class='avia-testimonial-meta-mini'  itemprop=\"author\" itemscope=\"itemscope\" itemtype=\"https:\/\/schema.org\/Person\" ><strong  class='avia-testimonial-name'  itemprop=\"name\" >Le Cairn<\/strong><span  class='avia-testimonial-subtitle '  itemprop=\"jobTitle\" >Monnaie locale<\/span><\/div><\/div><\/div><\/div>\n<div class='avia-testimonial av-1t8ykx-c9c27a8deef6a24605279c53c74c61eb avia-testimonial-row-1 avia-last-testimonial flex_column no_margin av_one_half'><div class='avia-testimonial_inner'  itemscope=\"itemscope\" itemtype=\"https:\/\/schema.org\/CreativeWork\" ><div class='avia-testimonial-image'  itemprop=\"image\" ><img loading=\"lazy\" decoding=\"async\" width=\"180\" height=\"180\" src=\"http:\/\/mixarts.org\/association\/wp-content\/uploads\/2022\/05\/best-western-voiron-180x180.png\" class=\"attachment-square size-square\" alt=\"\" \/><\/div><div class='avia-testimonial-content '><div class='avia-testimonial-markup-entry-content'  itemprop=\"text\" ><p>H\u00f4tel-Restaurant-S\u00e9minaires-Terrasse \/\/ 04.76.06.47.47<\/p>\n<\/div><\/div><div class=\"avia-testimonial-meta\"><div class=\"avia-testimonial-arrow-wrap\"><div class=\"avia-arrow\"><\/div><\/div><div class='avia-testimonial-meta-mini'  itemprop=\"author\" itemscope=\"itemscope\" itemtype=\"https:\/\/schema.org\/Person\" ><strong  class='avia-testimonial-name'  itemprop=\"name\" >Best Western \/ H\u00f4tel le Palladior<\/strong><span  class='avia-testimonial-subtitle '  itemprop=\"jobTitle\" >H\u00f4tel<\/span><\/div><\/div><\/div><\/div><\/section>\n<section class=\"avia-testimonial-row\"><div class='avia-testimonial av-fq2d81-08f06b7b1d3f42be17d6d5df3d42ac51 avia-testimonial-row-2 avia-first-testimonial flex_column no_margin av_one_half'><div class='avia-testimonial_inner'  itemscope=\"itemscope\" itemtype=\"https:\/\/schema.org\/CreativeWork\" ><div class='avia-testimonial-image'  itemprop=\"image\" ><img loading=\"lazy\" decoding=\"async\" width=\"180\" height=\"180\" src=\"http:\/\/mixarts.org\/association\/wp-content\/uploads\/2022\/05\/citiz-180x180.png\" class=\"attachment-square size-square\" alt=\"\" \/><\/div><div class='avia-testimonial-content '><div class='avia-testimonial-markup-entry-content'  itemprop=\"text\" ><p>Location de voitures partag\u00e9es\u00a0<em>Citiz<\/em>\u00a0: le premier r\u00e9seau coop\u00e9ratif d&#8217;autopartage.<\/p>\n<\/div><\/div><div class=\"avia-testimonial-meta\"><div class=\"avia-testimonial-arrow-wrap\"><div class=\"avia-arrow\"><\/div><\/div><div class='avia-testimonial-meta-mini'  itemprop=\"author\" itemscope=\"itemscope\" itemtype=\"https:\/\/schema.org\/Person\" ><strong  class='avia-testimonial-name'  itemprop=\"name\" >CITIZ<\/strong><span  class='avia-testimonial-subtitle '  itemprop=\"jobTitle\" >R\u00e9seau d\u2019autopartage en France<\/span><span class='hidden avia-testimonial-markup-link'  itemprop=\"url\" >http:\/\/citiz.coop\/<\/span><span class=\"avia-testimonial-subtitle-sep\">&ndash;<\/span><a class='avia-testimonial-link' href='http:\/\/citiz.coop\/' target=\"_blank\" rel=\"noopener noreferrer\">http:\/\/citiz.coop\/<\/a><\/div><\/div><\/div><\/div>\n<div class='avia-testimonial av-e340wh-deadbe0708e2844a36a5a30d26e7dcb1 avia-testimonial-row-2 avia-last-testimonial flex_column no_margin av_one_half'><div class='avia-testimonial_inner'  itemscope=\"itemscope\" itemtype=\"https:\/\/schema.org\/CreativeWork\" ><div class='avia-testimonial-image'  itemprop=\"image\" ><img loading=\"lazy\" decoding=\"async\" width=\"180\" height=\"180\" src=\"http:\/\/mixarts.org\/association\/wp-content\/uploads\/2022\/05\/dauphine-180x180.png\" class=\"attachment-square size-square\" alt=\"\" \/><\/div><div class='avia-testimonial-content '><div class='avia-testimonial-markup-entry-content'  itemprop=\"text\" ><p>Brasserie artisanale avec qui nous travaillons pour de nombreux \u00e9v\u00e9nements de l&#8217;association et qui accueille le Festival Bien l&#8217;Bourgeon.<\/p>\n<\/div><\/div><div class=\"avia-testimonial-meta\"><div class=\"avia-testimonial-arrow-wrap\"><div class=\"avia-arrow\"><\/div><\/div><div class='avia-testimonial-meta-mini'  itemprop=\"author\" itemscope=\"itemscope\" itemtype=\"https:\/\/schema.org\/Person\" ><strong  class='avia-testimonial-name'  itemprop=\"name\" >La Dauphine<\/strong><span  class='avia-testimonial-subtitle '  itemprop=\"jobTitle\" >Brasserie artisanale du Val d\u2019Ainan<\/span><\/div><\/div><\/div><\/div><\/section>\n<section class=\"avia-testimonial-row\"><div class='avia-testimonial av-cvzdu9-19b1f739e40af7a29d308adc4d0b7604 avia-testimonial-row-3 avia-first-testimonial flex_column no_margin av_one_half'><div class='avia-testimonial_inner'  itemscope=\"itemscope\" itemtype=\"https:\/\/schema.org\/CreativeWork\" ><div class='avia-testimonial-image'  itemprop=\"image\" ><img loading=\"lazy\" decoding=\"async\" width=\"180\" height=\"180\" src=\"http:\/\/mixarts.org\/association\/wp-content\/uploads\/2022\/05\/pays-voironnais-180x180.png\" class=\"attachment-square size-square\" alt=\"\" \/><\/div><div class='avia-testimonial-content '><div class='avia-testimonial-markup-entry-content'  itemprop=\"text\" ><p>La communaut\u00e9 d&#8217;agglom\u00e9ration du Pays Voironnais &#8211; centr\u00e9e autour de la ville de Voiron dans le d\u00e9partement de l&#8217;Is\u00e8re.<\/p>\n<\/div><\/div><div class=\"avia-testimonial-meta\"><div class=\"avia-testimonial-arrow-wrap\"><div class=\"avia-arrow\"><\/div><\/div><div class='avia-testimonial-meta-mini'  itemprop=\"author\" itemscope=\"itemscope\" itemtype=\"https:\/\/schema.org\/Person\" ><strong  class='avia-testimonial-name'  itemprop=\"name\" >Pays Voironnais<\/strong><span  class='avia-testimonial-subtitle '  itemprop=\"jobTitle\" >Communaut\u00e9 d\u2019agglom\u00e9ration du Pays voironnais<\/span><\/div><\/div><\/div><\/div>\n<div class='avia-testimonial av-ashu1t-e2ceea379bf1ac8e3f73a7e278df131c avia-testimonial-row-3 avia-last-testimonial flex_column no_margin av_one_half'><div class='avia-testimonial_inner'  itemscope=\"itemscope\" itemtype=\"https:\/\/schema.org\/CreativeWork\" ><div class='avia-testimonial-image'  itemprop=\"image\" ><img loading=\"lazy\" decoding=\"async\" width=\"180\" height=\"180\" src=\"http:\/\/mixarts.org\/association\/wp-content\/uploads\/2022\/05\/isere-180x180.png\" class=\"attachment-square size-square\" alt=\"\" \/><\/div><div class='avia-testimonial-content '><div class='avia-testimonial-markup-entry-content'  itemprop=\"text\" ><p>Le D\u00e9partement de l\u2019Is\u00e8re est une collectivit\u00e9 territoriale, repr\u00e9sentant les 29 cantons de l\u2019Is\u00e8re.<\/p>\n<\/div><\/div><div class=\"avia-testimonial-meta\"><div class=\"avia-testimonial-arrow-wrap\"><div class=\"avia-arrow\"><\/div><\/div><div class='avia-testimonial-meta-mini'  itemprop=\"author\" itemscope=\"itemscope\" itemtype=\"https:\/\/schema.org\/Person\" ><strong  class='avia-testimonial-name'  itemprop=\"name\" >D\u00e9partement de l\u2019Is\u00e8re<\/strong><span  class='avia-testimonial-subtitle '  itemprop=\"jobTitle\" >Collectivit\u00e9 territoriale<\/span><\/div><\/div><\/div><\/div><\/section>\n<section class=\"avia-testimonial-row\"><div class='avia-testimonial av-8vfzb5-ba666988f893fe5e227cbbfb729088d8 avia-testimonial-row-4 avia-first-testimonial flex_column no_margin av_one_half'><div class='avia-testimonial_inner'  itemscope=\"itemscope\" itemtype=\"https:\/\/schema.org\/CreativeWork\" ><div class='avia-testimonial-image'  itemprop=\"image\" ><img loading=\"lazy\" decoding=\"async\" width=\"180\" height=\"180\" src=\"http:\/\/mixarts.org\/association\/wp-content\/uploads\/2022\/05\/festivals-independants-180x180.png\" class=\"attachment-square size-square\" alt=\"\" \/><\/div><div class='avia-testimonial-content '><div class='avia-testimonial-markup-entry-content'  itemprop=\"text\" ><p>Des festivals ouverts, soucieux de leur impact et appuy\u00e9s par une autre vision de l\u2019\u00e9conomie, plus humaine, plus sociale et plus solidaire.<\/p>\n<\/div><\/div><div class=\"avia-testimonial-meta\"><div class=\"avia-testimonial-arrow-wrap\"><div class=\"avia-arrow\"><\/div><\/div><div class='avia-testimonial-meta-mini'  itemprop=\"author\" itemscope=\"itemscope\" itemtype=\"https:\/\/schema.org\/Person\" ><strong  class='avia-testimonial-name'  itemprop=\"name\" >Festivals ind\u00e9pendants et non lucratifs<\/strong><span  class='avia-testimonial-subtitle '  itemprop=\"jobTitle\" >Syndicat des Musiques Actuelles<\/span><\/div><\/div><\/div><\/div>\n<div class='avia-testimonial av-of9mp-58b4609e8186085cb5ea2035e8d3f431 avia-testimonial-row-4 avia-last-testimonial flex_column no_margin av_one_half'><div class='avia-testimonial_inner'  itemscope=\"itemscope\" itemtype=\"https:\/\/schema.org\/CreativeWork\" ><div class='avia-testimonial-image'  itemprop=\"image\" ><img loading=\"lazy\" decoding=\"async\" width=\"180\" height=\"180\" src=\"http:\/\/mixarts.org\/association\/wp-content\/uploads\/2022\/05\/gaia-180x180.png\" class=\"attachment-square size-square\" alt=\"\" \/><\/div><div class='avia-testimonial-content '><div class='avia-testimonial-markup-entry-content'  itemprop=\"text\" ><p>Au service du territoire is\u00e9rois depuis 1998, GAIA soutient et donne les moyens d\u2019agir \u00e0 celles et ceux qui \u0153uvrent pour une \u00e9conomie de proximit\u00e9 et porteuse de sens.<\/p>\n<\/div><\/div><div class=\"avia-testimonial-meta\"><div class=\"avia-testimonial-arrow-wrap\"><div class=\"avia-arrow\"><\/div><\/div><div class='avia-testimonial-meta-mini'  itemprop=\"author\" itemscope=\"itemscope\" itemtype=\"https:\/\/schema.org\/Person\" ><strong  class='avia-testimonial-name'  itemprop=\"name\" >GAIA<\/strong><span  class='avia-testimonial-subtitle '  itemprop=\"jobTitle\" >Grenoble Alpes Initiative Active<\/span><\/div><\/div><\/div><\/div><\/section>\n<section class=\"avia-testimonial-row\"><div class='avia-testimonial av-5kbkld-1882d844bdffc9b68546f08e0ec8e42d avia-testimonial-row-5 avia-first-testimonial flex_column no_margin av_one_half'><div class='avia-testimonial_inner'  itemscope=\"itemscope\" itemtype=\"https:\/\/schema.org\/CreativeWork\" ><div class='avia-testimonial-content '><div class='avia-testimonial-markup-entry-content'  itemprop=\"text\" ><p>La <em>r\u00e9gion Auvergne Rh\u00f4ne Alpes<\/em> met \u00e0 disposition nombreuses aides et services.<\/p>\n<\/div><\/div><div class=\"avia-testimonial-meta\"><div class=\"avia-testimonial-arrow-wrap\"><div class=\"avia-arrow\"><\/div><\/div><div class='avia-testimonial-meta-mini'  itemprop=\"author\" itemscope=\"itemscope\" itemtype=\"https:\/\/schema.org\/Person\" ><strong  class='avia-testimonial-name'  itemprop=\"name\" >R\u00e9gion Rh\u00f4ne-Alpes Auvergne<\/strong><span  class='avia-testimonial-subtitle '  itemprop=\"jobTitle\" >Collectivit\u00e9 territoriale <\/span><\/div><\/div><\/div><\/div>\n<div class='avia-testimonial av-3ike69-481715dfa28e0f02150af6d269ca4719 avia-testimonial-row-5 avia-last-testimonial flex_column no_margin av_one_half'><div class='avia-testimonial_inner'  itemscope=\"itemscope\" itemtype=\"https:\/\/schema.org\/CreativeWork\" ><div class='avia-testimonial-image'  itemprop=\"image\" ><img loading=\"lazy\" decoding=\"async\" width=\"180\" height=\"180\" src=\"http:\/\/mixarts.org\/association\/wp-content\/uploads\/2022\/05\/cnm-180x180.png\" class=\"attachment-square size-square\" alt=\"\" \/><\/div><div class='avia-testimonial-content '><div class='avia-testimonial-markup-entry-content'  itemprop=\"text\" ><p>Le\u00a0<em>CNM<\/em>\u00a0a pour mission de soutenir les professionnels de la musique et des vari\u00e9t\u00e9s dans leur d\u00e9veloppement en France et \u00e0 l&#8217;international.<\/p>\n<\/div><\/div><div class=\"avia-testimonial-meta\"><div class=\"avia-testimonial-arrow-wrap\"><div class=\"avia-arrow\"><\/div><\/div><div class='avia-testimonial-meta-mini'  itemprop=\"author\" itemscope=\"itemscope\" itemtype=\"https:\/\/schema.org\/Person\" ><strong  class='avia-testimonial-name'  itemprop=\"name\" >CNM<\/strong><span  class='avia-testimonial-subtitle '  itemprop=\"jobTitle\" >Centre National de la Musique <\/span><\/div><\/div><\/div><\/div><\/section>\n<section class=\"avia-testimonial-row\"><div class='avia-testimonial av-2n8clt-395963cddb439f422827d8deb7a6c362 avia-testimonial-row-6 avia-first-testimonial flex_column no_margin av_one_half'><div class='avia-testimonial_inner'  itemscope=\"itemscope\" itemtype=\"https:\/\/schema.org\/CreativeWork\" ><div class='avia-testimonial-image'  itemprop=\"image\" ><img loading=\"lazy\" decoding=\"async\" width=\"180\" height=\"180\" src=\"http:\/\/mixarts.org\/association\/wp-content\/uploads\/2022\/05\/sacem-180x180.png\" class=\"attachment-square size-square\" alt=\"\" \/><\/div><div class='avia-testimonial-content '><div class='avia-testimonial-markup-entry-content'  itemprop=\"text\" ><p>La musique accompagne nos vies et depuis 1851, la\u00a0<em>Sacem<\/em>\u00a0accompagne celles et ceux qui la cr\u00e9ent : auteurs, compositeurs et \u00e9diteurs.<\/p>\n<\/div><\/div><div class=\"avia-testimonial-meta\"><div class=\"avia-testimonial-arrow-wrap\"><div class=\"avia-arrow\"><\/div><\/div><div class='avia-testimonial-meta-mini'  itemprop=\"author\" itemscope=\"itemscope\" itemtype=\"https:\/\/schema.org\/Person\" ><strong  class='avia-testimonial-name'  itemprop=\"name\" >SACEM<\/strong><span  class='avia-testimonial-subtitle '  itemprop=\"jobTitle\" >Soci\u00e9t\u00e9 des auteurs, compositeurs et \u00e9diteurs de musique<\/span><\/div><\/div><\/div><\/div>\n<\/section><\/div><\/p>\n<\/div><\/div>\n<\/div>\n","protected":false},"excerpt":{"rendered":"","protected":false},"author":1,"featured_media":0,"parent":0,"menu_order":0,"comment_status":"closed","ping_status":"closed","template":"","meta":{"_monsterinsights_skip_tracking":false,"_monsterinsights_sitenote_active":false,"_monsterinsights_sitenote_note":"","_monsterinsights_sitenote_category":0,"footnotes":""},"class_list":["post-3105","page","type-page","status-publish","hentry"],"aioseo_notices":[],"_links":{"self":[{"href":"http:\/\/mixarts.org\/association\/wp-json\/wp\/v2\/pages\/3105","targetHints":{"allow":["GET"]}}],"collection":[{"href":"http:\/\/mixarts.org\/association\/wp-json\/wp\/v2\/pages"}],"about":[{"href":"http:\/\/mixarts.org\/association\/wp-json\/wp\/v2\/types\/page"}],"author":[{"embeddable":true,"href":"http:\/\/mixarts.org\/association\/wp-json\/wp\/v2\/users\/1"}],"replies":[{"embeddable":true,"href":"http:\/\/mixarts.org\/association\/wp-json\/wp\/v2\/comments?post=3105"}],"version-history":[{"count":65,"href":"http:\/\/mixarts.org\/association\/wp-json\/wp\/v2\/pages\/3105\/revisions"}],"predecessor-version":[{"id":4807,"href":"http:\/\/mixarts.org\/association\/wp-json\/wp\/v2\/pages\/3105\/revisions\/4807"}],"wp:attachment":[{"href":"http:\/\/mixarts.org\/association\/wp-json\/wp\/v2\/media?parent=3105"}],"curies":[{"name":"wp","href":"https:\/\/api.w.org\/{rel}","templated":true}]}}