{"id":5091,"date":"2023-06-08T11:06:40","date_gmt":"2023-06-08T10:06:40","guid":{"rendered":"https:\/\/mixarts.org\/association\/?page_id=5091"},"modified":"2026-01-20T15:01:02","modified_gmt":"2026-01-20T14:01:02","slug":"archives","status":"publish","type":"page","link":"https:\/\/mixarts.org\/association\/archives\/","title":{"rendered":"Archives"},"content":{"rendered":"<div id='full_slider_1'  class='avia-fullwidth-slider main_color avia-shadow   avia-builder-el-0  el_before_av_one_full  avia-builder-el-first   container_wrap fullsize'  ><div  class='avia-slideshow av-7q5tr7-493d82059a1c30810dd94496e719a59a avia-slideshow-featured av_slideshow_full avia-slide-slider av-slideshow-ui av-control-default av-slideshow-manual av-loop-once av-loop-manual-endless av-default-height-applied   avia-slideshow-1' data-slideshow-options=\"{&quot;animation&quot;:&quot;slide&quot;,&quot;autoplay&quot;:false,&quot;loop_autoplay&quot;:&quot;once&quot;,&quot;interval&quot;:5,&quot;loop_manual&quot;:&quot;manual-endless&quot;,&quot;autoplay_stopper&quot;:false,&quot;noNavigation&quot;:false,&quot;bg_slider&quot;:false,&quot;keep_padding&quot;:false,&quot;hoverpause&quot;:false,&quot;show_slide_delay&quot;:0}\"  itemprop=\"image\" itemscope=\"itemscope\" itemtype=\"https:\/\/schema.org\/ImageObject\" ><ul class='avia-slideshow-inner ' style='padding-bottom: 13.425925925926%;'><li  class='avia-slideshow-slide av-7q5tr7-493d82059a1c30810dd94496e719a59a__0  av-single-slide slide-1 slide-odd'><div data-rel='slideshow-1' class='avia-slide-wrap '   ><img fetchpriority=\"high\" class=\"wp-image-1671 avia-img-lazy-loading-not-1671\"  src='https:\/\/mixarts.org\/association\/wp-content\/uploads\/2020\/03\/agenda.jpg' width='1080' height='145' title='agenda' alt=''  itemprop=\"thumbnailUrl\"   \/><\/div><\/li><\/ul><\/div><\/div><div id='after_full_slider_1'  class='main_color av_default_container_wrap container_wrap fullsize'  ><div class='container av-section-cont-open' ><div class='template-page content  av-content-full alpha units'><div class='post-entry post-entry-type-page post-entry-5091'><div class='entry-content-wrapper clearfix'>\n\n<style type=\"text\/css\" data-created_by=\"avia_inline_auto\" id=\"style-css-av-3ppmyr-5bb400b0a66dca1c865939cb9efbe080\">\n.flex_column.av-3ppmyr-5bb400b0a66dca1c865939cb9efbe080{\nborder-radius:0px 0px 0px 0px;\npadding:0px 0px 0px 0px;\n}\n<\/style>\n<div  class='flex_column av-3ppmyr-5bb400b0a66dca1c865939cb9efbe080 av_one_full  avia-builder-el-1  el_after_av_slideshow_full  el_before_av_slideshow_full  avia-builder-el-no-sibling  first flex_column_div av-zero-column-padding  '     ><div id='av-masonry-1' class='av-masonry av-limz1wfg-20af7da2d4476f63546e76501cec4b34 noHover av-fixed-size av-1px-gap av-hover-overlay-active av-masonry-animation-active av-masonry-col-flexible av-caption-always av-caption-style-overlay av-masonry-entries av-orientation-square ' data-post_id=\"5091\"><div class='av-masonry-sort main_color av-sort-yes' data-masonry-id='1' ><div class='av-sort-by-term  ' data-av-allowed-sort='[\"2014_sort\",\"2015_sort\",\"2016_sort\",\"2017_sort\",\"2018_sort\",\"2019_sort\",\"2020_sort\",\"2021_sort\",\"2022_sort\",\"2023_sort\",\"2024_sort\",\"2025_sort\",\"2026_sort\"]' ><a href=\"#\" data-filter=\"all_sort\" class=\"all_sort_button active_sort\"><span class=\"inner_sort_button\"><span>Tout<\/span><small class=\"avia-term-count\"> 181 <\/small><\/span><\/a><span class='text-sep 2014_sort_sep avia_show_sort'>\/<\/span><a href=\"#\" data-filter=\"2014_sort\" class=\"2014_sort_button avia_show_sort\" ><span class=\"inner_sort_button\"><span>2014<\/span><small class='avia-term-count'> 7 <\/small><\/span><\/a><span class='text-sep 2015_sort_sep avia_show_sort'>\/<\/span><a href=\"#\" data-filter=\"2015_sort\" class=\"2015_sort_button avia_show_sort\" ><span class=\"inner_sort_button\"><span>2015<\/span><small class='avia-term-count'> 14 <\/small><\/span><\/a><span class='text-sep 2016_sort_sep avia_show_sort'>\/<\/span><a href=\"#\" data-filter=\"2016_sort\" class=\"2016_sort_button avia_show_sort\" ><span class=\"inner_sort_button\"><span>2016<\/span><small class='avia-term-count'> 19 <\/small><\/span><\/a><span class='text-sep 2017_sort_sep avia_show_sort'>\/<\/span><a href=\"#\" data-filter=\"2017_sort\" class=\"2017_sort_button avia_show_sort\" ><span class=\"inner_sort_button\"><span>2017<\/span><small class='avia-term-count'> 13 <\/small><\/span><\/a><span class='text-sep 2018_sort_sep avia_show_sort'>\/<\/span><a href=\"#\" data-filter=\"2018_sort\" class=\"2018_sort_button avia_show_sort\" ><span class=\"inner_sort_button\"><span>2018<\/span><small class='avia-term-count'> 13 <\/small><\/span><\/a><span class='text-sep 2019_sort_sep avia_show_sort'>\/<\/span><a href=\"#\" data-filter=\"2019_sort\" class=\"2019_sort_button avia_show_sort\" ><span class=\"inner_sort_button\"><span>2019<\/span><small class='avia-term-count'> 9 <\/small><\/span><\/a><span class='text-sep 2020_sort_sep avia_show_sort'>\/<\/span><a href=\"#\" data-filter=\"2020_sort\" class=\"2020_sort_button avia_show_sort\" ><span class=\"inner_sort_button\"><span>2020<\/span><small class='avia-term-count'> 1 <\/small><\/span><\/a><span class='text-sep 2021_sort_sep avia_show_sort'>\/<\/span><a href=\"#\" data-filter=\"2021_sort\" class=\"2021_sort_button avia_show_sort\" ><span class=\"inner_sort_button\"><span>2021<\/span><small class='avia-term-count'> 11 <\/small><\/span><\/a><span class='text-sep 2022_sort_sep avia_show_sort'>\/<\/span><a href=\"#\" data-filter=\"2022_sort\" class=\"2022_sort_button avia_show_sort\" ><span class=\"inner_sort_button\"><span>2022<\/span><small class='avia-term-count'> 17 <\/small><\/span><\/a><span class='text-sep 2023_sort_sep avia_show_sort'>\/<\/span><a href=\"#\" data-filter=\"2023_sort\" class=\"2023_sort_button avia_show_sort\" ><span class=\"inner_sort_button\"><span>2023<\/span><small class='avia-term-count'> 21 <\/small><\/span><\/a><span class='text-sep 2024_sort_sep avia_show_sort'>\/<\/span><a href=\"#\" data-filter=\"2024_sort\" class=\"2024_sort_button avia_show_sort\" ><span class=\"inner_sort_button\"><span>2024<\/span><small class='avia-term-count'> 24 <\/small><\/span><\/a><span class='text-sep 2025_sort_sep avia_show_sort'>\/<\/span><a href=\"#\" data-filter=\"2025_sort\" class=\"2025_sort_button avia_show_sort\" ><span class=\"inner_sort_button\"><span>2025<\/span><small class='avia-term-count'> 25 <\/small><\/span><\/a><span class='text-sep 2026_sort_sep avia_show_sort'>\/<\/span><a href=\"#\" data-filter=\"2026_sort\" class=\"2026_sort_button avia_show_sort\" ><span class=\"inner_sort_button\"><span>2026<\/span><small class='avia-term-count'> 7 <\/small><\/span><\/a><span class='text-sep blb-jour_sort_sep avia_hide_sort'>\/<\/span><a href=\"#\" data-filter=\"blb-jour_sort\" class=\"blb-jour_sort_button avia_hide_sort\" ><span class=\"inner_sort_button\"><span>BLB jour<\/span><small class='avia-term-count'> 0 <\/small><\/span><\/a><span class='text-sep cie_sort_sep avia_hide_sort'>\/<\/span><a href=\"#\" data-filter=\"cie_sort\" class=\"cie_sort_button avia_hide_sort\" ><span class=\"inner_sort_button\"><span>cie<\/span><small class='avia-term-count'> 0 <\/small><\/span><\/a><span class='text-sep compagnies_sort_sep avia_hide_sort'>\/<\/span><a href=\"#\" data-filter=\"compagnies_sort\" class=\"compagnies_sort_button avia_hide_sort\" ><span class=\"inner_sort_button\"><span>COMPAGNIES<\/span><small class='avia-term-count'> 0 <\/small><\/span><\/a><span class='text-sep concert_sort_sep avia_hide_sort'>\/<\/span><a href=\"#\" data-filter=\"concert_sort\" class=\"concert_sort_button avia_hide_sort\" ><span class=\"inner_sort_button\"><span>Concert<\/span><small class='avia-term-count'> 0 <\/small><\/span><\/a><span class='text-sep educ-pop_sort_sep avia_hide_sort'>\/<\/span><a href=\"#\" data-filter=\"educ-pop_sort\" class=\"educ-pop_sort_button avia_hide_sort\" ><span class=\"inner_sort_button\"><span>Educ Pop<\/span><small class='avia-term-count'> 0 <\/small><\/span><\/a><span class='text-sep evenement_sort_sep avia_hide_sort'>\/<\/span><a href=\"#\" data-filter=\"evenement_sort\" class=\"evenement_sort_button avia_hide_sort\" ><span class=\"inner_sort_button\"><span>\u00c9v\u00e9nement<\/span><small class='avia-term-count'> 0 <\/small><\/span><\/a><span class='text-sep groupes-de-musique_sort_sep avia_hide_sort'>\/<\/span><a href=\"#\" data-filter=\"groupes-de-musique_sort\" class=\"groupes-de-musique_sort_button avia_hide_sort\" ><span class=\"inner_sort_button\"><span>GROUPES DE MUSIQUE<\/span><small class='avia-term-count'> 0 <\/small><\/span><\/a><span class='text-sep mb-jours_sort_sep avia_hide_sort'>\/<\/span><a href=\"#\" data-filter=\"mb-jours_sort\" class=\"mb-jours_sort_button avia_hide_sort\" ><span class=\"inner_sort_button\"><span>MB jours<\/span><small class='avia-term-count'> 0 <\/small><\/span><\/a><span class='text-sep non-classe_sort_sep avia_hide_sort'>\/<\/span><a href=\"#\" data-filter=\"non-classe_sort\" class=\"non-classe_sort_button avia_hide_sort\" ><span class=\"inner_sort_button\"><span>Non class\u00e9<\/span><small class='avia-term-count'> 0 <\/small><\/span><\/a><span class='text-sep spectacle_sort_sep avia_hide_sort'>\/<\/span><a href=\"#\" data-filter=\"spectacle_sort\" class=\"spectacle_sort_button avia_hide_sort\" ><span class=\"inner_sort_button\"><span>Spectacle<\/span><small class='avia-term-count'> 0 <\/small><\/span><\/a><\/div><\/div><div class=\"av-masonry-container isotope av-js-disabled\"><div class='av-masonry-entry isotope-item av-masonry-item-no-image all_sort 2026_sort  2025_sort  2024_sort  2023_sort  2022_sort  2021_sort  2020_sort  2019_sort  2018_sort  2017_sort  2016_sort  2015_sort  2014_sort '><\/div><a href=\"https:\/\/mixarts.org\/association\/2026\/29-04-sheila\/\"  id='av-masonry-1-item-7783' data-av-masonry-item='7783' class='av-masonry-entry isotope-item post-7783 post type-post status-publish format-standard has-post-thumbnail hentry category-208 all_sort 2026_sort  av-masonry-item-with-image' title=\"Sheila(1)\"   itemscope=\"itemscope\" itemtype=\"https:\/\/schema.org\/CreativeWork\" ><div class='av-inner-masonry-sizer'><\/div><figure class='av-inner-masonry main_color'><div class=\"av-masonry-outerimage-container\"><div class='av-masonry-image-container' style=\"background-image: url(https:\/\/mixarts.org\/association\/wp-content\/uploads\/2025\/06\/Sheila1-705x705.jpg);\"  title=\"Sheila(1)\"  ><\/div><\/div><figcaption class='av-inner-masonry-content site-background'><div class='av-inner-masonry-content-pos'><div class='av-inner-masonry-content-pos-content'><div class='avia-arrow'><\/div><h3 class='av-masonry-entry-title entry-title '  itemprop=\"headline\" >29\/04 \u2013 SHEILA<\/h3><span class='av-masonry-date meta-color updated'>24 juin 2025<\/span><span class=\"av-masonry-text-sep text-sep-author\">\/<\/span><span class='av-masonry-author meta-color author'><span class='fn'>par mixartsasso<\/span><\/span><\/div><\/div><\/figcaption><\/figure><\/a><!--end av-masonry entry--><a href=\"https:\/\/mixarts.org\/association\/2026\/25-04-isha-limsa-daulnay\/\"  id='av-masonry-1-item-8327' data-av-masonry-item='8327' class='av-masonry-entry isotope-item post-8327 post type-post status-publish format-standard has-post-thumbnail hentry category-208 all_sort 2026_sort  av-masonry-item-with-image' title=\"ISHA X LIMSA DAULNAY\"   itemscope=\"itemscope\" itemtype=\"https:\/\/schema.org\/CreativeWork\" ><div class='av-inner-masonry-sizer'><\/div><figure class='av-inner-masonry main_color'><div class=\"av-masonry-outerimage-container\"><div class='av-masonry-image-container' style=\"background-image: url(https:\/\/mixarts.org\/association\/wp-content\/uploads\/2025\/12\/ISHA-X-LIMSA-2-\u00a9-Romain-Garcin-scaled-e1765881031775-632x705.jpg);\"  title=\"ISHA X LIMSA DAULNAY\"  ><\/div><\/div><figcaption class='av-inner-masonry-content site-background'><div class='av-inner-masonry-content-pos'><div class='av-inner-masonry-content-pos-content'><div class='avia-arrow'><\/div><h3 class='av-masonry-entry-title entry-title '  itemprop=\"headline\" >[COMPLET] 25\/04 &#8211; ISHA &#038; LIMSA D&#8217;AULNAY<\/h3><span class='av-masonry-date meta-color updated'>23 juin 2025<\/span><span class=\"av-masonry-text-sep text-sep-author\">\/<\/span><span class='av-masonry-author meta-color author'><span class='fn'>par mixartsasso<\/span><\/span><\/div><\/div><\/figcaption><\/figure><\/a><!--end av-masonry entry--><a href=\"https:\/\/mixarts.org\/association\/2026\/06-03-grands-garcons-jason-brokerss\/\"  id='av-masonry-1-item-7875' data-av-masonry-item='7875' class='av-masonry-entry isotope-item post-7875 post type-post status-publish format-standard has-post-thumbnail hentry category-208 all_sort 2026_sort  av-masonry-item-with-image' title=\"Jason Brokerss2\"   itemscope=\"itemscope\" itemtype=\"https:\/\/schema.org\/CreativeWork\" ><div class='av-inner-masonry-sizer'><\/div><figure class='av-inner-masonry main_color'><div class=\"av-masonry-outerimage-container\"><div class='av-masonry-image-container' style=\"background-image: url(https:\/\/mixarts.org\/association\/wp-content\/uploads\/2025\/06\/Jason-Brokerss2-705x705.jpg);\"  title=\"Jason Brokerss2\"  ><\/div><\/div><figcaption class='av-inner-masonry-content site-background'><div class='av-inner-masonry-content-pos'><div class='av-inner-masonry-content-pos-content'><div class='avia-arrow'><\/div><h3 class='av-masonry-entry-title entry-title '  itemprop=\"headline\" >06\/03 \u2013 \u00ab GRANDS GAR\u00c7ONS \u00bb JASON BROKERSS<\/h3><span class='av-masonry-date meta-color updated'>20 juin 2025<\/span><span class=\"av-masonry-text-sep text-sep-author\">\/<\/span><span class='av-masonry-author meta-color author'><span class='fn'>par mixartsasso<\/span><\/span><\/div><\/div><\/figcaption><\/figure><\/a><!--end av-masonry entry--><a href=\"https:\/\/mixarts.org\/association\/2026\/04-03-cie-le-thyase\/\"  id='av-masonry-1-item-8298' data-av-masonry-item='8298' class='av-masonry-entry isotope-item post-8298 post type-post status-publish format-standard has-post-thumbnail hentry category-208 all_sort 2026_sort  av-masonry-item-with-image' title=\"Le Thyase2\"   itemscope=\"itemscope\" itemtype=\"https:\/\/schema.org\/CreativeWork\" ><div class='av-inner-masonry-sizer'><\/div><figure class='av-inner-masonry main_color'><div class=\"av-masonry-outerimage-container\"><div class='av-masonry-image-container' style=\"background-image: url(https:\/\/mixarts.org\/association\/wp-content\/uploads\/2025\/11\/Le-Thyase2-705x705.jpg);\"  title=\"Le Thyase2\"  ><\/div><\/div><figcaption class='av-inner-masonry-content site-background'><div class='av-inner-masonry-content-pos'><div class='av-inner-masonry-content-pos-content'><div class='avia-arrow'><\/div><h3 class='av-masonry-entry-title entry-title '  itemprop=\"headline\" >04\/03 \u2013 \u00ab PILULE ROUGE \u00bb CIE LE THYASE<\/h3><span class='av-masonry-date meta-color updated'>19 juin 2025<\/span><span class=\"av-masonry-text-sep text-sep-author\">\/<\/span><span class='av-masonry-author meta-color author'><span class='fn'>par mixartsasso<\/span><\/span><\/div><\/div><\/figcaption><\/figure><\/a><!--end av-masonry entry--><a href=\"https:\/\/mixarts.org\/association\/2026\/17-01-kemmler\/\"  id='av-masonry-1-item-7758' data-av-masonry-item='7758' class='av-masonry-entry isotope-item post-7758 post type-post status-publish format-standard has-post-thumbnail hentry category-208 all_sort 2026_sort  av-masonry-item-with-image' title=\"FINAL@yo0ujo_Kemmler-Cover-FINAL\"   itemscope=\"itemscope\" itemtype=\"https:\/\/schema.org\/CreativeWork\" ><div class='av-inner-masonry-sizer'><\/div><figure class='av-inner-masonry main_color'><div class=\"av-masonry-outerimage-container\"><div class='av-masonry-image-container' style=\"background-image: url(https:\/\/mixarts.org\/association\/wp-content\/uploads\/2025\/06\/FINAL@yo0ujo_Kemmler-Cover-FINAL-scaled.jpeg);\"  title=\"FINAL@yo0ujo_Kemmler-Cover-FINAL\"  ><\/div><\/div><figcaption class='av-inner-masonry-content site-background'><div class='av-inner-masonry-content-pos'><div class='av-inner-masonry-content-pos-content'><div class='avia-arrow'><\/div><h3 class='av-masonry-entry-title entry-title '  itemprop=\"headline\" >17\/01 \u2013 KEMMLER + NEMO NEBBIA<\/h3><span class='av-masonry-date meta-color updated'>12 juin 2025<\/span><span class=\"av-masonry-text-sep text-sep-author\">\/<\/span><span class='av-masonry-author meta-color author'><span class='fn'>par mixartsasso<\/span><\/span><\/div><\/div><\/figcaption><\/figure><\/a><!--end av-masonry entry--><a href=\"https:\/\/mixarts.org\/association\/2026\/15-17-01-pierre-emmanuel-barre\/\"  id='av-masonry-1-item-7815' data-av-masonry-item='7815' class='av-masonry-entry isotope-item post-7815 post type-post status-publish format-standard has-post-thumbnail hentry category-208 all_sort 2026_sort  av-masonry-item-with-image' title=\"PEB\"   itemscope=\"itemscope\" itemtype=\"https:\/\/schema.org\/CreativeWork\" ><div class='av-inner-masonry-sizer'><\/div><figure class='av-inner-masonry main_color'><div class=\"av-masonry-outerimage-container\"><div class='av-masonry-image-container' style=\"background-image: url(https:\/\/mixarts.org\/association\/wp-content\/uploads\/2025\/06\/PEB2-705x705.jpg);\"  title=\"PEB\"  ><\/div><\/div><figcaption class='av-inner-masonry-content site-background'><div class='av-inner-masonry-content-pos'><div class='av-inner-masonry-content-pos-content'><div class='avia-arrow'><\/div><h3 class='av-masonry-entry-title entry-title '  itemprop=\"headline\" >15-17\/01 \u2013 \u00ab COME-BACK \u00bb PIERRE-EMMANUEL BARR\u00c9 [COMPLET]<\/h3><span class='av-masonry-date meta-color updated'>11 juin 2025<\/span><span class=\"av-masonry-text-sep text-sep-author\">\/<\/span><span class='av-masonry-author meta-color author'><span class='fn'>par mixartsasso<\/span><\/span><\/div><\/div><\/figcaption><\/figure><\/a><!--end av-masonry entry--><a href=\"https:\/\/mixarts.org\/association\/2026\/11-04-leandre-clown\/\"  id='av-masonry-1-item-8755' data-av-masonry-item='8755' class='av-masonry-entry isotope-item post-8755 post type-post status-publish format-standard has-post-thumbnail hentry category-208 all_sort 2026_sort  av-masonry-item-with-image' title=\"L\u00e9andre Clown Post\"   itemscope=\"itemscope\" itemtype=\"https:\/\/schema.org\/CreativeWork\" ><div class='av-inner-masonry-sizer'><\/div><figure class='av-inner-masonry main_color'><div class=\"av-masonry-outerimage-container\"><div class='av-masonry-image-container' style=\"background-image: url(https:\/\/mixarts.org\/association\/wp-content\/uploads\/2026\/04\/Leandre-Clown-Post-705x705.jpg);\"  title=\"L\u00e9andre Clown Post\"  ><\/div><\/div><figcaption class='av-inner-masonry-content site-background'><div class='av-inner-masonry-content-pos'><div class='av-inner-masonry-content-pos-content'><div class='avia-arrow'><\/div><h3 class='av-masonry-entry-title entry-title '  itemprop=\"headline\" >11\/04 &#8211; L\u00e9andre Clown   10 JOURS DE LA CULTURE<\/h3><span class='av-masonry-date meta-color updated'>3 juin 2025<\/span><span class=\"av-masonry-text-sep text-sep-author\">\/<\/span><span class='av-masonry-author meta-color author'><span class='fn'>par mixartsasso<\/span><\/span><\/div><\/div><\/figcaption><\/figure><\/a><!--end av-masonry entry--><a href=\"https:\/\/mixarts.org\/association\/2025\/11-12-djamil-le-shlag\/\"  id='av-masonry-1-item-7830' data-av-masonry-item='7830' class='av-masonry-entry isotope-item post-7830 post type-post status-publish format-standard has-post-thumbnail hentry category-205 all_sort 2025_sort  av-masonry-item-with-image' title=\"Djamil le Shlag\"   itemscope=\"itemscope\" itemtype=\"https:\/\/schema.org\/CreativeWork\" ><div class='av-inner-masonry-sizer'><\/div><figure class='av-inner-masonry main_color'><div class=\"av-masonry-outerimage-container\"><div class='av-masonry-image-container' style=\"background-image: url(https:\/\/mixarts.org\/association\/wp-content\/uploads\/2025\/06\/Djamil-le-Shlag2-705x705.jpg);\"  title=\"Djamil le Shlag\"  ><\/div><\/div><figcaption class='av-inner-masonry-content site-background'><div class='av-inner-masonry-content-pos'><div class='av-inner-masonry-content-pos-content'><div class='avia-arrow'><\/div><h3 class='av-masonry-entry-title entry-title '  itemprop=\"headline\" >11\/12 \u2013 \u00ab EXODE(S) \u00bb DJAMIL LE SHLAG<\/h3><span class='av-masonry-date meta-color updated'>30 mai 2025<\/span><span class=\"av-masonry-text-sep text-sep-author\">\/<\/span><span class='av-masonry-author meta-color author'><span class='fn'>par mixartsasso<\/span><\/span><\/div><\/div><\/figcaption><\/figure><\/a><!--end av-masonry entry--><a href=\"https:\/\/mixarts.org\/association\/2025\/06-12-troisieme-quinquennat-les-goguettes\/\"  id='av-masonry-1-item-7867' data-av-masonry-item='7867' class='av-masonry-entry isotope-item post-7867 post type-post status-publish format-standard has-post-thumbnail hentry category-205 all_sort 2025_sort  av-masonry-item-with-image' title=\"Les Goguettes\"   itemscope=\"itemscope\" itemtype=\"https:\/\/schema.org\/CreativeWork\" ><div class='av-inner-masonry-sizer'><\/div><figure class='av-inner-masonry main_color'><div class=\"av-masonry-outerimage-container\"><div class='av-masonry-image-container' style=\"background-image: url(https:\/\/mixarts.org\/association\/wp-content\/uploads\/2025\/07\/Les-Goguettes2-705x705.jpg);\"  title=\"Les Goguettes\"  ><\/div><\/div><figcaption class='av-inner-masonry-content site-background'><div class='av-inner-masonry-content-pos'><div class='av-inner-masonry-content-pos-content'><div class='avia-arrow'><\/div><h3 class='av-masonry-entry-title entry-title '  itemprop=\"headline\" >06\/12 \u2013 \u00ab TROISI\u00c8ME QUINQUENNAT \u00bb LES GOGUETTES [COMPLET]<\/h3><span class='av-masonry-date meta-color updated'>29 mai 2025<\/span><span class=\"av-masonry-text-sep text-sep-author\">\/<\/span><span class='av-masonry-author meta-color author'><span class='fn'>par mixartsasso<\/span><\/span><\/div><\/div><\/figcaption><\/figure><\/a><!--end av-masonry entry--><a href=\"https:\/\/mixarts.org\/association\/2025\/05-12-florence-mendez\/\"  id='av-masonry-1-item-7834' data-av-masonry-item='7834' class='av-masonry-entry isotope-item post-7834 post type-post status-publish format-standard has-post-thumbnail hentry category-205 all_sort 2025_sort  av-masonry-item-with-image' title=\"Florence_Mendez\"   itemscope=\"itemscope\" itemtype=\"https:\/\/schema.org\/CreativeWork\" ><div class='av-inner-masonry-sizer'><\/div><figure class='av-inner-masonry main_color'><div class=\"av-masonry-outerimage-container\"><div class='av-masonry-image-container' style=\"background-image: url(https:\/\/mixarts.org\/association\/wp-content\/uploads\/2025\/06\/Florence_insta-36-564x705.jpg);\"  title=\"Florence_Mendez\"  ><\/div><\/div><figcaption class='av-inner-masonry-content site-background'><div class='av-inner-masonry-content-pos'><div class='av-inner-masonry-content-pos-content'><div class='avia-arrow'><\/div><h3 class='av-masonry-entry-title entry-title '  itemprop=\"headline\" >05\/12 \u2013 \u00ab D\u00c9LICATE \u00bb FLORENCE MENDEZ [COMPLET]<\/h3><span class='av-masonry-date meta-color updated'>28 mai 2025<\/span><span class=\"av-masonry-text-sep text-sep-author\">\/<\/span><span class='av-masonry-author meta-color author'><span class='fn'>par mixartsasso<\/span><\/span><\/div><\/div><\/figcaption><\/figure><\/a><!--end av-masonry entry--><a href=\"https:\/\/mixarts.org\/association\/2025\/22-11-les-garcons-bouchers\/\"  id='av-masonry-1-item-7773' data-av-masonry-item='7773' class='av-masonry-entry isotope-item post-7773 post type-post status-publish format-standard has-post-thumbnail hentry category-205 all_sort 2025_sort  av-masonry-item-with-image' title=\"Les Gar\u00e7ons Bouchers\"   itemscope=\"itemscope\" itemtype=\"https:\/\/schema.org\/CreativeWork\" ><div class='av-inner-masonry-sizer'><\/div><figure class='av-inner-masonry main_color'><div class=\"av-masonry-outerimage-container\"><div class='av-masonry-image-container' style=\"background-image: url(https:\/\/mixarts.org\/association\/wp-content\/uploads\/2025\/06\/Les-Garcons-Bouchers-\u00a9-Christophe-Crenel.jpg);\"  title=\"Les Gar\u00e7ons Bouchers\"  ><\/div><\/div><figcaption class='av-inner-masonry-content site-background'><div class='av-inner-masonry-content-pos'><div class='av-inner-masonry-content-pos-content'><div class='avia-arrow'><\/div><h3 class='av-masonry-entry-title entry-title '  itemprop=\"headline\" >22\/11 \u2013 LES GAR\u00c7ONS BOUCHERS + LES GARCES EMBOUCH\u00c9ES<\/h3><span class='av-masonry-date meta-color updated'>24 mai 2025<\/span><span class=\"av-masonry-text-sep text-sep-author\">\/<\/span><span class='av-masonry-author meta-color author'><span class='fn'>par mixartsasso<\/span><\/span><\/div><\/div><\/figcaption><\/figure><\/a><!--end av-masonry entry--><a href=\"https:\/\/mixarts.org\/association\/2025\/21-11-joe-bel-anita-dongilli\/\"  id='av-masonry-1-item-7802' data-av-masonry-item='7802' class='av-masonry-entry isotope-item post-7802 post type-post status-publish format-standard has-post-thumbnail hentry category-205 all_sort 2025_sort  av-masonry-item-with-image' title=\"JoeBel\"   itemscope=\"itemscope\" itemtype=\"https:\/\/schema.org\/CreativeWork\" ><div class='av-inner-masonry-sizer'><\/div><figure class='av-inner-masonry main_color'><div class=\"av-masonry-outerimage-container\"><div class='av-masonry-image-container' style=\"background-image: url(https:\/\/mixarts.org\/association\/wp-content\/uploads\/2025\/06\/V1-OK-Sarah-Balladere-scaled.jpg);\"  title=\"JoeBel\"  ><\/div><\/div><figcaption class='av-inner-masonry-content site-background'><div class='av-inner-masonry-content-pos'><div class='av-inner-masonry-content-pos-content'><div class='avia-arrow'><\/div><h3 class='av-masonry-entry-title entry-title '  itemprop=\"headline\" >21\/11 \u2013 JOE BEL + ANITA DONGILLI<\/h3><span class='av-masonry-date meta-color updated'>23 mai 2025<\/span><span class=\"av-masonry-text-sep text-sep-author\">\/<\/span><span class='av-masonry-author meta-color author'><span class='fn'>par mixartsasso<\/span><\/span><\/div><\/div><\/figcaption><\/figure><\/a><!--end av-masonry entry--><a href=\"https:\/\/mixarts.org\/association\/2025\/19-11-youssoupha\/\"  id='av-masonry-1-item-7464' data-av-masonry-item='7464' class='av-masonry-entry isotope-item post-7464 post type-post status-publish format-standard has-post-thumbnail hentry category-205 all_sort 2025_sort  av-masonry-item-with-image' title=\"Youssoupha-2\"   itemscope=\"itemscope\" itemtype=\"https:\/\/schema.org\/CreativeWork\" ><div class='av-inner-masonry-sizer'><\/div><figure class='av-inner-masonry main_color'><div class=\"av-masonry-outerimage-container\"><div class='av-masonry-image-container' style=\"background-image: url(https:\/\/mixarts.org\/association\/wp-content\/uploads\/2025\/04\/Youssoupha-2-705x705.jpg);\"  title=\"Youssoupha-2\"  ><\/div><\/div><figcaption class='av-inner-masonry-content site-background'><div class='av-inner-masonry-content-pos'><div class='av-inner-masonry-content-pos-content'><div class='avia-arrow'><\/div><h3 class='av-masonry-entry-title entry-title '  itemprop=\"headline\" >19\/11 \u2013 YOUSSOUPHA + JO\u00cf [COMPLET]<\/h3><span class='av-masonry-date meta-color updated'>24 avril 2025<\/span><span class=\"av-masonry-text-sep text-sep-author\">\/<\/span><span class='av-masonry-author meta-color author'><span class='fn'>par mixartsasso<\/span><\/span><\/div><\/div><\/figcaption><\/figure><\/a><!--end av-masonry entry--><a href=\"https:\/\/mixarts.org\/association\/2025\/13-11-hommage-a-kurt-cobain-come-as-you-are\/\"  id='av-masonry-1-item-7823' data-av-masonry-item='7823' class='av-masonry-entry isotope-item post-7823 post type-post status-publish format-standard has-post-thumbnail hentry category-205 all_sort 2025_sort  av-masonry-item-with-image' title=\"Hommage \u00e0 Kurt Cobain\"   itemscope=\"itemscope\" itemtype=\"https:\/\/schema.org\/CreativeWork\" ><div class='av-inner-masonry-sizer'><\/div><figure class='av-inner-masonry main_color'><div class=\"av-masonry-outerimage-container\"><div class='av-masonry-image-container' style=\"background-image: url(https:\/\/mixarts.org\/association\/wp-content\/uploads\/2025\/06\/Hommage-a-Kurt-Cobain2-705x705.jpg);\"  title=\"Hommage \u00e0 Kurt Cobain\"  ><\/div><\/div><figcaption class='av-inner-masonry-content site-background'><div class='av-inner-masonry-content-pos'><div class='av-inner-masonry-content-pos-content'><div class='avia-arrow'><\/div><h3 class='av-masonry-entry-title entry-title '  itemprop=\"headline\" >13\/11 \u2013 HOMMAGE \u00c0 KURT COBAIN \u00ab COME AS YOU ARE \u00bb<\/h3><span class='av-masonry-date meta-color updated'>23 avril 2025<\/span><span class=\"av-masonry-text-sep text-sep-author\">\/<\/span><span class='av-masonry-author meta-color author'><span class='fn'>par mixartsasso<\/span><\/span><\/div><\/div><\/figcaption><\/figure><\/a><!--end av-masonry entry--><a href=\"https:\/\/mixarts.org\/association\/2025\/12-11-medine\/\"  id='av-masonry-1-item-7752' data-av-masonry-item='7752' class='av-masonry-entry isotope-item post-7752 post type-post status-publish format-standard has-post-thumbnail hentry category-205 all_sort 2025_sort  av-masonry-item-with-image' title=\"M\u00e9dine\"   itemscope=\"itemscope\" itemtype=\"https:\/\/schema.org\/CreativeWork\" ><div class='av-inner-masonry-sizer'><\/div><figure class='av-inner-masonry main_color'><div class=\"av-masonry-outerimage-container\"><div class='av-masonry-image-container' style=\"background-image: url(https:\/\/mixarts.org\/association\/wp-content\/uploads\/2025\/06\/Medine-2-705x705.jpg);\"  title=\"M\u00e9dine\"  ><\/div><\/div><figcaption class='av-inner-masonry-content site-background'><div class='av-inner-masonry-content-pos'><div class='av-inner-masonry-content-pos-content'><div class='avia-arrow'><\/div><h3 class='av-masonry-entry-title entry-title '  itemprop=\"headline\" >12\/11 \u2013 M\u00c9DINE + TOERA [COMPLET]<\/h3><span class='av-masonry-date meta-color updated'>22 avril 2025<\/span><span class=\"av-masonry-text-sep text-sep-author\">\/<\/span><span class='av-masonry-author meta-color author'><span class='fn'>par mixartsasso<\/span><\/span><\/div><\/div><\/figcaption><\/figure><\/a><!--end av-masonry entry--><a href=\"https:\/\/mixarts.org\/association\/2025\/25-10-soiree-petit-bistro\/\"  id='av-masonry-1-item-8239' data-av-masonry-item='8239' class='av-masonry-entry isotope-item post-8239 post type-post status-publish format-standard has-post-thumbnail hentry category-205 all_sort 2025_sort  av-masonry-item-with-image' title=\"Looz and Jay\"   itemscope=\"itemscope\" itemtype=\"https:\/\/schema.org\/CreativeWork\" ><div class='av-inner-masonry-sizer'><\/div><figure class='av-inner-masonry main_color'><div class=\"av-masonry-outerimage-container\"><div class='av-masonry-image-container' style=\"background-image: url(https:\/\/mixarts.org\/association\/wp-content\/uploads\/2025\/04\/505808428_3979737502290903_2233296415103696784_n-e1761057069928-705x705.jpg);\"  title=\"Looz and Jay\"  ><\/div><\/div><figcaption class='av-inner-masonry-content site-background'><div class='av-inner-masonry-content-pos'><div class='av-inner-masonry-content-pos-content'><div class='avia-arrow'><\/div><h3 class='av-masonry-entry-title entry-title '  itemprop=\"headline\" >25\/10 \u2013 SOIR\u00c9E AU PETIT BISTRO<\/h3><span class='av-masonry-date meta-color updated'>20 avril 2025<\/span><span class=\"av-masonry-text-sep text-sep-author\">\/<\/span><span class='av-masonry-author meta-color author'><span class='fn'>par mixartsasso<\/span><\/span><\/div><\/div><\/figcaption><\/figure><\/a><!--end av-masonry entry--><a href=\"https:\/\/mixarts.org\/association\/2025\/11-10-senoi-party\/\"  id='av-masonry-1-item-8206' data-av-masonry-item='8206' class='av-masonry-entry isotope-item post-8206 post type-post status-publish format-standard has-post-thumbnail hentry category-205 all_sort 2025_sort  av-masonry-item-with-image' title=\"Carr\u00e9 Seno\u00ef\"   itemscope=\"itemscope\" itemtype=\"https:\/\/schema.org\/CreativeWork\" ><div class='av-inner-masonry-sizer'><\/div><figure class='av-inner-masonry main_color'><div class=\"av-masonry-outerimage-container\"><div class='av-masonry-image-container' style=\"background-image: url(https:\/\/mixarts.org\/association\/wp-content\/uploads\/2025\/10\/Carre-Senoi.jpg);\"  title=\"Carr\u00e9 Seno\u00ef\"  ><\/div><\/div><figcaption class='av-inner-masonry-content site-background'><div class='av-inner-masonry-content-pos'><div class='av-inner-masonry-content-pos-content'><div class='avia-arrow'><\/div><h3 class='av-masonry-entry-title entry-title '  itemprop=\"headline\" >11\/10 \u2013 SENO\u00cf PARTY<\/h3><span class='av-masonry-date meta-color updated'>6 avril 2025<\/span><span class=\"av-masonry-text-sep text-sep-author\">\/<\/span><span class='av-masonry-author meta-color author'><span class='fn'>par mixartsasso<\/span><\/span><\/div><\/div><\/figcaption><\/figure><\/a><!--end av-masonry entry--><a href=\"https:\/\/mixarts.org\/association\/2025\/09-10-jyeuhair\/\"  id='av-masonry-1-item-8139' data-av-masonry-item='8139' class='av-masonry-entry isotope-item post-8139 post type-post status-publish format-standard has-post-thumbnail hentry category-205 all_sort 2025_sort  av-masonry-item-with-image' title=\"Cover Album\"   itemscope=\"itemscope\" itemtype=\"https:\/\/schema.org\/CreativeWork\" ><div class='av-inner-masonry-sizer'><\/div><figure class='av-inner-masonry main_color'><div class=\"av-masonry-outerimage-container\"><div class='av-masonry-image-container' style=\"background-image: url(https:\/\/mixarts.org\/association\/wp-content\/uploads\/2025\/04\/Cover-Album.jpg);\"  title=\"Cover Album\"  ><\/div><\/div><figcaption class='av-inner-masonry-content site-background'><div class='av-inner-masonry-content-pos'><div class='av-inner-masonry-content-pos-content'><div class='avia-arrow'><\/div><h3 class='av-masonry-entry-title entry-title '  itemprop=\"headline\" >09\/10 \u2013 JYEUHAIR + L&#8217;AMISEUL + JORMUNN<\/h3><span class='av-masonry-date meta-color updated'>5 avril 2025<\/span><span class=\"av-masonry-text-sep text-sep-author\">\/<\/span><span class='av-masonry-author meta-color author'><span class='fn'>par mixartsasso<\/span><\/span><\/div><\/div><\/figcaption><\/figure><\/a><!--end av-masonry entry--><a href=\"https:\/\/mixarts.org\/association\/2025\/02-10-lwanbe\/\"  id='av-masonry-1-item-7790' data-av-masonry-item='7790' class='av-masonry-entry isotope-item post-7790 post type-post status-publish format-standard has-post-thumbnail hentry category-205 all_sort 2025_sort  av-masonry-item-with-image' title=\"cover-TANGANE-LWANBE\"   itemscope=\"itemscope\" itemtype=\"https:\/\/schema.org\/CreativeWork\" ><div class='av-inner-masonry-sizer'><\/div><figure class='av-inner-masonry main_color'><div class=\"av-masonry-outerimage-container\"><div class='av-masonry-image-container' style=\"background-image: url(https:\/\/mixarts.org\/association\/wp-content\/uploads\/2025\/06\/cover-TANGANE-LWANBE-\u00a9JustinVicat-Blanc1-scaled.jpg);\"  title=\"cover-TANGANE-LWANBE\"  ><\/div><\/div><figcaption class='av-inner-masonry-content site-background'><div class='av-inner-masonry-content-pos'><div class='av-inner-masonry-content-pos-content'><div class='avia-arrow'><\/div><h3 class='av-masonry-entry-title entry-title '  itemprop=\"headline\" >02\/10 \u2013 LWANBE<\/h3><span class='av-masonry-date meta-color updated'>2 avril 2025<\/span><span class=\"av-masonry-text-sep text-sep-author\">\/<\/span><span class='av-masonry-author meta-color author'><span class='fn'>par mixartsasso<\/span><\/span><\/div><\/div><\/figcaption><\/figure><\/a><!--end av-masonry entry--><a href=\"https:\/\/mixarts.org\/association\/2025\/26-09-evelyne-zou\/\"  id='av-masonry-1-item-8180' data-av-masonry-item='8180' class='av-masonry-entry isotope-item post-8180 post type-post status-publish format-standard has-post-thumbnail hentry category-205 all_sort 2025_sort  av-masonry-item-with-image' title=\"evelynezou\"   itemscope=\"itemscope\" itemtype=\"https:\/\/schema.org\/CreativeWork\" ><div class='av-inner-masonry-sizer'><\/div><figure class='av-inner-masonry main_color'><div class=\"av-masonry-outerimage-container\"><div class='av-masonry-image-container' style=\"background-image: url(https:\/\/mixarts.org\/association\/wp-content\/uploads\/2025\/09\/32c879_bb01118a5c6446c7ac4985cb54753818mv2.avif);\"  title=\"evelynezou\"  ><\/div><\/div><figcaption class='av-inner-masonry-content site-background'><div class='av-inner-masonry-content-pos'><div class='av-inner-masonry-content-pos-content'><div class='avia-arrow'><\/div><h3 class='av-masonry-entry-title entry-title '  itemprop=\"headline\" >26\/09 \u2013 EVELYNE ZOU<\/h3><span class='av-masonry-date meta-color updated'>2 avril 2025<\/span><span class=\"av-masonry-text-sep text-sep-author\">\/<\/span><span class='av-masonry-author meta-color author'><span class='fn'>par mixartsasso<\/span><\/span><\/div><\/div><\/figcaption><\/figure><\/a><!--end av-masonry entry--><a href=\"https:\/\/mixarts.org\/association\/2025\/17-20-09-festival-merci-bonsoir-10\/\"  id='av-masonry-1-item-8008' data-av-masonry-item='8008' class='av-masonry-entry isotope-item post-8008 post type-post status-publish format-standard has-post-thumbnail hentry category-205 all_sort 2025_sort  av-masonry-item-with-image' title=\"MB25\"   itemscope=\"itemscope\" itemtype=\"https:\/\/schema.org\/CreativeWork\" ><div class='av-inner-masonry-sizer'><\/div><figure class='av-inner-masonry main_color'><div class=\"av-masonry-outerimage-container\"><div class='av-masonry-image-container' style=\"background-image: url(https:\/\/mixarts.org\/association\/wp-content\/uploads\/2025\/07\/Hilight.jpg);\"  title=\"MB25\"  ><\/div><\/div><figcaption class='av-inner-masonry-content site-background'><div class='av-inner-masonry-content-pos'><div class='av-inner-masonry-content-pos-content'><div class='avia-arrow'><\/div><h3 class='av-masonry-entry-title entry-title '  itemprop=\"headline\" >17-20\/09 &#8211; FESTIVAL MERCI, BONSOIR ! #10<\/h3><span class='av-masonry-date meta-color updated'>1 avril 2025<\/span><span class=\"av-masonry-text-sep text-sep-author\">\/<\/span><span class='av-masonry-author meta-color author'><span class='fn'>par mixartsasso<\/span><\/span><\/div><\/div><\/figcaption><\/figure><\/a><!--end av-masonry entry--><a href=\"https:\/\/mixarts.org\/association\/2025\/12-09-pink-martini\/\"  id='av-masonry-1-item-7742' data-av-masonry-item='7742' class='av-masonry-entry isotope-item post-7742 post type-post status-publish format-standard has-post-thumbnail hentry category-205 all_sort 2025_sort  av-masonry-item-with-image' title=\"Pink Martini\"   itemscope=\"itemscope\" itemtype=\"https:\/\/schema.org\/CreativeWork\" ><div class='av-inner-masonry-sizer'><\/div><figure class='av-inner-masonry main_color'><div class=\"av-masonry-outerimage-container\"><div class='av-masonry-image-container' style=\"background-image: url(https:\/\/mixarts.org\/association\/wp-content\/uploads\/2025\/06\/Pink-Martini-1-705x705.jpg);\"  title=\"Pink Martini\"  ><\/div><\/div><figcaption class='av-inner-masonry-content site-background'><div class='av-inner-masonry-content-pos'><div class='av-inner-masonry-content-pos-content'><div class='avia-arrow'><\/div><h3 class='av-masonry-entry-title entry-title '  itemprop=\"headline\" >12\/09 \u2013 PINK MARTINI [COMPLET]<\/h3><span class='av-masonry-date meta-color updated'>28 mars 2025<\/span><span class=\"av-masonry-text-sep text-sep-author\">\/<\/span><span class='av-masonry-author meta-color author'><span class='fn'>par mixartsasso<\/span><\/span><\/div><\/div><\/figcaption><\/figure><\/a><!--end av-masonry entry--><a href=\"https:\/\/mixarts.org\/association\/2025\/27-06-arash-sarkechik\/\"  id='av-masonry-1-item-7395' data-av-masonry-item='7395' class='av-masonry-entry isotope-item post-7395 post type-post status-publish format-standard has-post-thumbnail hentry category-205 all_sort 2025_sort  av-masonry-item-with-image' title=\"ARASH SARKECHIK\"   itemscope=\"itemscope\" itemtype=\"https:\/\/schema.org\/CreativeWork\" ><div class='av-inner-masonry-sizer'><\/div><figure class='av-inner-masonry main_color'><div class=\"av-masonry-outerimage-container\"><div class='av-masonry-image-container' style=\"background-image: url(https:\/\/mixarts.org\/association\/wp-content\/uploads\/2025\/03\/ARASH-SARKECHIK-705x705.jpg);\"  title=\"ARASH SARKECHIK\"  ><\/div><\/div><figcaption class='av-inner-masonry-content site-background'><div class='av-inner-masonry-content-pos'><div class='av-inner-masonry-content-pos-content'><div class='avia-arrow'><\/div><h3 class='av-masonry-entry-title entry-title '  itemprop=\"headline\" >27\/06 \u2013 ARASH SARKECHIK<\/h3><span class='av-masonry-date meta-color updated'>27 mars 2025<\/span><span class=\"av-masonry-text-sep text-sep-author\">\/<\/span><span class='av-masonry-author meta-color author'><span class='fn'>par mixartsasso<\/span><\/span><\/div><\/div><\/figcaption><\/figure><\/a><!--end av-masonry entry--><a href=\"https:\/\/mixarts.org\/association\/2025\/17-06-shubiao-quartet\/\"  id='av-masonry-1-item-7724' data-av-masonry-item='7724' class='av-masonry-entry isotope-item post-7724 post type-post status-publish format-standard has-post-thumbnail hentry category-205 all_sort 2025_sort  av-masonry-item-with-image' title=\"SHUBIAO QUARTET\"   itemscope=\"itemscope\" itemtype=\"https:\/\/schema.org\/CreativeWork\" ><div class='av-inner-masonry-sizer'><\/div><figure class='av-inner-masonry main_color'><div class=\"av-masonry-outerimage-container\"><div class='av-masonry-image-container' style=\"background-image: url(https:\/\/mixarts.org\/association\/wp-content\/uploads\/2025\/03\/SHUBIAO-QUARTET-705x705.jpg);\"  title=\"SHUBIAO QUARTET\"  ><\/div><\/div><figcaption class='av-inner-masonry-content site-background'><div class='av-inner-masonry-content-pos'><div class='av-inner-masonry-content-pos-content'><div class='avia-arrow'><\/div><h3 class='av-masonry-entry-title entry-title '  itemprop=\"headline\" >17\/06 \u2013 SHUBIAO QUARTET<\/h3><span class='av-masonry-date meta-color updated'>27 mars 2025<\/span><span class=\"av-masonry-text-sep text-sep-author\">\/<\/span><span class='av-masonry-author meta-color author'><span class='fn'>par mixartsasso<\/span><\/span><\/div><\/div><\/figcaption><\/figure><\/a><!--end av-masonry entry--><a href=\"https:\/\/mixarts.org\/association\/2025\/12-06-juste-shani-holokid-joi\/\"  id='av-masonry-1-item-7382' data-av-masonry-item='7382' class='av-masonry-entry isotope-item post-7382 post type-post status-publish format-standard has-post-thumbnail hentry category-205 all_sort 2025_sort  av-masonry-item-with-image' title=\"Juste Shani\"   itemscope=\"itemscope\" itemtype=\"https:\/\/schema.org\/CreativeWork\" ><div class='av-inner-masonry-sizer'><\/div><figure class='av-inner-masonry main_color'><div class=\"av-masonry-outerimage-container\"><div class='av-masonry-image-container' style=\"background-image: url(https:\/\/mixarts.org\/association\/wp-content\/uploads\/2025\/03\/Juste-Shani-705x705.jpg);\"  title=\"Juste Shani\"  ><\/div><\/div><figcaption class='av-inner-masonry-content site-background'><div class='av-inner-masonry-content-pos'><div class='av-inner-masonry-content-pos-content'><div class='avia-arrow'><\/div><h3 class='av-masonry-entry-title entry-title '  itemprop=\"headline\" >12\/06 \u2013 JUSTE SHANI + T2LS + LOREN 6 + JO\u00cf<\/h3><span class='av-masonry-date meta-color updated'>26 mars 2025<\/span><span class=\"av-masonry-text-sep text-sep-author\">\/<\/span><span class='av-masonry-author meta-color author'><span class='fn'>par mixartsasso<\/span><\/span><\/div><\/div><\/figcaption><\/figure><\/a><!--end av-masonry entry--><a href=\"https:\/\/mixarts.org\/association\/2025\/festival-bien-lbourgeon-8\/\"  id='av-masonry-1-item-7113' data-av-masonry-item='7113' class='av-masonry-entry isotope-item post-7113 post type-post status-publish format-standard has-post-thumbnail hentry category-205 all_sort 2025_sort  av-masonry-item-with-image' title=\"Bien l&#8217;Bourgeon #8\"   itemscope=\"itemscope\" itemtype=\"https:\/\/schema.org\/CreativeWork\" ><div class='av-inner-masonry-sizer'><\/div><figure class='av-inner-masonry main_color'><div class=\"av-masonry-outerimage-container\"><div class='av-masonry-image-container' style=\"background-image: url(https:\/\/mixarts.org\/association\/wp-content\/uploads\/2025\/01\/PP-BLB1.jpg);\"  title=\"Bien l&#8217;Bourgeon #8\"  ><\/div><\/div><figcaption class='av-inner-masonry-content site-background'><div class='av-inner-masonry-content-pos'><div class='av-inner-masonry-content-pos-content'><div class='avia-arrow'><\/div><h3 class='av-masonry-entry-title entry-title '  itemprop=\"headline\" >29 &#8211; 31\/05 FESTIVAL BIEN L&#8217;BOURGEON #8<\/h3><span class='av-masonry-date meta-color updated'>7 janvier 2025<\/span><span class=\"av-masonry-text-sep text-sep-author\">\/<\/span><span class='av-masonry-author meta-color author'><span class='fn'>par mixartsasso<\/span><\/span><\/div><\/div><\/figcaption><\/figure><\/a><!--end av-masonry entry--><a href=\"https:\/\/mixarts.org\/association\/2025\/24-05-moirans-lumieres\/\"  id='av-masonry-1-item-7596' data-av-masonry-item='7596' class='av-masonry-entry isotope-item post-7596 post type-post status-publish format-standard has-post-thumbnail hentry category-205 all_sort 2025_sort  av-masonry-item-with-image' title=\"MOIRANS 2\"   itemscope=\"itemscope\" itemtype=\"https:\/\/schema.org\/CreativeWork\" ><div class='av-inner-masonry-sizer'><\/div><figure class='av-inner-masonry main_color'><div class=\"av-masonry-outerimage-container\"><div class='av-masonry-image-container' style=\"background-image: url(https:\/\/mixarts.org\/association\/wp-content\/uploads\/2025\/04\/MOIRANS-2-705x705.jpg);\"  title=\"MOIRANS 2\"  ><\/div><\/div><figcaption class='av-inner-masonry-content site-background'><div class='av-inner-masonry-content-pos'><div class='av-inner-masonry-content-pos-content'><div class='avia-arrow'><\/div><h3 class='av-masonry-entry-title entry-title '  itemprop=\"headline\" >24\/05 \u2013 MOIRANS LUMIERES #4<\/h3><span class='av-masonry-date meta-color updated'>6 janvier 2025<\/span><span class=\"av-masonry-text-sep text-sep-author\">\/<\/span><span class='av-masonry-author meta-color author'><span class='fn'>par mixartsasso<\/span><\/span><\/div><\/div><\/figcaption><\/figure><\/a><!--end av-masonry entry--><a href=\"https:\/\/mixarts.org\/association\/2025\/25-03-expeka\/\"  id='av-masonry-1-item-6503' data-av-masonry-item='6503' class='av-masonry-entry isotope-item post-6503 post type-post status-publish format-standard has-post-thumbnail hentry category-205 all_sort 2025_sort  av-masonry-item-with-image' title=\"EXPEKA \u00a9 Ana\u00efs C.\"   itemscope=\"itemscope\" itemtype=\"https:\/\/schema.org\/CreativeWork\" ><div class='av-inner-masonry-sizer'><\/div><figure class='av-inner-masonry main_color'><div class=\"av-masonry-outerimage-container\"><div class='av-masonry-image-container' style=\"background-image: url(https:\/\/mixarts.org\/association\/wp-content\/uploads\/2024\/07\/EXPEKA-\u00a9-Anais-C-scaled.jpg);\"  title=\"EXPEKA \u00a9 Ana\u00efs C.\"  ><\/div><\/div><figcaption class='av-inner-masonry-content site-background'><div class='av-inner-masonry-content-pos'><div class='av-inner-masonry-content-pos-content'><div class='avia-arrow'><\/div><h3 class='av-masonry-entry-title entry-title '  itemprop=\"headline\" >25\/03 \u2013 EXP\u00c9KA<\/h3><span class='av-masonry-date meta-color updated'>24 juillet 2024<\/span><span class=\"av-masonry-text-sep text-sep-author\">\/<\/span><span class='av-masonry-author meta-color author'><span class='fn'>par mixartsasso<\/span><\/span><\/div><\/div><\/figcaption><\/figure><\/a><!--end av-masonry entry--><a href=\"https:\/\/mixarts.org\/association\/2025\/20-03-gringe\/\"  id='av-masonry-1-item-6526' data-av-masonry-item='6526' class='av-masonry-entry isotope-item post-6526 post type-post status-publish format-standard has-post-thumbnail hentry category-205 all_sort 2025_sort  av-masonry-item-with-image' title=\"GRINGE\"   itemscope=\"itemscope\" itemtype=\"https:\/\/schema.org\/CreativeWork\" ><div class='av-inner-masonry-sizer'><\/div><figure class='av-inner-masonry main_color'><div class=\"av-masonry-outerimage-container\"><div class='av-masonry-image-container' style=\"background-image: url(https:\/\/mixarts.org\/association\/wp-content\/uploads\/2024\/07\/GRINGE-photo-officielle-cFrederic-de-Pontcharra-705x527.png);\"  title=\"GRINGE\"  ><\/div><\/div><figcaption class='av-inner-masonry-content site-background'><div class='av-inner-masonry-content-pos'><div class='av-inner-masonry-content-pos-content'><div class='avia-arrow'><\/div><h3 class='av-masonry-entry-title entry-title '  itemprop=\"headline\" >20\/03 \u2013 GRINGE + NEMO NEBBIA<\/h3><span class='av-masonry-date meta-color updated'>23 juillet 2024<\/span><span class=\"av-masonry-text-sep text-sep-author\">\/<\/span><span class='av-masonry-author meta-color author'><span class='fn'>par mixartsasso<\/span><\/span><\/div><\/div><\/figcaption><\/figure><\/a><!--end av-masonry entry--><a href=\"https:\/\/mixarts.org\/association\/2025\/benjamin-tranie-festival-tchao-bravo\/\"  id='av-masonry-1-item-6669' data-av-masonry-item='6669' class='av-masonry-entry isotope-item post-6669 post type-post status-publish format-standard has-post-thumbnail hentry category-205 all_sort 2025_sort  av-masonry-item-with-image' title=\"BenjaminTrani\u00e9\"   itemscope=\"itemscope\" itemtype=\"https:\/\/schema.org\/CreativeWork\" ><div class='av-inner-masonry-sizer'><\/div><figure class='av-inner-masonry main_color'><div class=\"av-masonry-outerimage-container\"><div class='av-masonry-image-container' style=\"background-image: url(https:\/\/mixarts.org\/association\/wp-content\/uploads\/2024\/07\/Instagram-post-402-1-705x705.jpg);\"  title=\"BenjaminTrani\u00e9\"  ><\/div><\/div><figcaption class='av-inner-masonry-content site-background'><div class='av-inner-masonry-content-pos'><div class='av-inner-masonry-content-pos-content'><div class='avia-arrow'><\/div><h3 class='av-masonry-entry-title entry-title '  itemprop=\"headline\" >13\/03 &#8211; BENJAMIN TRANI\u00c9<\/h3><span class='av-masonry-date meta-color updated'>22 juillet 2024<\/span><span class=\"av-masonry-text-sep text-sep-author\">\/<\/span><span class='av-masonry-author meta-color author'><span class='fn'>par mixartsasso<\/span><\/span><\/div><\/div><\/figcaption><\/figure><\/a><!--end av-masonry entry--><a href=\"https:\/\/mixarts.org\/association\/2025\/14-02-didier-super-acidgras-la-pignata\/\"  id='av-masonry-1-item-7047' data-av-masonry-item='7047' class='av-masonry-entry isotope-item post-7047 post type-post status-publish format-standard has-post-thumbnail hentry category-205 all_sort 2025_sort  av-masonry-item-with-image' title=\"Didier Super\"   itemscope=\"itemscope\" itemtype=\"https:\/\/schema.org\/CreativeWork\" ><div class='av-inner-masonry-sizer'><\/div><figure class='av-inner-masonry main_color'><div class=\"av-masonry-outerimage-container\"><div class='av-masonry-image-container' style=\"background-image: url(https:\/\/mixarts.org\/association\/wp-content\/uploads\/2024\/12\/Vignette-1-705x705.jpg);\"  title=\"Didier Super\"  ><\/div><\/div><figcaption class='av-inner-masonry-content site-background'><div class='av-inner-masonry-content-pos'><div class='av-inner-masonry-content-pos-content'><div class='avia-arrow'><\/div><h3 class='av-masonry-entry-title entry-title '  itemprop=\"headline\" >14\/02 \u2013 DIDIER SUPER + ACID GRAS + LA PIG\u00d1ATA<\/h3><span class='av-masonry-date meta-color updated'>21 juillet 2024<\/span><span class=\"av-masonry-text-sep text-sep-author\">\/<\/span><span class='av-masonry-author meta-color author'><span class='fn'>par mixartsasso<\/span><\/span><\/div><\/div><\/figcaption><\/figure><\/a><!--end av-masonry entry--><a href=\"https:\/\/mixarts.org\/association\/2025\/mahaut-drama-tahnee-festival-tchao-bravo\/\"  id='av-masonry-1-item-6656' data-av-masonry-item='6656' class='av-masonry-entry isotope-item post-6656 post type-post status-publish format-standard has-post-thumbnail hentry category-205 all_sort 2025_sort  av-masonry-item-with-image' title=\"MAHAUT + TAHNEE\"   itemscope=\"itemscope\" itemtype=\"https:\/\/schema.org\/CreativeWork\" ><div class='av-inner-masonry-sizer'><\/div><figure class='av-inner-masonry main_color'><div class=\"av-masonry-outerimage-container\"><div class='av-masonry-image-container' style=\"background-image: url(https:\/\/mixarts.org\/association\/wp-content\/uploads\/2024\/07\/MAHAUT-TAHNEE-705x705.jpg);\"  title=\"MAHAUT + TAHNEE\"  ><\/div><\/div><figcaption class='av-inner-masonry-content site-background'><div class='av-inner-masonry-content-pos'><div class='av-inner-masonry-content-pos-content'><div class='avia-arrow'><\/div><h3 class='av-masonry-entry-title entry-title '  itemprop=\"headline\" >05\/02 &#8211; MAHAUT DRAMA + TAHNEE<\/h3><span class='av-masonry-date meta-color updated'>20 juillet 2024<\/span><span class=\"av-masonry-text-sep text-sep-author\">\/<\/span><span class='av-masonry-author meta-color author'><span class='fn'>par mixartsasso<\/span><\/span><\/div><\/div><\/figcaption><\/figure><\/a><!--end av-masonry entry--><a href=\"https:\/\/mixarts.org\/association\/2024\/doully-festival-tchao-bravo\/\"  id='av-masonry-1-item-6681' data-av-masonry-item='6681' class='av-masonry-entry isotope-item post-6681 post type-post status-publish format-standard has-post-thumbnail hentry category-34 all_sort 2024_sort  av-masonry-item-with-image' title=\"Doully\"   itemscope=\"itemscope\" itemtype=\"https:\/\/schema.org\/CreativeWork\" ><div class='av-inner-masonry-sizer'><\/div><figure class='av-inner-masonry main_color'><div class=\"av-masonry-outerimage-container\"><div class='av-masonry-image-container' style=\"background-image: url(https:\/\/mixarts.org\/association\/wp-content\/uploads\/2024\/07\/Instagram-post-404-1-705x705.jpg);\"  title=\"Doully\"  ><\/div><\/div><figcaption class='av-inner-masonry-content site-background'><div class='av-inner-masonry-content-pos'><div class='av-inner-masonry-content-pos-content'><div class='avia-arrow'><\/div><h3 class='av-masonry-entry-title entry-title '  itemprop=\"headline\" >20\/12 &#8211; DOULLY<\/h3><span class='av-masonry-date meta-color updated'>19 juillet 2024<\/span><span class=\"av-masonry-text-sep text-sep-author\">\/<\/span><span class='av-masonry-author meta-color author'><span class='fn'>par mixartsasso<\/span><\/span><\/div><\/div><\/figcaption><\/figure><\/a><!--end av-masonry entry--><a href=\"https:\/\/mixarts.org\/association\/2024\/swann-perisse-festival-tchao-bravo\/\"  id='av-masonry-1-item-6606' data-av-masonry-item='6606' class='av-masonry-entry isotope-item post-6606 post type-post status-publish format-standard has-post-thumbnail hentry category-34 all_sort 2024_sort  av-masonry-item-with-image' title=\"Swann P\u00e9riss\u00e9\"   itemscope=\"itemscope\" itemtype=\"https:\/\/schema.org\/CreativeWork\" ><div class='av-inner-masonry-sizer'><\/div><figure class='av-inner-masonry main_color'><div class=\"av-masonry-outerimage-container\"><div class='av-masonry-image-container' style=\"background-image: url(https:\/\/mixarts.org\/association\/wp-content\/uploads\/2024\/07\/Instagram-post-401-2-705x705.jpg);\"  title=\"Swann P\u00e9riss\u00e9\"  ><\/div><\/div><figcaption class='av-inner-masonry-content site-background'><div class='av-inner-masonry-content-pos'><div class='av-inner-masonry-content-pos-content'><div class='avia-arrow'><\/div><h3 class='av-masonry-entry-title entry-title '  itemprop=\"headline\" >12 &#8211; 13\/12 SWANN P\u00c9RISS\u00c9<\/h3><span class='av-masonry-date meta-color updated'>16 juillet 2024<\/span><span class=\"av-masonry-text-sep text-sep-author\">\/<\/span><span class='av-masonry-author meta-color author'><span class='fn'>par mixartsasso<\/span><\/span><\/div><\/div><\/figcaption><\/figure><\/a><!--end av-masonry entry--><a href=\"https:\/\/mixarts.org\/association\/2024\/reda-seddiki-festival-tchao-bravo\/\"  id='av-masonry-1-item-6649' data-av-masonry-item='6649' class='av-masonry-entry isotope-item post-6649 post type-post status-publish format-standard has-post-thumbnail hentry category-34 all_sort 2024_sort  av-masonry-item-with-image' title=\"r\u00e9da seddiki\"   itemscope=\"itemscope\" itemtype=\"https:\/\/schema.org\/CreativeWork\" ><div class='av-inner-masonry-sizer'><\/div><figure class='av-inner-masonry main_color'><div class=\"av-masonry-outerimage-container\"><div class='av-masonry-image-container' style=\"background-image: url(https:\/\/mixarts.org\/association\/wp-content\/uploads\/2024\/07\/Instagram-post-406-1-705x705.jpg);\"  title=\"r\u00e9da seddiki\"  ><\/div><\/div><figcaption class='av-inner-masonry-content site-background'><div class='av-inner-masonry-content-pos'><div class='av-inner-masonry-content-pos-content'><div class='avia-arrow'><\/div><h3 class='av-masonry-entry-title entry-title '  itemprop=\"headline\" >05\/12 &#8211; R\u00c9DA SEDDIKI<\/h3><span class='av-masonry-date meta-color updated'>13 juillet 2024<\/span><span class=\"av-masonry-text-sep text-sep-author\">\/<\/span><span class='av-masonry-author meta-color author'><span class='fn'>par mixartsasso<\/span><\/span><\/div><\/div><\/figcaption><\/figure><\/a><!--end av-masonry entry--><a href=\"https:\/\/mixarts.org\/association\/2024\/festival-tchao-bravo\/\"  id='av-masonry-1-item-6598' data-av-masonry-item='6598' class='av-masonry-entry isotope-item post-6598 post type-post status-publish format-standard has-post-thumbnail hentry category-34 all_sort 2024_sort  av-masonry-item-with-image' title=\"Tchao Bravo\"   itemscope=\"itemscope\" itemtype=\"https:\/\/schema.org\/CreativeWork\" ><div class='av-inner-masonry-sizer'><\/div><figure class='av-inner-masonry main_color'><div class=\"av-masonry-outerimage-container\"><div class='av-masonry-image-container' style=\"background-image: url(https:\/\/mixarts.org\/association\/wp-content\/uploads\/2024\/07\/preview-site-web-705x705.jpg);\"  title=\"Tchao Bravo\"  ><\/div><\/div><figcaption class='av-inner-masonry-content site-background'><div class='av-inner-masonry-content-pos'><div class='av-inner-masonry-content-pos-content'><div class='avia-arrow'><\/div><h3 class='av-masonry-entry-title entry-title '  itemprop=\"headline\" >05 &#8211; 20\/12  FESTIVAL TCHAO BRAVO<\/h3><span class='av-masonry-date meta-color updated'>12 juillet 2024<\/span><span class=\"av-masonry-text-sep text-sep-author\">\/<\/span><span class='av-masonry-author meta-color author'><span class='fn'>par mixartsasso<\/span><\/span><\/div><\/div><\/figcaption><\/figure><\/a><!--end av-masonry entry--><a href=\"https:\/\/mixarts.org\/association\/2024\/21-11-zaoui-irnini-mons-maessane\/\"  id='av-masonry-1-item-6491' data-av-masonry-item='6491' class='av-masonry-entry isotope-item post-6491 post type-post status-publish format-standard has-post-thumbnail hentry category-34 all_sort 2024_sort  av-masonry-item-with-image' title=\"Website6\"   itemscope=\"itemscope\" itemtype=\"https:\/\/schema.org\/CreativeWork\" ><div class='av-inner-masonry-sizer'><\/div><figure class='av-inner-masonry main_color'><div class=\"av-masonry-outerimage-container\"><div class='av-masonry-image-container' style=\"background-image: url(https:\/\/mixarts.org\/association\/wp-content\/uploads\/2024\/07\/Website6-1-705x705.jpg);\"  title=\"Website6\"  ><\/div><\/div><figcaption class='av-inner-masonry-content site-background'><div class='av-inner-masonry-content-pos'><div class='av-inner-masonry-content-pos-content'><div class='avia-arrow'><\/div><h3 class='av-masonry-entry-title entry-title '  itemprop=\"headline\" >21\/11 \u2013 ZAOUI + IRNINI MONS + MAESSANE<\/h3><span class='av-masonry-date meta-color updated'>11 juillet 2024<\/span><span class=\"av-masonry-text-sep text-sep-author\">\/<\/span><span class='av-masonry-author meta-color author'><span class='fn'>par mixartsasso<\/span><\/span><\/div><\/div><\/figcaption><\/figure><\/a><!--end av-masonry entry--><a href=\"https:\/\/mixarts.org\/association\/2024\/16-11-faut-quca-guinche-los-burritos-santos\/\"  id='av-masonry-1-item-6467' data-av-masonry-item='6467' class='av-masonry-entry isotope-item post-6467 post type-post status-publish format-standard has-post-thumbnail hentry category-34 all_sort 2024_sort  av-masonry-item-with-image' title=\"Website4\"   itemscope=\"itemscope\" itemtype=\"https:\/\/schema.org\/CreativeWork\" ><div class='av-inner-masonry-sizer'><\/div><figure class='av-inner-masonry main_color'><div class=\"av-masonry-outerimage-container\"><div class='av-masonry-image-container' style=\"background-image: url(https:\/\/mixarts.org\/association\/wp-content\/uploads\/2024\/07\/Website4-1-705x705.jpg);\"  title=\"Website4\"  ><\/div><\/div><figcaption class='av-inner-masonry-content site-background'><div class='av-inner-masonry-content-pos'><div class='av-inner-masonry-content-pos-content'><div class='avia-arrow'><\/div><h3 class='av-masonry-entry-title entry-title '  itemprop=\"headline\" >16\/11 \u2013 FAUT QU&#8217;\u00c7A GUINCHE + LOS BURRITOS SANTOS<\/h3><span class='av-masonry-date meta-color updated'>1 juillet 2024<\/span><span class=\"av-masonry-text-sep text-sep-author\">\/<\/span><span class='av-masonry-author meta-color author'><span class='fn'>par mixartsasso<\/span><\/span><\/div><\/div><\/figcaption><\/figure><\/a><!--end av-masonry entry--><a href=\"https:\/\/mixarts.org\/association\/2024\/tremplin-festival-tchao-bravo\/\"  id='av-masonry-1-item-6884' data-av-masonry-item='6884' class='av-masonry-entry isotope-item post-6884 post type-post status-publish format-standard has-post-thumbnail hentry category-34 all_sort 2024_sort  av-masonry-item-with-image' title=\"Vignette tremplin\"   itemscope=\"itemscope\" itemtype=\"https:\/\/schema.org\/CreativeWork\" ><div class='av-inner-masonry-sizer'><\/div><figure class='av-inner-masonry main_color'><div class=\"av-masonry-outerimage-container\"><div class='av-masonry-image-container' style=\"background-image: url(https:\/\/mixarts.org\/association\/wp-content\/uploads\/2024\/10\/Instagram-post-4211-705x705.jpg);\"  title=\"Vignette tremplin\"  ><\/div><\/div><figcaption class='av-inner-masonry-content site-background'><div class='av-inner-masonry-content-pos'><div class='av-inner-masonry-content-pos-content'><div class='avia-arrow'><\/div><h3 class='av-masonry-entry-title entry-title '  itemprop=\"headline\" >14 &#8211; 15\/11 TREMPLIN TCHAO BRAVO<\/h3><span class='av-masonry-date meta-color updated'>13 mai 2024<\/span><span class=\"av-masonry-text-sep text-sep-author\">\/<\/span><span class='av-masonry-author meta-color author'><span class='fn'>par mixartsasso<\/span><\/span><\/div><\/div><\/figcaption><\/figure><\/a><!--end av-masonry entry--><a href=\"https:\/\/mixarts.org\/association\/2024\/10-11-troubles\/\"  id='av-masonry-1-item-5798' data-av-masonry-item='5798' class='av-masonry-entry isotope-item post-5798 post type-post status-publish format-standard has-post-thumbnail hentry category-34 all_sort 2024_sort  av-masonry-item-with-image' title=\"Troubles _ Visuel JL Navette\"   itemscope=\"itemscope\" itemtype=\"https:\/\/schema.org\/CreativeWork\" ><div class='av-inner-masonry-sizer'><\/div><figure class='av-inner-masonry main_color'><div class=\"av-masonry-outerimage-container\"><div class='av-masonry-image-container' style=\"background-image: url(https:\/\/mixarts.org\/association\/wp-content\/uploads\/2024\/02\/Troubles-_-Visuel-JL-Navette-653x705.png);\"  title=\"Troubles _ Visuel JL Navette\"  ><\/div><\/div><figcaption class='av-inner-masonry-content site-background'><div class='av-inner-masonry-content-pos'><div class='av-inner-masonry-content-pos-content'><div class='avia-arrow'><\/div><h3 class='av-masonry-entry-title entry-title '  itemprop=\"headline\" >10\/11 \u2013 TROUBLES<\/h3><span class='av-masonry-date meta-color updated'>13 f\u00e9vrier 2024<\/span><span class=\"av-masonry-text-sep text-sep-author\">\/<\/span><span class='av-masonry-author meta-color author'><span class='fn'>par mixartsasso<\/span><\/span><\/div><\/div><\/figcaption><\/figure><\/a><!--end av-masonry entry--><a href=\"https:\/\/mixarts.org\/association\/2024\/07-11-emel-hocine-benameur\/\"  id='av-masonry-1-item-6444' data-av-masonry-item='6444' class='av-masonry-entry isotope-item post-6444 post type-post status-publish format-standard has-post-thumbnail hentry category-34 all_sort 2024_sort  av-masonry-item-with-image' title=\"Emel\"   itemscope=\"itemscope\" itemtype=\"https:\/\/schema.org\/CreativeWork\" ><div class='av-inner-masonry-sizer'><\/div><figure class='av-inner-masonry main_color'><div class=\"av-masonry-outerimage-container\"><div class='av-masonry-image-container' style=\"background-image: url(https:\/\/mixarts.org\/association\/wp-content\/uploads\/2024\/07\/Website2-1-705x705.jpg);\"  title=\"Emel\"  ><\/div><\/div><figcaption class='av-inner-masonry-content site-background'><div class='av-inner-masonry-content-pos'><div class='av-inner-masonry-content-pos-content'><div class='avia-arrow'><\/div><h3 class='av-masonry-entry-title entry-title '  itemprop=\"headline\" >07\/11 \u2013 EMEL + HOCINE BENAMEUR<\/h3><span class='av-masonry-date meta-color updated'>13 f\u00e9vrier 2024<\/span><span class=\"av-masonry-text-sep text-sep-author\">\/<\/span><span class='av-masonry-author meta-color author'><span class='fn'>par mixartsasso<\/span><\/span><\/div><\/div><\/figcaption><\/figure><\/a><!--end av-masonry entry--><a href=\"https:\/\/mixarts.org\/association\/2024\/02-10-jeanne-added\/\"  id='av-masonry-1-item-6417' data-av-masonry-item='6417' class='av-masonry-entry isotope-item post-6417 post type-post status-publish format-standard has-post-thumbnail hentry category-34 all_sort 2024_sort  av-masonry-item-with-image' title=\"Jeanne Added\"   itemscope=\"itemscope\" itemtype=\"https:\/\/schema.org\/CreativeWork\" ><div class='av-inner-masonry-sizer'><\/div><figure class='av-inner-masonry main_color'><div class=\"av-masonry-outerimage-container\"><div class='av-masonry-image-container' style=\"background-image: url(https:\/\/mixarts.org\/association\/wp-content\/uploads\/2024\/07\/Website-1-705x705.jpg);\"  title=\"Jeanne Added\"  ><\/div><\/div><figcaption class='av-inner-masonry-content site-background'><div class='av-inner-masonry-content-pos'><div class='av-inner-masonry-content-pos-content'><div class='avia-arrow'><\/div><h3 class='av-masonry-entry-title entry-title '  itemprop=\"headline\" >02\/10 \u2013 JEANNE ADDED<\/h3><span class='av-masonry-date meta-color updated'>12 f\u00e9vrier 2024<\/span><span class=\"av-masonry-text-sep text-sep-author\">\/<\/span><span class='av-masonry-author meta-color author'><span class='fn'>par mixartsasso<\/span><\/span><\/div><\/div><\/figcaption><\/figure><\/a><!--end av-masonry entry--><a href=\"https:\/\/mixarts.org\/association\/2024\/du-18-au-21-09-festival-merci-bonsoir-9\/\"  id='av-masonry-1-item-5773' data-av-masonry-item='5773' class='av-masonry-entry isotope-item post-5773 post type-post status-publish format-standard has-post-thumbnail hentry category-34 all_sort 2024_sort  av-masonry-item-with-image' title=\"Merci,Bonsoir!#9\"   itemscope=\"itemscope\" itemtype=\"https:\/\/schema.org\/CreativeWork\" ><div class='av-inner-masonry-sizer'><\/div><figure class='av-inner-masonry main_color'><div class=\"av-masonry-outerimage-container\"><div class='av-masonry-image-container' style=\"background-image: url(https:\/\/mixarts.org\/association\/wp-content\/uploads\/2024\/06\/PP_MB_annonce_visuel_2024-705x705.jpg);\"  title=\"Merci,Bonsoir!#9\"  ><\/div><\/div><figcaption class='av-inner-masonry-content site-background'><div class='av-inner-masonry-content-pos'><div class='av-inner-masonry-content-pos-content'><div class='avia-arrow'><\/div><h3 class='av-masonry-entry-title entry-title '  itemprop=\"headline\" >18 &#8211; 21\/09  FESTIVAL MERCI, BONSOIR ! #9<\/h3><span class='av-masonry-date meta-color updated'>23 janvier 2024<\/span><span class=\"av-masonry-text-sep text-sep-author\">\/<\/span><span class='av-masonry-author meta-color author'><span class='fn'>par mixartsasso<\/span><\/span><\/div><\/div><\/figcaption><\/figure><\/a><!--end av-masonry entry--><a href=\"https:\/\/mixarts.org\/association\/2024\/du-13-au-14-09-fantome\/\"  id='av-masonry-1-item-6824' data-av-masonry-item='6824' class='av-masonry-entry isotope-item post-6824 post type-post status-publish format-standard has-post-thumbnail hentry category-34 all_sort 2024_sort  av-masonry-item-with-image' title=\"Fant\u00f4me2-\"   itemscope=\"itemscope\" itemtype=\"https:\/\/schema.org\/CreativeWork\" ><div class='av-inner-masonry-sizer'><\/div><figure class='av-inner-masonry main_color'><div class=\"av-masonry-outerimage-container\"><div class='av-masonry-image-container' style=\"background-image: url(https:\/\/mixarts.org\/association\/wp-content\/uploads\/2024\/09\/Fantome2-PierreAcobas-scaled.jpg);\"  title=\"Fant\u00f4me2-\"  ><\/div><\/div><figcaption class='av-inner-masonry-content site-background'><div class='av-inner-masonry-content-pos'><div class='av-inner-masonry-content-pos-content'><div class='avia-arrow'><\/div><h3 class='av-masonry-entry-title entry-title '  itemprop=\"headline\" >13 &#8211; 14\/09 FANT\u00d4ME<\/h3><span class='av-masonry-date meta-color updated'>22 janvier 2024<\/span><span class=\"av-masonry-text-sep text-sep-author\">\/<\/span><span class='av-masonry-author meta-color author'><span class='fn'>par mixartsasso<\/span><\/span><\/div><\/div><\/figcaption><\/figure><\/a><!--end av-masonry entry--><a href=\"https:\/\/mixarts.org\/association\/2024\/30-08-vella-los-reyes-vagos\/\"  id='av-masonry-1-item-6545' data-av-masonry-item='6545' class='av-masonry-entry isotope-item post-6545 post type-post status-publish format-standard has-post-thumbnail hentry category-34 all_sort 2024_sort  av-masonry-item-with-image' title=\"Vella\"   itemscope=\"itemscope\" itemtype=\"https:\/\/schema.org\/CreativeWork\" ><div class='av-inner-masonry-sizer'><\/div><figure class='av-inner-masonry main_color'><div class=\"av-masonry-outerimage-container\"><div class='av-masonry-image-container' style=\"background-image: url(https:\/\/mixarts.org\/association\/wp-content\/uploads\/2024\/07\/photo-Vella-1-705x687.jpeg);\"  title=\"Vella\"  ><\/div><\/div><figcaption class='av-inner-masonry-content site-background'><div class='av-inner-masonry-content-pos'><div class='av-inner-masonry-content-pos-content'><div class='avia-arrow'><\/div><h3 class='av-masonry-entry-title entry-title '  itemprop=\"headline\" >30\/08 \u2013 VELLA + LOS REYES VAGOS<\/h3><span class='av-masonry-date meta-color updated'>21 janvier 2024<\/span><span class=\"av-masonry-text-sep text-sep-author\">\/<\/span><span class='av-masonry-author meta-color author'><span class='fn'>par mixartsasso<\/span><\/span><\/div><\/div><\/figcaption><\/figure><\/a><!--end av-masonry entry--><a href=\"https:\/\/mixarts.org\/association\/2024\/22-06-soiree-ferme-du-loutas\/\"  id='av-masonry-1-item-6081' data-av-masonry-item='6081' class='av-masonry-entry isotope-item post-6081 post type-post status-publish format-standard has-post-thumbnail hentry category-34 all_sort 2024_sort  av-masonry-item-with-image' title=\"Design sans titre (5)\"   itemscope=\"itemscope\" itemtype=\"https:\/\/schema.org\/CreativeWork\" ><div class='av-inner-masonry-sizer'><\/div><figure class='av-inner-masonry main_color'><div class=\"av-masonry-outerimage-container\"><div class='av-masonry-image-container' style=\"background-image: url(https:\/\/mixarts.org\/association\/wp-content\/uploads\/2024\/05\/Design-sans-titre-5-705x705.png);\"  title=\"Design sans titre (5)\"  ><\/div><\/div><figcaption class='av-inner-masonry-content site-background'><div class='av-inner-masonry-content-pos'><div class='av-inner-masonry-content-pos-content'><div class='avia-arrow'><\/div><h3 class='av-masonry-entry-title entry-title '  itemprop=\"headline\" >22\/06 &#8211; SOIREE FERME DU LOUTAS<\/h3><span class='av-masonry-date meta-color updated'>25 d\u00e9cembre 2023<\/span><span class=\"av-masonry-text-sep text-sep-author\">\/<\/span><span class='av-masonry-author meta-color author'><span class='fn'>par mixartsasso<\/span><\/span><\/div><\/div><\/figcaption><\/figure><\/a><!--end av-masonry entry--><a href=\"https:\/\/mixarts.org\/association\/2024\/8-11-moirans-lumieres-3\/\"  id='av-masonry-1-item-6071' data-av-masonry-item='6071' class='av-masonry-entry isotope-item post-6071 post type-post status-publish format-standard has-post-thumbnail hentry category-34 all_sort 2024_sort  av-masonry-item-with-image' title=\"BANDO-MoiransLumieres2024-SITE-1-1200&#215;630 (1)\"   itemscope=\"itemscope\" itemtype=\"https:\/\/schema.org\/CreativeWork\" ><div class='av-inner-masonry-sizer'><\/div><figure class='av-inner-masonry main_color'><div class=\"av-masonry-outerimage-container\"><div class='av-masonry-image-container' style=\"background-image: url(https:\/\/mixarts.org\/association\/wp-content\/uploads\/2023\/12\/BANDO-MoiransLumieres2024-SITE-1-1200x630-1.jpg);\"  title=\"BANDO-MoiransLumieres2024-SITE-1-1200&#215;630 (1)\"  ><\/div><\/div><figcaption class='av-inner-masonry-content site-background'><div class='av-inner-masonry-content-pos'><div class='av-inner-masonry-content-pos-content'><div class='avia-arrow'><\/div><h3 class='av-masonry-entry-title entry-title '  itemprop=\"headline\" >08\/06 &#8211; Moirans Lumi\u00e8res #3<\/h3><span class='av-masonry-date meta-color updated'>23 d\u00e9cembre 2023<\/span><span class=\"av-masonry-text-sep text-sep-author\">\/<\/span><span class='av-masonry-author meta-color author'><span class='fn'>par mixartsasso<\/span><\/span><\/div><\/div><\/figcaption><\/figure><\/a><!--end av-masonry entry--><a href=\"https:\/\/mixarts.org\/association\/2024\/du-23-au-26-05-festival-bien-lbourgeon-7\/\"  id='av-masonry-1-item-5626' data-av-masonry-item='5626' class='av-masonry-entry isotope-item post-5626 post type-post status-publish format-standard has-post-thumbnail hentry category-34 all_sort 2024_sort  av-masonry-item-with-image' title=\"Photo de profil FB et Insta BLB 242\"   itemscope=\"itemscope\" itemtype=\"https:\/\/schema.org\/CreativeWork\" ><div class='av-inner-masonry-sizer'><\/div><figure class='av-inner-masonry main_color'><div class=\"av-masonry-outerimage-container\"><div class='av-masonry-image-container' style=\"background-image: url(https:\/\/mixarts.org\/association\/wp-content\/uploads\/2022\/04\/Photo-de-profil-FB-et-Insta-BLB-242.jpg);\"  title=\"Photo de profil FB et Insta BLB 242\"  ><\/div><\/div><figcaption class='av-inner-masonry-content site-background'><div class='av-inner-masonry-content-pos'><div class='av-inner-masonry-content-pos-content'><div class='avia-arrow'><\/div><h3 class='av-masonry-entry-title entry-title '  itemprop=\"headline\" >Du 23 au 26\/05 &#8211; FESTIVAL BIEN L&#8217;BOURGEON #7<\/h3><span class='av-masonry-date meta-color updated'>19 d\u00e9cembre 2023<\/span><span class=\"av-masonry-text-sep text-sep-author\">\/<\/span><span class='av-masonry-author meta-color author'><span class='fn'>par mixartsasso<\/span><\/span><\/div><\/div><\/figcaption><\/figure><\/a><!--end av-masonry entry--><a href=\"https:\/\/mixarts.org\/association\/2024\/13-05-cie-main-gauche-prod-super-sapiens\/\"  id='av-masonry-1-item-6027' data-av-masonry-item='6027' class='av-masonry-entry isotope-item post-6027 post type-post status-publish format-standard has-post-thumbnail hentry category-34 all_sort 2024_sort  av-masonry-item-with-image' title=\"INSTA MAJ\"   itemscope=\"itemscope\" itemtype=\"https:\/\/schema.org\/CreativeWork\" ><div class='av-inner-masonry-sizer'><\/div><figure class='av-inner-masonry main_color'><div class=\"av-masonry-outerimage-container\"><div class='av-masonry-image-container' style=\"background-image: url(https:\/\/mixarts.org\/association\/wp-content\/uploads\/2024\/05\/INSTA-MAJ-705x705.png);\"  title=\"INSTA MAJ\"  ><\/div><\/div><figcaption class='av-inner-masonry-content site-background'><div class='av-inner-masonry-content-pos'><div class='av-inner-masonry-content-pos-content'><div class='avia-arrow'><\/div><h3 class='av-masonry-entry-title entry-title '  itemprop=\"headline\" >13\/05 \u2013 CIE MAIN GAUCHE PROD + SUPER SAPIENS<\/h3><span class='av-masonry-date meta-color updated'>1 novembre 2023<\/span><span class=\"av-masonry-text-sep text-sep-author\">\/<\/span><span class='av-masonry-author meta-color author'><span class='fn'>par mixartsasso<\/span><\/span><\/div><\/div><\/figcaption><\/figure><\/a><!--end av-masonry entry--><a href=\"https:\/\/mixarts.org\/association\/2024\/28-04-plus-jamais-ca-lavant-genocide-au-rwanda\/\"  id='av-masonry-1-item-5976' data-av-masonry-item='5976' class='av-masonry-entry isotope-item post-5976 post type-post status-publish format-standard has-post-thumbnail hentry category-34 all_sort 2024_sort  av-masonry-item-with-image' title=\"IMG_5481\"   itemscope=\"itemscope\" itemtype=\"https:\/\/schema.org\/CreativeWork\" ><div class='av-inner-masonry-sizer'><\/div><figure class='av-inner-masonry main_color'><div class=\"av-masonry-outerimage-container\"><div class='av-masonry-image-container' style=\"background-image: url(https:\/\/mixarts.org\/association\/wp-content\/uploads\/2024\/03\/IMG_5481-705x444.jpg);\"  title=\"IMG_5481\"  ><\/div><\/div><figcaption class='av-inner-masonry-content site-background'><div class='av-inner-masonry-content-pos'><div class='av-inner-masonry-content-pos-content'><div class='avia-arrow'><\/div><h3 class='av-masonry-entry-title entry-title '  itemprop=\"headline\" >28\/04 \u2013 &#8220;PLUS JAMAIS \u00c7A ?!&#8221; \u2013 L&#8217;avant-g\u00e9nocide au Rwanda<\/h3><span class='av-masonry-date meta-color updated'>1 octobre 2023<\/span><span class=\"av-masonry-text-sep text-sep-author\">\/<\/span><span class='av-masonry-author meta-color author'><span class='fn'>par mixartsasso<\/span><\/span><\/div><\/div><\/figcaption><\/figure><\/a><!--end av-masonry entry--><a href=\"https:\/\/mixarts.org\/association\/2024\/26-04-anais-rosso\/\"  id='av-masonry-1-item-5943' data-av-masonry-item='5943' class='av-masonry-entry isotope-item post-5943 post type-post status-publish format-standard has-post-thumbnail hentry category-34 all_sort 2024_sort  av-masonry-item-with-image' title=\"16_Anai\u00a6\u00easRosso_HD_portrait\"   itemscope=\"itemscope\" itemtype=\"https:\/\/schema.org\/CreativeWork\" ><div class='av-inner-masonry-sizer'><\/div><figure class='av-inner-masonry main_color'><div class=\"av-masonry-outerimage-container\"><div class='av-masonry-image-container' style=\"background-image: url(https:\/\/mixarts.org\/association\/wp-content\/uploads\/2024\/03\/16_Anai\u00a6esRosso_HD_portrait-1-705x529.jpg);\"  title=\"16_Anai\u00a6\u00easRosso_HD_portrait\"  ><\/div><\/div><figcaption class='av-inner-masonry-content site-background'><div class='av-inner-masonry-content-pos'><div class='av-inner-masonry-content-pos-content'><div class='avia-arrow'><\/div><h3 class='av-masonry-entry-title entry-title '  itemprop=\"headline\" >26\/04 \u2013 ANA\u00cfS ROSSO<\/h3><span class='av-masonry-date meta-color updated'>30 septembre 2023<\/span><span class=\"av-masonry-text-sep text-sep-author\">\/<\/span><span class='av-masonry-author meta-color author'><span class='fn'>par mixartsasso<\/span><\/span><\/div><\/div><\/figcaption><\/figure><\/a><!--end av-masonry entry--><a href=\"https:\/\/mixarts.org\/association\/2024\/04-04-chinese-man-premiere-partie\/\"  id='av-masonry-1-item-5432' data-av-masonry-item='5432' class='av-masonry-entry isotope-item post-5432 post type-post status-publish format-standard has-post-thumbnail hentry category-34 all_sort 2024_sort  av-masonry-item-with-image' title=\"Visuel sans date_Carr\u00e9 (1)\"   itemscope=\"itemscope\" itemtype=\"https:\/\/schema.org\/CreativeWork\" ><div class='av-inner-masonry-sizer'><\/div><figure class='av-inner-masonry main_color'><div class=\"av-masonry-outerimage-container\"><div class='av-masonry-image-container' style=\"background-image: url(https:\/\/mixarts.org\/association\/wp-content\/uploads\/2023\/09\/Visuel-sans-date_Carre-1-705x705.png);\"  title=\"Visuel sans date_Carr\u00e9 (1)\"  ><\/div><\/div><figcaption class='av-inner-masonry-content site-background'><div class='av-inner-masonry-content-pos'><div class='av-inner-masonry-content-pos-content'><div class='avia-arrow'><\/div><h3 class='av-masonry-entry-title entry-title '  itemprop=\"headline\" >[COMPLET] 04\/04 CHINESE MAN + ISSI<\/h3><span class='av-masonry-date meta-color updated'>26 septembre 2023<\/span><span class=\"av-masonry-text-sep text-sep-author\">\/<\/span><span class='av-masonry-author meta-color author'><span class='fn'>par mixartsasso<\/span><\/span><\/div><\/div><\/figcaption><\/figure><\/a><!--end av-masonry entry--><a href=\"https:\/\/mixarts.org\/association\/2024\/02-04-larzac-cie-1336\/\"  id='av-masonry-1-item-5936' data-av-masonry-item='5936' class='av-masonry-entry isotope-item post-5936 post type-post status-publish format-standard has-post-thumbnail hentry category-34 all_sort 2024_sort  av-masonry-item-with-image' title=\"PHOTO_Larzac_Mas Razal 1\"   itemscope=\"itemscope\" itemtype=\"https:\/\/schema.org\/CreativeWork\" ><div class='av-inner-masonry-sizer'><\/div><figure class='av-inner-masonry main_color'><div class=\"av-masonry-outerimage-container\"><div class='av-masonry-image-container' style=\"background-image: url(https:\/\/mixarts.org\/association\/wp-content\/uploads\/2024\/03\/PHOTO_Larzac_Mas-Razal-1-1-705x705.jpg);\"  title=\"PHOTO_Larzac_Mas Razal 1\"  ><\/div><\/div><figcaption class='av-inner-masonry-content site-background'><div class='av-inner-masonry-content-pos'><div class='av-inner-masonry-content-pos-content'><div class='avia-arrow'><\/div><h3 class='av-masonry-entry-title entry-title '  itemprop=\"headline\" >02\/04 \u2013 LARZAC ! &#8211; Cie 1336<\/h3><span class='av-masonry-date meta-color updated'>25 septembre 2023<\/span><span class=\"av-masonry-text-sep text-sep-author\">\/<\/span><span class='av-masonry-author meta-color author'><span class='fn'>par mixartsasso<\/span><\/span><\/div><\/div><\/figcaption><\/figure><\/a><!--end av-masonry entry--><a href=\"https:\/\/mixarts.org\/association\/2024\/23-03-birthday-party\/\"  id='av-masonry-1-item-5807' data-av-masonry-item='5807' class='av-masonry-entry isotope-item post-5807 post type-post status-publish format-standard has-post-thumbnail hentry category-34 all_sort 2024_sort  av-masonry-item-with-image' title=\"image_birthday-party-2024\"   itemscope=\"itemscope\" itemtype=\"https:\/\/schema.org\/CreativeWork\" ><div class='av-inner-masonry-sizer'><\/div><figure class='av-inner-masonry main_color'><div class=\"av-masonry-outerimage-container\"><div class='av-masonry-image-container' style=\"background-image: url(https:\/\/mixarts.org\/association\/wp-content\/uploads\/2024\/02\/image_birthday-party-2024-1-705x705.jpg);\"  title=\"image_birthday-party-2024\"  ><\/div><\/div><figcaption class='av-inner-masonry-content site-background'><div class='av-inner-masonry-content-pos'><div class='av-inner-masonry-content-pos-content'><div class='avia-arrow'><\/div><h3 class='av-masonry-entry-title entry-title '  itemprop=\"headline\" >23\/03 \u2013 MIX&#8217;ARTS F\u00caTE SES 10 ANS<\/h3><span class='av-masonry-date meta-color updated'>25 septembre 2023<\/span><span class=\"av-masonry-text-sep text-sep-author\">\/<\/span><span class='av-masonry-author meta-color author'><span class='fn'>par mixartsasso<\/span><\/span><\/div><\/div><\/figcaption><\/figure><\/a><!--end av-masonry entry--><a href=\"https:\/\/mixarts.org\/association\/2024\/22-03-pelouse-la-clate\/\"  id='av-masonry-1-item-5576' data-av-masonry-item='5576' class='av-masonry-entry isotope-item post-5576 post type-post status-publish format-standard has-post-thumbnail hentry category-34 all_sort 2024_sort  av-masonry-item-with-image' title=\"PELOUSE_2_credit Armand Planage (1)\"   itemscope=\"itemscope\" itemtype=\"https:\/\/schema.org\/CreativeWork\" ><div class='av-inner-masonry-sizer'><\/div><figure class='av-inner-masonry main_color'><div class=\"av-masonry-outerimage-container\"><div class='av-masonry-image-container' style=\"background-image: url(https:\/\/mixarts.org\/association\/wp-content\/uploads\/2023\/12\/PELOUSE_2_credit-Armand-Planage-1-705x470.jpg);\"  title=\"PELOUSE_2_credit Armand Planage (1)\"  ><\/div><\/div><figcaption class='av-inner-masonry-content site-background'><div class='av-inner-masonry-content-pos'><div class='av-inner-masonry-content-pos-content'><div class='avia-arrow'><\/div><h3 class='av-masonry-entry-title entry-title '  itemprop=\"headline\" >22\/03 \u2013 PELOUSE + LA CLATE<\/h3><span class='av-masonry-date meta-color updated'>25 septembre 2023<\/span><span class=\"av-masonry-text-sep text-sep-author\">\/<\/span><span class='av-masonry-author meta-color author'><span class='fn'>par mixartsasso<\/span><\/span><\/div><\/div><\/figcaption><\/figure><\/a><!--end av-masonry entry--><a href=\"https:\/\/mixarts.org\/association\/2024\/22-02-reperkutour\/\"  id='av-masonry-1-item-5751' data-av-masonry-item='5751' class='av-masonry-entry isotope-item post-5751 post type-post status-publish format-standard has-post-thumbnail hentry category-34 all_sort 2024_sort  av-masonry-item-with-image' title=\"Reperkutour-festival-lyon-site-carre\"   itemscope=\"itemscope\" itemtype=\"https:\/\/schema.org\/CreativeWork\" ><div class='av-inner-masonry-sizer'><\/div><figure class='av-inner-masonry main_color'><div class=\"av-masonry-outerimage-container\"><div class='av-masonry-image-container' style=\"background-image: url(https:\/\/mixarts.org\/association\/wp-content\/uploads\/2024\/01\/Reperkutour-festival-lyon-site-carre-705x705.jpg);\"  title=\"Reperkutour-festival-lyon-site-carre\"  ><\/div><\/div><figcaption class='av-inner-masonry-content site-background'><div class='av-inner-masonry-content-pos'><div class='av-inner-masonry-content-pos-content'><div class='avia-arrow'><\/div><h3 class='av-masonry-entry-title entry-title '  itemprop=\"headline\" >22\/02 \u2013 REPERKUTOUR<\/h3><span class='av-masonry-date meta-color updated'>24 septembre 2023<\/span><span class=\"av-masonry-text-sep text-sep-author\">\/<\/span><span class='av-masonry-author meta-color author'><span class='fn'>par mixartsasso<\/span><\/span><\/div><\/div><\/figcaption><\/figure><\/a><!--end av-masonry entry--><a href=\"https:\/\/mixarts.org\/association\/2023\/16-12-cali\/\"  id='av-masonry-1-item-5232' data-av-masonry-item='5232' class='av-masonry-entry isotope-item post-5232 post type-post status-publish format-standard has-post-thumbnail hentry category-28 tag-amour-parfait tag-cali tag-chanson-francaise tag-concert tag-david-bowie tag-elvis-costello tag-heure-bleue tag-mick-jagger tag-sting all_sort 2023_sort  av-masonry-item-with-image' title=\"Cali-20ans-(c)philippeFrnd (petit)\"   itemscope=\"itemscope\" itemtype=\"https:\/\/schema.org\/CreativeWork\" ><div class='av-inner-masonry-sizer'><\/div><figure class='av-inner-masonry main_color'><div class=\"av-masonry-outerimage-container\"><div class='av-masonry-image-container' style=\"background-image: url(https:\/\/mixarts.org\/association\/wp-content\/uploads\/2023\/07\/Cali-20ans-cphilippeFrnd-petit-705x605.jpg);\"  title=\"Cali-20ans-(c)philippeFrnd (petit)\"  ><\/div><\/div><figcaption class='av-inner-masonry-content site-background'><div class='av-inner-masonry-content-pos'><div class='av-inner-masonry-content-pos-content'><div class='avia-arrow'><\/div><h3 class='av-masonry-entry-title entry-title '  itemprop=\"headline\" >16\/12 \u2013 CALI &#8211; 20 ans d&#8217;amour parfait<\/h3><span class='av-masonry-date meta-color updated'>12 juillet 2023<\/span><span class=\"av-masonry-text-sep text-sep-author\">\/<\/span><span class='av-masonry-author meta-color author'><span class='fn'>par mixartsasso<\/span><\/span><\/div><\/div><\/figcaption><\/figure><\/a><!--end av-masonry entry--><a href=\"https:\/\/mixarts.org\/association\/2023\/15-12-aymeric-lompret\/\"  id='av-masonry-1-item-5424' data-av-masonry-item='5424' class='av-masonry-entry isotope-item post-5424 post type-post status-publish format-standard has-post-thumbnail hentry category-28 all_sort 2023_sort  av-masonry-item-with-image' title=\"AYMERIC2798-(c)-StephaneKerrad\"   itemscope=\"itemscope\" itemtype=\"https:\/\/schema.org\/CreativeWork\" ><div class='av-inner-masonry-sizer'><\/div><figure class='av-inner-masonry main_color'><div class=\"av-masonry-outerimage-container\"><div class='av-masonry-image-container' style=\"background-image: url(https:\/\/mixarts.org\/association\/wp-content\/uploads\/2023\/09\/AYMERIC2798-c-StephaneKerrad-1-470x705.jpg);\"  title=\"AYMERIC2798-(c)-StephaneKerrad\"  ><\/div><\/div><figcaption class='av-inner-masonry-content site-background'><div class='av-inner-masonry-content-pos'><div class='av-inner-masonry-content-pos-content'><div class='avia-arrow'><\/div><h3 class='av-masonry-entry-title entry-title '  itemprop=\"headline\" >[COMPLET] 15\/12 \u2013 AYMERIC LOMPRET<\/h3><span class='av-masonry-date meta-color updated'>12 juillet 2023<\/span><span class=\"av-masonry-text-sep text-sep-author\">\/<\/span><span class='av-masonry-author meta-color author'><span class='fn'>par mixartsasso<\/span><\/span><\/div><\/div><\/figcaption><\/figure><\/a><!--end av-masonry entry--><a href=\"https:\/\/mixarts.org\/association\/2023\/9-12-virginie-despentes-casey-beatrice-dalle-groupe-zero\/\"  id='av-masonry-1-item-5154' data-av-masonry-item='5154' class='av-masonry-entry isotope-item post-5154 post type-post status-publish format-standard has-post-thumbnail hentry category-28 all_sort 2023_sort  av-masonry-item-with-image' title=\"500-500\"   itemscope=\"itemscope\" itemtype=\"https:\/\/schema.org\/CreativeWork\" ><div class='av-inner-masonry-sizer'><\/div><figure class='av-inner-masonry main_color'><div class=\"av-masonry-outerimage-container\"><div class='av-masonry-image-container' style=\"background-image: url(https:\/\/mixarts.org\/association\/wp-content\/uploads\/2023\/06\/500-500.jpeg);\"  title=\"500-500\"  ><\/div><\/div><figcaption class='av-inner-masonry-content site-background'><div class='av-inner-masonry-content-pos'><div class='av-inner-masonry-content-pos-content'><div class='avia-arrow'><\/div><h3 class='av-masonry-entry-title entry-title '  itemprop=\"headline\" >[COMPLET] 9\/12 \u2013 VIRGINIE DESPENTES, CASEY, B\u00c9ATRICE DALLE, GROUPE Z\u00cbRO<\/h3><span class='av-masonry-date meta-color updated'>3 juillet 2023<\/span><span class=\"av-masonry-text-sep text-sep-author\">\/<\/span><span class='av-masonry-author meta-color author'><span class='fn'>par mixartsasso<\/span><\/span><\/div><\/div><\/figcaption><\/figure><\/a><!--end av-masonry entry--><a href=\"https:\/\/mixarts.org\/association\/2023\/29-11-blick-bassy-anais-rosso\/\"  id='av-masonry-1-item-5247' data-av-masonry-item='5247' class='av-masonry-entry isotope-item post-5247 post type-post status-publish format-standard has-post-thumbnail hentry category-28 tag-afro tag-afro-soul tag-anais-rosso tag-blick-bassy tag-cameroun tag-concert tag-eau tag-henri-salvador tag-indie-pop tag-lilyade tag-musique tag-rita-mitsouko tag-zaiko-langa-langa all_sort 2023_sort  av-masonry-item-with-image' title=\"88_BlickBassy_GabrielDia\"   itemscope=\"itemscope\" itemtype=\"https:\/\/schema.org\/CreativeWork\" ><div class='av-inner-masonry-sizer'><\/div><figure class='av-inner-masonry main_color'><div class=\"av-masonry-outerimage-container\"><div class='av-masonry-image-container' style=\"background-image: url(https:\/\/mixarts.org\/association\/wp-content\/uploads\/2023\/07\/88_BlickBassy_GabrielDia-470x705.jpg);\"  title=\"88_BlickBassy_GabrielDia\"  ><\/div><\/div><figcaption class='av-inner-masonry-content site-background'><div class='av-inner-masonry-content-pos'><div class='av-inner-masonry-content-pos-content'><div class='avia-arrow'><\/div><h3 class='av-masonry-entry-title entry-title '  itemprop=\"headline\" >29\/11 \u2013 BLICK BASSY + ANA\u00cfS ROSSO<\/h3><span class='av-masonry-date meta-color updated'>3 juillet 2023<\/span><span class=\"av-masonry-text-sep text-sep-author\">\/<\/span><span class='av-masonry-author meta-color author'><span class='fn'>par mixartsasso<\/span><\/span><\/div><\/div><\/figcaption><\/figure><\/a><!--end av-masonry entry--><a href=\"https:\/\/mixarts.org\/association\/2023\/24-11-soiree-de-soutien-au-peuple-palestinien\/\"  id='av-masonry-1-item-5520' data-av-masonry-item='5520' class='av-masonry-entry isotope-item post-5520 post type-post status-publish format-standard has-post-thumbnail hentry category-28 all_sort 2023_sort  av-masonry-item-with-image' title=\"FDL-GAZA2023-FredSochard-01-A3-CMJN\"   itemscope=\"itemscope\" itemtype=\"https:\/\/schema.org\/CreativeWork\" ><div class='av-inner-masonry-sizer'><\/div><figure class='av-inner-masonry main_color'><div class=\"av-masonry-outerimage-container\"><div class='av-masonry-image-container' style=\"background-image: url(https:\/\/mixarts.org\/association\/wp-content\/uploads\/2023\/07\/FDL-GAZA2023-FredSochard-01-A3-CMJN-1-498x705.png);\"  title=\"FDL-GAZA2023-FredSochard-01-A3-CMJN\"  ><\/div><\/div><figcaption class='av-inner-masonry-content site-background'><div class='av-inner-masonry-content-pos'><div class='av-inner-masonry-content-pos-content'><div class='avia-arrow'><\/div><h3 class='av-masonry-entry-title entry-title '  itemprop=\"headline\" >24\/11 \u2013 Soir\u00e9e de soutien au peuple palestinien<\/h3><span class='av-masonry-date meta-color updated'>1 juillet 2023<\/span><span class=\"av-masonry-text-sep text-sep-author\">\/<\/span><span class='av-masonry-author meta-color author'><span class='fn'>par mixartsasso<\/span><\/span><\/div><\/div><\/figcaption><\/figure><\/a><!--end av-masonry entry--><a href=\"https:\/\/mixarts.org\/association\/2023\/23-11-djamil-le-shlag-salima-guerziz\/\"  id='av-masonry-1-item-5209' data-av-masonry-item='5209' class='av-masonry-entry isotope-item post-5209 post type-post status-publish format-standard has-post-thumbnail hentry category-28 tag-djamil tag-djamil-le-shlag tag-humour tag-qg-comedy-club tag-salima-guerziz tag-spectacle all_sort 2023_sort  av-masonry-item-with-image' title=\"23-24_DjamilLeShlag\u00a9Ouss Diaby petit\"   itemscope=\"itemscope\" itemtype=\"https:\/\/schema.org\/CreativeWork\" ><div class='av-inner-masonry-sizer'><\/div><figure class='av-inner-masonry main_color'><div class=\"av-masonry-outerimage-container\"><div class='av-masonry-image-container' style=\"background-image: url(https:\/\/mixarts.org\/association\/wp-content\/uploads\/2023\/07\/23-24_DjamilLeShlag\u00a9Ouss-Diaby-petit-1-470x705.jpg);\"  title=\"23-24_DjamilLeShlag\u00a9Ouss Diaby petit\"  ><\/div><\/div><figcaption class='av-inner-masonry-content site-background'><div class='av-inner-masonry-content-pos'><div class='av-inner-masonry-content-pos-content'><div class='avia-arrow'><\/div><h3 class='av-masonry-entry-title entry-title '  itemprop=\"headline\" >[COMPLET] 23\/11 DJAMIL LE SHLAG + SALIMA GUERZIZ<\/h3><span class='av-masonry-date meta-color updated'>30 juin 2023<\/span><span class=\"av-masonry-text-sep text-sep-author\">\/<\/span><span class='av-masonry-author meta-color author'><span class='fn'>par mixartsasso<\/span><\/span><\/div><\/div><\/figcaption><\/figure><\/a><!--end av-masonry entry--><a href=\"https:\/\/mixarts.org\/association\/2023\/18-11-boomer-90s-00s\/\"  id='av-masonry-1-item-5494' data-av-masonry-item='5494' class='av-masonry-entry isotope-item post-5494 post type-post status-publish format-standard has-post-thumbnail hentry category-28 tag-annees-2000 tag-annees-90 tag-avril-lavigne tag-black-eyed-peas tag-boom tag-britney-spears tag-danse tag-diams tag-dj tag-eurodance tag-guitare tag-lorie tag-msn tag-music tag-nirvana tag-nostalgie tag-oldschool tag-rap tag-retro tag-tamagotchi tag-trance tag-vhs tag-vintage tag-y2k all_sort 2023_sort  av-masonry-item-with-image' title=\"AFFICHE-BOOM(ER)\"   itemscope=\"itemscope\" itemtype=\"https:\/\/schema.org\/CreativeWork\" ><div class='av-inner-masonry-sizer'><\/div><figure class='av-inner-masonry main_color'><div class=\"av-masonry-outerimage-container\"><div class='av-masonry-image-container' style=\"background-image: url(https:\/\/mixarts.org\/association\/wp-content\/uploads\/2023\/10\/AFFICHE-BOOMER-498x705.jpg);\"  title=\"AFFICHE-BOOM(ER)\"  ><\/div><\/div><figcaption class='av-inner-masonry-content site-background'><div class='av-inner-masonry-content-pos'><div class='av-inner-masonry-content-pos-content'><div class='avia-arrow'><\/div><h3 class='av-masonry-entry-title entry-title '  itemprop=\"headline\" >18\/11 \u2013 BOOM(er) &#8211; &#8217;90s &#038; &#8217;00s<\/h3><span class='av-masonry-date meta-color updated'>28 juin 2023<\/span><span class=\"av-masonry-text-sep text-sep-author\">\/<\/span><span class='av-masonry-author meta-color author'><span class='fn'>par mixartsasso<\/span><\/span><\/div><\/div><\/figcaption><\/figure><\/a><!--end av-masonry entry--><a href=\"https:\/\/mixarts.org\/association\/2023\/11-11-ludwig-von-88-resto-basket\/\"  id='av-masonry-1-item-4527' data-av-masonry-item='4527' class='av-masonry-entry isotope-item post-4527 post type-post status-publish format-standard has-post-thumbnail hentry category-28 all_sort 2023_sort  av-masonry-item-with-image' title=\"LV 2023 &#8211; Anna\u00efg Housnard\"   itemscope=\"itemscope\" itemtype=\"https:\/\/schema.org\/CreativeWork\" ><div class='av-inner-masonry-sizer'><\/div><figure class='av-inner-masonry main_color'><div class=\"av-masonry-outerimage-container\"><div class='av-masonry-image-container' style=\"background-image: url(https:\/\/mixarts.org\/association\/wp-content\/uploads\/2022\/12\/LV-2023-Annaig-Housnard-705x529.jpg);\"  title=\"LV 2023 &#8211; Anna\u00efg Housnard\"  ><\/div><\/div><figcaption class='av-inner-masonry-content site-background'><div class='av-inner-masonry-content-pos'><div class='av-inner-masonry-content-pos-content'><div class='avia-arrow'><\/div><h3 class='av-masonry-entry-title entry-title '  itemprop=\"headline\" >11\/11 &#8211; LUDWIG VON 88 + RESTO BASKET<\/h3><span class='av-masonry-date meta-color updated'>26 juin 2023<\/span><span class=\"av-masonry-text-sep text-sep-author\">\/<\/span><span class='av-masonry-author meta-color author'><span class='fn'>par mixartsasso<\/span><\/span><\/div><\/div><\/figcaption><\/figure><\/a><!--end av-masonry entry--><a href=\"https:\/\/mixarts.org\/association\/2023\/30-10-julian-marley-jaly-luz\/\"  id='av-masonry-1-item-5188' data-av-masonry-item='5188' class='av-masonry-entry isotope-item post-5188 post type-post status-publish format-standard has-post-thumbnail hentry category-28 all_sort 2023_sort  av-masonry-item-with-image' title=\"Julian Marley\"   itemscope=\"itemscope\" itemtype=\"https:\/\/schema.org\/CreativeWork\" ><div class='av-inner-masonry-sizer'><\/div><figure class='av-inner-masonry main_color'><div class=\"av-masonry-outerimage-container\"><div class='av-masonry-image-container' style=\"background-image: url(https:\/\/mixarts.org\/association\/wp-content\/uploads\/2023\/06\/petit_Julian-Marley-Press-Shot-Red-Shirt-Joey-Clay-Studio-705x470.jpg);\"  title=\"Julian Marley\"  ><\/div><\/div><figcaption class='av-inner-masonry-content site-background'><div class='av-inner-masonry-content-pos'><div class='av-inner-masonry-content-pos-content'><div class='avia-arrow'><\/div><h3 class='av-masonry-entry-title entry-title '  itemprop=\"headline\" >30\/10 \u2013 JULIAN MARLEY + JALY LUZ<\/h3><span class='av-masonry-date meta-color updated'>20 juin 2023<\/span><span class=\"av-masonry-text-sep text-sep-author\">\/<\/span><span class='av-masonry-author meta-color author'><span class='fn'>par mixartsasso<\/span><\/span><\/div><\/div><\/figcaption><\/figure><\/a><!--end av-masonry entry--><a href=\"https:\/\/mixarts.org\/association\/2023\/14-10-mademoiselle-k-la-meute\/\"  id='av-masonry-1-item-5128' data-av-masonry-item='5128' class='av-masonry-entry isotope-item post-5128 post type-post status-publish format-standard has-post-thumbnail hentry category-28 all_sort 2023_sort  av-masonry-item-with-image' title=\"Cr\u00e9dit _ C\u00e9line Bischoff_MADK_HR_04_RGBter\"   itemscope=\"itemscope\" itemtype=\"https:\/\/schema.org\/CreativeWork\" ><div class='av-inner-masonry-sizer'><\/div><figure class='av-inner-masonry main_color'><div class=\"av-masonry-outerimage-container\"><div class='av-masonry-image-container' style=\"background-image: url(https:\/\/mixarts.org\/association\/wp-content\/uploads\/2023\/06\/Credit-_-Celine-Bischoff_MADK_HR_04_RGBter-705x705.png);\"  title=\"Cr\u00e9dit _ C\u00e9line Bischoff_MADK_HR_04_RGBter\"  ><\/div><\/div><figcaption class='av-inner-masonry-content site-background'><div class='av-inner-masonry-content-pos'><div class='av-inner-masonry-content-pos-content'><div class='avia-arrow'><\/div><h3 class='av-masonry-entry-title entry-title '  itemprop=\"headline\" >14\/10 \u2013 MADEMOISELLE K + LA MEUTE<\/h3><span class='av-masonry-date meta-color updated'>14 juin 2023<\/span><span class=\"av-masonry-text-sep text-sep-author\">\/<\/span><span class='av-masonry-author meta-color author'><span class='fn'>par mixartsasso<\/span><\/span><\/div><\/div><\/figcaption><\/figure><\/a><!--end av-masonry entry--><a href=\"https:\/\/mixarts.org\/association\/2023\/du-19-au-23-09-festival-merci-bonsoir-8-2\/\"  id='av-masonry-1-item-5041' data-av-masonry-item='5041' class='av-masonry-entry isotope-item post-5041 post type-post status-publish format-standard has-post-thumbnail hentry category-28 all_sort 2023_sort  av-masonry-item-with-image' title=\"Merci-Bonsoir-2023-D1-rvb\"   itemscope=\"itemscope\" itemtype=\"https:\/\/schema.org\/CreativeWork\" ><div class='av-inner-masonry-sizer'><\/div><figure class='av-inner-masonry main_color'><div class=\"av-masonry-outerimage-container\"><div class='av-masonry-image-container' style=\"background-image: url(https:\/\/mixarts.org\/association\/wp-content\/uploads\/2023\/06\/Merci-Bonsoir-2023-D1-rvb-498x705.jpg);\"  title=\"Merci-Bonsoir-2023-D1-rvb\"  ><\/div><\/div><figcaption class='av-inner-masonry-content site-background'><div class='av-inner-masonry-content-pos'><div class='av-inner-masonry-content-pos-content'><div class='avia-arrow'><\/div><h3 class='av-masonry-entry-title entry-title '  itemprop=\"headline\" >Du 19 au 23\/09 &#8211; FESTIVAL &#8220;MERCI, BONSOIR !&#8221; #8<\/h3><span class='av-masonry-date meta-color updated'>12 juin 2023<\/span><span class=\"av-masonry-text-sep text-sep-author\">\/<\/span><span class='av-masonry-author meta-color author'><span class='fn'>par mixartsasso<\/span><\/span><\/div><\/div><\/figcaption><\/figure><\/a><!--end av-masonry entry--><a href=\"https:\/\/mixarts.org\/association\/2023\/10-06-moirans-lumieres-2\/\"  id='av-masonry-1-item-4995' data-av-masonry-item='4995' class='av-masonry-entry isotope-item post-4995 post type-post status-publish format-standard has-post-thumbnail hentry category-28 all_sort 2023_sort  av-masonry-item-with-image' title=\"348629431_1235043163809483_3236299376379993218_n\"   itemscope=\"itemscope\" itemtype=\"https:\/\/schema.org\/CreativeWork\" ><div class='av-inner-masonry-sizer'><\/div><figure class='av-inner-masonry main_color'><div class=\"av-masonry-outerimage-container\"><div class='av-masonry-image-container' style=\"background-image: url(https:\/\/mixarts.org\/association\/wp-content\/uploads\/2023\/06\/348629431_1235043163809483_3236299376379993218_n-705x370.jpg);\"  title=\"348629431_1235043163809483_3236299376379993218_n\"  ><\/div><\/div><figcaption class='av-inner-masonry-content site-background'><div class='av-inner-masonry-content-pos'><div class='av-inner-masonry-content-pos-content'><div class='avia-arrow'><\/div><h3 class='av-masonry-entry-title entry-title '  itemprop=\"headline\" >10\/06 &#8211; Moirans Lumi\u00e8res #2<\/h3><span class='av-masonry-date meta-color updated'>10 juin 2023<\/span><span class=\"av-masonry-text-sep text-sep-author\">\/<\/span><span class='av-masonry-author meta-color author'><span class='fn'>par mixartsasso<\/span><\/span><\/div><\/div><\/figcaption><\/figure><\/a><!--end av-masonry entry--><a href=\"https:\/\/mixarts.org\/association\/2023\/du-26-au-29-05-festival-bien-lbourgeon-6\/\"  id='av-masonry-1-item-4482' data-av-masonry-item='4482' class='av-masonry-entry isotope-item post-4482 post type-post status-publish format-standard has-post-thumbnail hentry category-28 all_sort 2023_sort  av-masonry-item-with-image' title=\"Illu seule carr\u00e9 insta\"   itemscope=\"itemscope\" itemtype=\"https:\/\/schema.org\/CreativeWork\" ><div class='av-inner-masonry-sizer'><\/div><figure class='av-inner-masonry main_color'><div class=\"av-masonry-outerimage-container\"><div class='av-masonry-image-container' style=\"background-image: url(https:\/\/mixarts.org\/association\/wp-content\/uploads\/2022\/12\/Illu-seule-carre-insta-705x705.jpg);\"  title=\"Illu seule carr\u00e9 insta\"  ><\/div><\/div><figcaption class='av-inner-masonry-content site-background'><div class='av-inner-masonry-content-pos'><div class='av-inner-masonry-content-pos-content'><div class='avia-arrow'><\/div><h3 class='av-masonry-entry-title entry-title '  itemprop=\"headline\" >Du 26 au 29\/05 &#8211; FESTIVAL BIEN L&#8217;BOURGEON #6<\/h3><span class='av-masonry-date meta-color updated'>26 mai 2023<\/span><span class=\"av-masonry-text-sep text-sep-author\">\/<\/span><span class='av-masonry-author meta-color author'><span class='fn'>par mixartsasso<\/span><\/span><\/div><\/div><\/figcaption><\/figure><\/a><!--end av-masonry entry--><a href=\"https:\/\/mixarts.org\/association\/2023\/10-05-tigadrine-sortie-dalbum-zar-electrik\/\"  id='av-masonry-1-item-4754' data-av-masonry-item='4754' class='av-masonry-entry isotope-item post-4754 post type-post status-publish format-standard has-post-thumbnail hentry category-28 all_sort 2023_sort  av-masonry-item-with-image' title=\"tigadrine web\"   itemscope=\"itemscope\" itemtype=\"https:\/\/schema.org\/CreativeWork\" ><div class='av-inner-masonry-sizer'><\/div><figure class='av-inner-masonry main_color'><div class=\"av-masonry-outerimage-container\"><div class='av-masonry-image-container' style=\"background-image: url(https:\/\/mixarts.org\/association\/wp-content\/uploads\/2023\/02\/tigadrine-web-705x470.jpg);\"  title=\"tigadrine web\"  ><\/div><\/div><figcaption class='av-inner-masonry-content site-background'><div class='av-inner-masonry-content-pos'><div class='av-inner-masonry-content-pos-content'><div class='avia-arrow'><\/div><h3 class='av-masonry-entry-title entry-title '  itemprop=\"headline\" >10\/05 &#8211; TIGADRINE [SORTIE D&#8217;ALBUM] + ZAR ELECTRIK<\/h3><span class='av-masonry-date meta-color updated'>10 mai 2023<\/span><span class=\"av-masonry-text-sep text-sep-author\">\/<\/span><span class='av-masonry-author meta-color author'><span class='fn'>par mixartsasso<\/span><\/span><\/div><\/div><\/figcaption><\/figure><\/a><!--end av-masonry entry--><a href=\"https:\/\/mixarts.org\/association\/2023\/06-04-medine-1ere-partie\/\"  id='av-masonry-1-item-4748' data-av-masonry-item='4748' class='av-masonry-entry isotope-item post-4748 post type-post status-publish format-standard has-post-thumbnail hentry category-28 all_sort 2023_sort  av-masonry-item-with-image' title=\"DSC_1782\"   itemscope=\"itemscope\" itemtype=\"https:\/\/schema.org\/CreativeWork\" ><div class='av-inner-masonry-sizer'><\/div><figure class='av-inner-masonry main_color'><div class=\"av-masonry-outerimage-container\"><div class='av-masonry-image-container' style=\"background-image: url(https:\/\/mixarts.org\/association\/wp-content\/uploads\/2023\/02\/DSC_1782-470x705.jpg);\"  title=\"DSC_1782\"  ><\/div><\/div><figcaption class='av-inner-masonry-content site-background'><div class='av-inner-masonry-content-pos'><div class='av-inner-masonry-content-pos-content'><div class='avia-arrow'><\/div><h3 class='av-masonry-entry-title entry-title '  itemprop=\"headline\" >06\/04 &#8211; M\u00c9DINE + 1\u00c8RE PARTIE<\/h3><span class='av-masonry-date meta-color updated'>6 avril 2023<\/span><span class=\"av-masonry-text-sep text-sep-author\">\/<\/span><span class='av-masonry-author meta-color author'><span class='fn'>par mixartsasso<\/span><\/span><\/div><\/div><\/figcaption><\/figure><\/a><!--end av-masonry entry--><a href=\"https:\/\/mixarts.org\/association\/2023\/05-04-aymeric-lompret\/\"  id='av-masonry-1-item-4457' data-av-masonry-item='4457' class='av-masonry-entry isotope-item post-4457 post type-post status-publish format-standard has-post-thumbnail hentry category-28 all_sort 2023_sort  av-masonry-item-with-image' title=\"Aymeric LOMPRET- \u00a9 Stephane Kerrad\"   itemscope=\"itemscope\" itemtype=\"https:\/\/schema.org\/CreativeWork\" ><div class='av-inner-masonry-sizer'><\/div><figure class='av-inner-masonry main_color'><div class=\"av-masonry-outerimage-container\"><div class='av-masonry-image-container' style=\"background-image: url(https:\/\/mixarts.org\/association\/wp-content\/uploads\/2022\/12\/Aymeric-LOMPRET-\u00a9-Stephane-Kerrad-705x470.jpg);\"  title=\"Aymeric LOMPRET- \u00a9 Stephane Kerrad\"  ><\/div><\/div><figcaption class='av-inner-masonry-content site-background'><div class='av-inner-masonry-content-pos'><div class='av-inner-masonry-content-pos-content'><div class='avia-arrow'><\/div><h3 class='av-masonry-entry-title entry-title '  itemprop=\"headline\" >05\/04 &#8211; AYMERIC LOMPRET<\/h3><span class='av-masonry-date meta-color updated'>5 avril 2023<\/span><span class=\"av-masonry-text-sep text-sep-author\">\/<\/span><span class='av-masonry-author meta-color author'><span class='fn'>par mixartsasso<\/span><\/span><\/div><\/div><\/figcaption><\/figure><\/a><!--end av-masonry entry--><a href=\"https:\/\/mixarts.org\/association\/2023\/2930-03-masculinites-en-jeux-formation\/\"  id='av-masonry-1-item-4720' data-av-masonry-item='4720' class='av-masonry-entry isotope-item post-4720 post type-post status-publish format-standard has-post-thumbnail hentry category-28 all_sort 2023_sort  av-masonry-item-with-image' title=\"Image3\"   itemscope=\"itemscope\" itemtype=\"https:\/\/schema.org\/CreativeWork\" ><div class='av-inner-masonry-sizer'><\/div><figure class='av-inner-masonry main_color'><div class=\"av-masonry-outerimage-container\"><div class='av-masonry-image-container' style=\"background-image: url(https:\/\/mixarts.org\/association\/wp-content\/uploads\/2023\/02\/Image3.png);\"  title=\"Image3\"  ><\/div><\/div><figcaption class='av-inner-masonry-content site-background'><div class='av-inner-masonry-content-pos'><div class='av-inner-masonry-content-pos-content'><div class='avia-arrow'><\/div><h3 class='av-masonry-entry-title entry-title '  itemprop=\"headline\" >29+30\/03 &#8211; MASCULINIT\u00c9(S) EN JEUX \u2022 Formation<\/h3><span class='av-masonry-date meta-color updated'>29 mars 2023<\/span><span class=\"av-masonry-text-sep text-sep-author\">\/<\/span><span class='av-masonry-author meta-color author'><span class='fn'>par mixartsasso<\/span><\/span><\/div><\/div><\/figcaption><\/figure><\/a><!--end av-masonry entry--><a href=\"https:\/\/mixarts.org\/association\/2023\/18-03-concert-antifasciste-visa\/\"  id='av-masonry-1-item-4781' data-av-masonry-item='4781' class='av-masonry-entry isotope-item post-4781 post type-post status-publish format-standard has-post-thumbnail hentry category-28 all_sort 2023_sort  av-masonry-item-with-image' title=\"cr\u00e9dit\u00a9Lemzo\"   itemscope=\"itemscope\" itemtype=\"https:\/\/schema.org\/CreativeWork\" ><div class='av-inner-masonry-sizer'><\/div><figure class='av-inner-masonry main_color'><div class=\"av-masonry-outerimage-container\"><div class='av-masonry-image-container' style=\"background-image: url(https:\/\/mixarts.org\/association\/wp-content\/uploads\/2023\/02\/credit\u00a9Lemzo-564x705.jpg);\"  title=\"cr\u00e9dit\u00a9Lemzo\"  ><\/div><\/div><figcaption class='av-inner-masonry-content site-background'><div class='av-inner-masonry-content-pos'><div class='av-inner-masonry-content-pos-content'><div class='avia-arrow'><\/div><h3 class='av-masonry-entry-title entry-title '  itemprop=\"headline\" >18\/03 &#8211; CONCERT ANTIFASCISTE VISA<\/h3><span class='av-masonry-date meta-color updated'>18 mars 2023<\/span><span class=\"av-masonry-text-sep text-sep-author\">\/<\/span><span class='av-masonry-author meta-color author'><span class='fn'>par mixartsasso<\/span><\/span><\/div><\/div><\/figcaption><\/figure><\/a><!--end av-masonry entry--><a href=\"https:\/\/mixarts.org\/association\/2023\/17-03-tigadrine-labess\/\"  id='av-masonry-1-item-3855' data-av-masonry-item='3855' class='av-masonry-entry isotope-item post-3855 post type-post status-publish format-standard has-post-thumbnail hentry category-28 all_sort 2023_sort  av-masonry-item-with-image' title=\"dahamis-tigadrine\"   itemscope=\"itemscope\" itemtype=\"https:\/\/schema.org\/CreativeWork\" ><div class='av-inner-masonry-sizer'><\/div><figure class='av-inner-masonry main_color'><div class=\"av-masonry-outerimage-container\"><div class='av-masonry-image-container' style=\"background-image: url(https:\/\/mixarts.org\/association\/wp-content\/uploads\/2022\/07\/dahamis-tigadrine-705x705.jpg);\"  title=\"dahamis-tigadrine\"  ><\/div><\/div><figcaption class='av-inner-masonry-content site-background'><div class='av-inner-masonry-content-pos'><div class='av-inner-masonry-content-pos-content'><div class='avia-arrow'><\/div><h3 class='av-masonry-entry-title entry-title '  itemprop=\"headline\" >17\/03 &#8211; TIGADRINE + LABESS<\/h3><span class='av-masonry-date meta-color updated'>17 mars 2023<\/span><span class=\"av-masonry-text-sep text-sep-author\">\/<\/span><span class='av-masonry-author meta-color author'><span class='fn'>par mixartsasso<\/span><\/span><\/div><\/div><\/figcaption><\/figure><\/a><!--end av-masonry entry--><a href=\"https:\/\/mixarts.org\/association\/2023\/04-03-alors-cest-vrai-cie-la-meandre\/\"  id='av-masonry-1-item-4791' data-av-masonry-item='4791' class='av-masonry-entry isotope-item post-4791 post type-post status-publish format-standard has-post-thumbnail hentry category-28 all_sort 2023_sort  av-masonry-item-with-image' title=\"330984952_563648482360067_7897505822706568011_n\"   itemscope=\"itemscope\" itemtype=\"https:\/\/schema.org\/CreativeWork\" ><div class='av-inner-masonry-sizer'><\/div><figure class='av-inner-masonry main_color'><div class=\"av-masonry-outerimage-container\"><div class='av-masonry-image-container' style=\"background-image: url(https:\/\/mixarts.org\/association\/wp-content\/uploads\/2023\/02\/330984952_563648482360067_7897505822706568011_n-705x470.jpg);\"  title=\"330984952_563648482360067_7897505822706568011_n\"  ><\/div><\/div><figcaption class='av-inner-masonry-content site-background'><div class='av-inner-masonry-content-pos'><div class='av-inner-masonry-content-pos-content'><div class='avia-arrow'><\/div><h3 class='av-masonry-entry-title entry-title '  itemprop=\"headline\" >04\/03 &#8211; &#8220;Alors C&#8217;est Vrai ?&#8221; CIE LA MEANDRE<\/h3><span class='av-masonry-date meta-color updated'>4 mars 2023<\/span><span class=\"av-masonry-text-sep text-sep-author\">\/<\/span><span class='av-masonry-author meta-color author'><span class='fn'>par mixartsasso<\/span><\/span><\/div><\/div><\/figcaption><\/figure><\/a><!--end av-masonry entry--><a href=\"https:\/\/mixarts.org\/association\/2023\/mars-2023-mois-decolonial-3\/\"  id='av-masonry-1-item-4741' data-av-masonry-item='4741' class='av-masonry-entry isotope-item post-4741 post type-post status-publish format-standard has-post-thumbnail hentry category-28 all_sort 2023_sort  av-masonry-item-with-image' title=\"fleur carr\u00e9\"   itemscope=\"itemscope\" itemtype=\"https:\/\/schema.org\/CreativeWork\" ><div class='av-inner-masonry-sizer'><\/div><figure class='av-inner-masonry main_color'><div class=\"av-masonry-outerimage-container\"><div class='av-masonry-image-container' style=\"background-image: url(https:\/\/mixarts.org\/association\/wp-content\/uploads\/2023\/02\/fleur-carre-705x705.jpg);\"  title=\"fleur carr\u00e9\"  ><\/div><\/div><figcaption class='av-inner-masonry-content site-background'><div class='av-inner-masonry-content-pos'><div class='av-inner-masonry-content-pos-content'><div class='avia-arrow'><\/div><h3 class='av-masonry-entry-title entry-title '  itemprop=\"headline\" >Mars\/Avril 2023 &#8211; MOIS D\u00c9COLONIAL #3<\/h3><span class='av-masonry-date meta-color updated'>1 mars 2023<\/span><span class=\"av-masonry-text-sep text-sep-author\">\/<\/span><span class='av-masonry-author meta-color author'><span class='fn'>par mixartsasso<\/span><\/span><\/div><\/div><\/figcaption><\/figure><\/a><!--end av-masonry entry--><a href=\"https:\/\/mixarts.org\/association\/2022\/03-12-pfff-de-pierre-emmanuel-barre\/\"  id='av-masonry-1-item-3888' data-av-masonry-item='3888' class='av-masonry-entry isotope-item post-3888 post type-post status-publish format-standard has-post-thumbnail hentry category-30 tag-event tag-spectacle-a-venir all_sort 2022_sort  av-masonry-item-with-image' title=\"Peb\"   itemscope=\"itemscope\" itemtype=\"https:\/\/schema.org\/CreativeWork\" ><div class='av-inner-masonry-sizer'><\/div><figure class='av-inner-masonry main_color'><div class=\"av-masonry-outerimage-container\"><div class='av-masonry-image-container' style=\"background-image: url(https:\/\/mixarts.org\/association\/wp-content\/uploads\/2022\/07\/Peb.jpg);\"  title=\"Peb\"  ><\/div><\/div><figcaption class='av-inner-masonry-content site-background'><div class='av-inner-masonry-content-pos'><div class='av-inner-masonry-content-pos-content'><div class='avia-arrow'><\/div><h3 class='av-masonry-entry-title entry-title '  itemprop=\"headline\" >03\/12 &#8211; &#8220;Pfff&#8230;&#8221; de PIERRE-EMMANUEL BARR\u00c9<\/h3><span class='av-masonry-date meta-color updated'>3 d\u00e9cembre 2022<\/span><span class=\"av-masonry-text-sep text-sep-author\">\/<\/span><span class='av-masonry-author meta-color author'><span class='fn'>par mixartsasso<\/span><\/span><\/div><\/div><\/figcaption><\/figure><\/a><!--end av-masonry entry--><a href=\"https:\/\/mixarts.org\/association\/2022\/30-11-poupie-plus-plus-plus\/\"  id='av-masonry-1-item-3872' data-av-masonry-item='3872' class='av-masonry-entry isotope-item post-3872 post type-post status-publish format-standard has-post-thumbnail hentry category-30 all_sort 2022_sort  av-masonry-item-with-image' title=\"poupie\"   itemscope=\"itemscope\" itemtype=\"https:\/\/schema.org\/CreativeWork\" ><div class='av-inner-masonry-sizer'><\/div><figure class='av-inner-masonry main_color'><div class=\"av-masonry-outerimage-container\"><div class='av-masonry-image-container' style=\"background-image: url(https:\/\/mixarts.org\/association\/wp-content\/uploads\/2022\/07\/poupie-705x687.jpg);\"  title=\"poupie\"  ><\/div><\/div><figcaption class='av-inner-masonry-content site-background'><div class='av-inner-masonry-content-pos'><div class='av-inner-masonry-content-pos-content'><div class='avia-arrow'><\/div><h3 class='av-masonry-entry-title entry-title '  itemprop=\"headline\" >30\/11 &#8211; POUPIE + PLUS PLUS PLUS<\/h3><span class='av-masonry-date meta-color updated'>30 novembre 2022<\/span><span class=\"av-masonry-text-sep text-sep-author\">\/<\/span><span class='av-masonry-author meta-color author'><span class='fn'>par mixartsasso<\/span><\/span><\/div><\/div><\/figcaption><\/figure><\/a><!--end av-masonry entry--><a href=\"https:\/\/mixarts.org\/association\/2022\/17-11-fiers-et-tremblants\/\"  id='av-masonry-1-item-3715' data-av-masonry-item='3715' class='av-masonry-entry isotope-item post-3715 post type-post status-publish format-standard has-post-thumbnail hentry category-30 all_sort 2022_sort  av-masonry-item-with-image' title=\"Fiers et tremblants@Cyrille Choupas (2)\"   itemscope=\"itemscope\" itemtype=\"https:\/\/schema.org\/CreativeWork\" ><div class='av-inner-masonry-sizer'><\/div><figure class='av-inner-masonry main_color'><div class=\"av-masonry-outerimage-container\"><div class='av-masonry-image-container' style=\"background-image: url(https:&#x2f;&#47;m&#x69;&#120;&#97;&#x72;&#x74;&#115;&#46;&#x6f;&#114;g&#x2f;&#x61;&#115;s&#x6f;&#99;i&#x61;&#x74;&#105;o&#x6e;&#47;w&#x70;&#x2d;&#99;o&#x6e;&#116;e&#x6e;&#x74;&#47;&#x75;&#x70;&#108;o&#x61;&#100;s&#x2f;&#x32;&#48;2&#x32;&#47;0&#x36;&#x2f;&#70;i&#x65;&#114;s&#x2d;&#x65;&#116;-&#x74;&#114;e&#x6d;&#x62;&#108;&#x61;&#x6e;&#116;s&#x40;&#67;&#121;&#x72;&#x69;&#108;l&#x65;&#45;C&#x68;&#x6f;&#117;p&#x61;&#115;-&#x32;&#x2d;&#55;0&#x35;&#120;7&#x30;&#x35;&#46;&#x6a;&#x70;&#103;);\"  title=\"Fiers et tremblants@Cyrille Choupas (2)\"  ><\/div><\/div><figcaption class='av-inner-masonry-content site-background'><div class='av-inner-masonry-content-pos'><div class='av-inner-masonry-content-pos-content'><div class='avia-arrow'><\/div><h3 class='av-masonry-entry-title entry-title '  itemprop=\"headline\" >17\/11 &#8211; FIERS ET TREMBLANTS<\/h3><span class='av-masonry-date meta-color updated'>17 novembre 2022<\/span><span class=\"av-masonry-text-sep text-sep-author\">\/<\/span><span class='av-masonry-author meta-color author'><span class='fn'>par mixartsasso<\/span><\/span><\/div><\/div><\/figcaption><\/figure><\/a><!--end av-masonry entry--><a href=\"https:\/\/mixarts.org\/association\/2022\/09-11-giedre-evelyne-zou\/\"  id='av-masonry-1-item-3706' data-av-masonry-item='3706' class='av-masonry-entry isotope-item post-3706 post type-post status-publish format-standard has-post-thumbnail hentry category-30 all_sort 2022_sort  av-masonry-item-with-image' title=\"GiedR\u00e9_CRAP4\u00a9Pierre Ponce\"   itemscope=\"itemscope\" itemtype=\"https:\/\/schema.org\/CreativeWork\" ><div class='av-inner-masonry-sizer'><\/div><figure class='av-inner-masonry main_color'><div class=\"av-masonry-outerimage-container\"><div class='av-masonry-image-container' style=\"background-image: url(https:\/\/mixarts.org\/association\/wp-content\/uploads\/2022\/06\/GiedRe_CRAP4\u00a9Pierre-Ponce-705x455.jpg);\"  title=\"GiedR\u00e9_CRAP4\u00a9Pierre Ponce\"  ><\/div><\/div><figcaption class='av-inner-masonry-content site-background'><div class='av-inner-masonry-content-pos'><div class='av-inner-masonry-content-pos-content'><div class='avia-arrow'><\/div><h3 class='av-masonry-entry-title entry-title '  itemprop=\"headline\" >09\/11 &#8211; GIEDR\u00c9 + EVELYNE ZOU<\/h3><span class='av-masonry-date meta-color updated'>9 novembre 2022<\/span><span class=\"av-masonry-text-sep text-sep-author\">\/<\/span><span class='av-masonry-author meta-color author'><span class='fn'>par mixartsasso<\/span><\/span><\/div><\/div><\/figcaption><\/figure><\/a><!--end av-masonry entry--><a href=\"https:\/\/mixarts.org\/association\/2022\/22-10-the-groove-sessions-live-2\/\"  id='av-masonry-1-item-3691' data-av-masonry-item='3691' class='av-masonry-entry isotope-item post-3691 post type-post status-publish format-standard has-post-thumbnail hentry category-30 all_sort 2022_sort  av-masonry-item-with-image' title=\"2&#8212;Photo-by-Damien-Chamcirkan piti\"   itemscope=\"itemscope\" itemtype=\"https:\/\/schema.org\/CreativeWork\" ><div class='av-inner-masonry-sizer'><\/div><figure class='av-inner-masonry main_color'><div class=\"av-masonry-outerimage-container\"><div class='av-masonry-image-container' style=\"background-image: url(https:\/\/mixarts.org\/association\/wp-content\/uploads\/2022\/06\/2-Photo-by-Damien-Chamcirkan-piti-scaled.jpg);\"  title=\"2&#8212;Photo-by-Damien-Chamcirkan piti\"  ><\/div><\/div><figcaption class='av-inner-masonry-content site-background'><div class='av-inner-masonry-content-pos'><div class='av-inner-masonry-content-pos-content'><div class='avia-arrow'><\/div><h3 class='av-masonry-entry-title entry-title '  itemprop=\"headline\" >22\/10 &#8211; THE GROOVE SESSIONS LIVE + AL TARBA<\/h3><span class='av-masonry-date meta-color updated'>22 octobre 2022<\/span><span class=\"av-masonry-text-sep text-sep-author\">\/<\/span><span class='av-masonry-author meta-color author'><span class='fn'>par mixartsasso<\/span><\/span><\/div><\/div><\/figcaption><\/figure><\/a><!--end av-masonry entry--><a href=\"https:\/\/mixarts.org\/association\/2022\/1112-10-allant-vers-cie-kiroul-experimenta-biennale-2022\/\"  id='av-masonry-1-item-4118' data-av-masonry-item='4118' class='av-masonry-entry isotope-item post-4118 post type-post status-publish format-standard has-post-thumbnail hentry category-30 all_sort 2022_sort  av-masonry-item-with-image' title=\"kiroul\"   itemscope=\"itemscope\" itemtype=\"https:\/\/schema.org\/CreativeWork\" ><div class='av-inner-masonry-sizer'><\/div><figure class='av-inner-masonry main_color'><div class=\"av-masonry-outerimage-container\"><div class='av-masonry-image-container' style=\"background-image: url(https:\/\/mixarts.org\/association\/wp-content\/uploads\/2022\/09\/kiroul.jpg);\"  title=\"kiroul\"  ><\/div><\/div><figcaption class='av-inner-masonry-content site-background'><div class='av-inner-masonry-content-pos'><div class='av-inner-masonry-content-pos-content'><div class='avia-arrow'><\/div><h3 class='av-masonry-entry-title entry-title '  itemprop=\"headline\" >11+12\/10 &#8211; ALLANT VERS \u2022 Cie Kiroul [ EXPERIMENTA \u2022 Biennale 2022 ]<\/h3><span class='av-masonry-date meta-color updated'>12 octobre 2022<\/span><span class=\"av-masonry-text-sep text-sep-author\">\/<\/span><span class='av-masonry-author meta-color author'><span class='fn'>par mixartsasso<\/span><\/span><\/div><\/div><\/figcaption><\/figure><\/a><!--end av-masonry entry--><a href=\"https:\/\/mixarts.org\/association\/2022\/08-10-zentone-1eres-parties\/\"  id='av-masonry-1-item-3902' data-av-masonry-item='3902' class='av-masonry-entry isotope-item post-3902 post type-post status-publish format-standard has-post-thumbnail hentry category-30 tag-concert-a-venir tag-event all_sort 2022_sort  av-masonry-item-with-image' title=\"petit\"   itemscope=\"itemscope\" itemtype=\"https:\/\/schema.org\/CreativeWork\" ><div class='av-inner-masonry-sizer'><\/div><figure class='av-inner-masonry main_color'><div class=\"av-masonry-outerimage-container\"><div class='av-masonry-image-container' style=\"background-image: url(https:\/\/mixarts.org\/association\/wp-content\/uploads\/2022\/04\/petit-504x705.jpg);\"  title=\"petit\"  ><\/div><\/div><figcaption class='av-inner-masonry-content site-background'><div class='av-inner-masonry-content-pos'><div class='av-inner-masonry-content-pos-content'><div class='avia-arrow'><\/div><h3 class='av-masonry-entry-title entry-title '  itemprop=\"headline\" >08\/10 &#8211; ZENTONE + 1\u00e8res parties<\/h3><span class='av-masonry-date meta-color updated'>8 octobre 2022<\/span><span class=\"av-masonry-text-sep text-sep-author\">\/<\/span><span class='av-masonry-author meta-color author'><span class='fn'>par mixartsasso<\/span><\/span><\/div><\/div><\/figcaption><\/figure><\/a><!--end av-masonry entry--><a href=\"https:\/\/mixarts.org\/association\/2022\/06-10-moon-hooch-le-bonk-la-clate\/\"  id='av-masonry-1-item-3156' data-av-masonry-item='3156' class='av-masonry-entry isotope-item post-3156 post type-post status-publish format-standard has-post-thumbnail hentry category-30 all_sort 2022_sort  av-masonry-item-with-image' title=\"Moon Hooch + Le Bonk + La Clate (concert \u00e9lectro-cuivr\u00e9) \u2013 Co-Prod SEVE x Mix\u2019Arts\"   itemscope=\"itemscope\" itemtype=\"https:\/\/schema.org\/CreativeWork\" ><div class='av-inner-masonry-sizer'><\/div><figure class='av-inner-masonry main_color'><div class=\"av-masonry-outerimage-container\"><div class='av-masonry-image-container' style=\"background-image: url(https:\/\/mixarts.org\/association\/wp-content\/uploads\/2021\/12\/MOON-HOOCH-2020-705x470.jpg);\"  title=\"Moon Hooch + Le Bonk + La Clate (concert \u00e9lectro-cuivr\u00e9) \u2013 Co-Prod SEVE x Mix\u2019Arts\"   alt=\"Moon Hooch + Le Bonk + La Clate (concert \u00e9lectro-cuivr\u00e9) \u2013 Co-Prod SEVE x Mix\u2019Arts\" ><\/div><\/div><figcaption class='av-inner-masonry-content site-background'><div class='av-inner-masonry-content-pos'><div class='av-inner-masonry-content-pos-content'><div class='avia-arrow'><\/div><h3 class='av-masonry-entry-title entry-title '  itemprop=\"headline\" >06\/10 &#8211; MOON HOOCH + LE BONK + LA CLATE<\/h3><span class='av-masonry-date meta-color updated'>6 octobre 2022<\/span><span class=\"av-masonry-text-sep text-sep-author\">\/<\/span><span class='av-masonry-author meta-color author'><span class='fn'>par mixartsasso<\/span><\/span><\/div><\/div><\/figcaption><\/figure><\/a><!--end av-masonry entry--><a href=\"https:\/\/mixarts.org\/association\/2022\/30-09-soiree-reunionnaise\/\"  id='av-masonry-1-item-3013' data-av-masonry-item='3013' class='av-masonry-entry isotope-item post-3013 post type-post status-publish format-standard has-post-thumbnail hentry category-30 all_sort 2022_sort  av-masonry-item-with-image' title=\"TRANS KABAR + MAYA KAMATY + TI\u2019KANIKI &#8211; Mix&#8217;Arts\"   itemscope=\"itemscope\" itemtype=\"https:\/\/schema.org\/CreativeWork\" ><div class='av-inner-masonry-sizer'><\/div><figure class='av-inner-masonry main_color'><div class=\"av-masonry-outerimage-container\"><div class='av-masonry-image-container' style=\"background-image: url(https:\/\/mixarts.org\/association\/wp-content\/uploads\/2021\/11\/illus-705x498.jpg);\"  title=\"TRANS KABAR + MAYA KAMATY + TI\u2019KANIKI &#8211; Mix&#8217;Arts\"   alt=\"TRANS KABAR + MAYA KAMATY + TI\u2019KANIKI - Mix&#039;Arts\" ><\/div><\/div><figcaption class='av-inner-masonry-content site-background'><div class='av-inner-masonry-content-pos'><div class='av-inner-masonry-content-pos-content'><div class='avia-arrow'><\/div><h3 class='av-masonry-entry-title entry-title '  itemprop=\"headline\" >30\/09 &#8211; SOIR\u00c9E R\u00c9UNIONNAISE<\/h3><span class='av-masonry-date meta-color updated'>30 septembre 2022<\/span><span class=\"av-masonry-text-sep text-sep-author\">\/<\/span><span class='av-masonry-author meta-color author'><span class='fn'>par mixartsasso<\/span><\/span><\/div><\/div><\/figcaption><\/figure><\/a><!--end av-masonry entry--><a href=\"https:\/\/mixarts.org\/association\/2022\/du-13-au-17-09-festival-merci-bonsoir-7\/\"  id='av-masonry-1-item-3844' data-av-masonry-item='3844' class='av-masonry-entry isotope-item post-3844 post type-post status-publish format-standard has-post-thumbnail hentry category-30 all_sort 2022_sort  av-masonry-item-with-image' title=\"vignette\"   itemscope=\"itemscope\" itemtype=\"https:\/\/schema.org\/CreativeWork\" ><div class='av-inner-masonry-sizer'><\/div><figure class='av-inner-masonry main_color'><div class=\"av-masonry-outerimage-container\"><div class='av-masonry-image-container' style=\"background-image: url(https:\/\/mixarts.org\/association\/wp-content\/uploads\/2022\/06\/vignette-705x705.jpg);\"  title=\"vignette\"  ><\/div><\/div><figcaption class='av-inner-masonry-content site-background'><div class='av-inner-masonry-content-pos'><div class='av-inner-masonry-content-pos-content'><div class='avia-arrow'><\/div><h3 class='av-masonry-entry-title entry-title '  itemprop=\"headline\" >Du 13 au 17\/09 &#8211; Festival &#8220;Merci, Bonsoir !&#8221; #7<\/h3><span class='av-masonry-date meta-color updated'>13 septembre 2022<\/span><span class=\"av-masonry-text-sep text-sep-author\">\/<\/span><span class='av-masonry-author meta-color author'><span class='fn'>par mixartsasso<\/span><\/span><\/div><\/div><\/figcaption><\/figure><\/a><!--end av-masonry entry--><a href=\"https:\/\/mixarts.org\/association\/2022\/11-06-luzine-opus-crew-nemo-nebbia\/\"  id='av-masonry-1-item-3469' data-av-masonry-item='3469' class='av-masonry-entry isotope-item post-3469 post type-post status-publish format-standard has-post-thumbnail hentry category-30 all_sort 2022_sort  av-masonry-item-with-image' title=\"L&#8217;uZine + Opus Crew + Nemo Nebbia \u2022 Concert Rap\"   itemscope=\"itemscope\" itemtype=\"https:\/\/schema.org\/CreativeWork\" ><div class='av-inner-masonry-sizer'><\/div><figure class='av-inner-masonry main_color'><div class=\"av-masonry-outerimage-container\"><div class='av-masonry-image-container' style=\"background-image: url(https:\/\/mixarts.org\/association\/wp-content\/uploads\/2022\/04\/DSC4271-705x470.jpg);\"  title=\"L&#8217;uZine + Opus Crew + Nemo Nebbia \u2022 Concert Rap\"   alt=\"L&#039;uZine + Opus Crew + Nemo Nebbia \u2022 Concert Rap\" ><\/div><\/div><figcaption class='av-inner-masonry-content site-background'><div class='av-inner-masonry-content-pos'><div class='av-inner-masonry-content-pos-content'><div class='avia-arrow'><\/div><h3 class='av-masonry-entry-title entry-title '  itemprop=\"headline\" >11\/06 &#8211; L&#8217;UZINE + OPUS CREW + NEMO NEBBIA<\/h3><span class='av-masonry-date meta-color updated'>11 juin 2022<\/span><span class=\"av-masonry-text-sep text-sep-author\">\/<\/span><span class='av-masonry-author meta-color author'><span class='fn'>par mixartsasso<\/span><\/span><\/div><\/div><\/figcaption><\/figure><\/a><!--end av-masonry entry--><a href=\"https:\/\/mixarts.org\/association\/2022\/du-26-au-28-05-festival-bien-lbourgeon\/\"  id='av-masonry-1-item-3119' data-av-masonry-item='3119' class='av-masonry-entry isotope-item post-3119 post type-post status-publish format-standard has-post-thumbnail hentry category-30 tag-concert-a-venir tag-event tag-spectacle-a-venir all_sort 2022_sort  av-masonry-item-with-image' title=\"Festival Bien l\u2019Bourgeon #5 \u2013 Mix\u2019Arts\"   itemscope=\"itemscope\" itemtype=\"https:\/\/schema.org\/CreativeWork\" ><div class='av-inner-masonry-sizer'><\/div><figure class='av-inner-masonry main_color'><div class=\"av-masonry-outerimage-container\"><div class='av-masonry-image-container' style=\"background-image: url(https:\/\/mixarts.org\/association\/wp-content\/uploads\/2021\/12\/Photo-de-profil-BLB-2022-705x705.jpg);\"  title=\"Festival Bien l\u2019Bourgeon #5 \u2013 Mix\u2019Arts\"   alt=\"Festival Bien l\u2019Bourgeon #5 \u2013 Mix\u2019Arts\" ><\/div><\/div><figcaption class='av-inner-masonry-content site-background'><div class='av-inner-masonry-content-pos'><div class='av-inner-masonry-content-pos-content'><div class='avia-arrow'><\/div><h3 class='av-masonry-entry-title entry-title '  itemprop=\"headline\" >Du 26 au 28\/05 &#8211; FESTIVAL BIEN L&#8217;BOURGEON<\/h3><span class='av-masonry-date meta-color updated'>26 mai 2022<\/span><span class=\"av-masonry-text-sep text-sep-author\">\/<\/span><span class='av-masonry-author meta-color author'><span class='fn'>par mixartsasso<\/span><\/span><\/div><\/div><\/figcaption><\/figure><\/a><!--end av-masonry entry--><a href=\"https:\/\/mixarts.org\/association\/2022\/12-02-debout-contre-les-extremes-droites\/\"  id='av-masonry-1-item-3189' data-av-masonry-item='3189' class='av-masonry-entry isotope-item post-3189 post type-post status-publish format-standard has-post-thumbnail hentry category-30 tag-concert-a-venir tag-event all_sort 2022_sort  av-masonry-item-with-image' title=\"Debout contre les extr\u00eames droites \u2022 CONCERT avec LES FR\u00c8RES SMITH + LES COUREURS DE REMPART + YN\"   itemscope=\"itemscope\" itemtype=\"https:\/\/schema.org\/CreativeWork\" ><div class='av-inner-masonry-sizer'><\/div><figure class='av-inner-masonry main_color'><div class=\"av-masonry-outerimage-container\"><div class='av-masonry-image-container' style=\"background-image: url(https:\/\/mixarts.org\/association\/wp-content\/uploads\/2021\/12\/visuel-antifa-vide-499x705.png);\"  title=\"Debout contre les extr\u00eames droites \u2022 CONCERT avec LES FR\u00c8RES SMITH + LES COUREURS DE REMPART + YN\"   alt=\"Debout contre les extr\u00eames droites \u2022 CONCERT avec LES FR\u00c8RES SMITH + LES COUREURS DE REMPART + YN\" ><\/div><\/div><figcaption class='av-inner-masonry-content site-background'><div class='av-inner-masonry-content-pos'><div class='av-inner-masonry-content-pos-content'><div class='avia-arrow'><\/div><h3 class='av-masonry-entry-title entry-title '  itemprop=\"headline\" >[ANNUL\u00c9] 16\/04 &#8211; DEBOUT CONTRE LES EXTR\u00caMES DROITES<\/h3><span class='av-masonry-date meta-color updated'>16 avril 2022<\/span><span class=\"av-masonry-text-sep text-sep-author\">\/<\/span><span class='av-masonry-author meta-color author'><span class='fn'>par mixartsasso<\/span><\/span><\/div><\/div><\/figcaption><\/figure><\/a><!--end av-masonry entry--><a href=\"https:\/\/mixarts.org\/association\/2022\/concert-multiculturel-et-decolonial\/\"  id='av-masonry-1-item-3354' data-av-masonry-item='3354' class='av-masonry-entry isotope-item post-3354 post type-post status-publish format-standard has-post-thumbnail hentry category-30 all_sort 2022_sort  av-masonry-item-with-image' title=\"23800131_1742670342434491_1336467615087491173_o\"   itemscope=\"itemscope\" itemtype=\"https:\/\/schema.org\/CreativeWork\" ><div class='av-inner-masonry-sizer'><\/div><figure class='av-inner-masonry main_color'><div class=\"av-masonry-outerimage-container\"><div class='av-masonry-image-container' style=\"background-image: url(https:\/\/mixarts.org\/association\/wp-content\/uploads\/2022\/03\/23800131_1742670342434491_1336467615087491173_o-705x470.jpg);\"  title=\"23800131_1742670342434491_1336467615087491173_o\"  ><\/div><\/div><figcaption class='av-inner-masonry-content site-background'><div class='av-inner-masonry-content-pos'><div class='av-inner-masonry-content-pos-content'><div class='avia-arrow'><\/div><h3 class='av-masonry-entry-title entry-title '  itemprop=\"headline\" >10\/03 &#8211; CONCERT MULTICULTUREL ET D\u00c9COLONIAL<\/h3><span class='av-masonry-date meta-color updated'>10 mars 2022<\/span><span class=\"av-masonry-text-sep text-sep-author\">\/<\/span><span class='av-masonry-author meta-color author'><span class='fn'>par mixartsasso<\/span><\/span><\/div><\/div><\/figcaption><\/figure><\/a><!--end av-masonry entry--><a href=\"https:\/\/mixarts.org\/association\/2022\/mars-2022-mois-decolonial\/\"  id='av-masonry-1-item-3341' data-av-masonry-item='3341' class='av-masonry-entry isotope-item post-3341 post type-post status-publish format-standard has-post-thumbnail hentry category-30 all_sort 2022_sort  av-masonry-item-with-image' title=\"A6_Mois D\u00e9colonial_2022_RVB\"   itemscope=\"itemscope\" itemtype=\"https:\/\/schema.org\/CreativeWork\" ><div class='av-inner-masonry-sizer'><\/div><figure class='av-inner-masonry main_color'><div class=\"av-masonry-outerimage-container\"><div class='av-masonry-image-container' style=\"background-image: url(https:\/\/mixarts.org\/association\/wp-content\/uploads\/2022\/03\/A6_Mois-Decolonial_2022_RVB-1-503x705.jpg);\"  title=\"A6_Mois D\u00e9colonial_2022_RVB\"  ><\/div><\/div><figcaption class='av-inner-masonry-content site-background'><div class='av-inner-masonry-content-pos'><div class='av-inner-masonry-content-pos-content'><div class='avia-arrow'><\/div><h3 class='av-masonry-entry-title entry-title '  itemprop=\"headline\" >Mars 2022 &#8211; MOIS D\u00c9COLONIAL<\/h3><span class='av-masonry-date meta-color updated'>1 mars 2022<\/span><span class=\"av-masonry-text-sep text-sep-author\">\/<\/span><span class='av-masonry-author meta-color author'><span class='fn'>par mixartsasso<\/span><\/span><\/div><\/div><\/figcaption><\/figure><\/a><!--end av-masonry entry--><a href=\"https:\/\/mixarts.org\/association\/2022\/26-02-dooz-kawa-paco-efrasis\/\"  id='av-masonry-1-item-3059' data-av-masonry-item='3059' class='av-masonry-entry isotope-item post-3059 post type-post status-publish format-standard has-post-thumbnail hentry category-30 tag-concert-a-venir tag-event all_sort 2022_sort  av-masonry-item-with-image' title=\"Dooz Kawa + Efrasis \/\/ Mix&#8217;Arts\"   itemscope=\"itemscope\" itemtype=\"https:\/\/schema.org\/CreativeWork\" ><div class='av-inner-masonry-sizer'><\/div><figure class='av-inner-masonry main_color'><div class=\"av-masonry-outerimage-container\"><div class='av-masonry-image-container' style=\"background-image: url(https:\/\/mixarts.org\/association\/wp-content\/uploads\/2021\/11\/DSC_0389-705x470.jpg);\"  title=\"Dooz Kawa + Efrasis \/\/ Mix&#8217;Arts\"  ><\/div><\/div><figcaption class='av-inner-masonry-content site-background'><div class='av-inner-masonry-content-pos'><div class='av-inner-masonry-content-pos-content'><div class='avia-arrow'><\/div><h3 class='av-masonry-entry-title entry-title '  itemprop=\"headline\" >26\/02 &#8211; DOOZ KAWA + PACO + EFRASIS<\/h3><span class='av-masonry-date meta-color updated'>26 f\u00e9vrier 2022<\/span><span class=\"av-masonry-text-sep text-sep-author\">\/<\/span><span class='av-masonry-author meta-color author'><span class='fn'>par mixartsasso<\/span><\/span><\/div><\/div><\/figcaption><\/figure><\/a><!--end av-masonry entry--><a href=\"https:\/\/mixarts.org\/association\/2022\/03-02-les-delivres-cine-concert\/\"  id='av-masonry-1-item-2860' data-av-masonry-item='2860' class='av-masonry-entry isotope-item post-2860 post type-post status-publish format-standard has-post-thumbnail hentry category-30 tag-concert-a-venir tag-event all_sort 2022_sort  av-masonry-item-with-image' title=\"Cin\u00e9 Concert Les D\u00e9livr\u00e9s &#8211; Mix&#8217;Arts en partenariat avec l&#8217;Ilyade (38)\"   itemscope=\"itemscope\" itemtype=\"https:\/\/schema.org\/CreativeWork\" ><div class='av-inner-masonry-sizer'><\/div><figure class='av-inner-masonry main_color'><div class=\"av-masonry-outerimage-container\"><div class='av-masonry-image-container' style=\"background-image: url(https:\/\/mixarts.org\/association\/wp-content\/uploads\/2021\/08\/HD-LES-DELIVRES-1-705x470.jpg);\"  title=\"Cin\u00e9 Concert Les D\u00e9livr\u00e9s &#8211; Mix&#8217;Arts en partenariat avec l&#8217;Ilyade (38)\"   alt=\"Cin\u00e9 Concert Les D\u00e9livr\u00e9s - Mix&#039;Arts en partenariat avec l&#039;Ilyade (38)\" ><\/div><\/div><figcaption class='av-inner-masonry-content site-background'><div class='av-inner-masonry-content-pos'><div class='av-inner-masonry-content-pos-content'><div class='avia-arrow'><\/div><h3 class='av-masonry-entry-title entry-title '  itemprop=\"headline\" >03\/02 &#8211; LES D\u00c9LIVR\u00c9S &#8211; CIN\u00c9 CONCERT<\/h3><span class='av-masonry-date meta-color updated'>3 f\u00e9vrier 2022<\/span><span class=\"av-masonry-text-sep text-sep-author\">\/<\/span><span class='av-masonry-author meta-color author'><span class='fn'>par mixartsasso<\/span><\/span><\/div><\/div><\/figcaption><\/figure><\/a><!--end av-masonry entry--><a href=\"https:\/\/mixarts.org\/association\/2021\/16-12-aymeric-lompret\/\"  id='av-masonry-1-item-2854' data-av-masonry-item='2854' class='av-masonry-entry isotope-item post-2854 post type-post status-publish format-standard has-post-thumbnail hentry category-31 tag-event tag-spectacle-a-venir all_sort 2021_sort  av-masonry-item-with-image' title=\"aymeric lompret (c) stephane kerrad 1\"   itemscope=\"itemscope\" itemtype=\"https:\/\/schema.org\/CreativeWork\" ><div class='av-inner-masonry-sizer'><\/div><figure class='av-inner-masonry main_color'><div class=\"av-masonry-outerimage-container\"><div class='av-masonry-image-container' style=\"background-image: url(https:\/\/mixarts.org\/association\/wp-content\/uploads\/2021\/08\/aymeric-lompret-c-stephane-kerrad-1-470x705.jpg);\"  title=\"aymeric lompret (c) stephane kerrad 1\"   alt=\"16.12 - Aymeric Lompret \u00e0 l&#039;Ilyade - Seyssinet-Pariset - Mix&#039;Arts\" ><\/div><\/div><figcaption class='av-inner-masonry-content site-background'><div class='av-inner-masonry-content-pos'><div class='av-inner-masonry-content-pos-content'><div class='avia-arrow'><\/div><h3 class='av-masonry-entry-title entry-title '  itemprop=\"headline\" >16\/12 &#8211; AYMERIC LOMPRET<\/h3><span class='av-masonry-date meta-color updated'>16 d\u00e9cembre 2021<\/span><span class=\"av-masonry-text-sep text-sep-author\">\/<\/span><span class='av-masonry-author meta-color author'><span class='fn'>par mixartsasso<\/span><\/span><\/div><\/div><\/figcaption><\/figure><\/a><!--end av-masonry entry--><a href=\"https:\/\/mixarts.org\/association\/2021\/02-12-poupie-thais-lona-plus-plus-plus\/\"  id='av-masonry-1-item-2970' data-av-masonry-item='2970' class='av-masonry-entry isotope-item post-2970 post type-post status-publish format-standard has-post-thumbnail hentry category-31 tag-concert-a-venir tag-event all_sort 2021_sort  av-masonry-item-with-image' title=\"Poupie x Nicolas Lorieux 3\"   itemscope=\"itemscope\" itemtype=\"https:\/\/schema.org\/CreativeWork\" ><div class='av-inner-masonry-sizer'><\/div><figure class='av-inner-masonry main_color'><div class=\"av-masonry-outerimage-container\"><div class='av-masonry-image-container' style=\"background-image: url(https:\/\/mixarts.org\/association\/wp-content\/uploads\/2021\/08\/Poupie-x-Nicolas-Lorieux-3-470x705.jpeg);\"  title=\"Poupie x Nicolas Lorieux 3\"   alt=\"Poupie+ThaisLona+plusplusplus\/Mixarts\/seve\/grenoble\" ><\/div><\/div><figcaption class='av-inner-masonry-content site-background'><div class='av-inner-masonry-content-pos'><div class='av-inner-masonry-content-pos-content'><div class='avia-arrow'><\/div><h3 class='av-masonry-entry-title entry-title '  itemprop=\"headline\" >02\/12 &#8211; POUPIE + THAIS LONA + PLUS PLUS PLUS<\/h3><span class='av-masonry-date meta-color updated'>2 d\u00e9cembre 2021<\/span><span class=\"av-masonry-text-sep text-sep-author\">\/<\/span><span class='av-masonry-author meta-color author'><span class='fn'>par mixartsasso<\/span><\/span><\/div><\/div><\/figcaption><\/figure><\/a><!--end av-masonry entry--><a href=\"https:\/\/mixarts.org\/association\/2021\/06-11-1336-parole-de-fralibs\/\"  id='av-masonry-1-item-2059' data-av-masonry-item='2059' class='av-masonry-entry isotope-item post-2059 post type-post status-publish format-standard has-post-thumbnail hentry category-31 all_sort 2021_sort  av-masonry-item-with-image' title=\"1336-valerie-borgyopt\"   itemscope=\"itemscope\" itemtype=\"https:\/\/schema.org\/CreativeWork\" ><div class='av-inner-masonry-sizer'><\/div><figure class='av-inner-masonry main_color'><div class=\"av-masonry-outerimage-container\"><div class='av-masonry-image-container' style=\"background-image: url(https:\/\/mixarts.org\/association\/wp-content\/uploads\/2020\/06\/1336-valerie-borgyopt-529x705.jpg);\"  title=\"1336-valerie-borgyopt\"  ><\/div><\/div><figcaption class='av-inner-masonry-content site-background'><div class='av-inner-masonry-content-pos'><div class='av-inner-masonry-content-pos-content'><div class='avia-arrow'><\/div><h3 class='av-masonry-entry-title entry-title '  itemprop=\"headline\" >25+26\/11 &#8211; 1336 (PAROLES DE FRALIBS)<\/h3><span class='av-masonry-date meta-color updated'>25 novembre 2021<\/span><span class=\"av-masonry-text-sep text-sep-author\">\/<\/span><span class='av-masonry-author meta-color author'><span class='fn'>par mixartsasso<\/span><\/span><\/div><\/div><\/figcaption><\/figure><\/a><!--end av-masonry entry--><a href=\"https:\/\/mixarts.org\/association\/2021\/20-10-aaron-glass-museum\/\"  id='av-masonry-1-item-2118' data-av-masonry-item='2118' class='av-masonry-entry isotope-item post-2118 post type-post status-publish format-standard has-post-thumbnail hentry category-31 tag-concert-a-venir tag-event all_sort 2021_sort  av-masonry-item-with-image' title=\"AaRON + 1\u00e8re partie \u00e0 La Belle Electrique \u2013 Mix\u2019Arts \u2013 Grenoble 2020\"   itemscope=\"itemscope\" itemtype=\"https:\/\/schema.org\/CreativeWork\" ><div class='av-inner-masonry-sizer'><\/div><figure class='av-inner-masonry main_color'><div class=\"av-masonry-outerimage-container\"><div class='av-masonry-image-container' style=\"background-image: url(https:\/\/mixarts.org\/association\/wp-content\/uploads\/2020\/06\/L1030185-705x566.png);\"  title=\"AaRON + 1\u00e8re partie \u00e0 La Belle Electrique \u2013 Mix\u2019Arts \u2013 Grenoble 2020\"   alt=\"AaRON + 1\u00e8re partie \u00e0 La Belle Electrique \u2013 Mix\u2019Arts \u2013 Grenoble 2020\" ><\/div><\/div><figcaption class='av-inner-masonry-content site-background'><div class='av-inner-masonry-content-pos'><div class='av-inner-masonry-content-pos-content'><div class='avia-arrow'><\/div><h3 class='av-masonry-entry-title entry-title '  itemprop=\"headline\" >20\/10 &#8211; AaRON + 1\u00e8re PARTIE<\/h3><span class='av-masonry-date meta-color updated'>20 octobre 2021<\/span><span class=\"av-masonry-text-sep text-sep-author\">\/<\/span><span class='av-masonry-author meta-color author'><span class='fn'>par mixartsasso<\/span><\/span><\/div><\/div><\/figcaption><\/figure><\/a><!--end av-masonry entry--><a href=\"https:\/\/mixarts.org\/association\/2021\/16-10-dan-gharibian-trio-la-caravane-passe-touzdec\/\"  id='av-masonry-1-item-1375' data-av-masonry-item='1375' class='av-masonry-entry isotope-item post-1375 post type-post status-publish format-standard has-post-thumbnail hentry category-31 tag-concert-a-venir tag-event all_sort 2021_sort  av-masonry-item-with-image' title=\"savore\"   itemscope=\"itemscope\" itemtype=\"https:\/\/schema.org\/CreativeWork\" ><div class='av-inner-masonry-sizer'><\/div><figure class='av-inner-masonry main_color'><div class=\"av-masonry-outerimage-container\"><div class='av-masonry-image-container' style=\"background-image: url(https:\/\/mixarts.org\/association\/wp-content\/uploads\/2020\/03\/savore.jpg);\"  title=\"savore\"  ><\/div><\/div><figcaption class='av-inner-masonry-content site-background'><div class='av-inner-masonry-content-pos'><div class='av-inner-masonry-content-pos-content'><div class='avia-arrow'><\/div><h3 class='av-masonry-entry-title entry-title '  itemprop=\"headline\" >16\/10 &#8211; DAN GHARIBIAN TRIO + LA CARAVANE PASSE + TOUZDEC<\/h3><span class='av-masonry-date meta-color updated'>16 octobre 2021<\/span><span class=\"av-masonry-text-sep text-sep-author\">\/<\/span><span class='av-masonry-author meta-color author'><span class='fn'>par mixartsasso<\/span><\/span><\/div><\/div><\/figcaption><\/figure><\/a><!--end av-masonry entry--><a href=\"https:\/\/mixarts.org\/association\/2021\/15-10-furax-barbarossa-melan-opus-crew\/\"  id='av-masonry-1-item-2885' data-av-masonry-item='2885' class='av-masonry-entry isotope-item post-2885 post type-post status-publish format-standard has-post-thumbnail hentry category-31 tag-concert-a-venir tag-event all_sort 2021_sort  av-masonry-item-with-image' title=\"furax-barbarossa-3\"   itemscope=\"itemscope\" itemtype=\"https:\/\/schema.org\/CreativeWork\" ><div class='av-inner-masonry-sizer'><\/div><figure class='av-inner-masonry main_color'><div class=\"av-masonry-outerimage-container\"><div class='av-masonry-image-container' style=\"background-image: url(https:\/\/mixarts.org\/association\/wp-content\/uploads\/2021\/09\/furax-barbarossa-3-705x330.jpg);\"  title=\"furax-barbarossa-3\"  ><\/div><\/div><figcaption class='av-inner-masonry-content site-background'><div class='av-inner-masonry-content-pos'><div class='av-inner-masonry-content-pos-content'><div class='avia-arrow'><\/div><h3 class='av-masonry-entry-title entry-title '  itemprop=\"headline\" >15\/10 &#8211; FURAX BARBAROSSA + MELAN + OPUS CREW<\/h3><span class='av-masonry-date meta-color updated'>15 octobre 2021<\/span><span class=\"av-masonry-text-sep text-sep-author\">\/<\/span><span class='av-masonry-author meta-color author'><span class='fn'>par mixartsasso<\/span><\/span><\/div><\/div><\/figcaption><\/figure><\/a><!--end av-masonry entry--><a href=\"https:\/\/mixarts.org\/association\/2021\/02-10-ausgang-la-gale-la-pieta\/\"  id='av-masonry-1-item-2145' data-av-masonry-item='2145' class='av-masonry-entry isotope-item post-2145 post type-post status-publish format-standard has-post-thumbnail hentry category-31 tag-concert-a-venir tag-event all_sort 2021_sort  av-masonry-item-with-image' title=\"[Report\u00e9] Ausgang, La Gale, La Piet\u00e0 \u2013 \u00e0 l\u2019Ilyade \u2013 Mix\u2019Arts &#038; Festiv\u2019Arts (38)\"   itemscope=\"itemscope\" itemtype=\"https:\/\/schema.org\/CreativeWork\" ><div class='av-inner-masonry-sizer'><\/div><figure class='av-inner-masonry main_color'><div class=\"av-masonry-outerimage-container\"><div class='av-masonry-image-container' style=\"background-image: url(https:\/\/mixarts.org\/association\/wp-content\/uploads\/2020\/06\/couv-Site-agenda-ausgang-705x473.jpg);\"  title=\"[Report\u00e9] Ausgang, La Gale, La Piet\u00e0 \u2013 \u00e0 l\u2019Ilyade \u2013 Mix\u2019Arts &#038; Festiv\u2019Arts (38)\"  ><\/div><\/div><figcaption class='av-inner-masonry-content site-background'><div class='av-inner-masonry-content-pos'><div class='av-inner-masonry-content-pos-content'><div class='avia-arrow'><\/div><h3 class='av-masonry-entry-title entry-title '  itemprop=\"headline\" >14\/10 &#8211; AUSGANG + LA GALE + AMI YEREWOLO<\/h3><span class='av-masonry-date meta-color updated'>14 octobre 2021<\/span><span class=\"av-masonry-text-sep text-sep-author\">\/<\/span><span class='av-masonry-author meta-color author'><span class='fn'>par mixartsasso<\/span><\/span><\/div><\/div><\/figcaption><\/figure><\/a><!--end av-masonry entry--><a href=\"https:\/\/mixarts.org\/association\/2021\/28-09-cine-concert-asian-dub-foundation-x-la-haine\/\"  id='av-masonry-1-item-2234' data-av-masonry-item='2234' class='av-masonry-entry isotope-item post-2234 post type-post status-publish format-standard has-post-thumbnail hentry category-31 tag-concert-a-venir tag-event all_sort 2021_sort  av-masonry-item-with-image' title=\"CIN\u00c9-CONCERT : ASIAN DUB FOUNDATION X LA HAINE \u2013 la source x mix\u2019arts \u2013 grenoble 2021\"   itemscope=\"itemscope\" itemtype=\"https:\/\/schema.org\/CreativeWork\" ><div class='av-inner-masonry-sizer'><\/div><figure class='av-inner-masonry main_color'><div class=\"av-masonry-outerimage-container\"><div class='av-masonry-image-container' style=\"background-image: url(https:\/\/mixarts.org\/association\/wp-content\/uploads\/2021\/02\/photo-site-CIN\u00c9-CONCERT-ASIAN-DUB-FOUNDATION-X-LA-HAINE-\u2013-la-source-x-mixarts-\u2013-grenoble-2021-705x445.png);\"  title=\"CIN\u00c9-CONCERT : ASIAN DUB FOUNDATION X LA HAINE \u2013 la source x mix\u2019arts \u2013 grenoble 2021\"   alt=\"CIN\u00c9-CONCERT : ASIAN DUB FOUNDATION X LA HAINE \u2013 la source x mix\u2019arts \u2013 grenoble 2021\" ><\/div><\/div><figcaption class='av-inner-masonry-content site-background'><div class='av-inner-masonry-content-pos'><div class='av-inner-masonry-content-pos-content'><div class='avia-arrow'><\/div><h3 class='av-masonry-entry-title entry-title '  itemprop=\"headline\" >28\/09 &#8211; ASIAN DUB FOUNDATION x LA HAINE &#8211; CIN\u00c9 CONCERT<\/h3><span class='av-masonry-date meta-color updated'>28 septembre 2021<\/span><span class=\"av-masonry-text-sep text-sep-author\">\/<\/span><span class='av-masonry-author meta-color author'><span class='fn'>par mixartsasso<\/span><\/span><\/div><\/div><\/figcaption><\/figure><\/a><!--end av-masonry entry--><a href=\"https:\/\/mixarts.org\/association\/2021\/du-14-au-18-09-festival-merci-bonsoir-6bis\/\"  id='av-masonry-1-item-2606' data-av-masonry-item='2606' class='av-masonry-entry isotope-item post-2606 post type-post status-publish format-standard has-post-thumbnail hentry category-31 tag-concert-a-venir tag-spectacle-a-venir all_sort 2021_sort  av-masonry-item-with-image' title=\"image mise en avant site mbtp\"   itemscope=\"itemscope\" itemtype=\"https:\/\/schema.org\/CreativeWork\" ><div class='av-inner-masonry-sizer'><\/div><figure class='av-inner-masonry main_color'><div class=\"av-masonry-outerimage-container\"><div class='av-masonry-image-container' style=\"background-image: url(https:\/\/mixarts.org\/association\/wp-content\/uploads\/2021\/07\/image-mise-en-avant-site-mbtp.png);\"  title=\"image mise en avant site mbtp\"   alt=\"Festival \u00ab Merci, Bonsoir ! \u00bb #6bis \/ Mix\u2019Arts \/ Grenoble\" ><\/div><\/div><figcaption class='av-inner-masonry-content site-background'><div class='av-inner-masonry-content-pos'><div class='av-inner-masonry-content-pos-content'><div class='avia-arrow'><\/div><h3 class='av-masonry-entry-title entry-title '  itemprop=\"headline\" >Du 14 au 18\/09 &#8211; Festival &#8220;Merci, Bonsoir !&#8221; #6bis<\/h3><span class='av-masonry-date meta-color updated'>14 septembre 2021<\/span><span class=\"av-masonry-text-sep text-sep-author\">\/<\/span><span class='av-masonry-author meta-color author'><span class='fn'>par mixartsasso<\/span><\/span><\/div><\/div><\/figcaption><\/figure><\/a><!--end av-masonry entry--><a href=\"https:\/\/mixarts.org\/association\/2021\/3-et-4-07-festival-bien-lbourgeon-de-rattrapage-2\/\"  id='av-masonry-1-item-2566' data-av-masonry-item='2566' class='av-masonry-entry isotope-item post-2566 post type-post status-publish format-standard has-post-thumbnail hentry category-31 all_sort 2021_sort  av-masonry-item-with-image' title=\"Festival Bien l&#8217;Bourgeon de rattrapage\"   itemscope=\"itemscope\" itemtype=\"https:\/\/schema.org\/CreativeWork\" ><div class='av-inner-masonry-sizer'><\/div><figure class='av-inner-masonry main_color'><div class=\"av-masonry-outerimage-container\"><div class='av-masonry-image-container' style=\"background-image: url(https:\/\/mixarts.org\/association\/wp-content\/uploads\/2020\/01\/BLB.jpg);\"  title=\"Festival Bien l&#8217;Bourgeon de rattrapage\"   alt=\"Festival Bien l&#039;Bourgeon de rattrapage\" ><\/div><\/div><figcaption class='av-inner-masonry-content site-background'><div class='av-inner-masonry-content-pos'><div class='av-inner-masonry-content-pos-content'><div class='avia-arrow'><\/div><h3 class='av-masonry-entry-title entry-title '  itemprop=\"headline\" >3 et 4\/07 &#8211; Festival Bien l&#8217;Bourgeon de rattrapage<\/h3><span class='av-masonry-date meta-color updated'>3 juillet 2021<\/span><span class=\"av-masonry-text-sep text-sep-author\">\/<\/span><span class='av-masonry-author meta-color author'><span class='fn'>par mixartsasso<\/span><\/span><\/div><\/div><\/figcaption><\/figure><\/a><!--end av-masonry entry--><a href=\"https:\/\/mixarts.org\/association\/2021\/du-2-au-29-06-le-mois-decolonial\/\"  id='av-masonry-1-item-2325' data-av-masonry-item='2325' class='av-masonry-entry isotope-item post-2325 post type-post status-publish format-standard has-post-thumbnail hentry category-31 tag-concert-a-venir tag-event tag-spectacle-a-venir all_sort 2021_sort  av-masonry-item-with-image' title=\"Mois d\u00e9colonial &#8211; Grenoble 38\"   itemscope=\"itemscope\" itemtype=\"https:\/\/schema.org\/CreativeWork\" ><div class='av-inner-masonry-sizer'><\/div><figure class='av-inner-masonry main_color'><div class=\"av-masonry-outerimage-container\"><div class='av-masonry-image-container' style=\"background-image: url(https:\/\/mixarts.org\/association\/wp-content\/uploads\/2021\/05\/fleur-fond-bleu-547x705.png);\"  title=\"Mois d\u00e9colonial &#8211; Grenoble 38\"   alt=\"Mois d\u00e9colonial - Grenoble 38\" ><\/div><\/div><figcaption class='av-inner-masonry-content site-background'><div class='av-inner-masonry-content-pos'><div class='av-inner-masonry-content-pos-content'><div class='avia-arrow'><\/div><h3 class='av-masonry-entry-title entry-title '  itemprop=\"headline\" >Du 10 au 30\/06 &#8211; Le Mois D\u00e9colonial<\/h3><span class='av-masonry-date meta-color updated'>10 juin 2021<\/span><span class=\"av-masonry-text-sep text-sep-author\">\/<\/span><span class='av-masonry-author meta-color author'><span class='fn'>par mixartsasso<\/span><\/span><\/div><\/div><\/figcaption><\/figure><\/a><!--end av-masonry entry--><a href=\"https:\/\/mixarts.org\/association\/2020\/14-11-oxmo-puccino-george-ka-melan\/\"  id='av-masonry-1-item-2130' data-av-masonry-item='2130' class='av-masonry-entry isotope-item post-2130 post type-post status-publish format-standard has-post-thumbnail hentry category-32 tag-concert-a-venir tag-event all_sort 2020_sort  av-masonry-item-with-image' title=\"Oxmo Puccino, George Ka &#038; Melan &#8211; Mix&#8217;Arts Grenoble\"   itemscope=\"itemscope\" itemtype=\"https:\/\/schema.org\/CreativeWork\" ><div class='av-inner-masonry-sizer'><\/div><figure class='av-inner-masonry main_color'><div class=\"av-masonry-outerimage-container\"><div class='av-masonry-image-container' style=\"background-image: url(https:\/\/mixarts.org\/association\/wp-content\/uploads\/2020\/07\/oxmo.jpg);\"  title=\"Oxmo Puccino, George Ka &#038; Melan &#8211; Mix&#8217;Arts Grenoble\"   alt=\"Oxmo Puccino, George Ka &amp; Melan - Mix&#039;Arts Grenoble\" ><\/div><\/div><figcaption class='av-inner-masonry-content site-background'><div class='av-inner-masonry-content-pos'><div class='av-inner-masonry-content-pos-content'><div class='avia-arrow'><\/div><h3 class='av-masonry-entry-title entry-title '  itemprop=\"headline\" >[ANNUL\u00c9] 14\/11 &#8211; Oxmo Puccino + George Ka + Melan<\/h3><span class='av-masonry-date meta-color updated'>14 novembre 2020<\/span><span class=\"av-masonry-text-sep text-sep-author\">\/<\/span><span class='av-masonry-author meta-color author'><span class='fn'>par mixartsasso<\/span><\/span><\/div><\/div><\/figcaption><\/figure><\/a><!--end av-masonry entry--><a href=\"https:\/\/mixarts.org\/association\/2019\/15-11-ludwig-von-88-patatraa-ilyade\/\"  id='av-masonry-1-item-1209' data-av-masonry-item='1209' class='av-masonry-entry isotope-item post-1209 post type-post status-publish format-standard has-post-thumbnail hentry category-33 tag-concert-a-venir tag-event all_sort 2019_sort  av-masonry-item-with-image' title=\"affiche ludwig\"   itemscope=\"itemscope\" itemtype=\"https:\/\/schema.org\/CreativeWork\" ><div class='av-inner-masonry-sizer'><\/div><figure class='av-inner-masonry main_color'><div class=\"av-masonry-outerimage-container\"><div class='av-masonry-image-container' style=\"background-image: url(https:\/\/mixarts.org\/association\/wp-content\/uploads\/2019\/09\/affiche-ludwig-690x705.jpg);\"  title=\"affiche ludwig\"  ><\/div><\/div><figcaption class='av-inner-masonry-content site-background'><div class='av-inner-masonry-content-pos'><div class='av-inner-masonry-content-pos-content'><div class='avia-arrow'><\/div><h3 class='av-masonry-entry-title entry-title '  itemprop=\"headline\" >15\/11 &#8211; Ludwig Von 88 + Patatraa &#8211; Ilyade<\/h3><span class='av-masonry-date meta-color updated'>15 novembre 2019<\/span><span class=\"av-masonry-text-sep text-sep-author\">\/<\/span><span class='av-masonry-author meta-color author'><span class='fn'>par mixartsasso<\/span><\/span><\/div><\/div><\/figcaption><\/figure><\/a><!--end av-masonry entry--><a href=\"https:\/\/mixarts.org\/association\/2019\/du-4-au-9-11-dawa-fest-cultures-hip-hop\/\"  id='av-masonry-1-item-1241' data-av-masonry-item='1241' class='av-masonry-entry isotope-item post-1241 post type-post status-publish format-standard has-post-thumbnail hentry category-33 tag-event all_sort 2019_sort  av-masonry-item-with-image' title=\"Dawa Fest&#8217; #1 &#8211; Cultures Hip-hop &#8211; Mix&#8217;Arts &#8211; Grenoble\"   itemscope=\"itemscope\" itemtype=\"https:\/\/schema.org\/CreativeWork\" ><div class='av-inner-masonry-sizer'><\/div><figure class='av-inner-masonry main_color'><div class=\"av-masonry-outerimage-container\"><div class='av-masonry-image-container' style=\"background-image: url(https:\/\/mixarts.org\/association\/wp-content\/uploads\/2019\/09\/Couv-Event-FB_DAWA-FEST_2019-1.jpg);\"  title=\"Dawa Fest&#8217; #1 &#8211; Cultures Hip-hop &#8211; Mix&#8217;Arts &#8211; Grenoble\"   alt=\"Dawa Fest&#039; #1 - Cultures Hip-hop - Mix&#039;Arts - Grenoble\" ><\/div><\/div><figcaption class='av-inner-masonry-content site-background'><div class='av-inner-masonry-content-pos'><div class='av-inner-masonry-content-pos-content'><div class='avia-arrow'><\/div><h3 class='av-masonry-entry-title entry-title '  itemprop=\"headline\" >Du 4 au 9\/11 &#8211; Dawa Fest&#8217; Cultures hip-hop<\/h3><span class='av-masonry-date meta-color updated'>4 novembre 2019<\/span><span class=\"av-masonry-text-sep text-sep-author\">\/<\/span><span class='av-masonry-author meta-color author'><span class='fn'>par mixartsasso<\/span><\/span><\/div><\/div><\/figcaption><\/figure><\/a><!--end av-masonry entry--><a href=\"https:\/\/mixarts.org\/association\/2019\/du-10-au-15-09-festival-merci-bonsoir-5-grenoble\/\"  id='av-masonry-1-item-1216' data-av-masonry-item='1216' class='av-masonry-entry isotope-item post-1216 post type-post status-publish format-standard has-post-thumbnail hentry category-33 tag-concert-passe tag-event tag-spectacle-passe all_sort 2019_sort  av-masonry-item-with-image' title=\"Festival &#8220;Merci, Bonsoir !&#8221; #5 &#8211; Arts de Rue et Musique &#8211; Grenoble &#8211; Mix&#8217;Arts en co-prod avec Le Prunier Sauvage\"   itemscope=\"itemscope\" itemtype=\"https:\/\/schema.org\/CreativeWork\" ><div class='av-inner-masonry-sizer'><\/div><figure class='av-inner-masonry main_color'><div class=\"av-masonry-outerimage-container\"><div class='av-masonry-image-container' style=\"background-image: url(https:\/\/mixarts.org\/association\/wp-content\/uploads\/2019\/06\/Couv-Event-FB_MBTP5_2019.jpg);\"  title=\"Festival &#8220;Merci, Bonsoir !&#8221; #5 &#8211; Arts de Rue et Musique &#8211; Grenoble &#8211; Mix&#8217;Arts en co-prod avec Le Prunier Sauvage\"   alt=\"Festival &quot;Merci, Bonsoir !&quot; #5 - Arts de Rue et Musique - Grenoble - Mix&#039;Arts en co-prod avec Le Prunier Sauvage\" ><\/div><\/div><figcaption class='av-inner-masonry-content site-background'><div class='av-inner-masonry-content-pos'><div class='av-inner-masonry-content-pos-content'><div class='avia-arrow'><\/div><h3 class='av-masonry-entry-title entry-title '  itemprop=\"headline\" >Du 10 au 15\/09 &#8211; Festival &#8220;Merci, Bonsoir !&#8221; #5 &#8211; Grenoble<\/h3><span class='av-masonry-date meta-color updated'>3 septembre 2019<\/span><span class=\"av-masonry-text-sep text-sep-author\">\/<\/span><span class='av-masonry-author meta-color author'><span class='fn'>par mixartsasso<\/span><\/span><\/div><\/div><\/figcaption><\/figure><\/a><!--end av-masonry entry--><a href=\"https:\/\/mixarts.org\/association\/2019\/du-17-au-19-05-festival-bien-lbourgeon-la-dauphine\/\"  id='av-masonry-1-item-1169' data-av-masonry-item='1169' class='av-masonry-entry isotope-item post-1169 post type-post status-publish format-standard has-post-thumbnail hentry category-33 tag-concert-passe tag-event tag-spectacle-passe all_sort 2019_sort  av-masonry-item-with-image' title=\"Festival Bien l&#8217;Bourgeon #3 &#8211; Mix&#8217;Arts &#8211; Grenoble\"   itemscope=\"itemscope\" itemtype=\"https:\/\/schema.org\/CreativeWork\" ><div class='av-inner-masonry-sizer'><\/div><figure class='av-inner-masonry main_color'><div class=\"av-masonry-outerimage-container\"><div class='av-masonry-image-container' style=\"background-image: url(https:\/\/mixarts.org\/association\/wp-content\/uploads\/2019\/03\/Couv-FB-BLB-3.jpg);\"  title=\"Festival Bien l&#8217;Bourgeon #3 &#8211; Mix&#8217;Arts &#8211; Grenoble\"   alt=\"Festival Bien l&#039;Bourgeon #3 - Mix&#039;Arts - Grenoble\" ><\/div><\/div><figcaption class='av-inner-masonry-content site-background'><div class='av-inner-masonry-content-pos'><div class='av-inner-masonry-content-pos-content'><div class='avia-arrow'><\/div><h3 class='av-masonry-entry-title entry-title '  itemprop=\"headline\" >Du 17 au 19\/05 &#8211; Festival Bien l&#8217;Bourgeon &#8211; La Dauphine<\/h3><span class='av-masonry-date meta-color updated'>17 mai 2019<\/span><span class=\"av-masonry-text-sep text-sep-author\">\/<\/span><span class='av-masonry-author meta-color author'><span class='fn'>par mixartsasso<\/span><\/span><\/div><\/div><\/figcaption><\/figure><\/a><!--end av-masonry entry--><a href=\"https:\/\/mixarts.org\/association\/2019\/02-05-leila-huissoud-alice-et-moi-la-pieta-eve\/\"  id='av-masonry-1-item-1150' data-av-masonry-item='1150' class='av-masonry-entry isotope-item post-1150 post type-post status-publish format-standard has-post-thumbnail hentry category-33 tag-concert-passe tag-event all_sort 2019_sort  av-masonry-item-with-image' title=\"Le\u00efla Huissoud \/ Alice et moi \/ La Piet\u00e0 \u00e0 EVE\"   itemscope=\"itemscope\" itemtype=\"https:\/\/schema.org\/CreativeWork\" ><div class='av-inner-masonry-sizer'><\/div><figure class='av-inner-masonry main_color'><div class=\"av-masonry-outerimage-container\"><div class='av-masonry-image-container' style=\"background-image: url(https:\/\/mixarts.org\/association\/wp-content\/uploads\/2019\/03\/Bandeau-event-FB.png);\"  title=\"Le\u00efla Huissoud \/ Alice et moi \/ La Piet\u00e0 \u00e0 EVE\"   alt=\"Le\u00efla Huissoud \/ Alice et moi \/ La Piet\u00e0 \u00e0 EVE\" ><\/div><\/div><figcaption class='av-inner-masonry-content site-background'><div class='av-inner-masonry-content-pos'><div class='av-inner-masonry-content-pos-content'><div class='avia-arrow'><\/div><h3 class='av-masonry-entry-title entry-title '  itemprop=\"headline\" >02\/05 &#8211; Le\u00efla Huissoud + Alice Et Moi + La Piet\u00e0 &#8211; EVE<\/h3><span class='av-masonry-date meta-color updated'>2 mai 2019<\/span><span class=\"av-masonry-text-sep text-sep-author\">\/<\/span><span class='av-masonry-author meta-color author'><span class='fn'>par mixartsasso<\/span><\/span><\/div><\/div><\/figcaption><\/figure><\/a><!--end av-masonry entry--><a href=\"https:\/\/mixarts.org\/association\/2019\/les-1718-et-20-04-pas-sans-toit-campus-villeneuve\/\"  id='av-masonry-1-item-1142' data-av-masonry-item='1142' class='av-masonry-entry isotope-item post-1142 post type-post status-publish format-standard has-post-thumbnail hentry category-33 tag-concert-passe tag-event tag-spectacle-passe all_sort 2019_sort  av-masonry-item-with-image' title=\"Pas Sans Toit &#8211; Un toit, c&#8217;est un droit !\"   itemscope=\"itemscope\" itemtype=\"https:\/\/schema.org\/CreativeWork\" ><div class='av-inner-masonry-sizer'><\/div><figure class='av-inner-masonry main_color'><div class=\"av-masonry-outerimage-container\"><div class='av-masonry-image-container' style=\"background-image: url(https:\/\/mixarts.org\/association\/wp-content\/uploads\/2019\/03\/couv-FB-Pas-Sans-Toit.jpg);\"  title=\"Pas Sans Toit &#8211; Un toit, c&#8217;est un droit !\"   alt=\"Pas Sans Toit - Un toit, c&#039;est un droit !\" ><\/div><\/div><figcaption class='av-inner-masonry-content site-background'><div class='av-inner-masonry-content-pos'><div class='av-inner-masonry-content-pos-content'><div class='avia-arrow'><\/div><h3 class='av-masonry-entry-title entry-title '  itemprop=\"headline\" >Les 17,18, et 20\/04 &#8211; Pas Sans Toit &#8211; Campus + Villeneuve<\/h3><span class='av-masonry-date meta-color updated'>17 avril 2019<\/span><span class=\"av-masonry-text-sep text-sep-author\">\/<\/span><span class='av-masonry-author meta-color author'><span class='fn'>par mixartsasso<\/span><\/span><\/div><\/div><\/figcaption><\/figure><\/a><!--end av-masonry entry--><a href=\"https:\/\/mixarts.org\/association\/2019\/30-03-reve-party-tropicale-lieu-secret\/\"  id='av-masonry-1-item-1147' data-av-masonry-item='1147' class='av-masonry-entry isotope-item post-1147 post type-post status-publish format-standard has-post-thumbnail hentry category-33 tag-concert-passe tag-event tag-spectacle-passe all_sort 2019_sort  av-masonry-item-with-image' title=\"30\/03 &#8211; R\u00eave Party Tropicale \u2013 Mix\u2019Arts + Un Tramway Nomm\u00e9 Culture\"   itemscope=\"itemscope\" itemtype=\"https:\/\/schema.org\/CreativeWork\" ><div class='av-inner-masonry-sizer'><\/div><figure class='av-inner-masonry main_color'><div class=\"av-masonry-outerimage-container\"><div class='av-masonry-image-container' style=\"background-image: url(https:\/\/mixarts.org\/association\/wp-content\/uploads\/2019\/03\/Couv-FB-_-R\u00eave-Party.jpg);\"  title=\"30\/03 &#8211; R\u00eave Party Tropicale \u2013 Mix\u2019Arts + Un Tramway Nomm\u00e9 Culture\"   alt=\"30\/03 - R\u00eave Party Tropicale \u2013 Mix\u2019Arts + Un Tramway Nomm\u00e9 Culture\" ><\/div><\/div><figcaption class='av-inner-masonry-content site-background'><div class='av-inner-masonry-content-pos'><div class='av-inner-masonry-content-pos-content'><div class='avia-arrow'><\/div><h3 class='av-masonry-entry-title entry-title '  itemprop=\"headline\" >30\/03 &#8211; R\u00eave Party Tropicale &#8211; Lieu Secret<\/h3><span class='av-masonry-date meta-color updated'>30 mars 2019<\/span><span class=\"av-masonry-text-sep text-sep-author\">\/<\/span><span class='av-masonry-author meta-color author'><span class='fn'>par mixartsasso<\/span><\/span><\/div><\/div><\/figcaption><\/figure><\/a><!--end av-masonry entry--><a href=\"https:\/\/mixarts.org\/association\/2019\/28-03-soiree-france-roumanie-bifurk\/\"  id='av-masonry-1-item-1126' data-av-masonry-item='1126' class='av-masonry-entry isotope-item post-1126 post type-post status-publish format-standard has-post-thumbnail hentry category-33 tag-concert-passe tag-event all_sort 2019_sort  av-masonry-item-with-image' title=\"Soir\u00e9e France-Roumanie (Dirty Shirt &#038; Orchestra, Ska-nk, Dj) \/ Mix\u2019Arts \/ Grenoble \/ 2019\"   itemscope=\"itemscope\" itemtype=\"https:\/\/schema.org\/CreativeWork\" ><div class='av-inner-masonry-sizer'><\/div><figure class='av-inner-masonry main_color'><div class=\"av-masonry-outerimage-container\"><div class='av-masonry-image-container' style=\"background-image: url(https:\/\/mixarts.org\/association\/wp-content\/uploads\/2018\/12\/17620158_10155371362108394_8027610185545268212_o.jpg);\"  title=\"Soir\u00e9e France-Roumanie (Dirty Shirt &#038; Orchestra, Ska-nk, Dj) \/ Mix\u2019Arts \/ Grenoble \/ 2019\"   alt=\"Soir\u00e9e France-Roumanie (Dirty Shirt &amp; Orchestra, Ska-nk, Dj) \/ Mix\u2019Arts \/ Grenoble \/ 2019\" ><\/div><\/div><figcaption class='av-inner-masonry-content site-background'><div class='av-inner-masonry-content-pos'><div class='av-inner-masonry-content-pos-content'><div class='avia-arrow'><\/div><h3 class='av-masonry-entry-title entry-title '  itemprop=\"headline\" >28\/03 &#8211; Soir\u00e9e France-Roumanie &#8211; La Bifurk<\/h3><span class='av-masonry-date meta-color updated'>28 mars 2019<\/span><span class=\"av-masonry-text-sep text-sep-author\">\/<\/span><span class='av-masonry-author meta-color author'><span class='fn'>par mixartsasso<\/span><\/span><\/div><\/div><\/figcaption><\/figure><\/a><!--end av-masonry entry--><a href=\"https:\/\/mixarts.org\/association\/2019\/23-02-pigalle-dirty-old-mat-beaux-tailleurs-espace-culturel-rene-proby\/\"  id='av-masonry-1-item-1129' data-av-masonry-item='1129' class='av-masonry-entry isotope-item post-1129 post type-post status-publish format-standard has-post-thumbnail hentry category-33 tag-concert-passe tag-event all_sort 2019_sort  av-masonry-item-with-image' title=\"Pigalle, Dirty Old Mat et Les Beaux Tailleurs (chanson \/ rock) \/\/ Mix\u2019Arts \/\/ Grenoble \/\/ 2019\"   itemscope=\"itemscope\" itemtype=\"https:\/\/schema.org\/CreativeWork\" ><div class='av-inner-masonry-sizer'><\/div><figure class='av-inner-masonry main_color'><div class=\"av-masonry-outerimage-container\"><div class='av-masonry-image-container' style=\"background-image: url(https:\/\/mixarts.org\/association\/wp-content\/uploads\/2018\/12\/B9716019379Z.1_20180613143719_000GI3BFO7G5.1-0.jpg);\"  title=\"Pigalle, Dirty Old Mat et Les Beaux Tailleurs (chanson \/ rock) \/\/ Mix\u2019Arts \/\/ Grenoble \/\/ 2019\"   alt=\"Pigalle, Dirty Old Mat et Les Beaux Tailleurs (chanson \/ rock) \/\/ Mix\u2019Arts \/\/ Grenoble \/\/ 2019\" ><\/div><\/div><figcaption class='av-inner-masonry-content site-background'><div class='av-inner-masonry-content-pos'><div class='av-inner-masonry-content-pos-content'><div class='avia-arrow'><\/div><h3 class='av-masonry-entry-title entry-title '  itemprop=\"headline\" >23\/02 &#8211; Pigalle + Dirty Old Mat + Les Beaux Tailleurs &#8211; Espace Culturel Ren\u00e9 Proby<\/h3><span class='av-masonry-date meta-color updated'>23 f\u00e9vrier 2019<\/span><span class=\"av-masonry-text-sep text-sep-author\">\/<\/span><span class='av-masonry-author meta-color author'><span class='fn'>par mixartsasso<\/span><\/span><\/div><\/div><\/figcaption><\/figure><\/a><!--end av-masonry entry--><a href=\"https:\/\/mixarts.org\/association\/2018\/28-11-23-12-marche-de-noel-equitable-culturel-square-dr-martin\/\"  id='av-masonry-1-item-1118' data-av-masonry-item='1118' class='av-masonry-entry isotope-item post-1118 post type-post status-publish format-standard has-post-thumbnail hentry category-35 tag-concert-passe tag-event tag-spectacle-passe all_sort 2018_sort  av-masonry-item-with-image' title=\"March\u00e9 de No\u00ebl Equitable et Culturel de Mix&#8217;Arts &#8211; Grenoble\"   itemscope=\"itemscope\" itemtype=\"https:\/\/schema.org\/CreativeWork\" ><div class='av-inner-masonry-sizer'><\/div><figure class='av-inner-masonry main_color'><div class=\"av-masonry-outerimage-container\"><div class='av-masonry-image-container' style=\"background-image: url(https:\/\/mixarts.org\/association\/wp-content\/uploads\/2018\/11\/Couv-FB-march\u00e9-de-No\u00ebl.jpg);\"  title=\"March\u00e9 de No\u00ebl Equitable et Culturel de Mix&#8217;Arts &#8211; Grenoble\"   alt=\"March\u00e9 de No\u00ebl Equitable et Culturel de Mix&#039;Arts - Grenoble\" ><\/div><\/div><figcaption class='av-inner-masonry-content site-background'><div class='av-inner-masonry-content-pos'><div class='av-inner-masonry-content-pos-content'><div class='avia-arrow'><\/div><h3 class='av-masonry-entry-title entry-title '  itemprop=\"headline\" >Du 28\/11 au 23\/12 &#8211; March\u00e9 de No\u00ebl \u00c9quitable et Culturel &#8211; Square Dr Martin<\/h3><span class='av-masonry-date meta-color updated'>22 novembre 2018<\/span><span class=\"av-masonry-text-sep text-sep-author\">\/<\/span><span class='av-masonry-author meta-color author'><span class='fn'>par mixartsasso<\/span><\/span><\/div><\/div><\/figcaption><\/figure><\/a><!--end av-masonry entry--><a href=\"https:\/\/mixarts.org\/association\/2018\/7-11-11-festival-demain-cest-bien-3-grenoble\/\"  id='av-masonry-1-item-1088' data-av-masonry-item='1088' class='av-masonry-entry isotope-item post-1088 post type-post status-publish format-video has-post-thumbnail hentry category-35 tag-concert-passe tag-event tag-spectacle-passe post_format-post-format-video all_sort 2018_sort  av-masonry-item-with-image' title=\"Festival Demain C&#8217;est Bien 3 &#8211; Grenoble &#8211; Mix&#8217;Arts &#038; Base Art 2018\"   itemscope=\"itemscope\" itemtype=\"https:\/\/schema.org\/CreativeWork\" ><div class='av-inner-masonry-sizer'><\/div><figure class='av-inner-masonry main_color'><div class=\"av-masonry-outerimage-container\"><div class='av-masonry-image-container' style=\"background-image: url(https:\/\/mixarts.org\/association\/wp-content\/uploads\/2018\/10\/couv-site-DCB-3.jpg);\"  title=\"Festival Demain C&#8217;est Bien 3 &#8211; Grenoble &#8211; Mix&#8217;Arts &#038; Base Art 2018\"   alt=\"Festival Demain C&#039;est Bien 3 - Grenoble - Mix&#039;Arts &amp; Base Art 2018\" ><\/div><\/div><figcaption class='av-inner-masonry-content site-background'><div class='av-inner-masonry-content-pos'><div class='av-inner-masonry-content-pos-content'><div class='avia-arrow'><\/div><span class='av-icon-display av-masonry-media' aria-hidden='true' data-av_icon='\ue80d' data-av_iconfont='entypo-fontello'><\/span><h3 class='av-masonry-entry-title entry-title '  itemprop=\"headline\" >Du 7 au 11\/11 &#8211; Festival Demain C&#8217;est Bien #3 &#8211; Grenoble<\/h3><span class='av-masonry-date meta-color updated'>7 novembre 2018<\/span><span class=\"av-masonry-text-sep text-sep-author\">\/<\/span><span class='av-masonry-author meta-color author'><span class='fn'>par mixartsasso<\/span><\/span><\/div><\/div><\/figcaption><\/figure><\/a><!--end av-masonry entry--><a href=\"https:\/\/mixarts.org\/association\/2018\/25-10-triple-cheese-hip-hop-release-party-bifurk\/\"  id='av-masonry-1-item-1081' data-av-masonry-item='1081' class='av-masonry-entry isotope-item post-1081 post type-post status-publish format-standard has-post-thumbnail hentry category-35 tag-concert-passe tag-event all_sort 2018_sort  av-masonry-item-with-image' title=\"Triple Cheese &#8211; Release Party &#8211; Mix&#8217;Arts &#8211; Grenoble 2018\"   itemscope=\"itemscope\" itemtype=\"https:\/\/schema.org\/CreativeWork\" ><div class='av-inner-masonry-sizer'><\/div><figure class='av-inner-masonry main_color'><div class=\"av-masonry-outerimage-container\"><div class='av-masonry-image-container' style=\"background-image: url(https:\/\/mixarts.org\/association\/wp-content\/uploads\/2018\/10\/Triple-Cheese.jpg);\"  title=\"Triple Cheese &#8211; Release Party &#8211; Mix&#8217;Arts &#8211; Grenoble 2018\"   alt=\"Triple Cheese - Release Party - Mix&#039;Arts - Grenoble 2018\" ><\/div><\/div><figcaption class='av-inner-masonry-content site-background'><div class='av-inner-masonry-content-pos'><div class='av-inner-masonry-content-pos-content'><div class='avia-arrow'><\/div><h3 class='av-masonry-entry-title entry-title '  itemprop=\"headline\" >25\/10 &#8211; Triple Cheese &#8211; HIP-HOP Release Party &#8211; La Bifurk<\/h3><span class='av-masonry-date meta-color updated'>25 octobre 2018<\/span><span class=\"av-masonry-text-sep text-sep-author\">\/<\/span><span class='av-masonry-author meta-color author'><span class='fn'>par mixartsasso<\/span><\/span><\/div><\/div><\/figcaption><\/figure><\/a><!--end av-masonry entry--><a href=\"https:\/\/mixarts.org\/association\/2018\/17-10-adrienne-pauly-ottilie-b-lheure-bleue\/\"  id='av-masonry-1-item-1046' data-av-masonry-item='1046' class='av-masonry-entry isotope-item post-1046 post type-post status-publish format-standard has-post-thumbnail hentry category-35 tag-concert-passe tag-event all_sort 2018_sort  av-masonry-item-with-image' title=\"Adrienne Pauly + Ottilie [B] &#8211; Concert &#8211; Mix&#8217;Arts et L&#8217;heure bleue &#8211; Grenoble\"   itemscope=\"itemscope\" itemtype=\"https:\/\/schema.org\/CreativeWork\" ><div class='av-inner-masonry-sizer'><\/div><figure class='av-inner-masonry main_color'><div class=\"av-masonry-outerimage-container\"><div class='av-masonry-image-container' style=\"background-image: url(https:\/\/mixarts.org\/association\/wp-content\/uploads\/2018\/06\/Couv-Site-_-adreinne-pauly.jpg);\"  title=\"Adrienne Pauly + Ottilie [B] &#8211; Concert &#8211; Mix&#8217;Arts et L&#8217;heure bleue &#8211; Grenoble\"   alt=\"Adrienne Pauly + Ottilie [B] - Concert - Mix&#039;Arts et L&#039;heure bleue - Grenoble\" ><\/div><\/div><figcaption class='av-inner-masonry-content site-background'><div class='av-inner-masonry-content-pos'><div class='av-inner-masonry-content-pos-content'><div class='avia-arrow'><\/div><h3 class='av-masonry-entry-title entry-title '  itemprop=\"headline\" >17\/10 &#8211; Adrienne Pauly + Ottilie [B] &#8211; L&#8217;heure bleue<\/h3><span class='av-masonry-date meta-color updated'>17 octobre 2018<\/span><span class=\"av-masonry-text-sep text-sep-author\">\/<\/span><span class='av-masonry-author meta-color author'><span class='fn'>par mixartsasso<\/span><\/span><\/div><\/div><\/figcaption><\/figure><\/a><!--end av-masonry entry--><a href=\"https:\/\/mixarts.org\/association\/2018\/13-10-zenzile-echo-doppler-sumac-dub-rene-proby\/\"  id='av-masonry-1-item-1076' data-av-masonry-item='1076' class='av-masonry-entry isotope-item post-1076 post type-post status-publish format-standard has-post-thumbnail hentry category-35 tag-concert-passe tag-event all_sort 2018_sort  av-masonry-item-with-image' title=\"Concert dub \u00e9lectro &#8211; Zenzile Echo Doppler Sumac Dub &#8211; Mix&#8217;Arts Grenoble\"   itemscope=\"itemscope\" itemtype=\"https:\/\/schema.org\/CreativeWork\" ><div class='av-inner-masonry-sizer'><\/div><figure class='av-inner-masonry main_color'><div class=\"av-masonry-outerimage-container\"><div class='av-masonry-image-container' style=\"background-image: url(https:\/\/mixarts.org\/association\/wp-content\/uploads\/2018\/10\/event_thumbnail_225.jpg);\"  title=\"Concert dub \u00e9lectro &#8211; Zenzile Echo Doppler Sumac Dub &#8211; Mix&#8217;Arts Grenoble\"   alt=\"Concert dub \u00e9lectro - Zenzile Echo Doppler Sumac Dub - Mix&#039;Arts Grenoble\" ><\/div><\/div><figcaption class='av-inner-masonry-content site-background'><div class='av-inner-masonry-content-pos'><div class='av-inner-masonry-content-pos-content'><div class='avia-arrow'><\/div><h3 class='av-masonry-entry-title entry-title '  itemprop=\"headline\" >13\/10 &#8211; Zenzile + Echo Doppler + Sumac Dub &#8211; Ren\u00e9 Proby<\/h3><span class='av-masonry-date meta-color updated'>13 octobre 2018<\/span><span class=\"av-masonry-text-sep text-sep-author\">\/<\/span><span class='av-masonry-author meta-color author'><span class='fn'>par mixartsasso<\/span><\/span><\/div><\/div><\/figcaption><\/figure><\/a><!--end av-masonry entry--><a href=\"https:\/\/mixarts.org\/association\/2018\/sales-majestes-reparateur-pur-boeuf-rene-proby\/\"  id='av-masonry-1-item-1068' data-av-masonry-item='1068' class='av-masonry-entry isotope-item post-1068 post type-post status-publish format-standard has-post-thumbnail hentry category-35 tag-concert-passe tag-event all_sort 2018_sort  av-masonry-item-with-image' title=\"Sans titre &#8211; 1\"   itemscope=\"itemscope\" itemtype=\"https:\/\/schema.org\/CreativeWork\" ><div class='av-inner-masonry-sizer'><\/div><figure class='av-inner-masonry main_color'><div class=\"av-masonry-outerimage-container\"><div class='av-masonry-image-container' style=\"background-image: url(https:\/\/mixarts.org\/association\/wp-content\/uploads\/2018\/10\/LSM_logo_clsq-705x705.jpg);\"  title=\"Sans titre &#8211; 1\"  ><\/div><\/div><figcaption class='av-inner-masonry-content site-background'><div class='av-inner-masonry-content-pos'><div class='av-inner-masonry-content-pos-content'><div class='avia-arrow'><\/div><h3 class='av-masonry-entry-title entry-title '  itemprop=\"headline\" >12\/10 &#8211; Les Sales Majest\u00e9s + Le R\u00e9parateur + Pur Boeuf &#8211; Ren\u00e9 Proby<\/h3><span class='av-masonry-date meta-color updated'>12 octobre 2018<\/span><span class=\"av-masonry-text-sep text-sep-author\">\/<\/span><span class='av-masonry-author meta-color author'><span class='fn'>par mixartsasso<\/span><\/span><\/div><\/div><\/figcaption><\/figure><\/a><!--end av-masonry entry--><a href=\"https:\/\/mixarts.org\/association\/2018\/11-16-09-festival-merci-bonsoir-4\/\"  id='av-masonry-1-item-1040' data-av-masonry-item='1040' class='av-masonry-entry isotope-item post-1040 post type-post status-publish format-standard has-post-thumbnail hentry category-35 tag-concert-passe tag-event tag-spectacle-passe all_sort 2018_sort  av-masonry-item-with-image' title=\"Festival &#8220;Merci, Bonsoir !&#8221; #4 &#8211; arts de rue et musique &#8211; Mix&#8217;Arts &#8211; Grenoble\"   itemscope=\"itemscope\" itemtype=\"https:\/\/schema.org\/CreativeWork\" ><div class='av-inner-masonry-sizer'><\/div><figure class='av-inner-masonry main_color'><div class=\"av-masonry-outerimage-container\"><div class='av-masonry-image-container' style=\"background-image: url(https:\/\/mixarts.org\/association\/wp-content\/uploads\/2018\/06\/bandeau-siteweb-MB-good.jpg);\"  title=\"Festival &#8220;Merci, Bonsoir !&#8221; #4 &#8211; arts de rue et musique &#8211; Mix&#8217;Arts &#8211; Grenoble\"   alt=\"Festival &quot;Merci, Bonsoir !&quot; #4 - arts de rue et musique - Mix&#039;Arts - Grenoble\" ><\/div><\/div><figcaption class='av-inner-masonry-content site-background'><div class='av-inner-masonry-content-pos'><div class='av-inner-masonry-content-pos-content'><div class='avia-arrow'><\/div><h3 class='av-masonry-entry-title entry-title '  itemprop=\"headline\" >Du 11 au 16\/09 &#8211; FESTIVAL &#8220;MERCI, BONSOIR !&#8221; #4<\/h3><span class='av-masonry-date meta-color updated'>11 septembre 2018<\/span><span class=\"av-masonry-text-sep text-sep-author\">\/<\/span><span class='av-masonry-author meta-color author'><span class='fn'>par mixartsasso<\/span><\/span><\/div><\/div><\/figcaption><\/figure><\/a><!--end av-masonry entry--><a href=\"https:\/\/mixarts.org\/association\/2018\/23-05-cunninlynguists-plane-aggy-1ere-partie-lilyade\/\"  id='av-masonry-1-item-944' data-av-masonry-item='944' class='av-masonry-entry isotope-item post-944 post type-post status-publish format-standard has-post-thumbnail hentry category-35 tag-concert-passe tag-event all_sort 2018_sort  av-masonry-item-with-image' title=\"CunninLynguists \/\/ Plane Aggy \/\/ 1\u00e8re partie \/\/ Concert Rap \u2013 Organis\u00e9 par Mix\u2019Arts (38)\"   itemscope=\"itemscope\" itemtype=\"https:\/\/schema.org\/CreativeWork\" ><div class='av-inner-masonry-sizer'><\/div><figure class='av-inner-masonry main_color'><div class=\"av-masonry-outerimage-container\"><div class='av-masonry-image-container' style=\"background-image: url(https:\/\/mixarts.org\/association\/wp-content\/uploads\/2018\/01\/Couv-site-cunnin.jpg);\"  title=\"CunninLynguists \/\/ Plane Aggy \/\/ 1\u00e8re partie \/\/ Concert Rap \u2013 Organis\u00e9 par Mix\u2019Arts (38)\"   alt=\"CunninLynguists \/\/ Plane Aggy \/\/ 1\u00e8re partie \/\/ Concert Rap \u2013 Organis\u00e9 par Mix\u2019Arts (38)\" ><\/div><\/div><figcaption class='av-inner-masonry-content site-background'><div class='av-inner-masonry-content-pos'><div class='av-inner-masonry-content-pos-content'><div class='avia-arrow'><\/div><h3 class='av-masonry-entry-title entry-title '  itemprop=\"headline\" >23\/05 &#8211; CUNNINLYNGUISTS + PLANE AGGY + G-LAB &#8211; L&#8217;Ilyade<\/h3><span class='av-masonry-date meta-color updated'>23 mai 2018<\/span><span class=\"av-masonry-text-sep text-sep-author\">\/<\/span><span class='av-masonry-author meta-color author'><span class='fn'>par mixartsasso<\/span><\/span><\/div><\/div><\/figcaption><\/figure><\/a><!--end av-masonry entry--><a href=\"https:\/\/mixarts.org\/association\/2018\/27-04-punish-yourself-as-a-new-revolt-worshipers-espace-culturel-rene-proby\/\"  id='av-masonry-1-item-957' data-av-masonry-item='957' class='av-masonry-entry isotope-item post-957 post type-post status-publish format-standard has-post-thumbnail hentry category-35 tag-concert-passe tag-event all_sort 2018_sort  av-masonry-item-with-image' title=\"Punish Yourself + As a New Revolt + Worshipers &#8211; Organis\u00e9 par Mix&#8217;Arts &#8211; Grenoble\"   itemscope=\"itemscope\" itemtype=\"https:\/\/schema.org\/CreativeWork\" ><div class='av-inner-masonry-sizer'><\/div><figure class='av-inner-masonry main_color'><div class=\"av-masonry-outerimage-container\"><div class='av-masonry-image-container' style=\"background-image: url(https:\/\/mixarts.org\/association\/wp-content\/uploads\/2018\/01\/Couv-Site-Punish-Yourself.jpg);\"  title=\"Punish Yourself + As a New Revolt + Worshipers &#8211; Organis\u00e9 par Mix&#8217;Arts &#8211; Grenoble\"   alt=\"Punish Yourself + As a New Revolt + Worshipers - Organis\u00e9 par Mix&#039;Arts - Grenoble\" ><\/div><\/div><figcaption class='av-inner-masonry-content site-background'><div class='av-inner-masonry-content-pos'><div class='av-inner-masonry-content-pos-content'><div class='avia-arrow'><\/div><h3 class='av-masonry-entry-title entry-title '  itemprop=\"headline\" >27\/04 &#8211; Punish Yourself + As a New Revolt + Worshipers &#8211; Espace Culturel Ren\u00e9 Proby<\/h3><span class='av-masonry-date meta-color updated'>27 avril 2018<\/span><span class=\"av-masonry-text-sep text-sep-author\">\/<\/span><span class='av-masonry-author meta-color author'><span class='fn'>par mixartsasso<\/span><\/span><\/div><\/div><\/figcaption><\/figure><\/a><!--end av-masonry entry--><a href=\"https:\/\/mixarts.org\/association\/2018\/26-04-bal-folk-patates-sound-system-chloe-scellier-espace-culturel-rene-proby\/\"  id='av-masonry-1-item-972' data-av-masonry-item='972' class='av-masonry-entry isotope-item post-972 post type-post status-publish format-standard has-post-thumbnail hentry category-35 tag-concert-passe tag-event all_sort 2018_sort  av-masonry-item-with-image' title=\"Bal Folk avec Patates Sound System + Chlo\u00e9 Scellier \u2013 organis\u00e9 par Mix\u2019Arts (Grenoble)\"   itemscope=\"itemscope\" itemtype=\"https:\/\/schema.org\/CreativeWork\" ><div class='av-inner-masonry-sizer'><\/div><figure class='av-inner-masonry main_color'><div class=\"av-masonry-outerimage-container\"><div class='av-masonry-image-container' style=\"background-image: url(https:\/\/mixarts.org\/association\/wp-content\/uploads\/2018\/01\/Couv-site-_-Patates-sound-system.jpg);\"  title=\"Bal Folk avec Patates Sound System + Chlo\u00e9 Scellier \u2013 organis\u00e9 par Mix\u2019Arts (Grenoble)\"   alt=\"Bal Folk avec Patates Sound System + Chlo\u00e9 Scellier \u2013 organis\u00e9 par Mix\u2019Arts (Grenoble)\" ><\/div><\/div><figcaption class='av-inner-masonry-content site-background'><div class='av-inner-masonry-content-pos'><div class='av-inner-masonry-content-pos-content'><div class='avia-arrow'><\/div><h3 class='av-masonry-entry-title entry-title '  itemprop=\"headline\" >26\/04 &#8211; Bal Folk : PATATES SOUND SYSTEM + Chlo\u00e9 Scellier &#8211; Espace Culturel Ren\u00e9 Proby<\/h3><span class='av-masonry-date meta-color updated'>26 avril 2018<\/span><span class=\"av-masonry-text-sep text-sep-author\">\/<\/span><span class='av-masonry-author meta-color author'><span class='fn'>par mixartsasso<\/span><\/span><\/div><\/div><\/figcaption><\/figure><\/a><!--end av-masonry entry--><a href=\"https:\/\/mixarts.org\/association\/2018\/11-12-04-insupportables-cie-baraque-a-plume-espace-culturel-rene-proby\/\"  id='av-masonry-1-item-967' data-av-masonry-item='967' class='av-masonry-entry isotope-item post-967 post type-post status-publish format-standard has-post-thumbnail hentry category-35 tag-event tag-spectacle-passe all_sort 2018_sort  av-masonry-item-with-image' title=\"Insupportables &#8211; Spectacle Jeune Public &#8211; La Baraque \u00e0 Plume &#8211; Mix&#8217;Arts\"   itemscope=\"itemscope\" itemtype=\"https:\/\/schema.org\/CreativeWork\" ><div class='av-inner-masonry-sizer'><\/div><figure class='av-inner-masonry main_color'><div class=\"av-masonry-outerimage-container\"><div class='av-masonry-image-container' style=\"background-image: url(https:\/\/mixarts.org\/association\/wp-content\/uploads\/2018\/01\/Couv-Site-Baraque-\u00e0-Plume2.jpg);\"  title=\"Insupportables &#8211; Spectacle Jeune Public &#8211; La Baraque \u00e0 Plume &#8211; Mix&#8217;Arts\"   alt=\"Insupportables - Spectacle Jeune Public - La Baraque \u00e0 Plume - Mix&#039;Arts\" ><\/div><\/div><figcaption class='av-inner-masonry-content site-background'><div class='av-inner-masonry-content-pos'><div class='av-inner-masonry-content-pos-content'><div class='avia-arrow'><\/div><h3 class='av-masonry-entry-title entry-title '  itemprop=\"headline\" >11 et 12\/04 &#8211; Insupportables &#8211; Cie La Baraque \u00e0 Plume &#8211; Espace Culturel Ren\u00e9 Proby<\/h3><span class='av-masonry-date meta-color updated'>11 avril 2018<\/span><span class=\"av-masonry-text-sep text-sep-author\">\/<\/span><span class='av-masonry-author meta-color author'><span class='fn'>par mixartsasso<\/span><\/span><\/div><\/div><\/figcaption><\/figure><\/a><!--end av-masonry entry--><a href=\"https:\/\/mixarts.org\/association\/2018\/29-03-soiree-infiniment-loin-musee-dauphinois\/\"  id='av-masonry-1-item-986' data-av-masonry-item='986' class='av-masonry-entry isotope-item post-986 post type-post status-publish format-standard has-post-thumbnail hentry category-35 tag-concert-passe tag-event tag-spectacle-passe all_sort 2018_sort  av-masonry-item-with-image' title=\"La Dame Blanche + Diron Animal + Dookoom + Compagnie &#8211; Soir\u00e9e Infiniment loin \u2013 Mix\u2019Arts &#038; Un Tramway Nomm\u00e9 Culture &#038; Le Mus\u00e9e Dauphinois &#8211; Grenoble\"   itemscope=\"itemscope\" itemtype=\"https:\/\/schema.org\/CreativeWork\" ><div class='av-inner-masonry-sizer'><\/div><figure class='av-inner-masonry main_color'><div class=\"av-masonry-outerimage-container\"><div class='av-masonry-image-container' style=\"background-image: url(https:\/\/mixarts.org\/association\/wp-content\/uploads\/2018\/02\/Couv_Site-Web-la-dame-blanche.jpg);\"  title=\"La Dame Blanche + Diron Animal + Dookoom + Compagnie &#8211; Soir\u00e9e Infiniment loin \u2013 Mix\u2019Arts &#038; Un Tramway Nomm\u00e9 Culture &#038; Le Mus\u00e9e Dauphinois &#8211; Grenoble\"   alt=\"La Dame Blanche + Diron Animal + Dookoom + Compagnie - Soir\u00e9e Infiniment loin \u2013 Mix\u2019Arts &amp; Un Tramway Nomm\u00e9 Culture &amp; Le Mus\u00e9e Dauphinois - Grenoble\" ><\/div><\/div><figcaption class='av-inner-masonry-content site-background'><div class='av-inner-masonry-content-pos'><div class='av-inner-masonry-content-pos-content'><div class='avia-arrow'><\/div><h3 class='av-masonry-entry-title entry-title '  itemprop=\"headline\" >29\/03 &#8211; Soir\u00e9e INFINIMENT LOIN &#8211; Mus\u00e9e Dauphinois<\/h3><span class='av-masonry-date meta-color updated'>29 mars 2018<\/span><span class=\"av-masonry-text-sep text-sep-author\">\/<\/span><span class='av-masonry-author meta-color author'><span class='fn'>par mixartsasso<\/span><\/span><\/div><\/div><\/figcaption><\/figure><\/a><!--end av-masonry entry--><a href=\"https:\/\/mixarts.org\/association\/2018\/24-03-decroyance-conf-gesticulee-espace-culturel-rene-proby\/\"  id='av-masonry-1-item-950' data-av-masonry-item='950' class='av-masonry-entry isotope-item post-950 post type-post status-publish format-standard has-post-thumbnail hentry category-35 tag-event tag-spectacle-passe all_sort 2018_sort  av-masonry-item-with-image' title=\"Conf\u00e9rence Gesticul\u00e9e &#8211; La D\u00e9croyance &#8211; JP Smadja &#8211; Organis\u00e9 par Mix&#8217;Arts &#8211; Grenoble\"   itemscope=\"itemscope\" itemtype=\"https:\/\/schema.org\/CreativeWork\" ><div class='av-inner-masonry-sizer'><\/div><figure class='av-inner-masonry main_color'><div class=\"av-masonry-outerimage-container\"><div class='av-masonry-image-container' style=\"background-image: url(https:\/\/mixarts.org\/association\/wp-content\/uploads\/2018\/01\/Couv-site-web-d\u00e9croyance.jpg);\"  title=\"Conf\u00e9rence Gesticul\u00e9e &#8211; La D\u00e9croyance &#8211; JP Smadja &#8211; Organis\u00e9 par Mix&#8217;Arts &#8211; Grenoble\"  ><\/div><\/div><figcaption class='av-inner-masonry-content site-background'><div class='av-inner-masonry-content-pos'><div class='av-inner-masonry-content-pos-content'><div class='avia-arrow'><\/div><h3 class='av-masonry-entry-title entry-title '  itemprop=\"headline\" >24\/03 &#8211; La D\u00e9croyance &#8211; Conf. Gesticul\u00e9e &#8211; Espace Culturel Ren\u00e9 Proby<\/h3><span class='av-masonry-date meta-color updated'>24 mars 2018<\/span><span class=\"av-masonry-text-sep text-sep-author\">\/<\/span><span class='av-masonry-author meta-color author'><span class='fn'>par mixartsasso<\/span><\/span><\/div><\/div><\/figcaption><\/figure><\/a><!--end av-masonry entry--><a href=\"https:\/\/mixarts.org\/association\/2017\/2312-burning-nowel-3-marche-de-noel\/\"  id='av-masonry-1-item-938' data-av-masonry-item='938' class='av-masonry-entry isotope-item post-938 post type-post status-publish format-standard has-post-thumbnail hentry category-36 tag-concert-passe tag-event tag-spectacle-passe all_sort 2017_sort  av-masonry-item-with-image' title=\"Burning Nowel #3 \u2013 March\u00e9 de No\u00ebl \u00e9quitable et culturel \u2013 Mix\u2019Arts &#8211; Grenoble\"   itemscope=\"itemscope\" itemtype=\"https:\/\/schema.org\/CreativeWork\" ><div class='av-inner-masonry-sizer'><\/div><figure class='av-inner-masonry main_color'><div class=\"av-masonry-outerimage-container\"><div class='av-masonry-image-container' style=\"background-image: url(https:\/\/mixarts.org\/association\/wp-content\/uploads\/2017\/12\/Burning-nowel-2017-RVB.jpg);\"  title=\"Burning Nowel #3 \u2013 March\u00e9 de No\u00ebl \u00e9quitable et culturel \u2013 Mix\u2019Arts &#8211; Grenoble\"   alt=\"Burning Nowel #3 \u2013 March\u00e9 de No\u00ebl \u00e9quitable et culturel \u2013 Mix\u2019Arts - Grenoble\" ><\/div><\/div><figcaption class='av-inner-masonry-content site-background'><div class='av-inner-masonry-content-pos'><div class='av-inner-masonry-content-pos-content'><div class='avia-arrow'><\/div><h3 class='av-masonry-entry-title entry-title '  itemprop=\"headline\" >23\/12 &#8211; BURNING NOWEL #3 &#8211; March\u00e9 de No\u00ebl<\/h3><span class='av-masonry-date meta-color updated'>23 d\u00e9cembre 2017<\/span><span class=\"av-masonry-text-sep text-sep-author\">\/<\/span><span class='av-masonry-author meta-color author'><span class='fn'>par mixartsasso<\/span><\/span><\/div><\/div><\/figcaption><\/figure><\/a><!--end av-masonry entry--><a href=\"https:\/\/mixarts.org\/association\/2017\/24-nov-23-dec-marche-de-noel-equitable-culturel\/\"  id='av-masonry-1-item-921' data-av-masonry-item='921' class='av-masonry-entry isotope-item post-921 post type-post status-publish format-standard has-post-thumbnail hentry category-36 tag-concert-passe tag-event tag-spectacle-passe all_sort 2017_sort  av-masonry-item-with-image' title=\"March\u00e9 de no\u00ebl \u00e9quitable et culturel 2017 \u2013 Mix\u2019Arts \u2013 Grenoble\"   itemscope=\"itemscope\" itemtype=\"https:\/\/schema.org\/CreativeWork\" ><div class='av-inner-masonry-sizer'><\/div><figure class='av-inner-masonry main_color'><div class=\"av-masonry-outerimage-container\"><div class='av-masonry-image-container' style=\"background-image: url(https:\/\/mixarts.org\/association\/wp-content\/uploads\/2017\/11\/Couv-FB-march\u00e9-de-No\u00ebl.jpg);\"  title=\"March\u00e9 de no\u00ebl \u00e9quitable et culturel 2017 \u2013 Mix\u2019Arts \u2013 Grenoble\"   alt=\"March\u00e9 de no\u00ebl \u00e9quitable et culturel 2017 \u2013 Mix\u2019Arts \u2013 Grenoble\" ><\/div><\/div><figcaption class='av-inner-masonry-content site-background'><div class='av-inner-masonry-content-pos'><div class='av-inner-masonry-content-pos-content'><div class='avia-arrow'><\/div><h3 class='av-masonry-entry-title entry-title '  itemprop=\"headline\" >Du 24 nov. au 23 d\u00e9c. &#8211;  March\u00e9 de No\u00ebl \u00e9quitable et culturel<\/h3><span class='av-masonry-date meta-color updated'>24 novembre 2017<\/span><span class=\"av-masonry-text-sep text-sep-author\">\/<\/span><span class='av-masonry-author meta-color author'><span class='fn'>par mixartsasso<\/span><\/span><\/div><\/div><\/figcaption><\/figure><\/a><!--end av-masonry entry--><a href=\"https:\/\/mixarts.org\/association\/2017\/7-11-nov-festival-demain-cest-bien-2-grenoble\/\"  id='av-masonry-1-item-865' data-av-masonry-item='865' class='av-masonry-entry isotope-item post-865 post type-post status-publish format-standard has-post-thumbnail hentry category-36 tag-concert-passe tag-event all_sort 2017_sort  av-masonry-item-with-image' title=\"Festival Demain C&#8217;est Bien &#8211; Cultures Hip-hop &#8211; 2e \u00e9dition &#8211; Mix&#8217;Arts et Base Art&#8217; &#8211; Grenoble\"   itemscope=\"itemscope\" itemtype=\"https:\/\/schema.org\/CreativeWork\" ><div class='av-inner-masonry-sizer'><\/div><figure class='av-inner-masonry main_color'><div class=\"av-masonry-outerimage-container\"><div class='av-masonry-image-container' style=\"background-image: url(https:\/\/mixarts.org\/association\/wp-content\/uploads\/2017\/06\/Couv-site-DCB2.jpg);\"  title=\"Festival Demain C&#8217;est Bien &#8211; Cultures Hip-hop &#8211; 2e \u00e9dition &#8211; Mix&#8217;Arts et Base Art&#8217; &#8211; Grenoble\"   alt=\"Festival Demain C&#039;est Bien - Cultures Hip-hop - 2e \u00e9dition - Mix&#039;Arts et Base Art&#039; - Grenoble\" ><\/div><\/div><figcaption class='av-inner-masonry-content site-background'><div class='av-inner-masonry-content-pos'><div class='av-inner-masonry-content-pos-content'><div class='avia-arrow'><\/div><h3 class='av-masonry-entry-title entry-title '  itemprop=\"headline\" >Du 7 au 11 Nov. &#8211; Festival Demain C&#8217;est Bien #2 &#8211; Grenoble<\/h3><span class='av-masonry-date meta-color updated'>7 novembre 2017<\/span><span class=\"av-masonry-text-sep text-sep-author\">\/<\/span><span class='av-masonry-author meta-color author'><span class='fn'>par mixartsasso<\/span><\/span><\/div><\/div><\/figcaption><\/figure><\/a><!--end av-masonry entry--><a href=\"https:\/\/mixarts.org\/association\/2017\/2710-the-rumjacks-los-tres-puntos-quintana-dead-blues-experience-lilyade\/\"  id='av-masonry-1-item-838' data-av-masonry-item='838' class='av-masonry-entry isotope-item post-838 post type-post status-publish format-standard has-post-thumbnail hentry category-36 tag-concert-passe tag-event all_sort 2017_sort  av-masonry-item-with-image' title=\"Concert \/\/ The Rumjacks et Los Tres Puntos et Quintana\"   itemscope=\"itemscope\" itemtype=\"https:\/\/schema.org\/CreativeWork\" ><div class='av-inner-masonry-sizer'><\/div><figure class='av-inner-masonry main_color'><div class=\"av-masonry-outerimage-container\"><div class='av-masonry-image-container' style=\"background-image: url(https:\/\/mixarts.org\/association\/wp-content\/uploads\/2017\/05\/Couv-site-web-the-rumjacks.jpg);\"  title=\"Concert \/\/ The Rumjacks et Los Tres Puntos et Quintana\"   alt=\"Concert \/\/ The Rumjacks et Los Tres Puntos et Quintana\" ><\/div><\/div><figcaption class='av-inner-masonry-content site-background'><div class='av-inner-masonry-content-pos'><div class='av-inner-masonry-content-pos-content'><div class='avia-arrow'><\/div><h3 class='av-masonry-entry-title entry-title '  itemprop=\"headline\" >27\/10 &#8211; The Rumjacks + Los Tres Puntos + Quintana Dead Blues Experience &#8211; L&#8217;Ilyade<\/h3><span class='av-masonry-date meta-color updated'>27 octobre 2017<\/span><span class=\"av-masonry-text-sep text-sep-author\">\/<\/span><span class='av-masonry-author meta-color author'><span class='fn'>par mixartsasso<\/span><\/span><\/div><\/div><\/figcaption><\/figure><\/a><!--end av-masonry entry--><a href=\"https:\/\/mixarts.org\/association\/2017\/2010-hk-cafetera-roja-tetes-de-linettes-lheure-bleue\/\"  id='av-masonry-1-item-833' data-av-masonry-item='833' class='av-masonry-entry isotope-item post-833 post type-post status-publish format-standard has-post-thumbnail hentry category-36 tag-concert-passe tag-event all_sort 2017_sort  av-masonry-item-with-image' title=\"Concert \/\/ HK et La Cafetera Roja et Les T\u00eates de Linettes\"   itemscope=\"itemscope\" itemtype=\"https:\/\/schema.org\/CreativeWork\" ><div class='av-inner-masonry-sizer'><\/div><figure class='av-inner-masonry main_color'><div class=\"av-masonry-outerimage-container\"><div class='av-masonry-image-container' style=\"background-image: url(https:\/\/mixarts.org\/association\/wp-content\/uploads\/2017\/05\/Couv-site.jpg);\"  title=\"Concert \/\/ HK et La Cafetera Roja et Les T\u00eates de Linettes\"   alt=\"Concert \/\/ HK et La Cafetera Roja et Les T\u00eates de Linettes\" ><\/div><\/div><figcaption class='av-inner-masonry-content site-background'><div class='av-inner-masonry-content-pos'><div class='av-inner-masonry-content-pos-content'><div class='avia-arrow'><\/div><h3 class='av-masonry-entry-title entry-title '  itemprop=\"headline\" >20\/10 &#8211; HK + La Cafetera Roja + Les T\u00eates de Linettes &#8211; L&#8217;Heure Bleue<\/h3><span class='av-masonry-date meta-color updated'>20 octobre 2017<\/span><span class=\"av-masonry-text-sep text-sep-author\">\/<\/span><span class='av-masonry-author meta-color author'><span class='fn'>par mixartsasso<\/span><\/span><\/div><\/div><\/figcaption><\/figure><\/a><!--end av-masonry entry--><a href=\"https:\/\/mixarts.org\/association\/2017\/0710-fiesta-folk-franco-colombiano\/\"  id='av-masonry-1-item-875' data-av-masonry-item='875' class='av-masonry-entry isotope-item post-875 post type-post status-publish format-standard has-post-thumbnail hentry category-36 tag-concert-passe tag-event all_sort 2017_sort  av-masonry-item-with-image' title=\"Fiesta Flok Franco Colombiano &#8211; Grenoble &#8211; CMRA et Mix&#8217;Arts\"   itemscope=\"itemscope\" itemtype=\"https:\/\/schema.org\/CreativeWork\" ><div class='av-inner-masonry-sizer'><\/div><figure class='av-inner-masonry main_color'><div class=\"av-masonry-outerimage-container\"><div class='av-masonry-image-container' style=\"background-image: url(https:\/\/mixarts.org\/association\/wp-content\/uploads\/2017\/07\/couv-site.jpg);\"  title=\"Fiesta Flok Franco Colombiano &#8211; Grenoble &#8211; CMRA et Mix&#8217;Arts\"   alt=\"Fiesta Flok Franco Colombiano - Grenoble - CMRA et Mix&#039;Arts\" ><\/div><\/div><figcaption class='av-inner-masonry-content site-background'><div class='av-inner-masonry-content-pos'><div class='av-inner-masonry-content-pos-content'><div class='avia-arrow'><\/div><h3 class='av-masonry-entry-title entry-title '  itemprop=\"headline\" >07\/10 &#8211; Fiesta Folk Franco-Colombiano<\/h3><span class='av-masonry-date meta-color updated'>7 octobre 2017<\/span><span class=\"av-masonry-text-sep text-sep-author\">\/<\/span><span class='av-masonry-author meta-color author'><span class='fn'>par mixartsasso<\/span><\/span><\/div><\/div><\/figcaption><\/figure><\/a><!--end av-masonry entry--><a href=\"https:\/\/mixarts.org\/association\/2017\/2809-caballero-jeanjass-romeo-elvis-razz-eve-campus\/\"  id='av-masonry-1-item-862' data-av-masonry-item='862' class='av-masonry-entry isotope-item post-862 post type-post status-publish format-standard has-post-thumbnail hentry category-36 tag-concert-passe tag-event all_sort 2017_sort  av-masonry-item-with-image' title=\"Caballero &#038; JeanJass, Romeo Elvis, Razz \u00e0 EVE &#8211; Grenoble &#8211; Mix&#8217;Arts &#8211; Le Projet CDV\"   itemscope=\"itemscope\" itemtype=\"https:\/\/schema.org\/CreativeWork\" ><div class='av-inner-masonry-sizer'><\/div><figure class='av-inner-masonry main_color'><div class=\"av-masonry-outerimage-container\"><div class='av-masonry-image-container' style=\"background-image: url(https:\/\/mixarts.org\/association\/wp-content\/uploads\/2017\/05\/couv-site-caballero.jpg);\"  title=\"Caballero &#038; JeanJass, Romeo Elvis, Razz \u00e0 EVE &#8211; Grenoble &#8211; Mix&#8217;Arts &#8211; Le Projet CDV\"   alt=\"Caballero &amp; JeanJass, Romeo Elvis, Razz \u00e0 EVE - Grenoble - Mix&#039;Arts - Le Projet CDV\" ><\/div><\/div><figcaption class='av-inner-masonry-content site-background'><div class='av-inner-masonry-content-pos'><div class='av-inner-masonry-content-pos-content'><div class='avia-arrow'><\/div><h3 class='av-masonry-entry-title entry-title '  itemprop=\"headline\" >28\/09 &#8211; Caballero &#038; JeanJass + Rom\u00e9o Elvis + Razz &#8211; EVE Campus<\/h3><span class='av-masonry-date meta-color updated'>28 septembre 2017<\/span><span class=\"av-masonry-text-sep text-sep-author\">\/<\/span><span class='av-masonry-author meta-color author'><span class='fn'>par mixartsasso<\/span><\/span><\/div><\/div><\/figcaption><\/figure><\/a><!--end av-masonry entry--><a href=\"https:\/\/mixarts.org\/association\/2017\/12-17-sept-festival-merci-bonsoir-public-grenoble\/\"  id='av-masonry-1-item-858' data-av-masonry-item='858' class='av-masonry-entry isotope-item post-858 post type-post status-publish format-standard has-post-thumbnail hentry category-36 tag-concert-passe tag-event tag-spectacle-passe all_sort 2017_sort  av-masonry-item-with-image' title=\"Festival Merci, Bonsoir ! Tout Public &#8211; 3e \u00e9dition _ Mix&#8217;Arts Grenoble\"   itemscope=\"itemscope\" itemtype=\"https:\/\/schema.org\/CreativeWork\" ><div class='av-inner-masonry-sizer'><\/div><figure class='av-inner-masonry main_color'><div class=\"av-masonry-outerimage-container\"><div class='av-masonry-image-container' style=\"background-image: url(https:\/\/mixarts.org\/association\/wp-content\/uploads\/2017\/05\/Couv-Site-Web-new.jpg);\"  title=\"Festival Merci, Bonsoir ! Tout Public &#8211; 3e \u00e9dition _ Mix&#8217;Arts Grenoble\"   alt=\"Festival Merci, Bonsoir ! Tout Public - 3e \u00e9dition _ Mix&#039;Arts Grenoble\" ><\/div><\/div><figcaption class='av-inner-masonry-content site-background'><div class='av-inner-masonry-content-pos'><div class='av-inner-masonry-content-pos-content'><div class='avia-arrow'><\/div><h3 class='av-masonry-entry-title entry-title '  itemprop=\"headline\" >Du 12 au 17 Sept. &#8211; Festival Merci, Bonsoir ! Tout Public &#8211; Grenoble<\/h3><span class='av-masonry-date meta-color updated'>12 septembre 2017<\/span><span class=\"av-masonry-text-sep text-sep-author\">\/<\/span><span class='av-masonry-author meta-color author'><span class='fn'>par mixartsasso<\/span><\/span><\/div><\/div><\/figcaption><\/figure><\/a><!--end av-masonry entry--><a href=\"https:\/\/mixarts.org\/association\/2017\/12-1307-festival-merci-bonsoir-jeune-public-bifurk\/\"  id='av-masonry-1-item-851' data-av-masonry-item='851' class='av-masonry-entry isotope-item post-851 post type-post status-publish format-standard has-post-thumbnail hentry category-36 tag-concert-passe tag-event tag-spectacle-passe all_sort 2017_sort  av-masonry-item-with-image' title=\"Festival Merci, Bonsoir ! JUNIOR &#8211; Mix&#8217;Arts &#8211; Grenoble\"   itemscope=\"itemscope\" itemtype=\"https:\/\/schema.org\/CreativeWork\" ><div class='av-inner-masonry-sizer'><\/div><figure class='av-inner-masonry main_color'><div class=\"av-masonry-outerimage-container\"><div class='av-masonry-image-container' style=\"background-image: url(https:\/\/mixarts.org\/association\/wp-content\/uploads\/2017\/06\/couv-site-mbjtp3JUNIOR.jpg);\"  title=\"Festival Merci, Bonsoir ! JUNIOR &#8211; Mix&#8217;Arts &#8211; Grenoble\"   alt=\"Festival Merci, Bonsoir ! JUNIOR - Mix&#039;Arts - Grenoble\" ><\/div><\/div><figcaption class='av-inner-masonry-content site-background'><div class='av-inner-masonry-content-pos'><div class='av-inner-masonry-content-pos-content'><div class='avia-arrow'><\/div><h3 class='av-masonry-entry-title entry-title '  itemprop=\"headline\" >12 et 13\/07 &#8211; Festival &#8220;Merci, Bonsoir !&#8221; Jeune Public &#8211; La Bifurk<\/h3><span class='av-masonry-date meta-color updated'>12 juillet 2017<\/span><span class=\"av-masonry-text-sep text-sep-author\">\/<\/span><span class='av-masonry-author meta-color author'><span class='fn'>par mixartsasso<\/span><\/span><\/div><\/div><\/figcaption><\/figure><\/a><!--end av-masonry entry--><a href=\"https:\/\/mixarts.org\/association\/2017\/festival-bien-lbourgeon-1ere-edition\/\"  id='av-masonry-1-item-729' data-av-masonry-item='729' class='av-masonry-entry isotope-item post-729 post type-post status-publish format-standard has-post-thumbnail hentry category-36 tag-concert-passe tag-event tag-spectacle-passe all_sort 2017_sort  av-masonry-item-with-image' title=\"Festival &#8220;Bien l&#8217;Bourgeon&#8221; &#8211; 1\u00e8re \u00e9dition &#8211; Mix&#8217;Arts &#8211; Grenoble\"   itemscope=\"itemscope\" itemtype=\"https:\/\/schema.org\/CreativeWork\" ><div class='av-inner-masonry-sizer'><\/div><figure class='av-inner-masonry main_color'><div class=\"av-masonry-outerimage-container\"><div class='av-masonry-image-container' style=\"background-image: url(https:\/\/mixarts.org\/association\/wp-content\/uploads\/2017\/03\/couv-site-BLB.png);\"  title=\"Festival &#8220;Bien l&#8217;Bourgeon&#8221; &#8211; 1\u00e8re \u00e9dition &#8211; Mix&#8217;Arts &#8211; Grenoble\"   alt=\"Festival &quot;Bien l&#039;Bourgeon&quot; - 1\u00e8re \u00e9dition - Mix&#039;Arts - Grenoble\" ><\/div><\/div><figcaption class='av-inner-masonry-content site-background'><div class='av-inner-masonry-content-pos'><div class='av-inner-masonry-content-pos-content'><div class='avia-arrow'><\/div><h3 class='av-masonry-entry-title entry-title '  itemprop=\"headline\" >Festival &#8220;Bien l&#8217;Bourgeon&#8221; 1\u00e8re \u00e9dition<\/h3><span class='av-masonry-date meta-color updated'>9 mai 2017<\/span><span class=\"av-masonry-text-sep text-sep-author\">\/<\/span><span class='av-masonry-author meta-color author'><span class='fn'>par mixartsasso<\/span><\/span><\/div><\/div><\/figcaption><\/figure><\/a><!--end av-masonry entry--><a href=\"https:\/\/mixarts.org\/association\/2017\/samedi-1er-avril-campus\/\"  id='av-masonry-1-item-723' data-av-masonry-item='723' class='av-masonry-entry isotope-item post-723 post type-post status-publish format-standard has-post-thumbnail hentry category-36 tag-concert-a-venir tag-event all_sort 2017_sort  av-masonry-item-with-image' title=\"Concert monstrueux gratuit &#8211; Festival Monstre &#8211; Mix&#8217;Arts &#8211; COMUE &#8211; UGA\"   itemscope=\"itemscope\" itemtype=\"https:\/\/schema.org\/CreativeWork\" ><div class='av-inner-masonry-sizer'><\/div><figure class='av-inner-masonry main_color'><div class=\"av-masonry-outerimage-container\"><div class='av-masonry-image-container' style=\"background-image: url(https:\/\/mixarts.org\/association\/wp-content\/uploads\/2017\/02\/gomad-couv-site.jpg);\"  title=\"Concert monstrueux gratuit &#8211; Festival Monstre &#8211; Mix&#8217;Arts &#8211; COMUE &#8211; UGA\"   alt=\"Concert monstrueux gratuit - Festival Monstre - Mix&#039;Arts - COMUE - UGA\" ><\/div><\/div><figcaption class='av-inner-masonry-content site-background'><div class='av-inner-masonry-content-pos'><div class='av-inner-masonry-content-pos-content'><div class='avia-arrow'><\/div><h3 class='av-masonry-entry-title entry-title '  itemprop=\"headline\" >Samedi 1er Avril &#8211; Campus<\/h3><span class='av-masonry-date meta-color updated'>1 avril 2017<\/span><span class=\"av-masonry-text-sep text-sep-author\">\/<\/span><span class='av-masonry-author meta-color author'><span class='fn'>par mixartsasso<\/span><\/span><\/div><\/div><\/figcaption><\/figure><\/a><!--end av-masonry entry--><a href=\"https:\/\/mixarts.org\/association\/2017\/mardi-28-mars-campus\/\"  id='av-masonry-1-item-712' data-av-masonry-item='712' class='av-masonry-entry isotope-item post-712 post type-post status-publish format-standard has-post-thumbnail hentry category-36 tag-concert-passe tag-event all_sort 2017_sort  av-masonry-item-with-image' title=\"Concert de musique r\u00e9unionnaise \u00e0 EVE (38) \u2013 Mix\u2019Arts avec Dany\u00e8l Waro + Zanmari Bar\u00e9 + Les Pythons de la Fournaise\"   itemscope=\"itemscope\" itemtype=\"https:\/\/schema.org\/CreativeWork\" ><div class='av-inner-masonry-sizer'><\/div><figure class='av-inner-masonry main_color'><div class=\"av-masonry-outerimage-container\"><div class='av-masonry-image-container' style=\"background-image: url(https:\/\/mixarts.org\/association\/wp-content\/uploads\/2017\/01\/Couv-site-Waro-1.jpg);\"  title=\"Concert de musique r\u00e9unionnaise \u00e0 EVE (38) \u2013 Mix\u2019Arts avec Dany\u00e8l Waro + Zanmari Bar\u00e9 + Les Pythons de la Fournaise\"   alt=\"Concert de musique r\u00e9unionnaise \u00e0 EVE (38) \u2013 Mix\u2019Arts avec Dany\u00e8l Waro + Zanmari Bar\u00e9 + Les Pythons de la Fournaise\" ><\/div><\/div><figcaption class='av-inner-masonry-content site-background'><div class='av-inner-masonry-content-pos'><div class='av-inner-masonry-content-pos-content'><div class='avia-arrow'><\/div><h3 class='av-masonry-entry-title entry-title '  itemprop=\"headline\" >Mardi 28 mars &#8211; Campus<\/h3><span class='av-masonry-date meta-color updated'>28 mars 2017<\/span><span class=\"av-masonry-text-sep text-sep-author\">\/<\/span><span class='av-masonry-author meta-color author'><span class='fn'>par mixartsasso<\/span><\/span><\/div><\/div><\/figcaption><\/figure><\/a><!--end av-masonry entry--><a href=\"https:\/\/mixarts.org\/association\/2017\/soiree-tunisienne-festive\/\"  id='av-masonry-1-item-709' data-av-masonry-item='709' class='av-masonry-entry isotope-item post-709 post type-post status-publish format-standard has-post-thumbnail hentry category-36 tag-concert-passe tag-event all_sort 2017_sort  av-masonry-item-with-image' title=\"Soir\u00e9e Tunisienne Festive \u00e0 EVE (38) \u2013 Mix\u2019Arts\"   itemscope=\"itemscope\" itemtype=\"https:\/\/schema.org\/CreativeWork\" ><div class='av-inner-masonry-sizer'><\/div><figure class='av-inner-masonry main_color'><div class=\"av-masonry-outerimage-container\"><div class='av-masonry-image-container' style=\"background-image: url(https:\/\/mixarts.org\/association\/wp-content\/uploads\/2017\/01\/Couv-site-Tunisie.jpg);\"  title=\"Soir\u00e9e Tunisienne Festive \u00e0 EVE (38) \u2013 Mix\u2019Arts\"   alt=\"Soir\u00e9e Tunisienne Festive \u00e0 EVE (38) \u2013 Mix\u2019Arts\" ><\/div><\/div><figcaption class='av-inner-masonry-content site-background'><div class='av-inner-masonry-content-pos'><div class='av-inner-masonry-content-pos-content'><div class='avia-arrow'><\/div><h3 class='av-masonry-entry-title entry-title '  itemprop=\"headline\" >Jeudi 16 f\u00e9vrier &#8211; Campus<\/h3><span class='av-masonry-date meta-color updated'>16 f\u00e9vrier 2017<\/span><span class=\"av-masonry-text-sep text-sep-author\">\/<\/span><span class='av-masonry-author meta-color author'><span class='fn'>par mixartsasso<\/span><\/span><\/div><\/div><\/figcaption><\/figure><\/a><!--end av-masonry entry--><a href=\"https:\/\/mixarts.org\/association\/2016\/23-nov-23-marche-de-noel\/\"  id='av-masonry-1-item-681' data-av-masonry-item='681' class='av-masonry-entry isotope-item post-681 post type-post status-publish format-standard has-post-thumbnail hentry category-37 tag-concert-passe tag-event tag-spectacle-passe all_sort 2016_sort  av-masonry-item-with-image' title=\"Grenoble &#8211; March\u00e9 de No\u00ebl &#8211; Mix&#8217;Arts \/ Mixture\"   itemscope=\"itemscope\" itemtype=\"https:\/\/schema.org\/CreativeWork\" ><div class='av-inner-masonry-sizer'><\/div><figure class='av-inner-masonry main_color'><div class=\"av-masonry-outerimage-container\"><div class='av-masonry-image-container' style=\"background-image: url(https:\/\/mixarts.org\/association\/wp-content\/uploads\/2016\/11\/Couv-site.jpg);\"  title=\"Grenoble &#8211; March\u00e9 de No\u00ebl &#8211; Mix&#8217;Arts \/ Mixture\"   alt=\"Grenoble - March\u00e9 de No\u00ebl - Mix&#039;Arts \/ Mixture\" ><\/div><\/div><figcaption class='av-inner-masonry-content site-background'><div class='av-inner-masonry-content-pos'><div class='av-inner-masonry-content-pos-content'><div class='avia-arrow'><\/div><h3 class='av-masonry-entry-title entry-title '  itemprop=\"headline\" >Du 23.nov au 23.d\u00e8c &#8211; March\u00e9 de No\u00ebl<\/h3><span class='av-masonry-date meta-color updated'>23 novembre 2016<\/span><span class=\"av-masonry-text-sep text-sep-author\">\/<\/span><span class='av-masonry-author meta-color author'><span class='fn'>par mixartsasso<\/span><\/span><\/div><\/div><\/figcaption><\/figure><\/a><!--end av-masonry entry--><a href=\"https:\/\/mixarts.org\/association\/2016\/mercredi-9-novembre-campus\/\"  id='av-masonry-1-item-662' data-av-masonry-item='662' class='av-masonry-entry isotope-item post-662 post type-post status-publish format-standard has-post-thumbnail hentry category-37 tag-spectacle-passe all_sort 2016_sort  av-masonry-item-with-image' title=\"annule-debat\"   itemscope=\"itemscope\" itemtype=\"https:\/\/schema.org\/CreativeWork\" ><div class='av-inner-masonry-sizer'><\/div><figure class='av-inner-masonry main_color'><div class=\"av-masonry-outerimage-container\"><div class='av-masonry-image-container' style=\"background-image: url(https:\/\/mixarts.org\/association\/wp-content\/uploads\/2016\/10\/annul\u00e9-d\u00e9bat.jpg);\"  title=\"annule-debat\"  ><\/div><\/div><figcaption class='av-inner-masonry-content site-background'><div class='av-inner-masonry-content-pos'><div class='av-inner-masonry-content-pos-content'><div class='avia-arrow'><\/div><h3 class='av-masonry-entry-title entry-title '  itemprop=\"headline\" >Annul\u00e9 ! Mercredi 9 Novembre &#8211; Campus<\/h3><span class='av-masonry-date meta-color updated'>9 novembre 2016<\/span><span class=\"av-masonry-text-sep text-sep-author\">\/<\/span><span class='av-masonry-author meta-color author'><span class='fn'>par mixartsasso<\/span><\/span><\/div><\/div><\/figcaption><\/figure><\/a><!--end av-masonry entry--><a href=\"https:\/\/mixarts.org\/association\/2016\/projection-de-brooklyn\/\"  id='av-masonry-1-item-657' data-av-masonry-item='657' class='av-masonry-entry isotope-item post-657 post type-post status-publish format-standard has-post-thumbnail hentry category-37 tag-event tag-spectacle-passe all_sort 2016_sort  av-masonry-item-with-image' title=\"Projection de Brooklyn \/ Festival Demain C&#8217;est Bien\"   itemscope=\"itemscope\" itemtype=\"https:\/\/schema.org\/CreativeWork\" ><div class='av-inner-masonry-sizer'><\/div><figure class='av-inner-masonry main_color'><div class=\"av-masonry-outerimage-container\"><div class='av-masonry-image-container' style=\"background-image: url(https:\/\/mixarts.org\/association\/wp-content\/uploads\/2016\/10\/Couv-film-site.jpg);\"  title=\"Projection de Brooklyn \/ Festival Demain C&#8217;est Bien\"   alt=\"Projection de Brooklyn \/ Festival Demain C&#039;est Bien\" ><\/div><\/div><figcaption class='av-inner-masonry-content site-background'><div class='av-inner-masonry-content-pos'><div class='av-inner-masonry-content-pos-content'><div class='avia-arrow'><\/div><h3 class='av-masonry-entry-title entry-title '  itemprop=\"headline\" >Mardi 8 novembre &#8211; Campus<\/h3><span class='av-masonry-date meta-color updated'>8 novembre 2016<\/span><span class=\"av-masonry-text-sep text-sep-author\">\/<\/span><span class='av-masonry-author meta-color author'><span class='fn'>par mixartsasso<\/span><\/span><\/div><\/div><\/figcaption><\/figure><\/a><!--end av-masonry entry--><a href=\"https:\/\/mixarts.org\/association\/2016\/8-9-10-novembre-2016-demain-cest-bien\/\"  id='av-masonry-1-item-636' data-av-masonry-item='636' class='av-masonry-entry isotope-item post-636 post type-post status-publish format-standard has-post-thumbnail hentry category-37 tag-concert-passe tag-event all_sort 2016_sort  av-masonry-item-with-image' title=\"Festival \u00ab Demain c\u2019est bien \u00bb organis\u00e9 par les associations Base Art et Mix\u2019Arts sur le Campus de Grenoble \/\/ hip-hop \/\/ 8, 9, 10 novembre 2016\"   itemscope=\"itemscope\" itemtype=\"https:\/\/schema.org\/CreativeWork\" ><div class='av-inner-masonry-sizer'><\/div><figure class='av-inner-masonry main_color'><div class=\"av-masonry-outerimage-container\"><div class='av-masonry-image-container' style=\"background-image: url(https:\/\/mixarts.org\/association\/wp-content\/uploads\/2016\/10\/Couv-Site-Fest-2.jpg);\"  title=\"Festival \u00ab Demain c\u2019est bien \u00bb organis\u00e9 par les associations Base Art et Mix\u2019Arts sur le Campus de Grenoble \/\/ hip-hop \/\/ 8, 9, 10 novembre 2016\"   alt=\"Festival \u00ab Demain c\u2019est bien \u00bb organis\u00e9 par les associations Base Art et Mix\u2019Arts sur le Campus de Grenoble \/\/ hip-hop \/\/ 8, 9, 10 novembre 2016\" ><\/div><\/div><figcaption class='av-inner-masonry-content site-background'><div class='av-inner-masonry-content-pos'><div class='av-inner-masonry-content-pos-content'><div class='avia-arrow'><\/div><h3 class='av-masonry-entry-title entry-title '  itemprop=\"headline\" >8, 9, 10 Novembre 2016 &#8211; Campus<\/h3><span class='av-masonry-date meta-color updated'>8 novembre 2016<\/span><span class=\"av-masonry-text-sep text-sep-author\">\/<\/span><span class='av-masonry-author meta-color author'><span class='fn'>par mixartsasso<\/span><\/span><\/div><\/div><\/figcaption><\/figure><\/a><!--end av-masonry entry--><a href=\"https:\/\/mixarts.org\/association\/2016\/du-6-au-27-septembre-campus\/\"  id='av-masonry-1-item-624' data-av-masonry-item='624' class='av-masonry-entry isotope-item post-624 post type-post status-publish format-standard has-post-thumbnail hentry category-37 tag-concert-passe tag-event tag-spectacle-passe all_sort 2016_sort  av-masonry-item-with-image' title=\"Concerts sur le pouce \u2013 Partenariat entre Mix\u2019Arts et Un Tramway Nomm\u00e9 Culture &#8211; Spectacles\"   itemscope=\"itemscope\" itemtype=\"https:\/\/schema.org\/CreativeWork\" ><div class='av-inner-masonry-sizer'><\/div><figure class='av-inner-masonry main_color'><div class=\"av-masonry-outerimage-container\"><div class='av-masonry-image-container' style=\"background-image: url(https:\/\/mixarts.org\/association\/wp-content\/uploads\/2016\/08\/Spectacles.jpg);\"  title=\"Concerts sur le pouce \u2013 Partenariat entre Mix\u2019Arts et Un Tramway Nomm\u00e9 Culture &#8211; Spectacles\"   alt=\"Concerts sur le pouce \u2013 Partenariat entre Mix\u2019Arts et Un Tramway Nomm\u00e9 Culture - Spectacles\" ><\/div><\/div><figcaption class='av-inner-masonry-content site-background'><div class='av-inner-masonry-content-pos'><div class='av-inner-masonry-content-pos-content'><div class='avia-arrow'><\/div><h3 class='av-masonry-entry-title entry-title '  itemprop=\"headline\" >Du 4 au 18 Octobre &#8211; Campus<\/h3><span class='av-masonry-date meta-color updated'>4 octobre 2016<\/span><span class=\"av-masonry-text-sep text-sep-author\">\/<\/span><span class='av-masonry-author meta-color author'><span class='fn'>par mixartsasso<\/span><\/span><\/div><\/div><\/figcaption><\/figure><\/a><!--end av-masonry entry--><a href=\"https:\/\/mixarts.org\/association\/2016\/juin-2016-prog-de-lauberge-de-jeunesse\/\"  id='av-masonry-1-item-591' data-av-masonry-item='591' class='av-masonry-entry isotope-item post-591 post type-post status-publish format-standard has-post-thumbnail hentry category-37 tag-concert-passe tag-event tag-spectacle-passe all_sort 2016_sort  av-masonry-item-with-image' title=\"Programmation de Mix&#8217;Arts, en partenariat avec l&#8217;Auberge de Jeunesse HI Grenoble Agglom\u00e9ration\"   itemscope=\"itemscope\" itemtype=\"https:\/\/schema.org\/CreativeWork\" ><div class='av-inner-masonry-sizer'><\/div><figure class='av-inner-masonry main_color'><div class=\"av-masonry-outerimage-container\"><div class='av-masonry-image-container' style=\"background-image: url(https:\/\/mixarts.org\/association\/wp-content\/uploads\/2016\/06\/logo-blanc.jpg);\"  title=\"Programmation de Mix&#8217;Arts, en partenariat avec l&#8217;Auberge de Jeunesse HI Grenoble Agglom\u00e9ration\"   alt=\"Programmation de Mix&#039;Arts, en partenariat avec l&#039;Auberge de Jeunesse HI Grenoble Agglom\u00e9ration\" ><\/div><\/div><figcaption class='av-inner-masonry-content site-background'><div class='av-inner-masonry-content-pos'><div class='av-inner-masonry-content-pos-content'><div class='avia-arrow'><\/div><h3 class='av-masonry-entry-title entry-title '  itemprop=\"headline\" >Octobre 2016 &#8211; Prog\u00b0 de l&#8217;Auberge de Jeunesse<\/h3><span class='av-masonry-date meta-color updated'>1 octobre 2016<\/span><span class=\"av-masonry-text-sep text-sep-author\">\/<\/span><span class='av-masonry-author meta-color author'><span class='fn'>par mixartsasso<\/span><\/span><\/div><\/div><\/figcaption><\/figure><\/a><!--end av-masonry entry--><a href=\"https:\/\/mixarts.org\/association\/2016\/dimanche-18-septembre-la-bifurk\/\"  id='av-masonry-1-item-610' data-av-masonry-item='610' class='av-masonry-entry isotope-item post-610 post type-post status-publish format-standard has-post-thumbnail hentry category-37 tag-concert-passe tag-event tag-spectacle-passe all_sort 2016_sort  av-masonry-item-with-image' title=\"Concert chanson humoristique dans le cadre du Festival \u00ab Merci, Bonsoir ! \u00bb #2 avec Fr\u00e9d\u00e9ric Fromet \u00ab \u00c7a Fromet ! \u00bb \/ Mix\u2019Arts &#8211; Grenoble\"   itemscope=\"itemscope\" itemtype=\"https:\/\/schema.org\/CreativeWork\" ><div class='av-inner-masonry-sizer'><\/div><figure class='av-inner-masonry main_color'><div class=\"av-masonry-outerimage-container\"><div class='av-masonry-image-container' style=\"background-image: url(https:\/\/mixarts.org\/association\/wp-content\/uploads\/2016\/07\/couv-site-fred-fromet.jpg);\"  title=\"Concert chanson humoristique dans le cadre du Festival \u00ab Merci, Bonsoir ! \u00bb #2 avec Fr\u00e9d\u00e9ric Fromet \u00ab \u00c7a Fromet ! \u00bb \/ Mix\u2019Arts &#8211; Grenoble\"   alt=\"Concert chanson humoristique dans le cadre du Festival \u00ab Merci, Bonsoir ! \u00bb #2 avec Fr\u00e9d\u00e9ric Fromet \u00ab \u00c7a Fromet ! \u00bb \/ Mix\u2019Arts - Grenoble\" ><\/div><\/div><figcaption class='av-inner-masonry-content site-background'><div class='av-inner-masonry-content-pos'><div class='av-inner-masonry-content-pos-content'><div class='avia-arrow'><\/div><h3 class='av-masonry-entry-title entry-title '  itemprop=\"headline\" >Dimanche 18 septembre &#8211; La Bifurk<\/h3><span class='av-masonry-date meta-color updated'>18 septembre 2016<\/span><span class=\"av-masonry-text-sep text-sep-author\">\/<\/span><span class='av-masonry-author meta-color author'><span class='fn'>par mixartsasso<\/span><\/span><\/div><\/div><\/figcaption><\/figure><\/a><!--end av-masonry entry--><a href=\"https:\/\/mixarts.org\/association\/2016\/samedi-17-septembre-la-bifurk\/\"  id='av-masonry-1-item-605' data-av-masonry-item='605' class='av-masonry-entry isotope-item post-605 post type-post status-publish format-standard has-post-thumbnail hentry category-37 tag-concert-passe tag-event all_sort 2016_sort  av-masonry-item-with-image' title=\"Concert rap \/ hip-hop dans le cadre du Festival \u00ab Merci, Bonsoir ! \u00bb #2 avec Demi-Portion, Emtooci, Projet CDV et T\u00e9o Wazacrew \/ Mix\u2019Arts &#8211; Grenoble\"   itemscope=\"itemscope\" itemtype=\"https:\/\/schema.org\/CreativeWork\" ><div class='av-inner-masonry-sizer'><\/div><figure class='av-inner-masonry main_color'><div class=\"av-masonry-outerimage-container\"><div class='av-masonry-image-container' style=\"background-image: url(https:\/\/mixarts.org\/association\/wp-content\/uploads\/2016\/07\/couv-site-demi-p.jpg);\"  title=\"Concert rap \/ hip-hop dans le cadre du Festival \u00ab Merci, Bonsoir ! \u00bb #2 avec Demi-Portion, Emtooci, Projet CDV et T\u00e9o Wazacrew \/ Mix\u2019Arts &#8211; Grenoble\"   alt=\"Concert rap \/ hip-hop dans le cadre du Festival \u00ab Merci, Bonsoir ! \u00bb #2 avec Demi-Portion, Emtooci, Projet CDV et T\u00e9o Wazacrew \/ Mix\u2019Arts - Grenoble\" ><\/div><\/div><figcaption class='av-inner-masonry-content site-background'><div class='av-inner-masonry-content-pos'><div class='av-inner-masonry-content-pos-content'><div class='avia-arrow'><\/div><h3 class='av-masonry-entry-title entry-title '  itemprop=\"headline\" >Samedi 17 septembre &#8211; La Bifurk<\/h3><span class='av-masonry-date meta-color updated'>17 septembre 2016<\/span><span class=\"av-masonry-text-sep text-sep-author\">\/<\/span><span class='av-masonry-author meta-color author'><span class='fn'>par mixartsasso<\/span><\/span><\/div><\/div><\/figcaption><\/figure><\/a><!--end av-masonry entry--><a href=\"https:\/\/mixarts.org\/association\/2016\/du-14-au-18-septembre-2016-la-bifurk\/\"  id='av-masonry-1-item-564' data-av-masonry-item='564' class='av-masonry-entry isotope-item post-564 post type-post status-publish format-standard has-post-thumbnail hentry category-37 tag-concert-passe tag-event tag-spectacle-passe all_sort 2016_sort  av-masonry-item-with-image' title=\"Couv sie tout public\"   itemscope=\"itemscope\" itemtype=\"https:\/\/schema.org\/CreativeWork\" ><div class='av-inner-masonry-sizer'><\/div><figure class='av-inner-masonry main_color'><div class=\"av-masonry-outerimage-container\"><div class='av-masonry-image-container' style=\"background-image: url(https:\/\/mixarts.org\/association\/wp-content\/uploads\/2016\/05\/Couv-sie-tout-public.jpg);\"  title=\"Couv sie tout public\"  ><\/div><\/div><figcaption class='av-inner-masonry-content site-background'><div class='av-inner-masonry-content-pos'><div class='av-inner-masonry-content-pos-content'><div class='avia-arrow'><\/div><h3 class='av-masonry-entry-title entry-title '  itemprop=\"headline\" >Du 14 au 18 septembre &#8211; La Bifurk<\/h3><span class='av-masonry-date meta-color updated'>14 septembre 2016<\/span><span class=\"av-masonry-text-sep text-sep-author\">\/<\/span><span class='av-masonry-author meta-color author'><span class='fn'>par mixartsasso<\/span><\/span><\/div><\/div><\/figcaption><\/figure><\/a><!--end av-masonry entry--><a href=\"https:\/\/mixarts.org\/association\/2016\/le-12-et-13-juillet-2016-la-bifurk\/\"  id='av-masonry-1-item-556' data-av-masonry-item='556' class='av-masonry-entry isotope-item post-556 post type-post status-publish format-standard has-post-thumbnail hentry category-37 tag-concert-passe tag-event tag-spectacle-passe all_sort 2016_sort  av-masonry-item-with-image' title=\"12 et 13 juillet 2016 \/\/ Spectacle vivant et musique jeune public \/\/ Festival Merci, Bonsoir ! JUNIOR &#8211; Mix&#8217;Arts &#8211; Grenoble \/\/\"   itemscope=\"itemscope\" itemtype=\"https:\/\/schema.org\/CreativeWork\" ><div class='av-inner-masonry-sizer'><\/div><figure class='av-inner-masonry main_color'><div class=\"av-masonry-outerimage-container\"><div class='av-masonry-image-container' style=\"background-image: url(https:\/\/mixarts.org\/association\/wp-content\/uploads\/2016\/05\/Couv-site-MB-JUNIOR.jpg);\"  title=\"12 et 13 juillet 2016 \/\/ Spectacle vivant et musique jeune public \/\/ Festival Merci, Bonsoir ! JUNIOR &#8211; Mix&#8217;Arts &#8211; Grenoble \/\/\"   alt=\"12 et 13 juillet 2016 \/\/ Spectacle vivant et musique jeune public \/\/ Festival Merci, Bonsoir ! JUNIOR - Mix&#039;Arts - Grenoble \/\/\" ><\/div><\/div><figcaption class='av-inner-masonry-content site-background'><div class='av-inner-masonry-content-pos'><div class='av-inner-masonry-content-pos-content'><div class='avia-arrow'><\/div><h3 class='av-masonry-entry-title entry-title '  itemprop=\"headline\" >Le 12 et 13 juillet &#8211; La Bifurk<\/h3><span class='av-masonry-date meta-color updated'>1 juillet 2016<\/span><span class=\"av-masonry-text-sep text-sep-author\">\/<\/span><span class='av-masonry-author meta-color author'><span class='fn'>par mixartsasso<\/span><\/span><\/div><\/div><\/figcaption><\/figure><\/a><!--end av-masonry entry--><a href=\"https:\/\/mixarts.org\/association\/2016\/jeudi-12-mai-eve\/\"  id='av-masonry-1-item-457' data-av-masonry-item='457' class='av-masonry-entry isotope-item post-457 post type-post status-publish format-standard has-post-thumbnail hentry category-37 tag-concert-passe tag-event all_sort 2016_sort  av-masonry-item-with-image' title=\"photo couv site web\"   itemscope=\"itemscope\" itemtype=\"https:\/\/schema.org\/CreativeWork\" ><div class='av-inner-masonry-sizer'><\/div><figure class='av-inner-masonry main_color'><div class=\"av-masonry-outerimage-container\"><div class='av-masonry-image-container' style=\"background-image: url(https:\/\/mixarts.org\/association\/wp-content\/uploads\/2016\/01\/photo-couv-site-web.jpg);\"  title=\"photo couv site web\"  ><\/div><\/div><figcaption class='av-inner-masonry-content site-background'><div class='av-inner-masonry-content-pos'><div class='av-inner-masonry-content-pos-content'><div class='avia-arrow'><\/div><h3 class='av-masonry-entry-title entry-title '  itemprop=\"headline\" >Jeudi 12 mai &#8211; EVE<\/h3><span class='av-masonry-date meta-color updated'>12 mai 2016<\/span><span class=\"av-masonry-text-sep text-sep-author\">\/<\/span><span class='av-masonry-author meta-color author'><span class='fn'>par mixartsasso<\/span><\/span><\/div><\/div><\/figcaption><\/figure><\/a><!--end av-masonry entry--><a href=\"https:\/\/mixarts.org\/association\/2016\/samedi-7-mai-la-bifurk\/\"  id='av-masonry-1-item-464' data-av-masonry-item='464' class='av-masonry-entry isotope-item post-464 post type-post status-publish format-standard has-post-thumbnail hentry category-37 tag-concert-passe tag-event all_sort 2016_sort  av-masonry-item-with-image' title=\"couv site web\"   itemscope=\"itemscope\" itemtype=\"https:\/\/schema.org\/CreativeWork\" ><div class='av-inner-masonry-sizer'><\/div><figure class='av-inner-masonry main_color'><div class=\"av-masonry-outerimage-container\"><div class='av-masonry-image-container' style=\"background-image: url(https:\/\/mixarts.org\/association\/wp-content\/uploads\/2016\/01\/couv-site-web.jpg);\"  title=\"couv site web\"   alt=\"Concert rap \/ hip-hop\" ><\/div><\/div><figcaption class='av-inner-masonry-content site-background'><div class='av-inner-masonry-content-pos'><div class='av-inner-masonry-content-pos-content'><div class='avia-arrow'><\/div><h3 class='av-masonry-entry-title entry-title '  itemprop=\"headline\" >Samedi 7 mai &#8211; La Bifurk<\/h3><span class='av-masonry-date meta-color updated'>7 mai 2016<\/span><span class=\"av-masonry-text-sep text-sep-author\">\/<\/span><span class='av-masonry-author meta-color author'><span class='fn'>par mixartsasso<\/span><\/span><\/div><\/div><\/figcaption><\/figure><\/a><!--end av-masonry entry--><a href=\"https:\/\/mixarts.org\/association\/2016\/vendredi-29-avril-eve\/\"  id='av-masonry-1-item-517' data-av-masonry-item='517' class='av-masonry-entry isotope-item post-517 post type-post status-publish format-standard has-post-thumbnail hentry category-37 tag-concert-passe tag-event all_sort 2016_sort  av-masonry-item-with-image' title=\"GERARD BASTE + DR VINCE + MR XAVIER (XANAX) + WAXX &gt;&gt;&gt; SVINKELS + ODLSCHOOL IS COOL (DJ HARRY COVER ET DJ ORDOEUVRE \/ Concert \u00e0 Grenoble \/ Mix\u2019Arts\"   itemscope=\"itemscope\" itemtype=\"https:\/\/schema.org\/CreativeWork\" ><div class='av-inner-masonry-sizer'><\/div><figure class='av-inner-masonry main_color'><div class=\"av-masonry-outerimage-container\"><div class='av-masonry-image-container' style=\"background-image: url(https:\/\/mixarts.org\/association\/wp-content\/uploads\/2016\/02\/Couv-site-web-1.jpg);\"  title=\"GERARD BASTE + DR VINCE + MR XAVIER (XANAX) + WAXX &gt;&gt;&gt; SVINKELS + ODLSCHOOL IS COOL (DJ HARRY COVER ET DJ ORDOEUVRE \/ Concert \u00e0 Grenoble \/ Mix\u2019Arts\"   alt=\"GERARD BASTE + DR VINCE + MR XAVIER (XANAX) + WAXX &gt;&gt;&gt; SVINKELS + ODLSCHOOL IS COOL (DJ HARRY COVER ET DJ ORDOEUVRE \/ Concert \u00e0 Grenoble \/ Mix\u2019Arts\" ><\/div><\/div><figcaption class='av-inner-masonry-content site-background'><div class='av-inner-masonry-content-pos'><div class='av-inner-masonry-content-pos-content'><div class='avia-arrow'><\/div><h3 class='av-masonry-entry-title entry-title '  itemprop=\"headline\" >Vendredi 29 avril &#8211; EVE<\/h3><span class='av-masonry-date meta-color updated'>29 avril 2016<\/span><span class=\"av-masonry-text-sep text-sep-author\">\/<\/span><span class='av-masonry-author meta-color author'><span class='fn'>par mixartsasso<\/span><\/span><\/div><\/div><\/figcaption><\/figure><\/a><!--end av-masonry entry--><a href=\"https:\/\/mixarts.org\/association\/2016\/du-05-au-21-avril-auberge-de-jeunesse-de-grenoble\/\"  id='av-masonry-1-item-537' data-av-masonry-item='537' class='av-masonry-entry isotope-item post-537 post type-post status-publish format-standard has-post-thumbnail hentry category-37 tag-concert-passe tag-event all_sort 2016_sort  av-masonry-item-with-image' title=\"12939134_10209485450232323_1422537914_n (1)\"   itemscope=\"itemscope\" itemtype=\"https:\/\/schema.org\/CreativeWork\" ><div class='av-inner-masonry-sizer'><\/div><figure class='av-inner-masonry main_color'><div class=\"av-masonry-outerimage-container\"><div class='av-masonry-image-container' style=\"background-image: url(https:\/\/mixarts.org\/association\/wp-content\/uploads\/2016\/01\/12939134_10209485450232323_1422537914_n-1-e1459850080560.jpg);\"  title=\"12939134_10209485450232323_1422537914_n (1)\"  ><\/div><\/div><figcaption class='av-inner-masonry-content site-background'><div class='av-inner-masonry-content-pos'><div class='av-inner-masonry-content-pos-content'><div class='avia-arrow'><\/div><h3 class='av-masonry-entry-title entry-title '  itemprop=\"headline\" >Du 05 au 21 avril &#8211; Auberge de Jeunesse de Grenoble<\/h3><span class='av-masonry-date meta-color updated'>5 avril 2016<\/span><span class=\"av-masonry-text-sep text-sep-author\">\/<\/span><span class='av-masonry-author meta-color author'><span class='fn'>par mixartsasso<\/span><\/span><\/div><\/div><\/figcaption><\/figure><\/a><!--end av-masonry entry--><a href=\"https:\/\/mixarts.org\/association\/2016\/du-29-mars-au-06-avril-campus-smh\/\"  id='av-masonry-1-item-530' data-av-masonry-item='530' class='av-masonry-entry isotope-item post-530 post type-post status-publish format-standard has-post-thumbnail hentry category-37 tag-concert-passe tag-event tag-spectacle-passe all_sort 2016_sort  av-masonry-item-with-image' title=\"Festival Givr\u00e9 \/ Semaine Th\u00e9matique du Campus \/ Mix&#8217;Arts \/ Un Tramway Nomm\u00e9 Culture\"   itemscope=\"itemscope\" itemtype=\"https:\/\/schema.org\/CreativeWork\" ><div class='av-inner-masonry-sizer'><\/div><figure class='av-inner-masonry main_color'><div class=\"av-masonry-outerimage-container\"><div class='av-masonry-image-container' style=\"background-image: url(https:\/\/mixarts.org\/association\/wp-content\/uploads\/2016\/01\/new-givr\u00e9.jpg);\"  title=\"Festival Givr\u00e9 \/ Semaine Th\u00e9matique du Campus \/ Mix&#8217;Arts \/ Un Tramway Nomm\u00e9 Culture\"   alt=\"Festival Givr\u00e9 \/ Semaine Th\u00e9matique du Campus \/ Mix&#039;Arts \/ Un Tramway Nomm\u00e9 Culture\" ><\/div><\/div><figcaption class='av-inner-masonry-content site-background'><div class='av-inner-masonry-content-pos'><div class='av-inner-masonry-content-pos-content'><div class='avia-arrow'><\/div><h3 class='av-masonry-entry-title entry-title '  itemprop=\"headline\" >Du 29 mars au 06 avril &#8211; Campus (SMH)<\/h3><span class='av-masonry-date meta-color updated'>29 mars 2016<\/span><span class=\"av-masonry-text-sep text-sep-author\">\/<\/span><span class='av-masonry-author meta-color author'><span class='fn'>par mixartsasso<\/span><\/span><\/div><\/div><\/figcaption><\/figure><\/a><!--end av-masonry entry--><a href=\"https:\/\/mixarts.org\/association\/2016\/vendredi-18-mars-laquarium\/\"  id='av-masonry-1-item-489' data-av-masonry-item='489' class='av-masonry-entry isotope-item post-489 post type-post status-publish format-standard has-post-thumbnail hentry category-37 tag-concert-passe tag-event all_sort 2016_sort  av-masonry-item-with-image' title=\"Couv Site Web raspi\"   itemscope=\"itemscope\" itemtype=\"https:\/\/schema.org\/CreativeWork\" ><div class='av-inner-masonry-sizer'><\/div><figure class='av-inner-masonry main_color'><div class=\"av-masonry-outerimage-container\"><div class='av-masonry-image-container' style=\"background-image: url(https:\/\/mixarts.org\/association\/wp-content\/uploads\/2016\/01\/Couv-Site-Web-raspi.jpg);\"  title=\"Couv Site Web raspi\"  ><\/div><\/div><figcaption class='av-inner-masonry-content site-background'><div class='av-inner-masonry-content-pos'><div class='av-inner-masonry-content-pos-content'><div class='avia-arrow'><\/div><h3 class='av-masonry-entry-title entry-title '  itemprop=\"headline\" >Vendredi 18 mars &#8211; L&#8217;Aquarium<\/h3><span class='av-masonry-date meta-color updated'>18 mars 2016<\/span><span class=\"av-masonry-text-sep text-sep-author\">\/<\/span><span class='av-masonry-author meta-color author'><span class='fn'>par mixartsasso<\/span><\/span><\/div><\/div><\/figcaption><\/figure><\/a><!--end av-masonry entry--><a href=\"https:\/\/mixarts.org\/association\/2016\/jeudi-17-mars-la-bifurk\/\"  id='av-masonry-1-item-453' data-av-masonry-item='453' class='av-masonry-entry isotope-item post-453 post type-post status-publish format-standard has-post-thumbnail hentry category-37 tag-concert-passe tag-event all_sort 2016_sort  av-masonry-item-with-image' title=\"ANNULE Photo couv site web\"   itemscope=\"itemscope\" itemtype=\"https:\/\/schema.org\/CreativeWork\" ><div class='av-inner-masonry-sizer'><\/div><figure class='av-inner-masonry main_color'><div class=\"av-masonry-outerimage-container\"><div class='av-masonry-image-container' style=\"background-image: url(https:\/\/mixarts.org\/association\/wp-content\/uploads\/2016\/01\/ANNULE-Photo-couv-site-web.jpg);\"  title=\"ANNULE Photo couv site web\"  ><\/div><\/div><figcaption class='av-inner-masonry-content site-background'><div class='av-inner-masonry-content-pos'><div class='av-inner-masonry-content-pos-content'><div class='avia-arrow'><\/div><h3 class='av-masonry-entry-title entry-title '  itemprop=\"headline\" >Jeudi 17 mars &#8211; La Bifurk<\/h3><span class='av-masonry-date meta-color updated'>17 mars 2016<\/span><span class=\"av-masonry-text-sep text-sep-author\">\/<\/span><span class='av-masonry-author meta-color author'><span class='fn'>par mixartsasso<\/span><\/span><\/div><\/div><\/figcaption><\/figure><\/a><!--end av-masonry entry--><a href=\"https:\/\/mixarts.org\/association\/2016\/mercredi-16-mars-eve\/\"  id='av-masonry-1-item-471' data-av-masonry-item='471' class='av-masonry-entry isotope-item post-471 post type-post status-publish format-standard has-post-thumbnail hentry category-37 tag-concert-passe tag-event all_sort 2016_sort  av-masonry-item-with-image' title=\"Festival de la Mixture\"   itemscope=\"itemscope\" itemtype=\"https:\/\/schema.org\/CreativeWork\" ><div class='av-inner-masonry-sizer'><\/div><figure class='av-inner-masonry main_color'><div class=\"av-masonry-outerimage-container\"><div class='av-masonry-image-container' style=\"background-image: url(https:\/\/mixarts.org\/association\/wp-content\/uploads\/2016\/01\/couv-site-web-1.jpg);\"  title=\"Festival de la Mixture\"   alt=\"Festival de la Mixture\" ><\/div><\/div><figcaption class='av-inner-masonry-content site-background'><div class='av-inner-masonry-content-pos'><div class='av-inner-masonry-content-pos-content'><div class='avia-arrow'><\/div><h3 class='av-masonry-entry-title entry-title '  itemprop=\"headline\" >Mercredi 16 mars &#8211; EVE<\/h3><span class='av-masonry-date meta-color updated'>16 mars 2016<\/span><span class=\"av-masonry-text-sep text-sep-author\">\/<\/span><span class='av-masonry-author meta-color author'><span class='fn'>par mixartsasso<\/span><\/span><\/div><\/div><\/figcaption><\/figure><\/a><!--end av-masonry entry--><a href=\"https:\/\/mixarts.org\/association\/2016\/samedi-12-mars-eve\/\"  id='av-masonry-1-item-447' data-av-masonry-item='447' class='av-masonry-entry isotope-item post-447 post type-post status-publish format-standard has-post-thumbnail hentry category-37 tag-concert-passe tag-event all_sort 2016_sort  av-masonry-item-with-image' title=\"COMPLET Couv site web tsr\"   itemscope=\"itemscope\" itemtype=\"https:\/\/schema.org\/CreativeWork\" ><div class='av-inner-masonry-sizer'><\/div><figure class='av-inner-masonry main_color'><div class=\"av-masonry-outerimage-container\"><div class='av-masonry-image-container' style=\"background-image: url(https:\/\/mixarts.org\/association\/wp-content\/uploads\/2016\/01\/COMPLET-Couv-site-web-tsr.jpg);\"  title=\"COMPLET Couv site web tsr\"  ><\/div><\/div><figcaption class='av-inner-masonry-content site-background'><div class='av-inner-masonry-content-pos'><div class='av-inner-masonry-content-pos-content'><div class='avia-arrow'><\/div><h3 class='av-masonry-entry-title entry-title '  itemprop=\"headline\" >Samedi 12 mars &#8211; EVE<\/h3><span class='av-masonry-date meta-color updated'>12 mars 2016<\/span><span class=\"av-masonry-text-sep text-sep-author\">\/<\/span><span class='av-masonry-author meta-color author'><span class='fn'>par mixartsasso<\/span><\/span><\/div><\/div><\/figcaption><\/figure><\/a><!--end av-masonry entry--><a href=\"https:\/\/mixarts.org\/association\/2015\/mercredi-25-novembre-e-v-e\/\"  id='av-masonry-1-item-393' data-av-masonry-item='393' class='av-masonry-entry isotope-item post-393 post type-post status-publish format-standard has-post-thumbnail hentry category-38 tag-event tag-spectacle-passe all_sort 2015_sort  av-masonry-item-with-image' title=\"couv site web\"   itemscope=\"itemscope\" itemtype=\"https:\/\/schema.org\/CreativeWork\" ><div class='av-inner-masonry-sizer'><\/div><figure class='av-inner-masonry main_color'><div class=\"av-masonry-outerimage-container\"><div class='av-masonry-image-container' style=\"background-image: url(https:\/\/mixarts.org\/association\/wp-content\/uploads\/2015\/09\/couv-site-web1.jpg);\"  title=\"couv site web\"  ><\/div><\/div><figcaption class='av-inner-masonry-content site-background'><div class='av-inner-masonry-content-pos'><div class='av-inner-masonry-content-pos-content'><div class='avia-arrow'><\/div><h3 class='av-masonry-entry-title entry-title '  itemprop=\"headline\" >Mercredi 25 Novembre &#8211; E.V.E<\/h3><span class='av-masonry-date meta-color updated'>25 novembre 2015<\/span><span class=\"av-masonry-text-sep text-sep-author\">\/<\/span><span class='av-masonry-author meta-color author'><span class='fn'>par mixartsasso<\/span><\/span><\/div><\/div><\/figcaption><\/figure><\/a><!--end av-masonry entry--><a href=\"https:\/\/mixarts.org\/association\/2015\/du-21-nov-au-23-dec-square-docteur-martin\/\"  id='av-masonry-1-item-420' data-av-masonry-item='420' class='av-masonry-entry isotope-item post-420 post type-post status-publish format-standard has-post-thumbnail hentry category-38 tag-concert-passe tag-event tag-spectacle-passe all_sort 2015_sort  av-masonry-item-with-image' title=\"Couv Noel FB\"   itemscope=\"itemscope\" itemtype=\"https:\/\/schema.org\/CreativeWork\" ><div class='av-inner-masonry-sizer'><\/div><figure class='av-inner-masonry main_color'><div class=\"av-masonry-outerimage-container\"><div class='av-masonry-image-container' style=\"background-image: url(https:\/\/mixarts.org\/association\/wp-content\/uploads\/2015\/11\/Couv-Noel-FB.jpg);\"  title=\"Couv Noel FB\"  ><\/div><\/div><figcaption class='av-inner-masonry-content site-background'><div class='av-inner-masonry-content-pos'><div class='av-inner-masonry-content-pos-content'><div class='avia-arrow'><\/div><h3 class='av-masonry-entry-title entry-title '  itemprop=\"headline\" >Du 21 Nov. au 23 D\u00e9c. &#8211; Square Docteur Martin<\/h3><span class='av-masonry-date meta-color updated'>21 novembre 2015<\/span><span class=\"av-masonry-text-sep text-sep-author\">\/<\/span><span class='av-masonry-author meta-color author'><span class='fn'>par mixartsasso<\/span><\/span><\/div><\/div><\/figcaption><\/figure><\/a><!--end av-masonry entry--><a href=\"https:\/\/mixarts.org\/association\/2015\/mardi-17-novembre-laparte\/\"  id='av-masonry-1-item-390' data-av-masonry-item='390' class='av-masonry-entry isotope-item post-390 post type-post status-publish format-standard has-post-thumbnail hentry category-38 tag-event tag-spectacle-passe all_sort 2015_sort  av-masonry-item-with-image' title=\"couv site web\"   itemscope=\"itemscope\" itemtype=\"https:\/\/schema.org\/CreativeWork\" ><div class='av-inner-masonry-sizer'><\/div><figure class='av-inner-masonry main_color'><div class=\"av-masonry-outerimage-container\"><div class='av-masonry-image-container' style=\"background-image: url(https:\/\/mixarts.org\/association\/wp-content\/uploads\/2015\/09\/couv-site-web.jpg);\"  title=\"couv site web\"  ><\/div><\/div><figcaption class='av-inner-masonry-content site-background'><div class='av-inner-masonry-content-pos'><div class='av-inner-masonry-content-pos-content'><div class='avia-arrow'><\/div><h3 class='av-masonry-entry-title entry-title '  itemprop=\"headline\" >Mardi 17 Novembre &#8211; L&#8217;Apart\u00e9<\/h3><span class='av-masonry-date meta-color updated'>17 novembre 2015<\/span><span class=\"av-masonry-text-sep text-sep-author\">\/<\/span><span class='av-masonry-author meta-color author'><span class='fn'>par mixartsasso<\/span><\/span><\/div><\/div><\/figcaption><\/figure><\/a><!--end av-masonry entry--><a href=\"https:\/\/mixarts.org\/association\/2015\/jeudi-12-novembre-eve\/\"  id='av-masonry-1-item-366' data-av-masonry-item='366' class='av-masonry-entry isotope-item post-366 post type-post status-publish format-standard has-post-thumbnail hentry category-38 tag-concert-passe tag-event all_sort 2015_sort  av-masonry-item-with-image' title=\"la gale site web\"   itemscope=\"itemscope\" itemtype=\"https:\/\/schema.org\/CreativeWork\" ><div class='av-inner-masonry-sizer'><\/div><figure class='av-inner-masonry main_color'><div class=\"av-masonry-outerimage-container\"><div class='av-masonry-image-container' style=\"background-image: url(https:\/\/mixarts.org\/association\/wp-content\/uploads\/2015\/08\/la-gale-site-web.jpg);\"  title=\"la gale site web\"  ><\/div><\/div><figcaption class='av-inner-masonry-content site-background'><div class='av-inner-masonry-content-pos'><div class='av-inner-masonry-content-pos-content'><div class='avia-arrow'><\/div><h3 class='av-masonry-entry-title entry-title '  itemprop=\"headline\" >Jeudi 12 novembre &#8211; EVE<\/h3><span class='av-masonry-date meta-color updated'>12 novembre 2015<\/span><span class=\"av-masonry-text-sep text-sep-author\">\/<\/span><span class='av-masonry-author meta-color author'><span class='fn'>par mixartsasso<\/span><\/span><\/div><\/div><\/figcaption><\/figure><\/a><!--end av-masonry entry--><a href=\"https:\/\/mixarts.org\/association\/2015\/jeudi-5-novembre-la-bifurk\/\"  id='av-masonry-1-item-362' data-av-masonry-item='362' class='av-masonry-entry isotope-item post-362 post type-post status-publish format-standard has-post-thumbnail hentry category-38 tag-concert-passe tag-event all_sort 2015_sort  av-masonry-item-with-image' title=\"LA PHOTO\"   itemscope=\"itemscope\" itemtype=\"https:\/\/schema.org\/CreativeWork\" ><div class='av-inner-masonry-sizer'><\/div><figure class='av-inner-masonry main_color'><div class=\"av-masonry-outerimage-container\"><div class='av-masonry-image-container' style=\"background-image: url(https:\/\/mixarts.org\/association\/wp-content\/uploads\/2015\/08\/LA-PHOTO.jpg);\"  title=\"LA PHOTO\"  ><\/div><\/div><figcaption class='av-inner-masonry-content site-background'><div class='av-inner-masonry-content-pos'><div class='av-inner-masonry-content-pos-content'><div class='avia-arrow'><\/div><h3 class='av-masonry-entry-title entry-title '  itemprop=\"headline\" >Jeudi 5 novembre &#8211; La Bifurk<\/h3><span class='av-masonry-date meta-color updated'>5 novembre 2015<\/span><span class=\"av-masonry-text-sep text-sep-author\">\/<\/span><span class='av-masonry-author meta-color author'><span class='fn'>par mixartsasso<\/span><\/span><\/div><\/div><\/figcaption><\/figure><\/a><!--end av-masonry entry--><a href=\"https:\/\/mixarts.org\/association\/2015\/samedi-17-octobre-la-bifurk\/\"  id='av-masonry-1-item-377' data-av-masonry-item='377' class='av-masonry-entry isotope-item post-377 post type-post status-publish format-standard has-post-thumbnail hentry category-38 tag-concert-passe tag-event all_sort 2015_sort  av-masonry-item-with-image' title=\"roms site web\"   itemscope=\"itemscope\" itemtype=\"https:\/\/schema.org\/CreativeWork\" ><div class='av-inner-masonry-sizer'><\/div><figure class='av-inner-masonry main_color'><div class=\"av-masonry-outerimage-container\"><div class='av-masonry-image-container' style=\"background-image: url(https:\/\/mixarts.org\/association\/wp-content\/uploads\/2015\/08\/roms-site-web.jpg);\"  title=\"roms site web\"  ><\/div><\/div><figcaption class='av-inner-masonry-content site-background'><div class='av-inner-masonry-content-pos'><div class='av-inner-masonry-content-pos-content'><div class='avia-arrow'><\/div><h3 class='av-masonry-entry-title entry-title '  itemprop=\"headline\" >Samedi 17 Octobre &#8211; La Bifurk<\/h3><span class='av-masonry-date meta-color updated'>17 octobre 2015<\/span><span class=\"av-masonry-text-sep text-sep-author\">\/<\/span><span class='av-masonry-author meta-color author'><span class='fn'>par mixartsasso<\/span><\/span><\/div><\/div><\/figcaption><\/figure><\/a><!--end av-masonry entry--><a href=\"https:\/\/mixarts.org\/association\/2015\/mercredi-14-octobre-eve\/\"  id='av-masonry-1-item-355' data-av-masonry-item='355' class='av-masonry-entry isotope-item post-355 post type-post status-publish format-standard has-post-thumbnail hentry category-38 tag-concert-passe tag-event all_sort 2015_sort  av-masonry-item-with-image' title=\"LA YEGROS\"   itemscope=\"itemscope\" itemtype=\"https:\/\/schema.org\/CreativeWork\" ><div class='av-inner-masonry-sizer'><\/div><figure class='av-inner-masonry main_color'><div class=\"av-masonry-outerimage-container\"><div class='av-masonry-image-container' style=\"background-image: url(https:\/\/mixarts.org\/association\/wp-content\/uploads\/2015\/08\/LA-YEGROS.jpg);\"  title=\"LA YEGROS\"  ><\/div><\/div><figcaption class='av-inner-masonry-content site-background'><div class='av-inner-masonry-content-pos'><div class='av-inner-masonry-content-pos-content'><div class='avia-arrow'><\/div><h3 class='av-masonry-entry-title entry-title '  itemprop=\"headline\" >COMPLET \/ Mercredi 14 octobre &#8211; EVE<\/h3><span class='av-masonry-date meta-color updated'>14 octobre 2015<\/span><span class=\"av-masonry-text-sep text-sep-author\">\/<\/span><span class='av-masonry-author meta-color author'><span class='fn'>par mixartsasso<\/span><\/span><\/div><\/div><\/figcaption><\/figure><\/a><!--end av-masonry entry--><a href=\"https:\/\/mixarts.org\/association\/2015\/du-16-au-19-juillet-2015-la-bifurk\/\"  id='av-masonry-1-item-324' data-av-masonry-item='324' class='av-masonry-entry isotope-item post-324 post type-post status-publish format-standard has-post-thumbnail hentry category-38 tag-concert-passe tag-event tag-spectacle-passe all_sort 2015_sort  av-masonry-item-with-image' title=\"prog g\u00e9n\u00e9rale\"   itemscope=\"itemscope\" itemtype=\"https:\/\/schema.org\/CreativeWork\" ><div class='av-inner-masonry-sizer'><\/div><figure class='av-inner-masonry main_color'><div class=\"av-masonry-outerimage-container\"><div class='av-masonry-image-container' style=\"background-image: url(https:\/\/mixarts.org\/association\/wp-content\/uploads\/2015\/05\/prog-g\u00e9n\u00e9rale.jpg);\"  title=\"prog g\u00e9n\u00e9rale\"  ><\/div><\/div><figcaption class='av-inner-masonry-content site-background'><div class='av-inner-masonry-content-pos'><div class='av-inner-masonry-content-pos-content'><div class='avia-arrow'><\/div><h3 class='av-masonry-entry-title entry-title '  itemprop=\"headline\" >Du 16 au 19 juillet 2015 &#8211; La Bifurk<\/h3><span class='av-masonry-date meta-color updated'>16 juillet 2015<\/span><span class=\"av-masonry-text-sep text-sep-author\">\/<\/span><span class='av-masonry-author meta-color author'><span class='fn'>par mixartsasso<\/span><\/span><\/div><\/div><\/figcaption><\/figure><\/a><!--end av-masonry entry--><a href=\"https:\/\/mixarts.org\/association\/2015\/vendredi-8-mai-lamperage\/\"  id='av-masonry-1-item-307' data-av-masonry-item='307' class='av-masonry-entry isotope-item post-307 post type-post status-publish format-standard has-post-thumbnail hentry category-38 tag-concert-passe tag-event all_sort 2015_sort  av-masonry-item-with-image' title=\"11081419_805234172847679_464164993686027017_n\"   itemscope=\"itemscope\" itemtype=\"https:\/\/schema.org\/CreativeWork\" ><div class='av-inner-masonry-sizer'><\/div><figure class='av-inner-masonry main_color'><div class=\"av-masonry-outerimage-container\"><div class='av-masonry-image-container' style=\"background-image: url(https:\/\/mixarts.org\/association\/wp-content\/uploads\/2015\/04\/11081419_805234172847679_464164993686027017_n.jpg);\"  title=\"11081419_805234172847679_464164993686027017_n\"  ><\/div><\/div><figcaption class='av-inner-masonry-content site-background'><div class='av-inner-masonry-content-pos'><div class='av-inner-masonry-content-pos-content'><div class='avia-arrow'><\/div><h3 class='av-masonry-entry-title entry-title '  itemprop=\"headline\" >Vendredi 8 mai &#8211; L&#8217;Amp\u00e9rage<\/h3><span class='av-masonry-date meta-color updated'>8 mai 2015<\/span><span class=\"av-masonry-text-sep text-sep-author\">\/<\/span><span class='av-masonry-author meta-color author'><span class='fn'>par mixartsasso<\/span><\/span><\/div><\/div><\/figcaption><\/figure><\/a><!--end av-masonry entry--><a href=\"https:\/\/mixarts.org\/association\/2015\/vendredi-27-mars-eve\/\"  id='av-masonry-1-item-276' data-av-masonry-item='276' class='av-masonry-entry isotope-item post-276 post type-post status-publish format-standard has-post-thumbnail hentry category-38 tag-concert-passe tag-event tag-spectacle-passe all_sort 2015_sort  av-masonry-item-with-image' title=\"essai site 1\"   itemscope=\"itemscope\" itemtype=\"https:\/\/schema.org\/CreativeWork\" ><div class='av-inner-masonry-sizer'><\/div><figure class='av-inner-masonry main_color'><div class=\"av-masonry-outerimage-container\"><div class='av-masonry-image-container' style=\"background-image: url(https:\/\/mixarts.org\/association\/wp-content\/uploads\/2015\/02\/essai-site-1.jpg);\"  title=\"essai site 1\"  ><\/div><\/div><figcaption class='av-inner-masonry-content site-background'><div class='av-inner-masonry-content-pos'><div class='av-inner-masonry-content-pos-content'><div class='avia-arrow'><\/div><h3 class='av-masonry-entry-title entry-title '  itemprop=\"headline\" >Vendredi 27 Mars &#8211; EVE<\/h3><span class='av-masonry-date meta-color updated'>27 avril 2015<\/span><span class=\"av-masonry-text-sep text-sep-author\">\/<\/span><span class='av-masonry-author meta-color author'><span class='fn'>par mixartsasso<\/span><\/span><\/div><\/div><\/figcaption><\/figure><\/a><!--end av-masonry entry--><a href=\"https:\/\/mixarts.org\/association\/2015\/samedi-18-avril-la-bifurk\/\"  id='av-masonry-1-item-296' data-av-masonry-item='296' class='av-masonry-entry isotope-item post-296 post type-post status-publish format-standard has-post-thumbnail hentry category-38 tag-concert-passe tag-event all_sort 2015_sort  av-masonry-item-with-image' title=\"Bandeau Site\"   itemscope=\"itemscope\" itemtype=\"https:\/\/schema.org\/CreativeWork\" ><div class='av-inner-masonry-sizer'><\/div><figure class='av-inner-masonry main_color'><div class=\"av-masonry-outerimage-container\"><div class='av-masonry-image-container' style=\"background-image: url(https:\/\/mixarts.org\/association\/wp-content\/uploads\/2015\/03\/Bandeau-Site.jpg);\"  title=\"Bandeau Site\"  ><\/div><\/div><figcaption class='av-inner-masonry-content site-background'><div class='av-inner-masonry-content-pos'><div class='av-inner-masonry-content-pos-content'><div class='avia-arrow'><\/div><h3 class='av-masonry-entry-title entry-title '  itemprop=\"headline\" >Samedi 18 Avril &#8211; La Bifurk<\/h3><span class='av-masonry-date meta-color updated'>18 avril 2015<\/span><span class=\"av-masonry-text-sep text-sep-author\">\/<\/span><span class='av-masonry-author meta-color author'><span class='fn'>par mixartsasso<\/span><\/span><\/div><\/div><\/figcaption><\/figure><\/a><!--end av-masonry entry--><a href=\"https:\/\/mixarts.org\/association\/2015\/orange-blossom-concert-grenoble-vendredi-20-mars-2015-eve\/\"  id='av-masonry-1-item-209' data-av-masonry-item='209' class='av-masonry-entry isotope-item post-209 post type-post status-publish format-standard has-post-thumbnail hentry category-38 tag-concert-passe tag-event all_sort 2015_sort  av-masonry-item-with-image' title=\"orange blossom grenoble 20 mars 2015\"   itemscope=\"itemscope\" itemtype=\"https:\/\/schema.org\/CreativeWork\" ><div class='av-inner-masonry-sizer'><\/div><figure class='av-inner-masonry main_color'><div class=\"av-masonry-outerimage-container\"><div class='av-masonry-image-container' style=\"background-image: url(https:\/\/mixarts.org\/association\/wp-content\/uploads\/2015\/01\/orange-blossom-grenoble-20-mars-2015.jpg);\"  title=\"orange blossom grenoble 20 mars 2015\"  ><\/div><\/div><figcaption class='av-inner-masonry-content site-background'><div class='av-inner-masonry-content-pos'><div class='av-inner-masonry-content-pos-content'><div class='avia-arrow'><\/div><h3 class='av-masonry-entry-title entry-title '  itemprop=\"headline\" >Vendredi 20 Mars &#8211; EVE<\/h3><span class='av-masonry-date meta-color updated'>20 mars 2015<\/span><span class=\"av-masonry-text-sep text-sep-author\">\/<\/span><span class='av-masonry-author meta-color author'><span class='fn'>par mixartsasso<\/span><\/span><\/div><\/div><\/figcaption><\/figure><\/a><!--end av-masonry entry--><a href=\"https:\/\/mixarts.org\/association\/2015\/scred-connexion-grenoble-jeudi-19-mars-2015-eve\/\"  id='av-masonry-1-item-206' data-av-masonry-item='206' class='av-masonry-entry isotope-item post-206 post type-post status-publish format-standard has-post-thumbnail hentry category-38 tag-concert-passe tag-event all_sort 2015_sort  av-masonry-item-with-image' title=\"scred connexion grenoble 19 mars 2015\"   itemscope=\"itemscope\" itemtype=\"https:\/\/schema.org\/CreativeWork\" ><div class='av-inner-masonry-sizer'><\/div><figure class='av-inner-masonry main_color'><div class=\"av-masonry-outerimage-container\"><div class='av-masonry-image-container' style=\"background-image: url(https:\/\/mixarts.org\/association\/wp-content\/uploads\/2015\/01\/scred-connexion-grenoble-19-mars-2015.jpg);\"  title=\"scred connexion grenoble 19 mars 2015\"  ><\/div><\/div><figcaption class='av-inner-masonry-content site-background'><div class='av-inner-masonry-content-pos'><div class='av-inner-masonry-content-pos-content'><div class='avia-arrow'><\/div><h3 class='av-masonry-entry-title entry-title '  itemprop=\"headline\" >Jeudi 19 Mars &#8211; EVE<\/h3><span class='av-masonry-date meta-color updated'>19 mars 2015<\/span><span class=\"av-masonry-text-sep text-sep-author\">\/<\/span><span class='av-masonry-author meta-color author'><span class='fn'>par mixartsasso<\/span><\/span><\/div><\/div><\/figcaption><\/figure><\/a><!--end av-masonry entry--><a href=\"https:\/\/mixarts.org\/association\/2015\/uzul-mat-ricks-dj-twelve-vyryl-grenoble-21-fevrier-2015-bifurk\/\"  id='av-masonry-1-item-217' data-av-masonry-item='217' class='av-masonry-entry isotope-item post-217 post type-post status-publish format-standard has-post-thumbnail hentry category-38 tag-concert-passe tag-event all_sort 2015_sort  av-masonry-item-with-image' title=\"uzul grenoble 21 fevrier 2015\"   itemscope=\"itemscope\" itemtype=\"https:\/\/schema.org\/CreativeWork\" ><div class='av-inner-masonry-sizer'><\/div><figure class='av-inner-masonry main_color'><div class=\"av-masonry-outerimage-container\"><div class='av-masonry-image-container' style=\"background-image: url(https:\/\/mixarts.org\/association\/wp-content\/uploads\/2015\/01\/uzul-grenoble-21-fevrier-2015.jpg);\"  title=\"uzul grenoble 21 fevrier 2015\"  ><\/div><\/div><figcaption class='av-inner-masonry-content site-background'><div class='av-inner-masonry-content-pos'><div class='av-inner-masonry-content-pos-content'><div class='avia-arrow'><\/div><h3 class='av-masonry-entry-title entry-title '  itemprop=\"headline\" >Annul\u00e9 (mais report\u00e9) \/\/ Bifurk<\/h3><span class='av-masonry-date meta-color updated'>21 f\u00e9vrier 2015<\/span><span class=\"av-masonry-text-sep text-sep-author\">\/<\/span><span class='av-masonry-author meta-color author'><span class='fn'>par mixartsasso<\/span><\/span><\/div><\/div><\/figcaption><\/figure><\/a><!--end av-masonry entry--><a href=\"https:\/\/mixarts.org\/association\/2014\/tit-nassels-27-novembre-eve\/\"  id='av-masonry-1-item-16' data-av-masonry-item='16' class='av-masonry-entry isotope-item post-16 post type-post status-publish format-standard has-post-thumbnail hentry category-39 tag-concert-passe tag-event all_sort 2014_sort  av-masonry-item-with-image' title=\"tit nassels concert mix arts grenoble\"   itemscope=\"itemscope\" itemtype=\"https:\/\/schema.org\/CreativeWork\" ><div class='av-inner-masonry-sizer'><\/div><figure class='av-inner-masonry main_color'><div class=\"av-masonry-outerimage-container\"><div class='av-masonry-image-container' style=\"background-image: url(https:\/\/mixarts.org\/association\/wp-content\/uploads\/2014\/09\/tit-nassels-concert-mix-arts-grenoble1.jpg);\"  title=\"tit nassels concert mix arts grenoble\"  ><\/div><\/div><figcaption class='av-inner-masonry-content site-background'><div class='av-inner-masonry-content-pos'><div class='av-inner-masonry-content-pos-content'><div class='avia-arrow'><\/div><h3 class='av-masonry-entry-title entry-title '  itemprop=\"headline\" >Jeudi 27 Novembre &#8211; EVE<\/h3><span class='av-masonry-date meta-color updated'>27 novembre 2014<\/span><span class=\"av-masonry-text-sep text-sep-author\">\/<\/span><span class='av-masonry-author meta-color author'><span class='fn'>par mixartsasso<\/span><\/span><\/div><\/div><\/figcaption><\/figure><\/a><!--end av-masonry entry--><a href=\"https:\/\/mixarts.org\/association\/2014\/lofofora\/\"  id='av-masonry-1-item-10' data-av-masonry-item='10' class='av-masonry-entry isotope-item post-10 post type-post status-publish format-standard has-post-thumbnail hentry category-39 tag-concert-passe tag-event all_sort 2014_sort  av-masonry-item-with-image' title=\"lofofora concert mix arts grenoble\"   itemscope=\"itemscope\" itemtype=\"https:\/\/schema.org\/CreativeWork\" ><div class='av-inner-masonry-sizer'><\/div><figure class='av-inner-masonry main_color'><div class=\"av-masonry-outerimage-container\"><div class='av-masonry-image-container' style=\"background-image: url(https:\/\/mixarts.org\/association\/wp-content\/uploads\/2014\/09\/lofofora-concert-mix-arts-grenoble.jpg);\"  title=\"lofofora concert mix arts grenoble\"  ><\/div><\/div><figcaption class='av-inner-masonry-content site-background'><div class='av-inner-masonry-content-pos'><div class='av-inner-masonry-content-pos-content'><div class='avia-arrow'><\/div><h3 class='av-masonry-entry-title entry-title '  itemprop=\"headline\" >Jeudi 13 Novembre &#8211; Aquarium<\/h3><span class='av-masonry-date meta-color updated'>13 novembre 2014<\/span><span class=\"av-masonry-text-sep text-sep-author\">\/<\/span><span class='av-masonry-author meta-color author'><span class='fn'>par mixartsasso<\/span><\/span><\/div><\/div><\/figcaption><\/figure><\/a><!--end av-masonry entry--><a href=\"https:\/\/mixarts.org\/association\/2014\/rona-harner-ziveli-orkestar-18-octobre-bifurk\/\"  id='av-masonry-1-item-14' data-av-masonry-item='14' class='av-masonry-entry isotope-item post-14 post type-post status-publish format-standard has-post-thumbnail hentry category-39 tag-concert-passe tag-event all_sort 2014_sort  av-masonry-item-with-image' title=\"ziveli rona hartner concert mix arts grenoble\"   itemscope=\"itemscope\" itemtype=\"https:\/\/schema.org\/CreativeWork\" ><div class='av-inner-masonry-sizer'><\/div><figure class='av-inner-masonry main_color'><div class=\"av-masonry-outerimage-container\"><div class='av-masonry-image-container' style=\"background-image: url(https:\/\/mixarts.org\/association\/wp-content\/uploads\/2014\/09\/ziveli-rona-hartner-concert-mix-arts-grenoble1.jpg);\"  title=\"ziveli rona hartner concert mix arts grenoble\"  ><\/div><\/div><figcaption class='av-inner-masonry-content site-background'><div class='av-inner-masonry-content-pos'><div class='av-inner-masonry-content-pos-content'><div class='avia-arrow'><\/div><h3 class='av-masonry-entry-title entry-title '  itemprop=\"headline\" >Samedi 18 Octobre &#8211; La Bifurk<\/h3><span class='av-masonry-date meta-color updated'>18 octobre 2014<\/span><span class=\"av-masonry-text-sep text-sep-author\">\/<\/span><span class='av-masonry-author meta-color author'><span class='fn'>par mixartsasso<\/span><\/span><\/div><\/div><\/figcaption><\/figure><\/a><!--end av-masonry entry--><a href=\"https:\/\/mixarts.org\/association\/2014\/spectacle-qualite-street-grenoble-mix-arts\/\"  id='av-masonry-1-item-12' data-av-masonry-item='12' class='av-masonry-entry isotope-item post-12 post type-post status-publish format-standard has-post-thumbnail hentry category-39 tag-event tag-spectacle-passe all_sort 2014_sort  av-masonry-item-with-image' title=\"test\"   itemscope=\"itemscope\" itemtype=\"https:\/\/schema.org\/CreativeWork\" ><div class='av-inner-masonry-sizer'><\/div><figure class='av-inner-masonry main_color'><div class=\"av-masonry-outerimage-container\"><div class='av-masonry-image-container' style=\"background-image: url(https:\/\/mixarts.org\/association\/wp-content\/uploads\/2014\/09\/test.jpg);\"  title=\"test\"  ><\/div><\/div><figcaption class='av-inner-masonry-content site-background'><div class='av-inner-masonry-content-pos'><div class='av-inner-masonry-content-pos-content'><div class='avia-arrow'><\/div><h3 class='av-masonry-entry-title entry-title '  itemprop=\"headline\" >Mercredi 15 octobre &#8211; EVE<\/h3><span class='av-masonry-date meta-color updated'>15 octobre 2014<\/span><span class=\"av-masonry-text-sep text-sep-author\">\/<\/span><span class='av-masonry-author meta-color author'><span class='fn'>par mixartsasso<\/span><\/span><\/div><\/div><\/figcaption><\/figure><\/a><!--end av-masonry entry--><a href=\"https:\/\/mixarts.org\/association\/2014\/concert-de-rentree\/\"  id='av-masonry-1-item-6' data-av-masonry-item='6' class='av-masonry-entry isotope-item post-6 post type-post status-publish format-standard has-post-thumbnail hentry category-39 tag-concert-passe tag-event all_sort 2014_sort  av-masonry-item-with-image' title=\"anakronic griz filastine concert mix arts grenoble\"   itemscope=\"itemscope\" itemtype=\"https:\/\/schema.org\/CreativeWork\" ><div class='av-inner-masonry-sizer'><\/div><figure class='av-inner-masonry main_color'><div class=\"av-masonry-outerimage-container\"><div class='av-masonry-image-container' style=\"background-image: url(https:\/\/mixarts.org\/association\/wp-content\/uploads\/2014\/09\/anakronic-griz-filastine-concert-mix-arts-grenoble.jpg);\"  title=\"anakronic griz filastine concert mix arts grenoble\"  ><\/div><\/div><figcaption class='av-inner-masonry-content site-background'><div class='av-inner-masonry-content-pos'><div class='av-inner-masonry-content-pos-content'><div class='avia-arrow'><\/div><h3 class='av-masonry-entry-title entry-title '  itemprop=\"headline\" >Mercredi 1er Octobre &#8211; EVE<\/h3><span class='av-masonry-date meta-color updated'>1 octobre 2014<\/span><span class=\"av-masonry-text-sep text-sep-author\">\/<\/span><span class='av-masonry-author meta-color author'><span class='fn'>par mixartsasso<\/span><\/span><\/div><\/div><\/figcaption><\/figure><\/a><!--end av-masonry entry--><a href=\"https:\/\/mixarts.org\/association\/2014\/samedi-5-juillet-bifurk\/\"  id='av-masonry-1-item-174' data-av-masonry-item='174' class='av-masonry-entry isotope-item post-174 post type-post status-publish format-standard has-post-thumbnail hentry category-39 tag-concert-passe tag-event all_sort 2014_sort  av-masonry-item-with-image' title=\"affiche 5-7-14 concert velorution bifurk\"   itemscope=\"itemscope\" itemtype=\"https:\/\/schema.org\/CreativeWork\" ><div class='av-inner-masonry-sizer'><\/div><figure class='av-inner-masonry main_color'><div class=\"av-masonry-outerimage-container\"><div class='av-masonry-image-container' style=\"background-image: url(https:\/\/mixarts.org\/association\/wp-content\/uploads\/2014\/09\/affiche-5-7-14-concert-velorution-bifurk.jpg);\"  title=\"affiche 5-7-14 concert velorution bifurk\"  ><\/div><\/div><figcaption class='av-inner-masonry-content site-background'><div class='av-inner-masonry-content-pos'><div class='av-inner-masonry-content-pos-content'><div class='avia-arrow'><\/div><h3 class='av-masonry-entry-title entry-title '  itemprop=\"headline\" >Samedi 5 Juillet &#8211; La Bifurk<\/h3><span class='av-masonry-date meta-color updated'>5 juillet 2014<\/span><span class=\"av-masonry-text-sep text-sep-author\">\/<\/span><span class='av-masonry-author meta-color author'><span class='fn'>par mixartsasso<\/span><\/span><\/div><\/div><\/figcaption><\/figure><\/a><!--end av-masonry entry--><a href=\"https:\/\/mixarts.org\/association\/2014\/vendredi-28-mars-eve\/\"  id='av-masonry-1-item-177' data-av-masonry-item='177' class='av-masonry-entry isotope-item post-177 post type-post status-publish format-standard has-post-thumbnail hentry category-39 tag-concert-passe all_sort 2014_sort  av-masonry-item-with-image' title=\"essai affiche mix&#8217;art1\"   itemscope=\"itemscope\" itemtype=\"https:\/\/schema.org\/CreativeWork\" ><div class='av-inner-masonry-sizer'><\/div><figure class='av-inner-masonry main_color'><div class=\"av-masonry-outerimage-container\"><div class='av-masonry-image-container' style=\"background-image: url(https:\/\/mixarts.org\/association\/wp-content\/uploads\/2014\/03\/essai-affiche-mixart1.jpg);\"  title=\"essai affiche mix&#8217;art1\"  ><\/div><\/div><figcaption class='av-inner-masonry-content site-background'><div class='av-inner-masonry-content-pos'><div class='av-inner-masonry-content-pos-content'><div class='avia-arrow'><\/div><h3 class='av-masonry-entry-title entry-title '  itemprop=\"headline\" >Vendredi 28 Mars &#8211; EVE<\/h3><span class='av-masonry-date meta-color updated'>28 mars 2014<\/span><span class=\"av-masonry-text-sep text-sep-author\">\/<\/span><span class='av-masonry-author meta-color author'><span class='fn'>par mixartsasso<\/span><\/span><\/div><\/div><\/figcaption><\/figure><\/a><!--end av-masonry entry--><\/div><\/div><\/div><\/div><\/div><\/div><!-- close content main div --><\/div><\/div><div id='full_slider_2'  class='avia-fullwidth-slider main_color avia-shadow   avia-builder-el-3  el_after_av_one_full  avia-builder-el-last   slider-not-first container_wrap fullsize'  ><\/div><\/p>\n","protected":false},"excerpt":{"rendered":"","protected":false},"author":1,"featured_media":0,"parent":0,"menu_order":0,"comment_status":"closed","ping_status":"closed","template":"","meta":{"_monsterinsights_skip_tracking":false,"_monsterinsights_sitenote_active":false,"_monsterinsights_sitenote_note":"","_monsterinsights_sitenote_category":0,"footnotes":""},"class_list":["post-5091","page","type-page","status-publish","hentry"],"aioseo_notices":[],"_links":{"self":[{"href":"https:\/\/mixarts.org\/association\/wp-json\/wp\/v2\/pages\/5091","targetHints":{"allow":["GET"]}}],"collection":[{"href":"https:\/\/mixarts.org\/association\/wp-json\/wp\/v2\/pages"}],"about":[{"href":"https:\/\/mixarts.org\/association\/wp-json\/wp\/v2\/types\/page"}],"author":[{"embeddable":true,"href":"https:\/\/mixarts.org\/association\/wp-json\/wp\/v2\/users\/1"}],"replies":[{"embeddable":true,"href":"https:\/\/mixarts.org\/association\/wp-json\/wp\/v2\/comments?post=5091"}],"version-history":[{"count":8,"href":"https:\/\/mixarts.org\/association\/wp-json\/wp\/v2\/pages\/5091\/revisions"}],"predecessor-version":[{"id":8474,"href":"https:\/\/mixarts.org\/association\/wp-json\/wp\/v2\/pages\/5091\/revisions\/8474"}],"wp:attachment":[{"href":"https:\/\/mixarts.org\/association\/wp-json\/wp\/v2\/media?parent=5091"}],"curies":[{"name":"wp","href":"https:\/\/api.w.org\/{rel}","templated":true}]}}